{"version":"1.0","provider_name":"\u017dilinsk\u00e9 kult\u00farne leto 2025","provider_url":"https:\/\/kulturneleto.eu\/en","title":"\u010co ukr\u00fdva krypta pod Katedr\u00e1lou Najsv\u00e4tej\u0161ej Trojice? - \u017dilinsk\u00e9 kult\u00farne leto 2025","type":"rich","width":600,"height":338,"html":"<blockquote class=\"wp-embedded-content\" data-secret=\"rjsGjfDPPI\"><a href=\"https:\/\/kulturneleto.eu\/en\/event\/co-ukryva-krypta-pod-katedralou-najsvatejsej-trojice-2\/\">\u010co ukr\u00fdva krypta pod Katedr\u00e1lou Najsv\u00e4tej\u0161ej Trojice?<\/a><\/blockquote><iframe sandbox=\"allow-scripts\" security=\"restricted\" src=\"https:\/\/kulturneleto.eu\/en\/event\/co-ukryva-krypta-pod-katedralou-najsvatejsej-trojice-2\/embed\/#?secret=rjsGjfDPPI\" width=\"600\" height=\"338\" title=\"&#8220;\u010co ukr\u00fdva krypta pod Katedr\u00e1lou Najsv\u00e4tej\u0161ej Trojice?&#8221; &#8212; \u017dilinsk\u00e9 kult\u00farne leto 2025\" data-secret=\"rjsGjfDPPI\" frameborder=\"0\" marginwidth=\"0\" marginheight=\"0\" scrolling=\"no\" class=\"wp-embedded-content\"><\/iframe><script>\n\/*! This file is auto-generated *\/\n!function(d,l){\"use strict\";l.querySelector&&d.addEventListener&&\"undefined\"!=typeof URL&&(d.wp=d.wp||{},d.wp.receiveEmbedMessage||(d.wp.receiveEmbedMessage=function(e){var t=e.data;if((t||t.secret||t.message||t.value)&&!\/[^a-zA-Z0-9]\/.test(t.secret)){for(var s,r,n,a=l.querySelectorAll('iframe[data-secret=\"'+t.secret+'\"]'),o=l.querySelectorAll('blockquote[data-secret=\"'+t.secret+'\"]'),c=new RegExp(\"^https?:$\",\"i\"),i=0;i<o.length;i++)o[i].style.display=\"none\";for(i=0;i<a.length;i++)s=a[i],e.source===s.contentWindow&&(s.removeAttribute(\"style\"),\"height\"===t.message?(1e3<(r=parseInt(t.value,10))?r=1e3:~~r<200&&(r=200),s.height=r):\"link\"===t.message&&(r=new URL(s.getAttribute(\"src\")),n=new URL(t.value),c.test(n.protocol))&&n.host===r.host&&l.activeElement===s&&(d.top.location.href=t.value))}},d.addEventListener(\"message\",d.wp.receiveEmbedMessage,!1),l.addEventListener(\"DOMContentLoaded\",function(){for(var e,t,s=l.querySelectorAll(\"iframe.wp-embedded-content\"),r=0;r<s.length;r++)(t=(e=s[r]).getAttribute(\"data-secret\"))||(t=Math.random().toString(36).substring(2,12),e.src+=\"#?secret=\"+t,e.setAttribute(\"data-secret\",t)),e.contentWindow.postMessage({message:\"ready\",secret:t},\"*\")},!1)))}(window,document);\n\/\/# sourceURL=https:\/\/kulturneleto.eu\/wp-includes\/js\/wp-embed.min.js\n<\/script>","thumbnail_url":"https:\/\/kulturneleto.eu\/wp-content\/uploads\/2023\/06\/Krypta.jpg","thumbnail_width":1024,"thumbnail_height":683,"description":"V\u00a0porad\u00ed tret\u00ed antropologicko-archeologick\u00fd workshop, ktor\u00fd sk\u00fama n\u00e1jden\u00e9 kostrov\u00e9 pozostatky pod katedr\u00e1lou, bude prebieha\u0165 aj tento rok v\u00a0j\u00fali. Po\u010das neho v\u00e1s poz\u00fdvame na prehliadky pre verejnos\u0165 a\u00a0to \u2013 v\u00a0nede\u013eu 16.7. a\u00a0nede\u013eu 30.7.2023. Vstupy bud\u00fa od 13.30 hod. &nbsp; Na prehliadku nie je potrebn\u00e9 sa objedn\u00e1va\u0165. Vstup je bezplatn\u00fd. &nbsp; Kontaktn\u00e1 osoba: Mgr. Silvia Bodorikov\u00e1, PhD., +421 [&hellip;]"}