{"version":"1.0","provider_name":"\u017dilinsk\u00e9 kult\u00farne leto 2025","provider_url":"https:\/\/kulturneleto.eu\/en","title":"PETER \u0160AVEL A KOL.: ALTALICIOUS - \u017dilinsk\u00e9 kult\u00farne leto 2025","type":"rich","width":600,"height":338,"html":"<blockquote class=\"wp-embedded-content\" data-secret=\"TbYpnw5td7\"><a href=\"https:\/\/kulturneleto.eu\/en\/event\/peter-savel-a-kol-altalicious\/\">PETER \u0160AVEL A KOL.: ALTALICIOUS<\/a><\/blockquote><iframe sandbox=\"allow-scripts\" security=\"restricted\" src=\"https:\/\/kulturneleto.eu\/en\/event\/peter-savel-a-kol-altalicious\/embed\/#?secret=TbYpnw5td7\" width=\"600\" height=\"338\" title=\"&#8220;PETER \u0160AVEL A KOL.: ALTALICIOUS&#8221; &#8212; \u017dilinsk\u00e9 kult\u00farne leto 2025\" data-secret=\"TbYpnw5td7\" frameborder=\"0\" marginwidth=\"0\" marginheight=\"0\" scrolling=\"no\" class=\"wp-embedded-content\"><\/iframe><script>\n\/*! This file is auto-generated *\/\n!function(d,l){\"use strict\";l.querySelector&&d.addEventListener&&\"undefined\"!=typeof URL&&(d.wp=d.wp||{},d.wp.receiveEmbedMessage||(d.wp.receiveEmbedMessage=function(e){var t=e.data;if((t||t.secret||t.message||t.value)&&!\/[^a-zA-Z0-9]\/.test(t.secret)){for(var s,r,n,a=l.querySelectorAll('iframe[data-secret=\"'+t.secret+'\"]'),o=l.querySelectorAll('blockquote[data-secret=\"'+t.secret+'\"]'),c=new RegExp(\"^https?:$\",\"i\"),i=0;i<o.length;i++)o[i].style.display=\"none\";for(i=0;i<a.length;i++)s=a[i],e.source===s.contentWindow&&(s.removeAttribute(\"style\"),\"height\"===t.message?(1e3<(r=parseInt(t.value,10))?r=1e3:~~r<200&&(r=200),s.height=r):\"link\"===t.message&&(r=new URL(s.getAttribute(\"src\")),n=new URL(t.value),c.test(n.protocol))&&n.host===r.host&&l.activeElement===s&&(d.top.location.href=t.value))}},d.addEventListener(\"message\",d.wp.receiveEmbedMessage,!1),l.addEventListener(\"DOMContentLoaded\",function(){for(var e,t,s=l.querySelectorAll(\"iframe.wp-embedded-content\"),r=0;r<s.length;r++)(t=(e=s[r]).getAttribute(\"data-secret\"))||(t=Math.random().toString(36).substring(2,12),e.src+=\"#?secret=\"+t,e.setAttribute(\"data-secret\",t)),e.contentWindow.postMessage({message:\"ready\",secret:t},\"*\")},!1)))}(window,document);\n\/\/# sourceURL=https:\/\/kulturneleto.eu\/wp-includes\/js\/wp-embed.min.js\n<\/script>","thumbnail_url":"https:\/\/kulturneleto.eu\/wp-content\/uploads\/2024\/07\/35507851-20b0-4ded-bb66-0110e4a7f2bc.webp","thumbnail_width":768,"thumbnail_height":384,"description":"Poz\u00fdvame v\u00e1s na tane\u010dn\u00fa udalos\u0165 s\u00a0hviezdnym \u010deskoslovensk\u00fdm obsaden\u00edm a\u00a0hudbou berl\u00ednskeho DJa, ktor\u00e1 otv\u00e1rala nov\u00fa kapitolu n\u00e1\u0161ho partnersk\u00e9ho kult\u00farneho centra v\u00a0Prahe,\u00a0Studio Alta. V\u00a0septembri sa cel\u00fd ans\u00e1mbel vyber\u00e1 na Slovensko a\u00a0zastavia sa aj u\u00a0n\u00e1s. &nbsp; Zastavia sa u\u00a0n\u00e1s v\u00a0nede\u013eu, posledn\u00fd de\u0148 pr\u00e1zdnin, \u0161t\u00e1tny sviatok, prv\u00fd jesenn\u00fd de\u0148, predve\u010der za\u010diatku \u0161kolsk\u00e9ho roka\u2026 Zd\u00e1 sa v\u00e1m, \u017ee to nie [&hellip;]"}