{"version":"1.0","provider_name":"\u017dilinsk\u00e9 kult\u00farne leto 2025","provider_url":"https:\/\/kulturneleto.eu\/en","title":"PREHLIADKA PAM\u00c4TNEJ IZBY VRBU A WETZLERA - \u017dilinsk\u00e9 kult\u00farne leto 2025","type":"rich","width":600,"height":338,"html":"<blockquote class=\"wp-embedded-content\" data-secret=\"i3ZtMTDowF\"><a href=\"https:\/\/kulturneleto.eu\/en\/event\/prehliadka-pamatnej-izby-vrbu-a-wetzlera-2\/\">PREHLIADKA PAM\u00c4TNEJ IZBY VRBU A WETZLERA<\/a><\/blockquote><iframe sandbox=\"allow-scripts\" security=\"restricted\" src=\"https:\/\/kulturneleto.eu\/en\/event\/prehliadka-pamatnej-izby-vrbu-a-wetzlera-2\/embed\/#?secret=i3ZtMTDowF\" width=\"600\" height=\"338\" title=\"&#8220;PREHLIADKA PAM\u00c4TNEJ IZBY VRBU A WETZLERA&#8221; &#8212; \u017dilinsk\u00e9 kult\u00farne leto 2025\" data-secret=\"i3ZtMTDowF\" frameborder=\"0\" marginwidth=\"0\" marginheight=\"0\" scrolling=\"no\" class=\"wp-embedded-content\"><\/iframe><script>\n\/*! This file is auto-generated *\/\n!function(d,l){\"use strict\";l.querySelector&&d.addEventListener&&\"undefined\"!=typeof URL&&(d.wp=d.wp||{},d.wp.receiveEmbedMessage||(d.wp.receiveEmbedMessage=function(e){var t=e.data;if((t||t.secret||t.message||t.value)&&!\/[^a-zA-Z0-9]\/.test(t.secret)){for(var s,r,n,a=l.querySelectorAll('iframe[data-secret=\"'+t.secret+'\"]'),o=l.querySelectorAll('blockquote[data-secret=\"'+t.secret+'\"]'),c=new RegExp(\"^https?:$\",\"i\"),i=0;i<o.length;i++)o[i].style.display=\"none\";for(i=0;i<a.length;i++)s=a[i],e.source===s.contentWindow&&(s.removeAttribute(\"style\"),\"height\"===t.message?(1e3<(r=parseInt(t.value,10))?r=1e3:~~r<200&&(r=200),s.height=r):\"link\"===t.message&&(r=new URL(s.getAttribute(\"src\")),n=new URL(t.value),c.test(n.protocol))&&n.host===r.host&&l.activeElement===s&&(d.top.location.href=t.value))}},d.addEventListener(\"message\",d.wp.receiveEmbedMessage,!1),l.addEventListener(\"DOMContentLoaded\",function(){for(var e,t,s=l.querySelectorAll(\"iframe.wp-embedded-content\"),r=0;r<s.length;r++)(t=(e=s[r]).getAttribute(\"data-secret\"))||(t=Math.random().toString(36).substring(2,12),e.src+=\"#?secret=\"+t,e.setAttribute(\"data-secret\",t)),e.contentWindow.postMessage({message:\"ready\",secret:t},\"*\")},!1)))}(window,document);\n\/\/# sourceURL=https:\/\/kulturneleto.eu\/wp-includes\/js\/wp-embed.min.js\n<\/script>","thumbnail_url":"https:\/\/kulturneleto.eu\/wp-content\/uploads\/2024\/07\/610d22ca_1446854680_2.jpg","thumbnail_width":1000,"thumbnail_height":667,"description":"Turistick\u00e1 informa\u010dn\u00e1 kancel\u00e1ria mesta \u017dilina v\u00e1s poz\u00fdva na prehliadku pam\u00e4tnej izby na Holl\u00e9ho 9 v \u017diline, v budove b\u00fdval\u00e9ho \u017eidovsk\u00e9ho starobinca. Pr\u00e1ve tu v apr\u00edli 1944 pred tzv. \u017didovskou pracovnou radou vypovedali prv\u00ed dvaja ute\u010denci z Osvien\u010dimu-Birkenau, Rudolf Vrba a Alfr\u00e9d Wetzler, o tom, \u010do sa deje v t\u00e1bore smrti. Obaja boli vypo\u010d\u00favan\u00ed oddelene z [&hellip;]"}