{"id":11974,"date":"2025-06-24T11:40:51","date_gmt":"2025-06-24T09:40:51","guid":{"rendered":"https:\/\/kulturneleto.eu\/?post_type=event_listing&#038;p=11974"},"modified":"2025-07-09T09:36:09","modified_gmt":"2025-07-09T07:36:09","slug":"detske-divadlo-na-studnickach-2","status":"publish","type":"event_listing","link":"https:\/\/kulturneleto.eu\/en\/event\/detske-divadlo-na-studnickach-2\/","title":{"rendered":"ZRU\u0160EN\u00c9- DETSK\u00c9 DIVADLO NA STUDNI\u010cK\u00c1CH"},"content":{"rendered":"<h6>DIVADIELKO MA\u0164O: KOZLIATKA A VLK<\/h6>\n<p>Predstavenie sa pres\u00fava na d\u00e1tum na september.<\/p>\n<h6><img fetchpriority=\"high\" decoding=\"async\" class=\"alignnone wp-image-12022 size-full\" src=\"https:\/\/kulturneleto.eu\/wp-content\/uploads\/2025\/06\/DIVA6535-RAF_DxO_DeepPRIME231018.jpg\" alt=\"\" width=\"1900\" height=\"1267\" srcset=\"https:\/\/kulturneleto.eu\/wp-content\/uploads\/2025\/06\/DIVA6535-RAF_DxO_DeepPRIME231018.jpg 1900w, https:\/\/kulturneleto.eu\/wp-content\/uploads\/2025\/06\/DIVA6535-RAF_DxO_DeepPRIME231018-1024x683.jpg 1024w, https:\/\/kulturneleto.eu\/wp-content\/uploads\/2025\/06\/DIVA6535-RAF_DxO_DeepPRIME231018-768x512.jpg 768w, https:\/\/kulturneleto.eu\/wp-content\/uploads\/2025\/06\/DIVA6535-RAF_DxO_DeepPRIME231018-1536x1024.jpg 1536w\" sizes=\"(max-width: 1900px) 100vw, 1900px\" \/><\/h6>\n<p>&nbsp;<\/p>\n<p>Sk\u00f4r ako pr\u00eddete na parodick\u00e9 predstavenie KOZLIATKA A VLK, zamyslite sa nad t\u00fdm, \u010di ste sa niekedy zamysleli nad t\u00fdm, ako sa c\u00edti tak\u00e1 chladni\u010dka. Nie je jej zima? Alebo teplo? Nevad\u00ed jej, \u017ee ju st\u00e1le otv\u00e1rame a zatv\u00e1rame? Vlk je k svojej chladni\u010dke milosrdn\u00fd. Rad\u0161ej je st\u00e1le v jej vn\u00fatri a \u010dak\u00e1, kedy sa v nej objav\u00ed nejak\u00e1 dobrota. Nie pre neho, ale pre chladni\u010dku. No po \u010dase aj vlk pochop\u00ed, \u017ee sa ni\u010d len tak z ni\u010doho ni\u010d neobjav\u00ed. Tr\u00fachlenie nad hladom jeho chladni\u010dky je nekone\u010dn\u00e9! Je len jedno rie\u0161enie. Vlk sa tak vyber\u00e1 na strastipln\u00fa p\u00fa\u0165 za jedlom pre jeho chladni\u010dku, ktor\u00e1 sa mu m\u00f4\u017ee sta\u0165 osudnou. Nebude to ma\u0165 veru \u013eahk\u00e9 ako my v\u0161etci, \u010do od r\u00e1na do r\u00e1na len zh\u00e1\u0148ame jedlo&#8230;<\/p>\n<p>Typ: Improviz\u00e1cia, interakt\u00edvne, parodick\u00e9<br \/>\nTrvanie: cca 45min\u00fat<\/p>\n<p><span data-olk-copy-source=\"MessageBody\">Inkluz\u00edvne divadlo pre deti \u2013 po\u010das predstavenia bude tlmo\u010dn\u00ed\u010dka preklada\u0165 pre nepo\u010duj\u00facich do posunkovej re\u010di.<\/span><\/p>","protected":false},"featured_media":12022,"template":"","meta":[],"event_listing_category":[103],"event_listing_type":[81],"class_list":["post-11974","event_listing","type-event_listing","status-publish","has-post-thumbnail","hentry","event_listing_category-zkl2025","event_listing_type-kino-divadlo"],"yoast_head":"<!-- This site is optimized with the Yoast SEO plugin v27.1.1 - https:\/\/yoast.com\/product\/yoast-seo-wordpress\/ -->\n<title>ZRU\u0160EN\u00c9- DETSK\u00c9 DIVADLO NA STUDNI\u010cK\u00c1CH - \u017dilinsk\u00e9 kult\u00farne leto 2025<\/title>\n<meta name=\"robots\" content=\"index, follow, max-snippet:-1, max-image-preview:large, max-video-preview:-1\" \/>\n<link rel=\"canonical\" href=\"https:\/\/kulturneleto.eu\/en\/event\/detske-divadlo-na-studnickach-2\/\" \/>\n<meta property=\"og:locale\" content=\"en_US\" \/>\n<meta property=\"og:type\" content=\"article\" \/>\n<meta property=\"og:title\" content=\"ZRU\u0160EN\u00c9- DETSK\u00c9 DIVADLO NA STUDNI\u010cK\u00c1CH - \u017dilinsk\u00e9 kult\u00farne leto 2025\" \/>\n<meta property=\"og:description\" content=\"DIVADIELKO MA\u0164O: KOZLIATKA A VLK Predstavenie sa pres\u00fava na d\u00e1tum na september. &nbsp; Sk\u00f4r ako pr\u00eddete na parodick\u00e9 predstavenie KOZLIATKA A VLK, zamyslite sa nad t\u00fdm, \u010di ste sa niekedy zamysleli nad t\u00fdm, ako sa c\u00edti tak\u00e1 chladni\u010dka. Nie je jej zima? Alebo teplo? Nevad\u00ed jej, \u017ee ju st\u00e1le otv\u00e1rame a zatv\u00e1rame? Vlk je k [&hellip;]\" \/>\n<meta property=\"og:url\" content=\"https:\/\/kulturneleto.eu\/en\/event\/detske-divadlo-na-studnickach-2\/\" \/>\n<meta property=\"og:site_name\" content=\"\u017dilinsk\u00e9 kult\u00farne leto 2025\" \/>\n<meta property=\"article:publisher\" content=\"https:\/\/www.facebook.com\/Mesto-ilina-162541880519007\" \/>\n<meta property=\"article:modified_time\" content=\"2025-07-09T07:36:09+00:00\" \/>\n<meta property=\"og:image\" content=\"https:\/\/kulturneleto.eu\/wp-content\/uploads\/2025\/06\/DIVA6535-RAF_DxO_DeepPRIME231018.jpg\" \/>\n\t<meta property=\"og:image:width\" content=\"1900\" \/>\n\t<meta property=\"og:image:height\" content=\"1267\" \/>\n\t<meta property=\"og:image:type\" content=\"image\/jpeg\" \/>\n<meta name=\"twitter:card\" content=\"summary_large_image\" \/>\n<meta name=\"twitter:label1\" content=\"Est. reading time\" \/>\n\t<meta name=\"twitter:data1\" content=\"2 minutes\" \/>\n<script type=\"application\/ld+json\" class=\"yoast-schema-graph\">{\"@context\":\"https:\/\/schema.org\",\"@graph\":[{\"@type\":\"WebPage\",\"@id\":\"https:\/\/kulturneleto.eu\/event\/detske-divadlo-na-studnickach-2\/\",\"url\":\"https:\/\/kulturneleto.eu\/event\/detske-divadlo-na-studnickach-2\/\",\"name\":\"ZRU\u0160EN\u00c9- DETSK\u00c9 DIVADLO NA STUDNI\u010cK\u00c1CH - \u017dilinsk\u00e9 kult\u00farne leto 2025\",\"isPartOf\":{\"@id\":\"https:\/\/kulturneleto.eu\/#website\"},\"primaryImageOfPage\":{\"@id\":\"https:\/\/kulturneleto.eu\/event\/detske-divadlo-na-studnickach-2\/#primaryimage\"},\"image\":{\"@id\":\"https:\/\/kulturneleto.eu\/event\/detske-divadlo-na-studnickach-2\/#primaryimage\"},\"thumbnailUrl\":\"https:\/\/kulturneleto.eu\/wp-content\/uploads\/2025\/06\/DIVA6535-RAF_DxO_DeepPRIME231018.jpg\",\"datePublished\":\"2025-06-24T09:40:51+00:00\",\"dateModified\":\"2025-07-09T07:36:09+00:00\",\"breadcrumb\":{\"@id\":\"https:\/\/kulturneleto.eu\/event\/detske-divadlo-na-studnickach-2\/#breadcrumb\"},\"inLanguage\":\"en-US\",\"potentialAction\":[{\"@type\":\"ReadAction\",\"target\":[\"https:\/\/kulturneleto.eu\/event\/detske-divadlo-na-studnickach-2\/\"]}]},{\"@type\":\"ImageObject\",\"inLanguage\":\"en-US\",\"@id\":\"https:\/\/kulturneleto.eu\/event\/detske-divadlo-na-studnickach-2\/#primaryimage\",\"url\":\"https:\/\/kulturneleto.eu\/wp-content\/uploads\/2025\/06\/DIVA6535-RAF_DxO_DeepPRIME231018.jpg\",\"contentUrl\":\"https:\/\/kulturneleto.eu\/wp-content\/uploads\/2025\/06\/DIVA6535-RAF_DxO_DeepPRIME231018.jpg\",\"width\":1900,\"height\":1267},{\"@type\":\"BreadcrumbList\",\"@id\":\"https:\/\/kulturneleto.eu\/event\/detske-divadlo-na-studnickach-2\/#breadcrumb\",\"itemListElement\":[{\"@type\":\"ListItem\",\"position\":1,\"name\":\"Domovsk\u00e1 str\u00e1nka\",\"item\":\"https:\/\/kulturneleto.eu\/\"},{\"@type\":\"ListItem\",\"position\":2,\"name\":\"ZRU\u0160EN\u00c9- DETSK\u00c9 DIVADLO NA STUDNI\u010cK\u00c1CH\"}]},{\"@type\":\"WebSite\",\"@id\":\"https:\/\/kulturneleto.eu\/#website\",\"url\":\"https:\/\/kulturneleto.eu\/\",\"name\":\"\u017dilinsk\u00e9 kult\u00farne leto 2025\",\"description\":\"j\u00fal, august, september\",\"publisher\":{\"@id\":\"https:\/\/kulturneleto.eu\/#organization\"},\"potentialAction\":[{\"@type\":\"SearchAction\",\"target\":{\"@type\":\"EntryPoint\",\"urlTemplate\":\"https:\/\/kulturneleto.eu\/?s={search_term_string}\"},\"query-input\":{\"@type\":\"PropertyValueSpecification\",\"valueRequired\":true,\"valueName\":\"search_term_string\"}}],\"inLanguage\":\"en-US\"},{\"@type\":\"Organization\",\"@id\":\"https:\/\/kulturneleto.eu\/#organization\",\"name\":\"Kult\u00farne leto\",\"url\":\"https:\/\/kulturneleto.eu\/\",\"logo\":{\"@type\":\"ImageObject\",\"inLanguage\":\"en-US\",\"@id\":\"https:\/\/kulturneleto.eu\/#\/schema\/logo\/image\/\",\"url\":\"https:\/\/kulturneleto.eu\/wp-content\/uploads\/2022\/06\/logo_zkl_2022_orange.png\",\"contentUrl\":\"https:\/\/kulturneleto.eu\/wp-content\/uploads\/2022\/06\/logo_zkl_2022_orange.png\",\"width\":330,\"height\":117,\"caption\":\"Kult\u00farne leto\"},\"image\":{\"@id\":\"https:\/\/kulturneleto.eu\/#\/schema\/logo\/image\/\"},\"sameAs\":[\"https:\/\/www.facebook.com\/Mesto-ilina-162541880519007\",\"https:\/\/www.youtube.com\/channel\/UCfY6Cc8yEeMgTWAUW5QaGAw\",\"https:\/\/www.instagram.com\/mestozilina\/?hl=sk\"]}]}<\/script>\n<!-- \/ Yoast SEO plugin. -->","yoast_head_json":{"title":"ZRU\u0160EN\u00c9- DETSK\u00c9 DIVADLO NA STUDNI\u010cK\u00c1CH - \u017dilinsk\u00e9 kult\u00farne leto 2025","robots":{"index":"index","follow":"follow","max-snippet":"max-snippet:-1","max-image-preview":"max-image-preview:large","max-video-preview":"max-video-preview:-1"},"canonical":"https:\/\/kulturneleto.eu\/en\/event\/detske-divadlo-na-studnickach-2\/","og_locale":"en_US","og_type":"article","og_title":"ZRU\u0160EN\u00c9- DETSK\u00c9 DIVADLO NA STUDNI\u010cK\u00c1CH - \u017dilinsk\u00e9 kult\u00farne leto 2025","og_description":"DIVADIELKO MA\u0164O: KOZLIATKA A VLK Predstavenie sa pres\u00fava na d\u00e1tum na september. &nbsp; Sk\u00f4r ako pr\u00eddete na parodick\u00e9 predstavenie KOZLIATKA A VLK, zamyslite sa nad t\u00fdm, \u010di ste sa niekedy zamysleli nad t\u00fdm, ako sa c\u00edti tak\u00e1 chladni\u010dka. Nie je jej zima? Alebo teplo? Nevad\u00ed jej, \u017ee ju st\u00e1le otv\u00e1rame a zatv\u00e1rame? Vlk je k [&hellip;]","og_url":"https:\/\/kulturneleto.eu\/en\/event\/detske-divadlo-na-studnickach-2\/","og_site_name":"\u017dilinsk\u00e9 kult\u00farne leto 2025","article_publisher":"https:\/\/www.facebook.com\/Mesto-ilina-162541880519007","article_modified_time":"2025-07-09T07:36:09+00:00","og_image":[{"width":1900,"height":1267,"url":"https:\/\/kulturneleto.eu\/wp-content\/uploads\/2025\/06\/DIVA6535-RAF_DxO_DeepPRIME231018.jpg","type":"image\/jpeg"}],"twitter_card":"summary_large_image","twitter_misc":{"Est. reading time":"2 minutes"},"schema":{"@context":"https:\/\/schema.org","@graph":[{"@type":"WebPage","@id":"https:\/\/kulturneleto.eu\/event\/detske-divadlo-na-studnickach-2\/","url":"https:\/\/kulturneleto.eu\/event\/detske-divadlo-na-studnickach-2\/","name":"ZRU\u0160EN\u00c9- DETSK\u00c9 DIVADLO NA STUDNI\u010cK\u00c1CH - \u017dilinsk\u00e9 kult\u00farne leto 2025","isPartOf":{"@id":"https:\/\/kulturneleto.eu\/#website"},"primaryImageOfPage":{"@id":"https:\/\/kulturneleto.eu\/event\/detske-divadlo-na-studnickach-2\/#primaryimage"},"image":{"@id":"https:\/\/kulturneleto.eu\/event\/detske-divadlo-na-studnickach-2\/#primaryimage"},"thumbnailUrl":"https:\/\/kulturneleto.eu\/wp-content\/uploads\/2025\/06\/DIVA6535-RAF_DxO_DeepPRIME231018.jpg","datePublished":"2025-06-24T09:40:51+00:00","dateModified":"2025-07-09T07:36:09+00:00","breadcrumb":{"@id":"https:\/\/kulturneleto.eu\/event\/detske-divadlo-na-studnickach-2\/#breadcrumb"},"inLanguage":"en-US","potentialAction":[{"@type":"ReadAction","target":["https:\/\/kulturneleto.eu\/event\/detske-divadlo-na-studnickach-2\/"]}]},{"@type":"ImageObject","inLanguage":"en-US","@id":"https:\/\/kulturneleto.eu\/event\/detske-divadlo-na-studnickach-2\/#primaryimage","url":"https:\/\/kulturneleto.eu\/wp-content\/uploads\/2025\/06\/DIVA6535-RAF_DxO_DeepPRIME231018.jpg","contentUrl":"https:\/\/kulturneleto.eu\/wp-content\/uploads\/2025\/06\/DIVA6535-RAF_DxO_DeepPRIME231018.jpg","width":1900,"height":1267},{"@type":"BreadcrumbList","@id":"https:\/\/kulturneleto.eu\/event\/detske-divadlo-na-studnickach-2\/#breadcrumb","itemListElement":[{"@type":"ListItem","position":1,"name":"Domovsk\u00e1 str\u00e1nka","item":"https:\/\/kulturneleto.eu\/"},{"@type":"ListItem","position":2,"name":"ZRU\u0160EN\u00c9- DETSK\u00c9 DIVADLO NA STUDNI\u010cK\u00c1CH"}]},{"@type":"WebSite","@id":"https:\/\/kulturneleto.eu\/#website","url":"https:\/\/kulturneleto.eu\/","name":"\u017dilinsk\u00e9 kult\u00farne leto 2025","description":"j\u00fal, august, september","publisher":{"@id":"https:\/\/kulturneleto.eu\/#organization"},"potentialAction":[{"@type":"SearchAction","target":{"@type":"EntryPoint","urlTemplate":"https:\/\/kulturneleto.eu\/?s={search_term_string}"},"query-input":{"@type":"PropertyValueSpecification","valueRequired":true,"valueName":"search_term_string"}}],"inLanguage":"en-US"},{"@type":"Organization","@id":"https:\/\/kulturneleto.eu\/#organization","name":"Kult\u00farne leto","url":"https:\/\/kulturneleto.eu\/","logo":{"@type":"ImageObject","inLanguage":"en-US","@id":"https:\/\/kulturneleto.eu\/#\/schema\/logo\/image\/","url":"https:\/\/kulturneleto.eu\/wp-content\/uploads\/2022\/06\/logo_zkl_2022_orange.png","contentUrl":"https:\/\/kulturneleto.eu\/wp-content\/uploads\/2022\/06\/logo_zkl_2022_orange.png","width":330,"height":117,"caption":"Kult\u00farne leto"},"image":{"@id":"https:\/\/kulturneleto.eu\/#\/schema\/logo\/image\/"},"sameAs":["https:\/\/www.facebook.com\/Mesto-ilina-162541880519007","https:\/\/www.youtube.com\/channel\/UCfY6Cc8yEeMgTWAUW5QaGAw","https:\/\/www.instagram.com\/mestozilina\/?hl=sk"]}]}},"_links":{"self":[{"href":"https:\/\/kulturneleto.eu\/en\/wp-json\/wp\/v2\/event_listing\/11974","targetHints":{"allow":["GET"]}}],"collection":[{"href":"https:\/\/kulturneleto.eu\/en\/wp-json\/wp\/v2\/event_listing"}],"about":[{"href":"https:\/\/kulturneleto.eu\/en\/wp-json\/wp\/v2\/types\/event_listing"}],"wp:featuredmedia":[{"embeddable":true,"href":"https:\/\/kulturneleto.eu\/en\/wp-json\/wp\/v2\/media\/12022"}],"wp:attachment":[{"href":"https:\/\/kulturneleto.eu\/en\/wp-json\/wp\/v2\/media?parent=11974"}],"wp:term":[{"taxonomy":"event_listing_category","embeddable":true,"href":"https:\/\/kulturneleto.eu\/en\/wp-json\/wp\/v2\/event_listing_category?post=11974"},{"taxonomy":"event_listing_type","embeddable":true,"href":"https:\/\/kulturneleto.eu\/en\/wp-json\/wp\/v2\/event_listing_type?post=11974"}],"curies":[{"name":"wp","href":"https:\/\/api.w.org\/{rel}","templated":true}]}}