{"id":12212,"date":"2025-07-01T11:17:35","date_gmt":"2025-07-01T09:17:35","guid":{"rendered":"https:\/\/kulturneleto.eu\/?post_type=event_listing&#038;p=12212"},"modified":"2025-07-04T16:04:01","modified_gmt":"2025-07-04T14:04:01","slug":"kultura-pod-hviezdami-2","status":"publish","type":"event_listing","link":"https:\/\/kulturneleto.eu\/en\/event\/kultura-pod-hviezdami-2\/","title":{"rendered":"KULT\u00daRA POD HVIEZDAMI"},"content":{"rendered":"<div class=\"xdj266r x14z9mp xat24cr x1lziwak x1vvkbs\"><strong>Kult\u00fara pod hviezdami<\/strong> op\u00e4\u0165 v \u017diline!\u00a0Pr\u00ed\u010fte si u\u017ei\u0165 v\u00fdpravn\u00e9 koncertn\u00e9 verzie muzik\u00e1lov na Budat\u00ednsky hrad.<\/div>\n<div><\/div>\n<div><img fetchpriority=\"high\" decoding=\"async\" class=\"alignnone size-full wp-image-12297\" src=\"https:\/\/kulturneleto.eu\/wp-content\/uploads\/2025\/07\/492573039_1190205766449478_1373568584521205927_n.jpg\" alt=\"\" width=\"1920\" height=\"1080\" srcset=\"https:\/\/kulturneleto.eu\/wp-content\/uploads\/2025\/07\/492573039_1190205766449478_1373568584521205927_n.jpg 1920w, https:\/\/kulturneleto.eu\/wp-content\/uploads\/2025\/07\/492573039_1190205766449478_1373568584521205927_n-1024x576.jpg 1024w, https:\/\/kulturneleto.eu\/wp-content\/uploads\/2025\/07\/492573039_1190205766449478_1373568584521205927_n-768x432.jpg 768w, https:\/\/kulturneleto.eu\/wp-content\/uploads\/2025\/07\/492573039_1190205766449478_1373568584521205927_n-1536x864.jpg 1536w\" sizes=\"(max-width: 1920px) 100vw, 1920px\" \/><\/div>\n<div><\/div>\n<div class=\"x14z9mp xat24cr x1lziwak x1vvkbs xtlvy1s\"><strong>Program:<\/strong><br class=\"html-br\" \/>22.8. \/ 19.30 \/ DRACULA<br class=\"html-br\" \/>23.8. \/ 19.30 \/ \u010cAS R\u016e\u017d\u00cd<br class=\"html-br\" \/>24.8. \/ 18.30 \/ FREDDIE<\/div>\n<div class=\"x14z9mp xat24cr x1lziwak x1vvkbs xtlvy1s\"><\/div>\n<div class=\"x14z9mp xat24cr x1lziwak x1vvkbs xtlvy1s\">Vstupenky na jednotliv\u00e9 predstavenia a v\u0161etky inform\u00e1cie n\u00e1jdete na:\u00a0<a class=\"x1i10hfl xjbqb8w x1ejq31n x18oe1m7 x1sy0etr xstzfhl x972fbf x10w94by x1qhh985 x14e42zd x9f619 x1ypdohk xt0psk2 xe8uvvx xdj266r x14z9mp xat24cr x1lziwak xexx8yu xyri2b x18d9i69 x1c1uobl x16tdsg8 x1hl2dhg xggy1nq x1a2a7pz xkrqix3 x1sur9pj x1fey0fg x1s688f\" tabindex=\"0\" role=\"link\" href=\"https:\/\/www.kulturapodhvezdami.cz\/cs\/program?fbclid=IwZXh0bgNhZW0CMTAAYnJpZBEwQ0pId2VycW54Snh0aGptRAEeyJ-Hd7cly26Ac66ufkNHrfDvJ6FymM1VuLQxVz8x9twdbeKSs6ERf6iR198_aem_G_n1RsNsfcFWQ5Hb4YICHA\" target=\"_blank\" rel=\"nofollow noopener noreferrer\">https:\/\/www.kulturapodhvezdami.cz\/cs\/program<\/a><\/div>","protected":false},"featured_media":12297,"template":"","meta":[],"event_listing_category":[103],"event_listing_type":[85],"class_list":["post-12212","event_listing","type-event_listing","status-publish","has-post-thumbnail","hentry","event_listing_category-zkl2025","event_listing_type-hudba-tanec"],"yoast_head":"<!-- This site is optimized with the Yoast SEO plugin v27.1.1 - https:\/\/yoast.com\/product\/yoast-seo-wordpress\/ -->\n<title>KULT\u00daRA POD HVIEZDAMI - \u017dilinsk\u00e9 kult\u00farne leto 2025<\/title>\n<meta name=\"robots\" content=\"index, follow, max-snippet:-1, max-image-preview:large, max-video-preview:-1\" \/>\n<link rel=\"canonical\" href=\"https:\/\/kulturneleto.eu\/en\/event\/kultura-pod-hviezdami-2\/\" \/>\n<meta property=\"og:locale\" content=\"en_US\" \/>\n<meta property=\"og:type\" content=\"article\" \/>\n<meta property=\"og:title\" content=\"KULT\u00daRA POD HVIEZDAMI - \u017dilinsk\u00e9 kult\u00farne leto 2025\" \/>\n<meta property=\"og:description\" content=\"Kult\u00fara pod hviezdami op\u00e4\u0165 v \u017diline!\u00a0Pr\u00ed\u010fte si u\u017ei\u0165 v\u00fdpravn\u00e9 koncertn\u00e9 verzie muzik\u00e1lov na Budat\u00ednsky hrad. Program:22.8. \/ 19.30 \/ DRACULA23.8. \/ 19.30 \/ \u010cAS R\u016e\u017d\u00cd24.8. \/ 18.30 \/ FREDDIE Vstupenky na jednotliv\u00e9 predstavenia a v\u0161etky inform\u00e1cie n\u00e1jdete na:\u00a0https:\/\/www.kulturapodhvezdami.cz\/cs\/program\" \/>\n<meta property=\"og:url\" content=\"https:\/\/kulturneleto.eu\/en\/event\/kultura-pod-hviezdami-2\/\" \/>\n<meta property=\"og:site_name\" content=\"\u017dilinsk\u00e9 kult\u00farne leto 2025\" \/>\n<meta property=\"article:publisher\" content=\"https:\/\/www.facebook.com\/Mesto-ilina-162541880519007\" \/>\n<meta property=\"article:modified_time\" content=\"2025-07-04T14:04:01+00:00\" \/>\n<meta property=\"og:image\" content=\"https:\/\/kulturneleto.eu\/wp-content\/uploads\/2025\/07\/492573039_1190205766449478_1373568584521205927_n.jpg\" \/>\n\t<meta property=\"og:image:width\" content=\"1920\" \/>\n\t<meta property=\"og:image:height\" content=\"1080\" \/>\n\t<meta property=\"og:image:type\" content=\"image\/jpeg\" \/>\n<meta name=\"twitter:card\" content=\"summary_large_image\" \/>\n<meta name=\"twitter:label1\" content=\"Est. reading time\" \/>\n\t<meta name=\"twitter:data1\" content=\"1 minute\" \/>\n<script type=\"application\/ld+json\" class=\"yoast-schema-graph\">{\"@context\":\"https:\/\/schema.org\",\"@graph\":[{\"@type\":\"WebPage\",\"@id\":\"https:\/\/kulturneleto.eu\/event\/kultura-pod-hviezdami-2\/\",\"url\":\"https:\/\/kulturneleto.eu\/event\/kultura-pod-hviezdami-2\/\",\"name\":\"KULT\u00daRA POD HVIEZDAMI - \u017dilinsk\u00e9 kult\u00farne leto 2025\",\"isPartOf\":{\"@id\":\"https:\/\/kulturneleto.eu\/#website\"},\"primaryImageOfPage\":{\"@id\":\"https:\/\/kulturneleto.eu\/event\/kultura-pod-hviezdami-2\/#primaryimage\"},\"image\":{\"@id\":\"https:\/\/kulturneleto.eu\/event\/kultura-pod-hviezdami-2\/#primaryimage\"},\"thumbnailUrl\":\"https:\/\/kulturneleto.eu\/wp-content\/uploads\/2025\/07\/492573039_1190205766449478_1373568584521205927_n.jpg\",\"datePublished\":\"2025-07-01T09:17:35+00:00\",\"dateModified\":\"2025-07-04T14:04:01+00:00\",\"breadcrumb\":{\"@id\":\"https:\/\/kulturneleto.eu\/event\/kultura-pod-hviezdami-2\/#breadcrumb\"},\"inLanguage\":\"en-US\",\"potentialAction\":[{\"@type\":\"ReadAction\",\"target\":[\"https:\/\/kulturneleto.eu\/event\/kultura-pod-hviezdami-2\/\"]}]},{\"@type\":\"ImageObject\",\"inLanguage\":\"en-US\",\"@id\":\"https:\/\/kulturneleto.eu\/event\/kultura-pod-hviezdami-2\/#primaryimage\",\"url\":\"https:\/\/kulturneleto.eu\/wp-content\/uploads\/2025\/07\/492573039_1190205766449478_1373568584521205927_n.jpg\",\"contentUrl\":\"https:\/\/kulturneleto.eu\/wp-content\/uploads\/2025\/07\/492573039_1190205766449478_1373568584521205927_n.jpg\",\"width\":1920,\"height\":1080},{\"@type\":\"BreadcrumbList\",\"@id\":\"https:\/\/kulturneleto.eu\/event\/kultura-pod-hviezdami-2\/#breadcrumb\",\"itemListElement\":[{\"@type\":\"ListItem\",\"position\":1,\"name\":\"Domovsk\u00e1 str\u00e1nka\",\"item\":\"https:\/\/kulturneleto.eu\/\"},{\"@type\":\"ListItem\",\"position\":2,\"name\":\"KULT\u00daRA POD HVIEZDAMI\"}]},{\"@type\":\"WebSite\",\"@id\":\"https:\/\/kulturneleto.eu\/#website\",\"url\":\"https:\/\/kulturneleto.eu\/\",\"name\":\"\u017dilinsk\u00e9 kult\u00farne leto 2025\",\"description\":\"j\u00fal, august, september\",\"publisher\":{\"@id\":\"https:\/\/kulturneleto.eu\/#organization\"},\"potentialAction\":[{\"@type\":\"SearchAction\",\"target\":{\"@type\":\"EntryPoint\",\"urlTemplate\":\"https:\/\/kulturneleto.eu\/?s={search_term_string}\"},\"query-input\":{\"@type\":\"PropertyValueSpecification\",\"valueRequired\":true,\"valueName\":\"search_term_string\"}}],\"inLanguage\":\"en-US\"},{\"@type\":\"Organization\",\"@id\":\"https:\/\/kulturneleto.eu\/#organization\",\"name\":\"Kult\u00farne leto\",\"url\":\"https:\/\/kulturneleto.eu\/\",\"logo\":{\"@type\":\"ImageObject\",\"inLanguage\":\"en-US\",\"@id\":\"https:\/\/kulturneleto.eu\/#\/schema\/logo\/image\/\",\"url\":\"https:\/\/kulturneleto.eu\/wp-content\/uploads\/2022\/06\/logo_zkl_2022_orange.png\",\"contentUrl\":\"https:\/\/kulturneleto.eu\/wp-content\/uploads\/2022\/06\/logo_zkl_2022_orange.png\",\"width\":330,\"height\":117,\"caption\":\"Kult\u00farne leto\"},\"image\":{\"@id\":\"https:\/\/kulturneleto.eu\/#\/schema\/logo\/image\/\"},\"sameAs\":[\"https:\/\/www.facebook.com\/Mesto-ilina-162541880519007\",\"https:\/\/www.youtube.com\/channel\/UCfY6Cc8yEeMgTWAUW5QaGAw\",\"https:\/\/www.instagram.com\/mestozilina\/?hl=sk\"]}]}<\/script>\n<!-- \/ Yoast SEO plugin. -->","yoast_head_json":{"title":"KULT\u00daRA POD HVIEZDAMI - \u017dilinsk\u00e9 kult\u00farne leto 2025","robots":{"index":"index","follow":"follow","max-snippet":"max-snippet:-1","max-image-preview":"max-image-preview:large","max-video-preview":"max-video-preview:-1"},"canonical":"https:\/\/kulturneleto.eu\/en\/event\/kultura-pod-hviezdami-2\/","og_locale":"en_US","og_type":"article","og_title":"KULT\u00daRA POD HVIEZDAMI - \u017dilinsk\u00e9 kult\u00farne leto 2025","og_description":"Kult\u00fara pod hviezdami op\u00e4\u0165 v \u017diline!\u00a0Pr\u00ed\u010fte si u\u017ei\u0165 v\u00fdpravn\u00e9 koncertn\u00e9 verzie muzik\u00e1lov na Budat\u00ednsky hrad. Program:22.8. \/ 19.30 \/ DRACULA23.8. \/ 19.30 \/ \u010cAS R\u016e\u017d\u00cd24.8. \/ 18.30 \/ FREDDIE Vstupenky na jednotliv\u00e9 predstavenia a v\u0161etky inform\u00e1cie n\u00e1jdete na:\u00a0https:\/\/www.kulturapodhvezdami.cz\/cs\/program","og_url":"https:\/\/kulturneleto.eu\/en\/event\/kultura-pod-hviezdami-2\/","og_site_name":"\u017dilinsk\u00e9 kult\u00farne leto 2025","article_publisher":"https:\/\/www.facebook.com\/Mesto-ilina-162541880519007","article_modified_time":"2025-07-04T14:04:01+00:00","og_image":[{"width":1920,"height":1080,"url":"https:\/\/kulturneleto.eu\/wp-content\/uploads\/2025\/07\/492573039_1190205766449478_1373568584521205927_n.jpg","type":"image\/jpeg"}],"twitter_card":"summary_large_image","twitter_misc":{"Est. reading time":"1 minute"},"schema":{"@context":"https:\/\/schema.org","@graph":[{"@type":"WebPage","@id":"https:\/\/kulturneleto.eu\/event\/kultura-pod-hviezdami-2\/","url":"https:\/\/kulturneleto.eu\/event\/kultura-pod-hviezdami-2\/","name":"KULT\u00daRA POD HVIEZDAMI - \u017dilinsk\u00e9 kult\u00farne leto 2025","isPartOf":{"@id":"https:\/\/kulturneleto.eu\/#website"},"primaryImageOfPage":{"@id":"https:\/\/kulturneleto.eu\/event\/kultura-pod-hviezdami-2\/#primaryimage"},"image":{"@id":"https:\/\/kulturneleto.eu\/event\/kultura-pod-hviezdami-2\/#primaryimage"},"thumbnailUrl":"https:\/\/kulturneleto.eu\/wp-content\/uploads\/2025\/07\/492573039_1190205766449478_1373568584521205927_n.jpg","datePublished":"2025-07-01T09:17:35+00:00","dateModified":"2025-07-04T14:04:01+00:00","breadcrumb":{"@id":"https:\/\/kulturneleto.eu\/event\/kultura-pod-hviezdami-2\/#breadcrumb"},"inLanguage":"en-US","potentialAction":[{"@type":"ReadAction","target":["https:\/\/kulturneleto.eu\/event\/kultura-pod-hviezdami-2\/"]}]},{"@type":"ImageObject","inLanguage":"en-US","@id":"https:\/\/kulturneleto.eu\/event\/kultura-pod-hviezdami-2\/#primaryimage","url":"https:\/\/kulturneleto.eu\/wp-content\/uploads\/2025\/07\/492573039_1190205766449478_1373568584521205927_n.jpg","contentUrl":"https:\/\/kulturneleto.eu\/wp-content\/uploads\/2025\/07\/492573039_1190205766449478_1373568584521205927_n.jpg","width":1920,"height":1080},{"@type":"BreadcrumbList","@id":"https:\/\/kulturneleto.eu\/event\/kultura-pod-hviezdami-2\/#breadcrumb","itemListElement":[{"@type":"ListItem","position":1,"name":"Domovsk\u00e1 str\u00e1nka","item":"https:\/\/kulturneleto.eu\/"},{"@type":"ListItem","position":2,"name":"KULT\u00daRA POD HVIEZDAMI"}]},{"@type":"WebSite","@id":"https:\/\/kulturneleto.eu\/#website","url":"https:\/\/kulturneleto.eu\/","name":"\u017dilinsk\u00e9 kult\u00farne leto 2025","description":"j\u00fal, august, september","publisher":{"@id":"https:\/\/kulturneleto.eu\/#organization"},"potentialAction":[{"@type":"SearchAction","target":{"@type":"EntryPoint","urlTemplate":"https:\/\/kulturneleto.eu\/?s={search_term_string}"},"query-input":{"@type":"PropertyValueSpecification","valueRequired":true,"valueName":"search_term_string"}}],"inLanguage":"en-US"},{"@type":"Organization","@id":"https:\/\/kulturneleto.eu\/#organization","name":"Kult\u00farne leto","url":"https:\/\/kulturneleto.eu\/","logo":{"@type":"ImageObject","inLanguage":"en-US","@id":"https:\/\/kulturneleto.eu\/#\/schema\/logo\/image\/","url":"https:\/\/kulturneleto.eu\/wp-content\/uploads\/2022\/06\/logo_zkl_2022_orange.png","contentUrl":"https:\/\/kulturneleto.eu\/wp-content\/uploads\/2022\/06\/logo_zkl_2022_orange.png","width":330,"height":117,"caption":"Kult\u00farne leto"},"image":{"@id":"https:\/\/kulturneleto.eu\/#\/schema\/logo\/image\/"},"sameAs":["https:\/\/www.facebook.com\/Mesto-ilina-162541880519007","https:\/\/www.youtube.com\/channel\/UCfY6Cc8yEeMgTWAUW5QaGAw","https:\/\/www.instagram.com\/mestozilina\/?hl=sk"]}]}},"_links":{"self":[{"href":"https:\/\/kulturneleto.eu\/en\/wp-json\/wp\/v2\/event_listing\/12212","targetHints":{"allow":["GET"]}}],"collection":[{"href":"https:\/\/kulturneleto.eu\/en\/wp-json\/wp\/v2\/event_listing"}],"about":[{"href":"https:\/\/kulturneleto.eu\/en\/wp-json\/wp\/v2\/types\/event_listing"}],"wp:featuredmedia":[{"embeddable":true,"href":"https:\/\/kulturneleto.eu\/en\/wp-json\/wp\/v2\/media\/12297"}],"wp:attachment":[{"href":"https:\/\/kulturneleto.eu\/en\/wp-json\/wp\/v2\/media?parent=12212"}],"wp:term":[{"taxonomy":"event_listing_category","embeddable":true,"href":"https:\/\/kulturneleto.eu\/en\/wp-json\/wp\/v2\/event_listing_category?post=12212"},{"taxonomy":"event_listing_type","embeddable":true,"href":"https:\/\/kulturneleto.eu\/en\/wp-json\/wp\/v2\/event_listing_type?post=12212"}],"curies":[{"name":"wp","href":"https:\/\/api.w.org\/{rel}","templated":true}]}}