{"id":12213,"date":"2025-07-01T11:18:51","date_gmt":"2025-07-01T09:18:51","guid":{"rendered":"https:\/\/kulturneleto.eu\/?post_type=event_listing&#038;p=12213"},"modified":"2025-07-14T16:06:35","modified_gmt":"2025-07-14T14:06:35","slug":"letny-zilinsky-sachovy-festival","status":"publish","type":"event_listing","link":"https:\/\/kulturneleto.eu\/en\/event\/letny-zilinsky-sachovy-festival\/","title":{"rendered":"LETN\u00dd \u017dILINSK\u00dd \u0160ACHOV\u00dd FESTIVAL"},"content":{"rendered":"<p><strong>Jednod\u0148ov\u00fd festival, kde to \u0161achom \u017eije od r\u00e1na do ve\u010dera<\/strong>\u00a0\u2013 pre deti, dospel\u00fdch, za\u010diato\u010dn\u00edkov aj prof\u00edkov. V\u00a0<strong>uvo\u013enenej atmosf\u00e9re, vonku a v spolo\u010dnosti rovnako naladen\u00fdch \u013eud\u00ed si pr\u00eddu na svoje aj ne\u0161achisti. <\/strong>\u010cakaj\u00fa v\u00e1s turnaje, s\u00fa\u0165a\u017ee, \u017eiv\u00e1 diskusia s profi \u0161achistkou, simult\u00e1nka aj kult\u00farny off program.<\/p>\n<p>&nbsp;<\/p>\n<p><img fetchpriority=\"high\" decoding=\"async\" class=\"alignnone size-full wp-image-12317\" src=\"https:\/\/kulturneleto.eu\/wp-content\/uploads\/2025\/07\/228abbca-4844-47ad-9191-c4b850e4b31a.webp\" alt=\"\" width=\"768\" height=\"384\" \/><\/p>\n<p>&nbsp;<\/p>\n<p><strong>Hlavn\u00fd program:<\/strong><\/p>\n<p><strong>10:00<\/strong>\u00a0otvorenie festivalu<br \/>\n<strong>10:30 \u2013 12:00<\/strong>\u00a0turnaj vo freestyle \u0161achu (\u0161ach960), 5 k\u00f4l, rapid 2\u00d710 min + 3 s<br \/>\n<strong>12:00 \u2013 13:00<\/strong>\u00a0s\u00fa\u0165a\u017e v rie\u0161en\u00ed \u0161achov\u00fdch diagramov (rozdelenie pod\u013ea veku)<br \/>\n<strong>13:30 \u2013 15:00<\/strong>\u00a0turnaj vo \u0161tvorhre (bughouse), 5 k\u00f4l, rapid 2\u00d75 min + 3 s<br \/>\n<strong>15:00 \u2013 16:00<\/strong>\u00a0diskusia s profi \u0161achistkou + simult\u00e1nka<br \/>\n<strong>16:00 \u2013 18:00<\/strong>\u00a0blitz turnaj, 10 k\u00f4l, 2\u00d73 min + 2 s<\/p>\n<p>&nbsp;<\/p>\n<p><strong>Registr\u00e1cia pre hr\u00e1\u010dov a hr\u00e1\u010dky:<\/strong><\/p>\n<p><strong>\u2192\u00a0<\/strong>Ak m\u00e1te z\u00e1ujem z\u00fa\u010dastni\u0165 sa turnajov \u00a0\u2013 \u010di u\u017e vo freestyle, \u0161tvorhre alebo blitz \u2013 je\u00a0<a href=\"https:\/\/docs.google.com\/forms\/d\/e\/1FAIpQLSd5KaJlHsdgmz5w4jtQ8k4SGGNkTWuHC4kK_7Hjpbit5kLx4Q\/viewform?usp=header\"><strong>nutn\u00e1 registr\u00e1cia vopred<\/strong><\/a>.<strong>\u00a0<\/strong><\/p>\n<p>&nbsp;<\/p>\n<p><strong>Sprievodn\u00fd program:<\/strong><\/p>\n<p>z\u00e1hradn\u00e9 \u0161achy<\/p>\n<p>\u0161achov\u00fd tr\u00e9ning<\/p>\n<p>&nbsp;<\/p>\n<p><strong>Off program:\u00a0<\/strong>(nie je v cene vstupn\u00e9ho)<\/p>\n<p>18:00: divadlo\u00a0<a href=\"https:\/\/www.stanica.sk\/event-detail\/681b26a2c07b7b34e0a5824f\/?lang=sk_SK\">\u00dastav \u00fa\u017easu: St\u00f4l nad zlato<\/a>\u00a0pre dospel\u00fdch s de\u0165mi<\/p>\n<p>20:00 <a href=\"https:\/\/www.stanica.sk\/event-detail\/6850825ddd1247a4283c6836\/?lang=sk_SK\">Cestovate\u013esk\u00e9 kino pod Rondlom<\/a><\/p>\n<p>&nbsp;<\/p>\n<p><strong>Vstupn\u00e9 pre s\u00fa\u0165a\u017eiacich\u00a0<\/strong>(<a href=\"https:\/\/docs.google.com\/forms\/d\/e\/1FAIpQLSd5KaJlHsdgmz5w4jtQ8k4SGGNkTWuHC4kK_7Hjpbit5kLx4Q\/viewform?usp=header\">po registr\u00e1cii\u00a0<\/a>za\u0161leme link na platbu)<\/p>\n<p>Dospel\u00ed:\u00a0<strong>\u00a05 \u20ac\u00a0<\/strong><\/p>\n<p>Z\u013eavnen\u00e9 vstupn\u00e9: deti 12+ ,\u0161tudenti, seniori, Z\u0164P:<strong>\u00a03 \u20ac<\/strong><\/p>\n<p>&nbsp;<\/p>\n<p><strong>Vstupn\u00e9 pre nes\u00fa\u0165a\u017eiacich:<\/strong><\/p>\n<p>Jednotn\u00e9 vstupn\u00e9:<strong>\u00a01 \u20ac<\/strong><\/p>\n<p>Deti do 12 rokov bezplatne<\/p>\n<p>&nbsp;<\/p>\n<p>Hlavn\u00ed organiz\u00e1tori: \u00a0<strong>CV\u010c \u017dilina (Mesto \u017dilina), Kult\u00farne centrum Stanica<\/strong><br \/>\nSpoluorganiz\u00e1tori:\u00a0<strong>\u0160K Mlados\u0165 \u017dilina, \u0160K Vi\u0161\u0148ov\u00e9\u00a0<\/strong><\/p>","protected":false},"featured_media":12317,"template":"","meta":[],"event_listing_category":[103],"event_listing_type":[83],"class_list":["post-12213","event_listing","type-event_listing","status-publish","has-post-thumbnail","hentry","event_listing_category-zkl2025","event_listing_type-ine"],"yoast_head":"<!-- This site is optimized with the Yoast SEO plugin v27.1.1 - https:\/\/yoast.com\/product\/yoast-seo-wordpress\/ -->\n<title>LETN\u00dd \u017dILINSK\u00dd \u0160ACHOV\u00dd FESTIVAL - \u017dilinsk\u00e9 kult\u00farne leto 2025<\/title>\n<meta name=\"robots\" content=\"index, follow, max-snippet:-1, max-image-preview:large, max-video-preview:-1\" \/>\n<link rel=\"canonical\" href=\"https:\/\/kulturneleto.eu\/en\/event\/letny-zilinsky-sachovy-festival\/\" \/>\n<meta property=\"og:locale\" content=\"en_US\" \/>\n<meta property=\"og:type\" content=\"article\" \/>\n<meta property=\"og:title\" content=\"LETN\u00dd \u017dILINSK\u00dd \u0160ACHOV\u00dd FESTIVAL - \u017dilinsk\u00e9 kult\u00farne leto 2025\" \/>\n<meta property=\"og:description\" content=\"Jednod\u0148ov\u00fd festival, kde to \u0161achom \u017eije od r\u00e1na do ve\u010dera\u00a0\u2013 pre deti, dospel\u00fdch, za\u010diato\u010dn\u00edkov aj prof\u00edkov. V\u00a0uvo\u013enenej atmosf\u00e9re, vonku a v spolo\u010dnosti rovnako naladen\u00fdch \u013eud\u00ed si pr\u00eddu na svoje aj ne\u0161achisti. \u010cakaj\u00fa v\u00e1s turnaje, s\u00fa\u0165a\u017ee, \u017eiv\u00e1 diskusia s profi \u0161achistkou, simult\u00e1nka aj kult\u00farny off program. &nbsp; &nbsp; Hlavn\u00fd program: 10:00\u00a0otvorenie festivalu 10:30 \u2013 12:00\u00a0turnaj vo [&hellip;]\" \/>\n<meta property=\"og:url\" content=\"https:\/\/kulturneleto.eu\/en\/event\/letny-zilinsky-sachovy-festival\/\" \/>\n<meta property=\"og:site_name\" content=\"\u017dilinsk\u00e9 kult\u00farne leto 2025\" \/>\n<meta property=\"article:publisher\" content=\"https:\/\/www.facebook.com\/Mesto-ilina-162541880519007\" \/>\n<meta property=\"article:modified_time\" content=\"2025-07-14T14:06:35+00:00\" \/>\n<meta property=\"og:image\" content=\"https:\/\/kulturneleto.eu\/wp-content\/uploads\/2025\/07\/228abbca-4844-47ad-9191-c4b850e4b31a.webp\" \/>\n\t<meta property=\"og:image:width\" content=\"768\" \/>\n\t<meta property=\"og:image:height\" content=\"384\" \/>\n\t<meta property=\"og:image:type\" content=\"image\/webp\" \/>\n<meta name=\"twitter:card\" content=\"summary_large_image\" \/>\n<meta name=\"twitter:label1\" content=\"Est. reading time\" \/>\n\t<meta name=\"twitter:data1\" content=\"2 minutes\" \/>\n<script type=\"application\/ld+json\" class=\"yoast-schema-graph\">{\"@context\":\"https:\/\/schema.org\",\"@graph\":[{\"@type\":\"WebPage\",\"@id\":\"https:\/\/kulturneleto.eu\/event\/letny-zilinsky-sachovy-festival\/\",\"url\":\"https:\/\/kulturneleto.eu\/event\/letny-zilinsky-sachovy-festival\/\",\"name\":\"LETN\u00dd \u017dILINSK\u00dd \u0160ACHOV\u00dd FESTIVAL - \u017dilinsk\u00e9 kult\u00farne leto 2025\",\"isPartOf\":{\"@id\":\"https:\/\/kulturneleto.eu\/#website\"},\"primaryImageOfPage\":{\"@id\":\"https:\/\/kulturneleto.eu\/event\/letny-zilinsky-sachovy-festival\/#primaryimage\"},\"image\":{\"@id\":\"https:\/\/kulturneleto.eu\/event\/letny-zilinsky-sachovy-festival\/#primaryimage\"},\"thumbnailUrl\":\"https:\/\/kulturneleto.eu\/wp-content\/uploads\/2025\/07\/228abbca-4844-47ad-9191-c4b850e4b31a.webp\",\"datePublished\":\"2025-07-01T09:18:51+00:00\",\"dateModified\":\"2025-07-14T14:06:35+00:00\",\"breadcrumb\":{\"@id\":\"https:\/\/kulturneleto.eu\/event\/letny-zilinsky-sachovy-festival\/#breadcrumb\"},\"inLanguage\":\"en-US\",\"potentialAction\":[{\"@type\":\"ReadAction\",\"target\":[\"https:\/\/kulturneleto.eu\/event\/letny-zilinsky-sachovy-festival\/\"]}]},{\"@type\":\"ImageObject\",\"inLanguage\":\"en-US\",\"@id\":\"https:\/\/kulturneleto.eu\/event\/letny-zilinsky-sachovy-festival\/#primaryimage\",\"url\":\"https:\/\/kulturneleto.eu\/wp-content\/uploads\/2025\/07\/228abbca-4844-47ad-9191-c4b850e4b31a.webp\",\"contentUrl\":\"https:\/\/kulturneleto.eu\/wp-content\/uploads\/2025\/07\/228abbca-4844-47ad-9191-c4b850e4b31a.webp\",\"width\":768,\"height\":384},{\"@type\":\"BreadcrumbList\",\"@id\":\"https:\/\/kulturneleto.eu\/event\/letny-zilinsky-sachovy-festival\/#breadcrumb\",\"itemListElement\":[{\"@type\":\"ListItem\",\"position\":1,\"name\":\"Domovsk\u00e1 str\u00e1nka\",\"item\":\"https:\/\/kulturneleto.eu\/\"},{\"@type\":\"ListItem\",\"position\":2,\"name\":\"LETN\u00dd \u017dILINSK\u00dd \u0160ACHOV\u00dd FESTIVAL\"}]},{\"@type\":\"WebSite\",\"@id\":\"https:\/\/kulturneleto.eu\/#website\",\"url\":\"https:\/\/kulturneleto.eu\/\",\"name\":\"\u017dilinsk\u00e9 kult\u00farne leto 2025\",\"description\":\"j\u00fal, august, september\",\"publisher\":{\"@id\":\"https:\/\/kulturneleto.eu\/#organization\"},\"potentialAction\":[{\"@type\":\"SearchAction\",\"target\":{\"@type\":\"EntryPoint\",\"urlTemplate\":\"https:\/\/kulturneleto.eu\/?s={search_term_string}\"},\"query-input\":{\"@type\":\"PropertyValueSpecification\",\"valueRequired\":true,\"valueName\":\"search_term_string\"}}],\"inLanguage\":\"en-US\"},{\"@type\":\"Organization\",\"@id\":\"https:\/\/kulturneleto.eu\/#organization\",\"name\":\"Kult\u00farne leto\",\"url\":\"https:\/\/kulturneleto.eu\/\",\"logo\":{\"@type\":\"ImageObject\",\"inLanguage\":\"en-US\",\"@id\":\"https:\/\/kulturneleto.eu\/#\/schema\/logo\/image\/\",\"url\":\"https:\/\/kulturneleto.eu\/wp-content\/uploads\/2022\/06\/logo_zkl_2022_orange.png\",\"contentUrl\":\"https:\/\/kulturneleto.eu\/wp-content\/uploads\/2022\/06\/logo_zkl_2022_orange.png\",\"width\":330,\"height\":117,\"caption\":\"Kult\u00farne leto\"},\"image\":{\"@id\":\"https:\/\/kulturneleto.eu\/#\/schema\/logo\/image\/\"},\"sameAs\":[\"https:\/\/www.facebook.com\/Mesto-ilina-162541880519007\",\"https:\/\/www.youtube.com\/channel\/UCfY6Cc8yEeMgTWAUW5QaGAw\",\"https:\/\/www.instagram.com\/mestozilina\/?hl=sk\"]}]}<\/script>\n<!-- \/ Yoast SEO plugin. -->","yoast_head_json":{"title":"LETN\u00dd \u017dILINSK\u00dd \u0160ACHOV\u00dd FESTIVAL - \u017dilinsk\u00e9 kult\u00farne leto 2025","robots":{"index":"index","follow":"follow","max-snippet":"max-snippet:-1","max-image-preview":"max-image-preview:large","max-video-preview":"max-video-preview:-1"},"canonical":"https:\/\/kulturneleto.eu\/en\/event\/letny-zilinsky-sachovy-festival\/","og_locale":"en_US","og_type":"article","og_title":"LETN\u00dd \u017dILINSK\u00dd \u0160ACHOV\u00dd FESTIVAL - \u017dilinsk\u00e9 kult\u00farne leto 2025","og_description":"Jednod\u0148ov\u00fd festival, kde to \u0161achom \u017eije od r\u00e1na do ve\u010dera\u00a0\u2013 pre deti, dospel\u00fdch, za\u010diato\u010dn\u00edkov aj prof\u00edkov. V\u00a0uvo\u013enenej atmosf\u00e9re, vonku a v spolo\u010dnosti rovnako naladen\u00fdch \u013eud\u00ed si pr\u00eddu na svoje aj ne\u0161achisti. \u010cakaj\u00fa v\u00e1s turnaje, s\u00fa\u0165a\u017ee, \u017eiv\u00e1 diskusia s profi \u0161achistkou, simult\u00e1nka aj kult\u00farny off program. &nbsp; &nbsp; Hlavn\u00fd program: 10:00\u00a0otvorenie festivalu 10:30 \u2013 12:00\u00a0turnaj vo [&hellip;]","og_url":"https:\/\/kulturneleto.eu\/en\/event\/letny-zilinsky-sachovy-festival\/","og_site_name":"\u017dilinsk\u00e9 kult\u00farne leto 2025","article_publisher":"https:\/\/www.facebook.com\/Mesto-ilina-162541880519007","article_modified_time":"2025-07-14T14:06:35+00:00","og_image":[{"width":768,"height":384,"url":"https:\/\/kulturneleto.eu\/wp-content\/uploads\/2025\/07\/228abbca-4844-47ad-9191-c4b850e4b31a.webp","type":"image\/webp"}],"twitter_card":"summary_large_image","twitter_misc":{"Est. reading time":"2 minutes"},"schema":{"@context":"https:\/\/schema.org","@graph":[{"@type":"WebPage","@id":"https:\/\/kulturneleto.eu\/event\/letny-zilinsky-sachovy-festival\/","url":"https:\/\/kulturneleto.eu\/event\/letny-zilinsky-sachovy-festival\/","name":"LETN\u00dd \u017dILINSK\u00dd \u0160ACHOV\u00dd FESTIVAL - \u017dilinsk\u00e9 kult\u00farne leto 2025","isPartOf":{"@id":"https:\/\/kulturneleto.eu\/#website"},"primaryImageOfPage":{"@id":"https:\/\/kulturneleto.eu\/event\/letny-zilinsky-sachovy-festival\/#primaryimage"},"image":{"@id":"https:\/\/kulturneleto.eu\/event\/letny-zilinsky-sachovy-festival\/#primaryimage"},"thumbnailUrl":"https:\/\/kulturneleto.eu\/wp-content\/uploads\/2025\/07\/228abbca-4844-47ad-9191-c4b850e4b31a.webp","datePublished":"2025-07-01T09:18:51+00:00","dateModified":"2025-07-14T14:06:35+00:00","breadcrumb":{"@id":"https:\/\/kulturneleto.eu\/event\/letny-zilinsky-sachovy-festival\/#breadcrumb"},"inLanguage":"en-US","potentialAction":[{"@type":"ReadAction","target":["https:\/\/kulturneleto.eu\/event\/letny-zilinsky-sachovy-festival\/"]}]},{"@type":"ImageObject","inLanguage":"en-US","@id":"https:\/\/kulturneleto.eu\/event\/letny-zilinsky-sachovy-festival\/#primaryimage","url":"https:\/\/kulturneleto.eu\/wp-content\/uploads\/2025\/07\/228abbca-4844-47ad-9191-c4b850e4b31a.webp","contentUrl":"https:\/\/kulturneleto.eu\/wp-content\/uploads\/2025\/07\/228abbca-4844-47ad-9191-c4b850e4b31a.webp","width":768,"height":384},{"@type":"BreadcrumbList","@id":"https:\/\/kulturneleto.eu\/event\/letny-zilinsky-sachovy-festival\/#breadcrumb","itemListElement":[{"@type":"ListItem","position":1,"name":"Domovsk\u00e1 str\u00e1nka","item":"https:\/\/kulturneleto.eu\/"},{"@type":"ListItem","position":2,"name":"LETN\u00dd \u017dILINSK\u00dd \u0160ACHOV\u00dd FESTIVAL"}]},{"@type":"WebSite","@id":"https:\/\/kulturneleto.eu\/#website","url":"https:\/\/kulturneleto.eu\/","name":"\u017dilinsk\u00e9 kult\u00farne leto 2025","description":"j\u00fal, august, september","publisher":{"@id":"https:\/\/kulturneleto.eu\/#organization"},"potentialAction":[{"@type":"SearchAction","target":{"@type":"EntryPoint","urlTemplate":"https:\/\/kulturneleto.eu\/?s={search_term_string}"},"query-input":{"@type":"PropertyValueSpecification","valueRequired":true,"valueName":"search_term_string"}}],"inLanguage":"en-US"},{"@type":"Organization","@id":"https:\/\/kulturneleto.eu\/#organization","name":"Kult\u00farne leto","url":"https:\/\/kulturneleto.eu\/","logo":{"@type":"ImageObject","inLanguage":"en-US","@id":"https:\/\/kulturneleto.eu\/#\/schema\/logo\/image\/","url":"https:\/\/kulturneleto.eu\/wp-content\/uploads\/2022\/06\/logo_zkl_2022_orange.png","contentUrl":"https:\/\/kulturneleto.eu\/wp-content\/uploads\/2022\/06\/logo_zkl_2022_orange.png","width":330,"height":117,"caption":"Kult\u00farne leto"},"image":{"@id":"https:\/\/kulturneleto.eu\/#\/schema\/logo\/image\/"},"sameAs":["https:\/\/www.facebook.com\/Mesto-ilina-162541880519007","https:\/\/www.youtube.com\/channel\/UCfY6Cc8yEeMgTWAUW5QaGAw","https:\/\/www.instagram.com\/mestozilina\/?hl=sk"]}]}},"_links":{"self":[{"href":"https:\/\/kulturneleto.eu\/en\/wp-json\/wp\/v2\/event_listing\/12213","targetHints":{"allow":["GET"]}}],"collection":[{"href":"https:\/\/kulturneleto.eu\/en\/wp-json\/wp\/v2\/event_listing"}],"about":[{"href":"https:\/\/kulturneleto.eu\/en\/wp-json\/wp\/v2\/types\/event_listing"}],"wp:featuredmedia":[{"embeddable":true,"href":"https:\/\/kulturneleto.eu\/en\/wp-json\/wp\/v2\/media\/12317"}],"wp:attachment":[{"href":"https:\/\/kulturneleto.eu\/en\/wp-json\/wp\/v2\/media?parent=12213"}],"wp:term":[{"taxonomy":"event_listing_category","embeddable":true,"href":"https:\/\/kulturneleto.eu\/en\/wp-json\/wp\/v2\/event_listing_category?post=12213"},{"taxonomy":"event_listing_type","embeddable":true,"href":"https:\/\/kulturneleto.eu\/en\/wp-json\/wp\/v2\/event_listing_type?post=12213"}],"curies":[{"name":"wp","href":"https:\/\/api.w.org\/{rel}","templated":true}]}}