{"id":12245,"date":"2025-07-01T11:51:59","date_gmt":"2025-07-01T09:51:59","guid":{"rendered":"https:\/\/kulturneleto.eu\/?post_type=event_listing&#038;p=12245"},"modified":"2025-07-16T16:24:54","modified_gmt":"2025-07-16T14:24:54","slug":"stretnutie-drotarskych-majstrov-2","status":"publish","type":"event_listing","link":"https:\/\/kulturneleto.eu\/en\/event\/stretnutie-drotarskych-majstrov-2\/","title":{"rendered":"STRETNUTIE DROT\u00c1RSKYCH MAJSTROV"},"content":{"rendered":"<p>Stretnutie drot\u00e1rskych majstrov je najstar\u0161\u00ed a z\u00e1rove\u0148 najv\u00e4\u010d\u0161\u00ed workshop tradi\u010dnej pr\u00e1ce s dr\u00f4tom, na ktorom svoju tvorbu prezentuj\u00fa s\u00fa\u010dasn\u00ed drot\u00e1ri zo Slovenska a \u010ceskej republiky. Jeho s\u00fa\u010das\u0165ou s\u00fa tematick\u00e9 v\u00fdstavy, vzdel\u00e1vacie a tvoriv\u00e9 aktivity pribli\u017euj\u00face toto unik\u00e1tne slovensk\u00e9 remeslo a umenie zap\u00edsan\u00e9 v UNESCO \u0161irokej verejnosti.<\/p>","protected":false},"featured_media":12339,"template":"","meta":[],"event_listing_category":[103],"event_listing_type":[83],"class_list":["post-12245","event_listing","type-event_listing","status-publish","has-post-thumbnail","hentry","event_listing_category-zkl2025","event_listing_type-ine"],"yoast_head":"<!-- This site is optimized with the Yoast SEO plugin v27.1.1 - https:\/\/yoast.com\/product\/yoast-seo-wordpress\/ -->\n<title>STRETNUTIE DROT\u00c1RSKYCH MAJSTROV - \u017dilinsk\u00e9 kult\u00farne leto 2025<\/title>\n<meta name=\"robots\" content=\"index, follow, max-snippet:-1, max-image-preview:large, max-video-preview:-1\" \/>\n<link rel=\"canonical\" href=\"https:\/\/kulturneleto.eu\/en\/event\/stretnutie-drotarskych-majstrov-2\/\" \/>\n<meta property=\"og:locale\" content=\"en_US\" \/>\n<meta property=\"og:type\" content=\"article\" \/>\n<meta property=\"og:title\" content=\"STRETNUTIE DROT\u00c1RSKYCH MAJSTROV - \u017dilinsk\u00e9 kult\u00farne leto 2025\" \/>\n<meta property=\"og:description\" content=\"Stretnutie drot\u00e1rskych majstrov je najstar\u0161\u00ed a z\u00e1rove\u0148 najv\u00e4\u010d\u0161\u00ed workshop tradi\u010dnej pr\u00e1ce s dr\u00f4tom, na ktorom svoju tvorbu prezentuj\u00fa s\u00fa\u010dasn\u00ed drot\u00e1ri zo Slovenska a \u010ceskej republiky. Jeho s\u00fa\u010das\u0165ou s\u00fa tematick\u00e9 v\u00fdstavy, vzdel\u00e1vacie a tvoriv\u00e9 aktivity pribli\u017euj\u00face toto unik\u00e1tne slovensk\u00e9 remeslo a umenie zap\u00edsan\u00e9 v UNESCO \u0161irokej verejnosti.\" \/>\n<meta property=\"og:url\" content=\"https:\/\/kulturneleto.eu\/en\/event\/stretnutie-drotarskych-majstrov-2\/\" \/>\n<meta property=\"og:site_name\" content=\"\u017dilinsk\u00e9 kult\u00farne leto 2025\" \/>\n<meta property=\"article:publisher\" content=\"https:\/\/www.facebook.com\/Mesto-ilina-162541880519007\" \/>\n<meta property=\"article:modified_time\" content=\"2025-07-16T14:24:54+00:00\" \/>\n<meta property=\"og:image\" content=\"https:\/\/kulturneleto.eu\/wp-content\/uploads\/2025\/07\/IMG_8198-scaled-1.jpg\" \/>\n\t<meta property=\"og:image:width\" content=\"2560\" \/>\n\t<meta property=\"og:image:height\" content=\"1707\" \/>\n\t<meta property=\"og:image:type\" content=\"image\/jpeg\" \/>\n<meta name=\"twitter:card\" content=\"summary_large_image\" \/>\n<meta name=\"twitter:label1\" content=\"Est. reading time\" \/>\n\t<meta name=\"twitter:data1\" content=\"1 minute\" \/>\n<script type=\"application\/ld+json\" class=\"yoast-schema-graph\">{\"@context\":\"https:\/\/schema.org\",\"@graph\":[{\"@type\":\"WebPage\",\"@id\":\"https:\/\/kulturneleto.eu\/event\/stretnutie-drotarskych-majstrov-2\/\",\"url\":\"https:\/\/kulturneleto.eu\/event\/stretnutie-drotarskych-majstrov-2\/\",\"name\":\"STRETNUTIE DROT\u00c1RSKYCH MAJSTROV - \u017dilinsk\u00e9 kult\u00farne leto 2025\",\"isPartOf\":{\"@id\":\"https:\/\/kulturneleto.eu\/#website\"},\"primaryImageOfPage\":{\"@id\":\"https:\/\/kulturneleto.eu\/event\/stretnutie-drotarskych-majstrov-2\/#primaryimage\"},\"image\":{\"@id\":\"https:\/\/kulturneleto.eu\/event\/stretnutie-drotarskych-majstrov-2\/#primaryimage\"},\"thumbnailUrl\":\"https:\/\/kulturneleto.eu\/wp-content\/uploads\/2025\/07\/IMG_8198-scaled-1.jpg\",\"datePublished\":\"2025-07-01T09:51:59+00:00\",\"dateModified\":\"2025-07-16T14:24:54+00:00\",\"breadcrumb\":{\"@id\":\"https:\/\/kulturneleto.eu\/event\/stretnutie-drotarskych-majstrov-2\/#breadcrumb\"},\"inLanguage\":\"en-US\",\"potentialAction\":[{\"@type\":\"ReadAction\",\"target\":[\"https:\/\/kulturneleto.eu\/event\/stretnutie-drotarskych-majstrov-2\/\"]}]},{\"@type\":\"ImageObject\",\"inLanguage\":\"en-US\",\"@id\":\"https:\/\/kulturneleto.eu\/event\/stretnutie-drotarskych-majstrov-2\/#primaryimage\",\"url\":\"https:\/\/kulturneleto.eu\/wp-content\/uploads\/2025\/07\/IMG_8198-scaled-1.jpg\",\"contentUrl\":\"https:\/\/kulturneleto.eu\/wp-content\/uploads\/2025\/07\/IMG_8198-scaled-1.jpg\",\"width\":2560,\"height\":1707},{\"@type\":\"BreadcrumbList\",\"@id\":\"https:\/\/kulturneleto.eu\/event\/stretnutie-drotarskych-majstrov-2\/#breadcrumb\",\"itemListElement\":[{\"@type\":\"ListItem\",\"position\":1,\"name\":\"Domovsk\u00e1 str\u00e1nka\",\"item\":\"https:\/\/kulturneleto.eu\/\"},{\"@type\":\"ListItem\",\"position\":2,\"name\":\"STRETNUTIE DROT\u00c1RSKYCH MAJSTROV\"}]},{\"@type\":\"WebSite\",\"@id\":\"https:\/\/kulturneleto.eu\/#website\",\"url\":\"https:\/\/kulturneleto.eu\/\",\"name\":\"\u017dilinsk\u00e9 kult\u00farne leto 2025\",\"description\":\"j\u00fal, august, september\",\"publisher\":{\"@id\":\"https:\/\/kulturneleto.eu\/#organization\"},\"potentialAction\":[{\"@type\":\"SearchAction\",\"target\":{\"@type\":\"EntryPoint\",\"urlTemplate\":\"https:\/\/kulturneleto.eu\/?s={search_term_string}\"},\"query-input\":{\"@type\":\"PropertyValueSpecification\",\"valueRequired\":true,\"valueName\":\"search_term_string\"}}],\"inLanguage\":\"en-US\"},{\"@type\":\"Organization\",\"@id\":\"https:\/\/kulturneleto.eu\/#organization\",\"name\":\"Kult\u00farne leto\",\"url\":\"https:\/\/kulturneleto.eu\/\",\"logo\":{\"@type\":\"ImageObject\",\"inLanguage\":\"en-US\",\"@id\":\"https:\/\/kulturneleto.eu\/#\/schema\/logo\/image\/\",\"url\":\"https:\/\/kulturneleto.eu\/wp-content\/uploads\/2022\/06\/logo_zkl_2022_orange.png\",\"contentUrl\":\"https:\/\/kulturneleto.eu\/wp-content\/uploads\/2022\/06\/logo_zkl_2022_orange.png\",\"width\":330,\"height\":117,\"caption\":\"Kult\u00farne leto\"},\"image\":{\"@id\":\"https:\/\/kulturneleto.eu\/#\/schema\/logo\/image\/\"},\"sameAs\":[\"https:\/\/www.facebook.com\/Mesto-ilina-162541880519007\",\"https:\/\/www.youtube.com\/channel\/UCfY6Cc8yEeMgTWAUW5QaGAw\",\"https:\/\/www.instagram.com\/mestozilina\/?hl=sk\"]}]}<\/script>\n<!-- \/ Yoast SEO plugin. -->","yoast_head_json":{"title":"STRETNUTIE DROT\u00c1RSKYCH MAJSTROV - \u017dilinsk\u00e9 kult\u00farne leto 2025","robots":{"index":"index","follow":"follow","max-snippet":"max-snippet:-1","max-image-preview":"max-image-preview:large","max-video-preview":"max-video-preview:-1"},"canonical":"https:\/\/kulturneleto.eu\/en\/event\/stretnutie-drotarskych-majstrov-2\/","og_locale":"en_US","og_type":"article","og_title":"STRETNUTIE DROT\u00c1RSKYCH MAJSTROV - \u017dilinsk\u00e9 kult\u00farne leto 2025","og_description":"Stretnutie drot\u00e1rskych majstrov je najstar\u0161\u00ed a z\u00e1rove\u0148 najv\u00e4\u010d\u0161\u00ed workshop tradi\u010dnej pr\u00e1ce s dr\u00f4tom, na ktorom svoju tvorbu prezentuj\u00fa s\u00fa\u010dasn\u00ed drot\u00e1ri zo Slovenska a \u010ceskej republiky. Jeho s\u00fa\u010das\u0165ou s\u00fa tematick\u00e9 v\u00fdstavy, vzdel\u00e1vacie a tvoriv\u00e9 aktivity pribli\u017euj\u00face toto unik\u00e1tne slovensk\u00e9 remeslo a umenie zap\u00edsan\u00e9 v UNESCO \u0161irokej verejnosti.","og_url":"https:\/\/kulturneleto.eu\/en\/event\/stretnutie-drotarskych-majstrov-2\/","og_site_name":"\u017dilinsk\u00e9 kult\u00farne leto 2025","article_publisher":"https:\/\/www.facebook.com\/Mesto-ilina-162541880519007","article_modified_time":"2025-07-16T14:24:54+00:00","og_image":[{"width":2560,"height":1707,"url":"https:\/\/kulturneleto.eu\/wp-content\/uploads\/2025\/07\/IMG_8198-scaled-1.jpg","type":"image\/jpeg"}],"twitter_card":"summary_large_image","twitter_misc":{"Est. reading time":"1 minute"},"schema":{"@context":"https:\/\/schema.org","@graph":[{"@type":"WebPage","@id":"https:\/\/kulturneleto.eu\/event\/stretnutie-drotarskych-majstrov-2\/","url":"https:\/\/kulturneleto.eu\/event\/stretnutie-drotarskych-majstrov-2\/","name":"STRETNUTIE DROT\u00c1RSKYCH MAJSTROV - \u017dilinsk\u00e9 kult\u00farne leto 2025","isPartOf":{"@id":"https:\/\/kulturneleto.eu\/#website"},"primaryImageOfPage":{"@id":"https:\/\/kulturneleto.eu\/event\/stretnutie-drotarskych-majstrov-2\/#primaryimage"},"image":{"@id":"https:\/\/kulturneleto.eu\/event\/stretnutie-drotarskych-majstrov-2\/#primaryimage"},"thumbnailUrl":"https:\/\/kulturneleto.eu\/wp-content\/uploads\/2025\/07\/IMG_8198-scaled-1.jpg","datePublished":"2025-07-01T09:51:59+00:00","dateModified":"2025-07-16T14:24:54+00:00","breadcrumb":{"@id":"https:\/\/kulturneleto.eu\/event\/stretnutie-drotarskych-majstrov-2\/#breadcrumb"},"inLanguage":"en-US","potentialAction":[{"@type":"ReadAction","target":["https:\/\/kulturneleto.eu\/event\/stretnutie-drotarskych-majstrov-2\/"]}]},{"@type":"ImageObject","inLanguage":"en-US","@id":"https:\/\/kulturneleto.eu\/event\/stretnutie-drotarskych-majstrov-2\/#primaryimage","url":"https:\/\/kulturneleto.eu\/wp-content\/uploads\/2025\/07\/IMG_8198-scaled-1.jpg","contentUrl":"https:\/\/kulturneleto.eu\/wp-content\/uploads\/2025\/07\/IMG_8198-scaled-1.jpg","width":2560,"height":1707},{"@type":"BreadcrumbList","@id":"https:\/\/kulturneleto.eu\/event\/stretnutie-drotarskych-majstrov-2\/#breadcrumb","itemListElement":[{"@type":"ListItem","position":1,"name":"Domovsk\u00e1 str\u00e1nka","item":"https:\/\/kulturneleto.eu\/"},{"@type":"ListItem","position":2,"name":"STRETNUTIE DROT\u00c1RSKYCH MAJSTROV"}]},{"@type":"WebSite","@id":"https:\/\/kulturneleto.eu\/#website","url":"https:\/\/kulturneleto.eu\/","name":"\u017dilinsk\u00e9 kult\u00farne leto 2025","description":"j\u00fal, august, september","publisher":{"@id":"https:\/\/kulturneleto.eu\/#organization"},"potentialAction":[{"@type":"SearchAction","target":{"@type":"EntryPoint","urlTemplate":"https:\/\/kulturneleto.eu\/?s={search_term_string}"},"query-input":{"@type":"PropertyValueSpecification","valueRequired":true,"valueName":"search_term_string"}}],"inLanguage":"en-US"},{"@type":"Organization","@id":"https:\/\/kulturneleto.eu\/#organization","name":"Kult\u00farne leto","url":"https:\/\/kulturneleto.eu\/","logo":{"@type":"ImageObject","inLanguage":"en-US","@id":"https:\/\/kulturneleto.eu\/#\/schema\/logo\/image\/","url":"https:\/\/kulturneleto.eu\/wp-content\/uploads\/2022\/06\/logo_zkl_2022_orange.png","contentUrl":"https:\/\/kulturneleto.eu\/wp-content\/uploads\/2022\/06\/logo_zkl_2022_orange.png","width":330,"height":117,"caption":"Kult\u00farne leto"},"image":{"@id":"https:\/\/kulturneleto.eu\/#\/schema\/logo\/image\/"},"sameAs":["https:\/\/www.facebook.com\/Mesto-ilina-162541880519007","https:\/\/www.youtube.com\/channel\/UCfY6Cc8yEeMgTWAUW5QaGAw","https:\/\/www.instagram.com\/mestozilina\/?hl=sk"]}]}},"_links":{"self":[{"href":"https:\/\/kulturneleto.eu\/en\/wp-json\/wp\/v2\/event_listing\/12245","targetHints":{"allow":["GET"]}}],"collection":[{"href":"https:\/\/kulturneleto.eu\/en\/wp-json\/wp\/v2\/event_listing"}],"about":[{"href":"https:\/\/kulturneleto.eu\/en\/wp-json\/wp\/v2\/types\/event_listing"}],"wp:featuredmedia":[{"embeddable":true,"href":"https:\/\/kulturneleto.eu\/en\/wp-json\/wp\/v2\/media\/12339"}],"wp:attachment":[{"href":"https:\/\/kulturneleto.eu\/en\/wp-json\/wp\/v2\/media?parent=12245"}],"wp:term":[{"taxonomy":"event_listing_category","embeddable":true,"href":"https:\/\/kulturneleto.eu\/en\/wp-json\/wp\/v2\/event_listing_category?post=12245"},{"taxonomy":"event_listing_type","embeddable":true,"href":"https:\/\/kulturneleto.eu\/en\/wp-json\/wp\/v2\/event_listing_type?post=12245"}],"curies":[{"name":"wp","href":"https:\/\/api.w.org\/{rel}","templated":true}]}}