{"id":14694,"date":"2026-09-04T14:38:22","date_gmt":"2026-09-04T12:38:22","guid":{"rendered":"https:\/\/kulturneleto.eu\/?post_type=event_listing&#038;p=14694"},"modified":"2026-09-06T09:01:18","modified_gmt":"2026-09-06T07:01:18","slug":"miestecko-prezentacia-tanecnych-kruzkov","status":"publish","type":"event_listing","link":"https:\/\/kulturneleto.eu\/en\/event\/miestecko-prezentacia-tanecnych-kruzkov\/","title":{"rendered":"Mieste\u010dko: Prezent\u00e1cia tane\u010dn\u00fdch kr\u00fa\u017ekov"},"content":{"rendered":"<p class=\"wp-block-paragraph\">Hudobn\u00fd pavil\u00f3n v Sade SNP sa op\u00e4\u0165 premen\u00ed na javisko. \u017dilinsk\u00e9 tane\u010dn\u00e9 kr\u00fa\u017eky \u2014 ZU\u0160, CV\u010c, DFS a \u010fal\u0161ie s\u00fabory \u2014 predved\u00fa, \u010do tr\u00e9nuj\u00fa cel\u00fd rok. Folkl\u00f3r, streetdance aj tane\u010dn\u00e9 divadlo, v\u0161etko na jednom mieste a na\u017eivo.<\/p>\n\n\n\n<p class=\"wp-block-paragraph\">Ak h\u013ead\u00e1te kurz pre seba alebo pre svoje die\u0165a, je to ide\u00e1lna pr\u00edle\u017eitos\u0165 pozrie\u0165 si r\u00f4zne \u0161t\u00fdly a n\u00e1js\u0165 si ten svoj. A ak nie, sta\u010d\u00ed pr\u00eds\u0165, sadn\u00fa\u0165 si do parku a necha\u0165 sa vtiahnu\u0165.<\/p>\n\n\n\n<p class=\"wp-block-paragraph\">Vstup vo\u013en\u00fd.<\/p>\n\n\n\n<figure class=\"wp-block-image size-large\"><img fetchpriority=\"high\" decoding=\"async\" width=\"1024\" height=\"764\" src=\"https:\/\/kulturneleto.eu\/wp-content\/uploads\/2026\/09\/Miestecko-program-na-sirku-1024x764.png\" alt=\"\" class=\"wp-image-14731\" srcset=\"https:\/\/kulturneleto.eu\/wp-content\/uploads\/2026\/09\/Miestecko-program-na-sirku-1024x764.png 1024w, https:\/\/kulturneleto.eu\/wp-content\/uploads\/2026\/09\/Miestecko-program-na-sirku-768x573.png 768w, https:\/\/kulturneleto.eu\/wp-content\/uploads\/2026\/09\/Miestecko-program-na-sirku-1536x1147.png 1536w, https:\/\/kulturneleto.eu\/wp-content\/uploads\/2026\/09\/Miestecko-program-na-sirku-2048x1529.png 2048w, https:\/\/kulturneleto.eu\/wp-content\/uploads\/2026\/09\/Miestecko-program-na-sirku-16x12.png 16w\" sizes=\"(max-width: 1024px) 100vw, 1024px\" \/><\/figure>","protected":false},"featured_media":14698,"template":"","meta":[],"event_listing_category":[117],"event_listing_type":[85],"class_list":["post-14694","event_listing","type-event_listing","status-publish","has-post-thumbnail","hentry","event_listing_category-117","event_listing_type-hudba-tanec"],"yoast_head":"<!-- This site is optimized with the Yoast SEO plugin v28.4 - https:\/\/yoast.com\/product\/yoast-seo-wordpress\/ -->\n<title>Mieste\u010dko: Prezent\u00e1cia tane\u010dn\u00fdch kr\u00fa\u017ekov - \u017dilinsk\u00e9 kult\u00farne leto 2026<\/title>\n<meta name=\"robots\" content=\"index, follow, max-snippet:-1, max-image-preview:large, max-video-preview:-1\" \/>\n<link rel=\"canonical\" href=\"https:\/\/kulturneleto.eu\/en\/event\/miestecko-prezentacia-tanecnych-kruzkov\/\" \/>\n<meta property=\"og:locale\" content=\"en_GB\" \/>\n<meta property=\"og:type\" content=\"article\" \/>\n<meta property=\"og:title\" content=\"Mieste\u010dko: Prezent\u00e1cia tane\u010dn\u00fdch kr\u00fa\u017ekov - \u017dilinsk\u00e9 kult\u00farne leto 2026\" \/>\n<meta property=\"og:description\" content=\"Hudobn\u00fd pavil\u00f3n v Sade SNP sa op\u00e4\u0165 premen\u00ed na javisko. \u017dilinsk\u00e9 tane\u010dn\u00e9 kr\u00fa\u017eky \u2014 ZU\u0160, CV\u010c, DFS a \u010fal\u0161ie s\u00fabory \u2014 predved\u00fa, \u010do tr\u00e9nuj\u00fa cel\u00fd rok. Folkl\u00f3r, streetdance aj tane\u010dn\u00e9 divadlo, v\u0161etko na jednom mieste a na\u017eivo. Ak h\u013ead\u00e1te kurz pre seba alebo pre svoje die\u0165a, je to ide\u00e1lna pr\u00edle\u017eitos\u0165 pozrie\u0165 si r\u00f4zne \u0161t\u00fdly a [&hellip;]\" \/>\n<meta property=\"og:url\" content=\"https:\/\/kulturneleto.eu\/en\/event\/miestecko-prezentacia-tanecnych-kruzkov\/\" \/>\n<meta property=\"og:site_name\" content=\"\u017dilinsk\u00e9 kult\u00farne leto 2026\" \/>\n<meta property=\"article:publisher\" content=\"https:\/\/www.facebook.com\/Mesto-ilina-162541880519007\" \/>\n<meta property=\"article:modified_time\" content=\"2026-09-06T07:01:18+00:00\" \/>\n<meta property=\"og:image\" content=\"https:\/\/kulturneleto.eu\/wp-content\/uploads\/2026\/09\/Inak-scaled.png\" \/>\n\t<meta property=\"og:image:width\" content=\"2560\" \/>\n\t<meta property=\"og:image:height\" content=\"1911\" \/>\n\t<meta property=\"og:image:type\" content=\"image\/png\" \/>\n<meta name=\"twitter:card\" content=\"summary_large_image\" \/>\n<meta name=\"twitter:label1\" content=\"Estimated reading time\" \/>\n\t<meta name=\"twitter:data1\" content=\"1 minute\" \/>\n<script type=\"application\/ld+json\" class=\"yoast-schema-graph\">{\"@context\":\"https:\\\/\\\/schema.org\",\"@graph\":[{\"@type\":\"WebPage\",\"@id\":\"https:\\\/\\\/kulturneleto.eu\\\/event\\\/miestecko-prezentacia-tanecnych-kruzkov\\\/\",\"url\":\"https:\\\/\\\/kulturneleto.eu\\\/event\\\/miestecko-prezentacia-tanecnych-kruzkov\\\/\",\"name\":\"Mieste\u010dko: Prezent\u00e1cia tane\u010dn\u00fdch kr\u00fa\u017ekov - \u017dilinsk\u00e9 kult\u00farne leto 2026\",\"isPartOf\":{\"@id\":\"https:\\\/\\\/kulturneleto.eu\\\/#website\"},\"primaryImageOfPage\":{\"@id\":\"https:\\\/\\\/kulturneleto.eu\\\/event\\\/miestecko-prezentacia-tanecnych-kruzkov\\\/#primaryimage\"},\"image\":{\"@id\":\"https:\\\/\\\/kulturneleto.eu\\\/event\\\/miestecko-prezentacia-tanecnych-kruzkov\\\/#primaryimage\"},\"thumbnailUrl\":\"https:\\\/\\\/kulturneleto.eu\\\/wp-content\\\/uploads\\\/2026\\\/09\\\/Inak-scaled.png\",\"datePublished\":\"2026-09-04T12:38:22+00:00\",\"dateModified\":\"2026-09-06T07:01:18+00:00\",\"breadcrumb\":{\"@id\":\"https:\\\/\\\/kulturneleto.eu\\\/event\\\/miestecko-prezentacia-tanecnych-kruzkov\\\/#breadcrumb\"},\"inLanguage\":\"en-GB\",\"potentialAction\":[{\"@type\":\"ReadAction\",\"target\":[\"https:\\\/\\\/kulturneleto.eu\\\/event\\\/miestecko-prezentacia-tanecnych-kruzkov\\\/\"]}]},{\"@type\":\"ImageObject\",\"inLanguage\":\"en-GB\",\"@id\":\"https:\\\/\\\/kulturneleto.eu\\\/event\\\/miestecko-prezentacia-tanecnych-kruzkov\\\/#primaryimage\",\"url\":\"https:\\\/\\\/kulturneleto.eu\\\/wp-content\\\/uploads\\\/2026\\\/09\\\/Inak-scaled.png\",\"contentUrl\":\"https:\\\/\\\/kulturneleto.eu\\\/wp-content\\\/uploads\\\/2026\\\/09\\\/Inak-scaled.png\",\"width\":2560,\"height\":1911},{\"@type\":\"BreadcrumbList\",\"@id\":\"https:\\\/\\\/kulturneleto.eu\\\/event\\\/miestecko-prezentacia-tanecnych-kruzkov\\\/#breadcrumb\",\"itemListElement\":[{\"@type\":\"ListItem\",\"position\":1,\"name\":\"Domovsk\u00e1 str\u00e1nka\",\"item\":\"https:\\\/\\\/kulturneleto.eu\\\/\"},{\"@type\":\"ListItem\",\"position\":2,\"name\":\"Mieste\u010dko: Prezent\u00e1cia tane\u010dn\u00fdch kr\u00fa\u017ekov\"}]},{\"@type\":\"WebSite\",\"@id\":\"https:\\\/\\\/kulturneleto.eu\\\/#website\",\"url\":\"https:\\\/\\\/kulturneleto.eu\\\/\",\"name\":\"\u017dilinsk\u00e9 kult\u00farne leto 2026\",\"description\":\"j\u00fal, august, september\",\"publisher\":{\"@id\":\"https:\\\/\\\/kulturneleto.eu\\\/#organization\"},\"potentialAction\":[{\"@type\":\"SearchAction\",\"target\":{\"@type\":\"EntryPoint\",\"urlTemplate\":\"https:\\\/\\\/kulturneleto.eu\\\/?s={search_term_string}\"},\"query-input\":{\"@type\":\"PropertyValueSpecification\",\"valueRequired\":true,\"valueName\":\"search_term_string\"}}],\"inLanguage\":\"en-GB\"},{\"@type\":\"Organization\",\"@id\":\"https:\\\/\\\/kulturneleto.eu\\\/#organization\",\"name\":\"Kult\u00farne leto\",\"url\":\"https:\\\/\\\/kulturneleto.eu\\\/\",\"logo\":{\"@type\":\"ImageObject\",\"inLanguage\":\"en-GB\",\"@id\":\"https:\\\/\\\/kulturneleto.eu\\\/#\\\/schema\\\/logo\\\/image\\\/\",\"url\":\"https:\\\/\\\/kulturneleto.eu\\\/wp-content\\\/uploads\\\/2022\\\/06\\\/logo_zkl_2022_orange.png\",\"contentUrl\":\"https:\\\/\\\/kulturneleto.eu\\\/wp-content\\\/uploads\\\/2022\\\/06\\\/logo_zkl_2022_orange.png\",\"width\":330,\"height\":117,\"caption\":\"Kult\u00farne leto\"},\"image\":{\"@id\":\"https:\\\/\\\/kulturneleto.eu\\\/#\\\/schema\\\/logo\\\/image\\\/\"},\"sameAs\":[\"https:\\\/\\\/www.facebook.com\\\/Mesto-ilina-162541880519007\",\"https:\\\/\\\/www.youtube.com\\\/channel\\\/UCfY6Cc8yEeMgTWAUW5QaGAw\",\"https:\\\/\\\/www.instagram.com\\\/mestozilina\\\/?hl=sk\"]}]}<\/script>\n<!-- \/ Yoast SEO plugin. -->","yoast_head_json":{"title":"Mieste\u010dko: Prezent\u00e1cia tane\u010dn\u00fdch kr\u00fa\u017ekov - \u017dilinsk\u00e9 kult\u00farne leto 2026","robots":{"index":"index","follow":"follow","max-snippet":"max-snippet:-1","max-image-preview":"max-image-preview:large","max-video-preview":"max-video-preview:-1"},"canonical":"https:\/\/kulturneleto.eu\/en\/event\/miestecko-prezentacia-tanecnych-kruzkov\/","og_locale":"en_GB","og_type":"article","og_title":"Mieste\u010dko: Prezent\u00e1cia tane\u010dn\u00fdch kr\u00fa\u017ekov - \u017dilinsk\u00e9 kult\u00farne leto 2026","og_description":"Hudobn\u00fd pavil\u00f3n v Sade SNP sa op\u00e4\u0165 premen\u00ed na javisko. \u017dilinsk\u00e9 tane\u010dn\u00e9 kr\u00fa\u017eky \u2014 ZU\u0160, CV\u010c, DFS a \u010fal\u0161ie s\u00fabory \u2014 predved\u00fa, \u010do tr\u00e9nuj\u00fa cel\u00fd rok. Folkl\u00f3r, streetdance aj tane\u010dn\u00e9 divadlo, v\u0161etko na jednom mieste a na\u017eivo. Ak h\u013ead\u00e1te kurz pre seba alebo pre svoje die\u0165a, je to ide\u00e1lna pr\u00edle\u017eitos\u0165 pozrie\u0165 si r\u00f4zne \u0161t\u00fdly a [&hellip;]","og_url":"https:\/\/kulturneleto.eu\/en\/event\/miestecko-prezentacia-tanecnych-kruzkov\/","og_site_name":"\u017dilinsk\u00e9 kult\u00farne leto 2026","article_publisher":"https:\/\/www.facebook.com\/Mesto-ilina-162541880519007","article_modified_time":"2026-09-06T07:01:18+00:00","og_image":[{"width":2560,"height":1911,"url":"https:\/\/kulturneleto.eu\/wp-content\/uploads\/2026\/09\/Inak-scaled.png","type":"image\/png"}],"twitter_card":"summary_large_image","twitter_misc":{"Estimated reading time":"1 minute"},"schema":{"@context":"https:\/\/schema.org","@graph":[{"@type":"WebPage","@id":"https:\/\/kulturneleto.eu\/event\/miestecko-prezentacia-tanecnych-kruzkov\/","url":"https:\/\/kulturneleto.eu\/event\/miestecko-prezentacia-tanecnych-kruzkov\/","name":"Mieste\u010dko: Prezent\u00e1cia tane\u010dn\u00fdch kr\u00fa\u017ekov - \u017dilinsk\u00e9 kult\u00farne leto 2026","isPartOf":{"@id":"https:\/\/kulturneleto.eu\/#website"},"primaryImageOfPage":{"@id":"https:\/\/kulturneleto.eu\/event\/miestecko-prezentacia-tanecnych-kruzkov\/#primaryimage"},"image":{"@id":"https:\/\/kulturneleto.eu\/event\/miestecko-prezentacia-tanecnych-kruzkov\/#primaryimage"},"thumbnailUrl":"https:\/\/kulturneleto.eu\/wp-content\/uploads\/2026\/09\/Inak-scaled.png","datePublished":"2026-09-04T12:38:22+00:00","dateModified":"2026-09-06T07:01:18+00:00","breadcrumb":{"@id":"https:\/\/kulturneleto.eu\/event\/miestecko-prezentacia-tanecnych-kruzkov\/#breadcrumb"},"inLanguage":"en-GB","potentialAction":[{"@type":"ReadAction","target":["https:\/\/kulturneleto.eu\/event\/miestecko-prezentacia-tanecnych-kruzkov\/"]}]},{"@type":"ImageObject","inLanguage":"en-GB","@id":"https:\/\/kulturneleto.eu\/event\/miestecko-prezentacia-tanecnych-kruzkov\/#primaryimage","url":"https:\/\/kulturneleto.eu\/wp-content\/uploads\/2026\/09\/Inak-scaled.png","contentUrl":"https:\/\/kulturneleto.eu\/wp-content\/uploads\/2026\/09\/Inak-scaled.png","width":2560,"height":1911},{"@type":"BreadcrumbList","@id":"https:\/\/kulturneleto.eu\/event\/miestecko-prezentacia-tanecnych-kruzkov\/#breadcrumb","itemListElement":[{"@type":"ListItem","position":1,"name":"Domovsk\u00e1 str\u00e1nka","item":"https:\/\/kulturneleto.eu\/"},{"@type":"ListItem","position":2,"name":"Mieste\u010dko: Prezent\u00e1cia tane\u010dn\u00fdch kr\u00fa\u017ekov"}]},{"@type":"WebSite","@id":"https:\/\/kulturneleto.eu\/#website","url":"https:\/\/kulturneleto.eu\/","name":"\u017dilinsk\u00e9 kult\u00farne leto 2026","description":"j\u00fal, august, september","publisher":{"@id":"https:\/\/kulturneleto.eu\/#organization"},"potentialAction":[{"@type":"SearchAction","target":{"@type":"EntryPoint","urlTemplate":"https:\/\/kulturneleto.eu\/?s={search_term_string}"},"query-input":{"@type":"PropertyValueSpecification","valueRequired":true,"valueName":"search_term_string"}}],"inLanguage":"en-GB"},{"@type":"Organization","@id":"https:\/\/kulturneleto.eu\/#organization","name":"Kult\u00farne leto","url":"https:\/\/kulturneleto.eu\/","logo":{"@type":"ImageObject","inLanguage":"en-GB","@id":"https:\/\/kulturneleto.eu\/#\/schema\/logo\/image\/","url":"https:\/\/kulturneleto.eu\/wp-content\/uploads\/2022\/06\/logo_zkl_2022_orange.png","contentUrl":"https:\/\/kulturneleto.eu\/wp-content\/uploads\/2022\/06\/logo_zkl_2022_orange.png","width":330,"height":117,"caption":"Kult\u00farne leto"},"image":{"@id":"https:\/\/kulturneleto.eu\/#\/schema\/logo\/image\/"},"sameAs":["https:\/\/www.facebook.com\/Mesto-ilina-162541880519007","https:\/\/www.youtube.com\/channel\/UCfY6Cc8yEeMgTWAUW5QaGAw","https:\/\/www.instagram.com\/mestozilina\/?hl=sk"]}]}},"_links":{"self":[{"href":"https:\/\/kulturneleto.eu\/en\/wp-json\/wp\/v2\/event_listing\/14694","targetHints":{"allow":["GET"]}}],"collection":[{"href":"https:\/\/kulturneleto.eu\/en\/wp-json\/wp\/v2\/event_listing"}],"about":[{"href":"https:\/\/kulturneleto.eu\/en\/wp-json\/wp\/v2\/types\/event_listing"}],"wp:featuredmedia":[{"embeddable":true,"href":"https:\/\/kulturneleto.eu\/en\/wp-json\/wp\/v2\/media\/14698"}],"wp:attachment":[{"href":"https:\/\/kulturneleto.eu\/en\/wp-json\/wp\/v2\/media?parent=14694"}],"wp:term":[{"taxonomy":"event_listing_category","embeddable":true,"href":"https:\/\/kulturneleto.eu\/en\/wp-json\/wp\/v2\/event_listing_category?post=14694"},{"taxonomy":"event_listing_type","embeddable":true,"href":"https:\/\/kulturneleto.eu\/en\/wp-json\/wp\/v2\/event_listing_type?post=14694"}],"curies":[{"name":"wp","href":"https:\/\/api.w.org\/{rel}","templated":true}]}}