{"id":2309,"date":"2022-07-19T15:10:32","date_gmt":"2022-07-19T13:10:32","guid":{"rendered":"https:\/\/kulturneleto.eu\/?post_type=event_listing&#038;p=2309"},"modified":"2022-08-17T15:43:31","modified_gmt":"2022-08-17T13:43:31","slug":"zilinsky-mestsky-polmaraton","status":"publish","type":"event_listing","link":"https:\/\/kulturneleto.eu\/en\/event\/zilinsky-mestsky-polmaraton\/","title":{"rendered":"\u017dilinsk\u00fd mestsk\u00fd polmarat\u00f3n"},"content":{"rendered":"<h2 style=\"text-align: center;\">15. 9. 2022<\/h2>\n<p>&nbsp;<\/p>\n<p style=\"text-align: center;\"><strong>Beh\u00e1me? Mak\u00e1me? Tr\u00e9nujeme? \u00c1no, \u00e1no, \u00e1no!<\/strong><\/p>\n<p style=\"text-align: center;\">Ani vo sne by n\u00e1s nenapadlo, to len tak hodi\u0165 za hlavu. Ideme samozrejme \u010falej aj v roku 2022.<br \/>\nChyst\u00e1me viacer\u00e9 novinky. Bude nov\u00fd atletick\u00fd \u0161tadi\u00f3n pre n\u00e1\u0161 domovsk\u00fd klub AC UNIZA. Ak m\u00e1\u0161 z\u00e1ujem sa poriadne pripravi\u0165, a to nie len na n\u00e1\u0161 \u017dilinsk\u00fd mestsk\u00fd polmarat\u00f3n, desiatku alebo 5ku, sme tu pre teba. Aj pre kolobe\u017ek\u00e1rov. Tr\u00e9nujeme spolo\u010dne ka\u017ed\u00fd \u0161trvrtok a pravidelne v stredu beh\u00e1vame na chatu pod Such\u00fdm. Pridaj sa. Odmena bude super v\u00fdkonnos\u0165. To predsa chce\u0161!<\/p>\n<p style=\"text-align: center;\">Bude\u0161 sedie\u0165 doma? My ani n\u00e1hodou.<\/p>\n<p style=\"text-align: center;\">15.9.2022 sa na teba zase te\u0161\u00edme.<\/p>\n<p style=\"text-align: center;\"><a href=\"https:\/\/polmaraton.zilina.run\/\" target=\"_blank\" rel=\"noopener\">https:\/\/polmaraton.zilina.run\/<\/a><\/p>","protected":false},"featured_media":3768,"template":"","meta":[],"event_listing_category":[80],"event_listing_type":[82],"class_list":["post-2309","event_listing","type-event_listing","status-publish","has-post-thumbnail","hentry","event_listing_category-zkl2022","event_listing_type-sport"],"yoast_head":"<!-- This site is optimized with the Yoast SEO plugin v27.1.1 - https:\/\/yoast.com\/product\/yoast-seo-wordpress\/ -->\n<title>\u017dilinsk\u00fd mestsk\u00fd polmarat\u00f3n - \u017dilinsk\u00e9 kult\u00farne leto 2025<\/title>\n<meta name=\"robots\" content=\"index, follow, max-snippet:-1, max-image-preview:large, max-video-preview:-1\" \/>\n<link rel=\"canonical\" href=\"https:\/\/kulturneleto.eu\/en\/event\/zilinsky-mestsky-polmaraton\/\" \/>\n<meta property=\"og:locale\" content=\"en_US\" \/>\n<meta property=\"og:type\" content=\"article\" \/>\n<meta property=\"og:title\" content=\"\u017dilinsk\u00fd mestsk\u00fd polmarat\u00f3n - \u017dilinsk\u00e9 kult\u00farne leto 2025\" \/>\n<meta property=\"og:description\" content=\"15. 9. 2022 &nbsp; Beh\u00e1me? Mak\u00e1me? Tr\u00e9nujeme? \u00c1no, \u00e1no, \u00e1no! Ani vo sne by n\u00e1s nenapadlo, to len tak hodi\u0165 za hlavu. Ideme samozrejme \u010falej aj v roku 2022. Chyst\u00e1me viacer\u00e9 novinky. Bude nov\u00fd atletick\u00fd \u0161tadi\u00f3n pre n\u00e1\u0161 domovsk\u00fd klub AC UNIZA. Ak m\u00e1\u0161 z\u00e1ujem sa poriadne pripravi\u0165, a to nie len na n\u00e1\u0161 \u017dilinsk\u00fd [&hellip;]\" \/>\n<meta property=\"og:url\" content=\"https:\/\/kulturneleto.eu\/en\/event\/zilinsky-mestsky-polmaraton\/\" \/>\n<meta property=\"og:site_name\" content=\"\u017dilinsk\u00e9 kult\u00farne leto 2025\" \/>\n<meta property=\"article:publisher\" content=\"https:\/\/www.facebook.com\/Mesto-ilina-162541880519007\" \/>\n<meta property=\"article:modified_time\" content=\"2022-08-17T13:43:31+00:00\" \/>\n<meta property=\"og:image\" content=\"https:\/\/kulturneleto.eu\/wp-content\/uploads\/2022\/07\/299788907_3206512822928840_4201372836548041373_n.png\" \/>\n\t<meta property=\"og:image:width\" content=\"3343\" \/>\n\t<meta property=\"og:image:height\" content=\"1254\" \/>\n\t<meta property=\"og:image:type\" content=\"image\/png\" \/>\n<meta name=\"twitter:card\" content=\"summary_large_image\" \/>\n<meta name=\"twitter:label1\" content=\"Est. reading time\" \/>\n\t<meta name=\"twitter:data1\" content=\"1 minute\" \/>\n<script type=\"application\/ld+json\" class=\"yoast-schema-graph\">{\"@context\":\"https:\/\/schema.org\",\"@graph\":[{\"@type\":\"WebPage\",\"@id\":\"https:\/\/kulturneleto.eu\/event\/zilinsky-mestsky-polmaraton\/\",\"url\":\"https:\/\/kulturneleto.eu\/event\/zilinsky-mestsky-polmaraton\/\",\"name\":\"\u017dilinsk\u00fd mestsk\u00fd polmarat\u00f3n - \u017dilinsk\u00e9 kult\u00farne leto 2025\",\"isPartOf\":{\"@id\":\"https:\/\/kulturneleto.eu\/#website\"},\"primaryImageOfPage\":{\"@id\":\"https:\/\/kulturneleto.eu\/event\/zilinsky-mestsky-polmaraton\/#primaryimage\"},\"image\":{\"@id\":\"https:\/\/kulturneleto.eu\/event\/zilinsky-mestsky-polmaraton\/#primaryimage\"},\"thumbnailUrl\":\"https:\/\/kulturneleto.eu\/wp-content\/uploads\/2022\/07\/299788907_3206512822928840_4201372836548041373_n.png\",\"datePublished\":\"2022-07-19T13:10:32+00:00\",\"dateModified\":\"2022-08-17T13:43:31+00:00\",\"breadcrumb\":{\"@id\":\"https:\/\/kulturneleto.eu\/event\/zilinsky-mestsky-polmaraton\/#breadcrumb\"},\"inLanguage\":\"en-US\",\"potentialAction\":[{\"@type\":\"ReadAction\",\"target\":[\"https:\/\/kulturneleto.eu\/event\/zilinsky-mestsky-polmaraton\/\"]}]},{\"@type\":\"ImageObject\",\"inLanguage\":\"en-US\",\"@id\":\"https:\/\/kulturneleto.eu\/event\/zilinsky-mestsky-polmaraton\/#primaryimage\",\"url\":\"https:\/\/kulturneleto.eu\/wp-content\/uploads\/2022\/07\/299788907_3206512822928840_4201372836548041373_n.png\",\"contentUrl\":\"https:\/\/kulturneleto.eu\/wp-content\/uploads\/2022\/07\/299788907_3206512822928840_4201372836548041373_n.png\",\"width\":3343,\"height\":1254},{\"@type\":\"BreadcrumbList\",\"@id\":\"https:\/\/kulturneleto.eu\/event\/zilinsky-mestsky-polmaraton\/#breadcrumb\",\"itemListElement\":[{\"@type\":\"ListItem\",\"position\":1,\"name\":\"Domovsk\u00e1 str\u00e1nka\",\"item\":\"https:\/\/kulturneleto.eu\/\"},{\"@type\":\"ListItem\",\"position\":2,\"name\":\"\u017dilinsk\u00fd mestsk\u00fd polmarat\u00f3n\"}]},{\"@type\":\"WebSite\",\"@id\":\"https:\/\/kulturneleto.eu\/#website\",\"url\":\"https:\/\/kulturneleto.eu\/\",\"name\":\"\u017dilinsk\u00e9 kult\u00farne leto 2025\",\"description\":\"j\u00fal, august, september\",\"publisher\":{\"@id\":\"https:\/\/kulturneleto.eu\/#organization\"},\"potentialAction\":[{\"@type\":\"SearchAction\",\"target\":{\"@type\":\"EntryPoint\",\"urlTemplate\":\"https:\/\/kulturneleto.eu\/?s={search_term_string}\"},\"query-input\":{\"@type\":\"PropertyValueSpecification\",\"valueRequired\":true,\"valueName\":\"search_term_string\"}}],\"inLanguage\":\"en-US\"},{\"@type\":\"Organization\",\"@id\":\"https:\/\/kulturneleto.eu\/#organization\",\"name\":\"Kult\u00farne leto\",\"url\":\"https:\/\/kulturneleto.eu\/\",\"logo\":{\"@type\":\"ImageObject\",\"inLanguage\":\"en-US\",\"@id\":\"https:\/\/kulturneleto.eu\/#\/schema\/logo\/image\/\",\"url\":\"https:\/\/kulturneleto.eu\/wp-content\/uploads\/2022\/06\/logo_zkl_2022_orange.png\",\"contentUrl\":\"https:\/\/kulturneleto.eu\/wp-content\/uploads\/2022\/06\/logo_zkl_2022_orange.png\",\"width\":330,\"height\":117,\"caption\":\"Kult\u00farne leto\"},\"image\":{\"@id\":\"https:\/\/kulturneleto.eu\/#\/schema\/logo\/image\/\"},\"sameAs\":[\"https:\/\/www.facebook.com\/Mesto-ilina-162541880519007\",\"https:\/\/www.youtube.com\/channel\/UCfY6Cc8yEeMgTWAUW5QaGAw\",\"https:\/\/www.instagram.com\/mestozilina\/?hl=sk\"]}]}<\/script>\n<!-- \/ Yoast SEO plugin. -->","yoast_head_json":{"title":"\u017dilinsk\u00fd mestsk\u00fd polmarat\u00f3n - \u017dilinsk\u00e9 kult\u00farne leto 2025","robots":{"index":"index","follow":"follow","max-snippet":"max-snippet:-1","max-image-preview":"max-image-preview:large","max-video-preview":"max-video-preview:-1"},"canonical":"https:\/\/kulturneleto.eu\/en\/event\/zilinsky-mestsky-polmaraton\/","og_locale":"en_US","og_type":"article","og_title":"\u017dilinsk\u00fd mestsk\u00fd polmarat\u00f3n - \u017dilinsk\u00e9 kult\u00farne leto 2025","og_description":"15. 9. 2022 &nbsp; Beh\u00e1me? Mak\u00e1me? Tr\u00e9nujeme? \u00c1no, \u00e1no, \u00e1no! Ani vo sne by n\u00e1s nenapadlo, to len tak hodi\u0165 za hlavu. Ideme samozrejme \u010falej aj v roku 2022. Chyst\u00e1me viacer\u00e9 novinky. Bude nov\u00fd atletick\u00fd \u0161tadi\u00f3n pre n\u00e1\u0161 domovsk\u00fd klub AC UNIZA. Ak m\u00e1\u0161 z\u00e1ujem sa poriadne pripravi\u0165, a to nie len na n\u00e1\u0161 \u017dilinsk\u00fd [&hellip;]","og_url":"https:\/\/kulturneleto.eu\/en\/event\/zilinsky-mestsky-polmaraton\/","og_site_name":"\u017dilinsk\u00e9 kult\u00farne leto 2025","article_publisher":"https:\/\/www.facebook.com\/Mesto-ilina-162541880519007","article_modified_time":"2022-08-17T13:43:31+00:00","og_image":[{"width":3343,"height":1254,"url":"https:\/\/kulturneleto.eu\/wp-content\/uploads\/2022\/07\/299788907_3206512822928840_4201372836548041373_n.png","type":"image\/png"}],"twitter_card":"summary_large_image","twitter_misc":{"Est. reading time":"1 minute"},"schema":{"@context":"https:\/\/schema.org","@graph":[{"@type":"WebPage","@id":"https:\/\/kulturneleto.eu\/event\/zilinsky-mestsky-polmaraton\/","url":"https:\/\/kulturneleto.eu\/event\/zilinsky-mestsky-polmaraton\/","name":"\u017dilinsk\u00fd mestsk\u00fd polmarat\u00f3n - \u017dilinsk\u00e9 kult\u00farne leto 2025","isPartOf":{"@id":"https:\/\/kulturneleto.eu\/#website"},"primaryImageOfPage":{"@id":"https:\/\/kulturneleto.eu\/event\/zilinsky-mestsky-polmaraton\/#primaryimage"},"image":{"@id":"https:\/\/kulturneleto.eu\/event\/zilinsky-mestsky-polmaraton\/#primaryimage"},"thumbnailUrl":"https:\/\/kulturneleto.eu\/wp-content\/uploads\/2022\/07\/299788907_3206512822928840_4201372836548041373_n.png","datePublished":"2022-07-19T13:10:32+00:00","dateModified":"2022-08-17T13:43:31+00:00","breadcrumb":{"@id":"https:\/\/kulturneleto.eu\/event\/zilinsky-mestsky-polmaraton\/#breadcrumb"},"inLanguage":"en-US","potentialAction":[{"@type":"ReadAction","target":["https:\/\/kulturneleto.eu\/event\/zilinsky-mestsky-polmaraton\/"]}]},{"@type":"ImageObject","inLanguage":"en-US","@id":"https:\/\/kulturneleto.eu\/event\/zilinsky-mestsky-polmaraton\/#primaryimage","url":"https:\/\/kulturneleto.eu\/wp-content\/uploads\/2022\/07\/299788907_3206512822928840_4201372836548041373_n.png","contentUrl":"https:\/\/kulturneleto.eu\/wp-content\/uploads\/2022\/07\/299788907_3206512822928840_4201372836548041373_n.png","width":3343,"height":1254},{"@type":"BreadcrumbList","@id":"https:\/\/kulturneleto.eu\/event\/zilinsky-mestsky-polmaraton\/#breadcrumb","itemListElement":[{"@type":"ListItem","position":1,"name":"Domovsk\u00e1 str\u00e1nka","item":"https:\/\/kulturneleto.eu\/"},{"@type":"ListItem","position":2,"name":"\u017dilinsk\u00fd mestsk\u00fd polmarat\u00f3n"}]},{"@type":"WebSite","@id":"https:\/\/kulturneleto.eu\/#website","url":"https:\/\/kulturneleto.eu\/","name":"\u017dilinsk\u00e9 kult\u00farne leto 2025","description":"j\u00fal, august, september","publisher":{"@id":"https:\/\/kulturneleto.eu\/#organization"},"potentialAction":[{"@type":"SearchAction","target":{"@type":"EntryPoint","urlTemplate":"https:\/\/kulturneleto.eu\/?s={search_term_string}"},"query-input":{"@type":"PropertyValueSpecification","valueRequired":true,"valueName":"search_term_string"}}],"inLanguage":"en-US"},{"@type":"Organization","@id":"https:\/\/kulturneleto.eu\/#organization","name":"Kult\u00farne leto","url":"https:\/\/kulturneleto.eu\/","logo":{"@type":"ImageObject","inLanguage":"en-US","@id":"https:\/\/kulturneleto.eu\/#\/schema\/logo\/image\/","url":"https:\/\/kulturneleto.eu\/wp-content\/uploads\/2022\/06\/logo_zkl_2022_orange.png","contentUrl":"https:\/\/kulturneleto.eu\/wp-content\/uploads\/2022\/06\/logo_zkl_2022_orange.png","width":330,"height":117,"caption":"Kult\u00farne leto"},"image":{"@id":"https:\/\/kulturneleto.eu\/#\/schema\/logo\/image\/"},"sameAs":["https:\/\/www.facebook.com\/Mesto-ilina-162541880519007","https:\/\/www.youtube.com\/channel\/UCfY6Cc8yEeMgTWAUW5QaGAw","https:\/\/www.instagram.com\/mestozilina\/?hl=sk"]}]}},"_links":{"self":[{"href":"https:\/\/kulturneleto.eu\/en\/wp-json\/wp\/v2\/event_listing\/2309","targetHints":{"allow":["GET"]}}],"collection":[{"href":"https:\/\/kulturneleto.eu\/en\/wp-json\/wp\/v2\/event_listing"}],"about":[{"href":"https:\/\/kulturneleto.eu\/en\/wp-json\/wp\/v2\/types\/event_listing"}],"wp:featuredmedia":[{"embeddable":true,"href":"https:\/\/kulturneleto.eu\/en\/wp-json\/wp\/v2\/media\/3768"}],"wp:attachment":[{"href":"https:\/\/kulturneleto.eu\/en\/wp-json\/wp\/v2\/media?parent=2309"}],"wp:term":[{"taxonomy":"event_listing_category","embeddable":true,"href":"https:\/\/kulturneleto.eu\/en\/wp-json\/wp\/v2\/event_listing_category?post=2309"},{"taxonomy":"event_listing_type","embeddable":true,"href":"https:\/\/kulturneleto.eu\/en\/wp-json\/wp\/v2\/event_listing_type?post=2309"}],"curies":[{"name":"wp","href":"https:\/\/api.w.org\/{rel}","templated":true}]}}