{"id":5235,"date":"2023-06-29T09:24:34","date_gmt":"2023-06-29T07:24:34","guid":{"rendered":"https:\/\/kulturneleto.eu\/?post_type=event_listing&#038;p=5235"},"modified":"2023-07-12T10:04:45","modified_gmt":"2023-07-12T08:04:45","slug":"co-ukryva-krypta-pod-katedralou-najsvatejsej-trojice-2","status":"publish","type":"event_listing","link":"https:\/\/kulturneleto.eu\/en\/event\/co-ukryva-krypta-pod-katedralou-najsvatejsej-trojice-2\/","title":{"rendered":"\u010co ukr\u00fdva krypta pod Katedr\u00e1lou Najsv\u00e4tej\u0161ej Trojice?"},"content":{"rendered":"<p>V\u00a0porad\u00ed tret\u00ed antropologicko-archeologick\u00fd workshop, ktor\u00fd sk\u00fama n\u00e1jden\u00e9 kostrov\u00e9 pozostatky pod katedr\u00e1lou, bude prebieha\u0165 aj tento rok v\u00a0j\u00fali. Po\u010das neho v\u00e1s poz\u00fdvame na prehliadky pre verejnos\u0165 a\u00a0to \u2013 v\u00a0nede\u013eu 16.7. a\u00a0nede\u013eu 30.7.2023. Vstupy bud\u00fa od 13.30 hod.<\/p>\n<p>&nbsp;<\/p>\n<p>Na prehliadku nie je potrebn\u00e9 sa objedn\u00e1va\u0165.<\/p>\n<p>Vstup je bezplatn\u00fd.<\/p>\n<p>&nbsp;<\/p>\n<p>Kontaktn\u00e1 osoba: Mgr. Silvia Bodorikov\u00e1, PhD., +421 908 773\u00a0655.<\/p>\n<p>&nbsp;<\/p>\n<p>Organiz\u00e1tori: Katedra antropol\u00f3gie Pr\u00edrodovedeckej fakulty UK v\u00a0Bratislave, Pova\u017esk\u00e9 m\u00fazeum, \u017dilinsk\u00e1 diec\u00e9za<\/p>","protected":false},"featured_media":5234,"template":"","meta":[],"event_listing_category":[97],"event_listing_type":[83],"class_list":["post-5235","event_listing","type-event_listing","status-publish","has-post-thumbnail","hentry","event_listing_category-zkl2023","event_listing_type-ine"],"yoast_head":"<!-- This site is optimized with the Yoast SEO plugin v27.1.1 - https:\/\/yoast.com\/product\/yoast-seo-wordpress\/ -->\n<title>\u010co ukr\u00fdva krypta pod Katedr\u00e1lou Najsv\u00e4tej\u0161ej Trojice? - \u017dilinsk\u00e9 kult\u00farne leto 2025<\/title>\n<meta name=\"robots\" content=\"index, follow, max-snippet:-1, max-image-preview:large, max-video-preview:-1\" \/>\n<link rel=\"canonical\" href=\"https:\/\/kulturneleto.eu\/en\/event\/co-ukryva-krypta-pod-katedralou-najsvatejsej-trojice-2\/\" \/>\n<meta property=\"og:locale\" content=\"en_US\" \/>\n<meta property=\"og:type\" content=\"article\" \/>\n<meta property=\"og:title\" content=\"\u010co ukr\u00fdva krypta pod Katedr\u00e1lou Najsv\u00e4tej\u0161ej Trojice? - \u017dilinsk\u00e9 kult\u00farne leto 2025\" \/>\n<meta property=\"og:description\" content=\"V\u00a0porad\u00ed tret\u00ed antropologicko-archeologick\u00fd workshop, ktor\u00fd sk\u00fama n\u00e1jden\u00e9 kostrov\u00e9 pozostatky pod katedr\u00e1lou, bude prebieha\u0165 aj tento rok v\u00a0j\u00fali. Po\u010das neho v\u00e1s poz\u00fdvame na prehliadky pre verejnos\u0165 a\u00a0to \u2013 v\u00a0nede\u013eu 16.7. a\u00a0nede\u013eu 30.7.2023. Vstupy bud\u00fa od 13.30 hod. &nbsp; Na prehliadku nie je potrebn\u00e9 sa objedn\u00e1va\u0165. Vstup je bezplatn\u00fd. &nbsp; Kontaktn\u00e1 osoba: Mgr. Silvia Bodorikov\u00e1, PhD., +421 [&hellip;]\" \/>\n<meta property=\"og:url\" content=\"https:\/\/kulturneleto.eu\/en\/event\/co-ukryva-krypta-pod-katedralou-najsvatejsej-trojice-2\/\" \/>\n<meta property=\"og:site_name\" content=\"\u017dilinsk\u00e9 kult\u00farne leto 2025\" \/>\n<meta property=\"article:publisher\" content=\"https:\/\/www.facebook.com\/Mesto-ilina-162541880519007\" \/>\n<meta property=\"article:modified_time\" content=\"2023-07-12T08:04:45+00:00\" \/>\n<meta property=\"og:image\" content=\"https:\/\/kulturneleto.eu\/wp-content\/uploads\/2023\/06\/Krypta.jpg\" \/>\n\t<meta property=\"og:image:width\" content=\"1024\" \/>\n\t<meta property=\"og:image:height\" content=\"683\" \/>\n\t<meta property=\"og:image:type\" content=\"image\/jpeg\" \/>\n<meta name=\"twitter:card\" content=\"summary_large_image\" \/>\n<meta name=\"twitter:label1\" content=\"Est. reading time\" \/>\n\t<meta name=\"twitter:data1\" content=\"1 minute\" \/>\n<script type=\"application\/ld+json\" class=\"yoast-schema-graph\">{\"@context\":\"https:\/\/schema.org\",\"@graph\":[{\"@type\":\"WebPage\",\"@id\":\"https:\/\/kulturneleto.eu\/event\/co-ukryva-krypta-pod-katedralou-najsvatejsej-trojice-2\/\",\"url\":\"https:\/\/kulturneleto.eu\/event\/co-ukryva-krypta-pod-katedralou-najsvatejsej-trojice-2\/\",\"name\":\"\u010co ukr\u00fdva krypta pod Katedr\u00e1lou Najsv\u00e4tej\u0161ej Trojice? - \u017dilinsk\u00e9 kult\u00farne leto 2025\",\"isPartOf\":{\"@id\":\"https:\/\/kulturneleto.eu\/#website\"},\"primaryImageOfPage\":{\"@id\":\"https:\/\/kulturneleto.eu\/event\/co-ukryva-krypta-pod-katedralou-najsvatejsej-trojice-2\/#primaryimage\"},\"image\":{\"@id\":\"https:\/\/kulturneleto.eu\/event\/co-ukryva-krypta-pod-katedralou-najsvatejsej-trojice-2\/#primaryimage\"},\"thumbnailUrl\":\"https:\/\/kulturneleto.eu\/wp-content\/uploads\/2023\/06\/Krypta.jpg\",\"datePublished\":\"2023-06-29T07:24:34+00:00\",\"dateModified\":\"2023-07-12T08:04:45+00:00\",\"breadcrumb\":{\"@id\":\"https:\/\/kulturneleto.eu\/event\/co-ukryva-krypta-pod-katedralou-najsvatejsej-trojice-2\/#breadcrumb\"},\"inLanguage\":\"en-US\",\"potentialAction\":[{\"@type\":\"ReadAction\",\"target\":[\"https:\/\/kulturneleto.eu\/event\/co-ukryva-krypta-pod-katedralou-najsvatejsej-trojice-2\/\"]}]},{\"@type\":\"ImageObject\",\"inLanguage\":\"en-US\",\"@id\":\"https:\/\/kulturneleto.eu\/event\/co-ukryva-krypta-pod-katedralou-najsvatejsej-trojice-2\/#primaryimage\",\"url\":\"https:\/\/kulturneleto.eu\/wp-content\/uploads\/2023\/06\/Krypta.jpg\",\"contentUrl\":\"https:\/\/kulturneleto.eu\/wp-content\/uploads\/2023\/06\/Krypta.jpg\",\"width\":1024,\"height\":683},{\"@type\":\"BreadcrumbList\",\"@id\":\"https:\/\/kulturneleto.eu\/event\/co-ukryva-krypta-pod-katedralou-najsvatejsej-trojice-2\/#breadcrumb\",\"itemListElement\":[{\"@type\":\"ListItem\",\"position\":1,\"name\":\"Domovsk\u00e1 str\u00e1nka\",\"item\":\"https:\/\/kulturneleto.eu\/\"},{\"@type\":\"ListItem\",\"position\":2,\"name\":\"\u010co ukr\u00fdva krypta pod Katedr\u00e1lou Najsv\u00e4tej\u0161ej Trojice?\"}]},{\"@type\":\"WebSite\",\"@id\":\"https:\/\/kulturneleto.eu\/#website\",\"url\":\"https:\/\/kulturneleto.eu\/\",\"name\":\"\u017dilinsk\u00e9 kult\u00farne leto 2025\",\"description\":\"j\u00fal, august, september\",\"publisher\":{\"@id\":\"https:\/\/kulturneleto.eu\/#organization\"},\"potentialAction\":[{\"@type\":\"SearchAction\",\"target\":{\"@type\":\"EntryPoint\",\"urlTemplate\":\"https:\/\/kulturneleto.eu\/?s={search_term_string}\"},\"query-input\":{\"@type\":\"PropertyValueSpecification\",\"valueRequired\":true,\"valueName\":\"search_term_string\"}}],\"inLanguage\":\"en-US\"},{\"@type\":\"Organization\",\"@id\":\"https:\/\/kulturneleto.eu\/#organization\",\"name\":\"Kult\u00farne leto\",\"url\":\"https:\/\/kulturneleto.eu\/\",\"logo\":{\"@type\":\"ImageObject\",\"inLanguage\":\"en-US\",\"@id\":\"https:\/\/kulturneleto.eu\/#\/schema\/logo\/image\/\",\"url\":\"https:\/\/kulturneleto.eu\/wp-content\/uploads\/2022\/06\/logo_zkl_2022_orange.png\",\"contentUrl\":\"https:\/\/kulturneleto.eu\/wp-content\/uploads\/2022\/06\/logo_zkl_2022_orange.png\",\"width\":330,\"height\":117,\"caption\":\"Kult\u00farne leto\"},\"image\":{\"@id\":\"https:\/\/kulturneleto.eu\/#\/schema\/logo\/image\/\"},\"sameAs\":[\"https:\/\/www.facebook.com\/Mesto-ilina-162541880519007\",\"https:\/\/www.youtube.com\/channel\/UCfY6Cc8yEeMgTWAUW5QaGAw\",\"https:\/\/www.instagram.com\/mestozilina\/?hl=sk\"]}]}<\/script>\n<!-- \/ Yoast SEO plugin. -->","yoast_head_json":{"title":"\u010co ukr\u00fdva krypta pod Katedr\u00e1lou Najsv\u00e4tej\u0161ej Trojice? - \u017dilinsk\u00e9 kult\u00farne leto 2025","robots":{"index":"index","follow":"follow","max-snippet":"max-snippet:-1","max-image-preview":"max-image-preview:large","max-video-preview":"max-video-preview:-1"},"canonical":"https:\/\/kulturneleto.eu\/en\/event\/co-ukryva-krypta-pod-katedralou-najsvatejsej-trojice-2\/","og_locale":"en_US","og_type":"article","og_title":"\u010co ukr\u00fdva krypta pod Katedr\u00e1lou Najsv\u00e4tej\u0161ej Trojice? - \u017dilinsk\u00e9 kult\u00farne leto 2025","og_description":"V\u00a0porad\u00ed tret\u00ed antropologicko-archeologick\u00fd workshop, ktor\u00fd sk\u00fama n\u00e1jden\u00e9 kostrov\u00e9 pozostatky pod katedr\u00e1lou, bude prebieha\u0165 aj tento rok v\u00a0j\u00fali. Po\u010das neho v\u00e1s poz\u00fdvame na prehliadky pre verejnos\u0165 a\u00a0to \u2013 v\u00a0nede\u013eu 16.7. a\u00a0nede\u013eu 30.7.2023. Vstupy bud\u00fa od 13.30 hod. &nbsp; Na prehliadku nie je potrebn\u00e9 sa objedn\u00e1va\u0165. Vstup je bezplatn\u00fd. &nbsp; Kontaktn\u00e1 osoba: Mgr. Silvia Bodorikov\u00e1, PhD., +421 [&hellip;]","og_url":"https:\/\/kulturneleto.eu\/en\/event\/co-ukryva-krypta-pod-katedralou-najsvatejsej-trojice-2\/","og_site_name":"\u017dilinsk\u00e9 kult\u00farne leto 2025","article_publisher":"https:\/\/www.facebook.com\/Mesto-ilina-162541880519007","article_modified_time":"2023-07-12T08:04:45+00:00","og_image":[{"width":1024,"height":683,"url":"https:\/\/kulturneleto.eu\/wp-content\/uploads\/2023\/06\/Krypta.jpg","type":"image\/jpeg"}],"twitter_card":"summary_large_image","twitter_misc":{"Est. reading time":"1 minute"},"schema":{"@context":"https:\/\/schema.org","@graph":[{"@type":"WebPage","@id":"https:\/\/kulturneleto.eu\/event\/co-ukryva-krypta-pod-katedralou-najsvatejsej-trojice-2\/","url":"https:\/\/kulturneleto.eu\/event\/co-ukryva-krypta-pod-katedralou-najsvatejsej-trojice-2\/","name":"\u010co ukr\u00fdva krypta pod Katedr\u00e1lou Najsv\u00e4tej\u0161ej Trojice? - \u017dilinsk\u00e9 kult\u00farne leto 2025","isPartOf":{"@id":"https:\/\/kulturneleto.eu\/#website"},"primaryImageOfPage":{"@id":"https:\/\/kulturneleto.eu\/event\/co-ukryva-krypta-pod-katedralou-najsvatejsej-trojice-2\/#primaryimage"},"image":{"@id":"https:\/\/kulturneleto.eu\/event\/co-ukryva-krypta-pod-katedralou-najsvatejsej-trojice-2\/#primaryimage"},"thumbnailUrl":"https:\/\/kulturneleto.eu\/wp-content\/uploads\/2023\/06\/Krypta.jpg","datePublished":"2023-06-29T07:24:34+00:00","dateModified":"2023-07-12T08:04:45+00:00","breadcrumb":{"@id":"https:\/\/kulturneleto.eu\/event\/co-ukryva-krypta-pod-katedralou-najsvatejsej-trojice-2\/#breadcrumb"},"inLanguage":"en-US","potentialAction":[{"@type":"ReadAction","target":["https:\/\/kulturneleto.eu\/event\/co-ukryva-krypta-pod-katedralou-najsvatejsej-trojice-2\/"]}]},{"@type":"ImageObject","inLanguage":"en-US","@id":"https:\/\/kulturneleto.eu\/event\/co-ukryva-krypta-pod-katedralou-najsvatejsej-trojice-2\/#primaryimage","url":"https:\/\/kulturneleto.eu\/wp-content\/uploads\/2023\/06\/Krypta.jpg","contentUrl":"https:\/\/kulturneleto.eu\/wp-content\/uploads\/2023\/06\/Krypta.jpg","width":1024,"height":683},{"@type":"BreadcrumbList","@id":"https:\/\/kulturneleto.eu\/event\/co-ukryva-krypta-pod-katedralou-najsvatejsej-trojice-2\/#breadcrumb","itemListElement":[{"@type":"ListItem","position":1,"name":"Domovsk\u00e1 str\u00e1nka","item":"https:\/\/kulturneleto.eu\/"},{"@type":"ListItem","position":2,"name":"\u010co ukr\u00fdva krypta pod Katedr\u00e1lou Najsv\u00e4tej\u0161ej Trojice?"}]},{"@type":"WebSite","@id":"https:\/\/kulturneleto.eu\/#website","url":"https:\/\/kulturneleto.eu\/","name":"\u017dilinsk\u00e9 kult\u00farne leto 2025","description":"j\u00fal, august, september","publisher":{"@id":"https:\/\/kulturneleto.eu\/#organization"},"potentialAction":[{"@type":"SearchAction","target":{"@type":"EntryPoint","urlTemplate":"https:\/\/kulturneleto.eu\/?s={search_term_string}"},"query-input":{"@type":"PropertyValueSpecification","valueRequired":true,"valueName":"search_term_string"}}],"inLanguage":"en-US"},{"@type":"Organization","@id":"https:\/\/kulturneleto.eu\/#organization","name":"Kult\u00farne leto","url":"https:\/\/kulturneleto.eu\/","logo":{"@type":"ImageObject","inLanguage":"en-US","@id":"https:\/\/kulturneleto.eu\/#\/schema\/logo\/image\/","url":"https:\/\/kulturneleto.eu\/wp-content\/uploads\/2022\/06\/logo_zkl_2022_orange.png","contentUrl":"https:\/\/kulturneleto.eu\/wp-content\/uploads\/2022\/06\/logo_zkl_2022_orange.png","width":330,"height":117,"caption":"Kult\u00farne leto"},"image":{"@id":"https:\/\/kulturneleto.eu\/#\/schema\/logo\/image\/"},"sameAs":["https:\/\/www.facebook.com\/Mesto-ilina-162541880519007","https:\/\/www.youtube.com\/channel\/UCfY6Cc8yEeMgTWAUW5QaGAw","https:\/\/www.instagram.com\/mestozilina\/?hl=sk"]}]}},"_links":{"self":[{"href":"https:\/\/kulturneleto.eu\/en\/wp-json\/wp\/v2\/event_listing\/5235","targetHints":{"allow":["GET"]}}],"collection":[{"href":"https:\/\/kulturneleto.eu\/en\/wp-json\/wp\/v2\/event_listing"}],"about":[{"href":"https:\/\/kulturneleto.eu\/en\/wp-json\/wp\/v2\/types\/event_listing"}],"wp:featuredmedia":[{"embeddable":true,"href":"https:\/\/kulturneleto.eu\/en\/wp-json\/wp\/v2\/media\/5234"}],"wp:attachment":[{"href":"https:\/\/kulturneleto.eu\/en\/wp-json\/wp\/v2\/media?parent=5235"}],"wp:term":[{"taxonomy":"event_listing_category","embeddable":true,"href":"https:\/\/kulturneleto.eu\/en\/wp-json\/wp\/v2\/event_listing_category?post=5235"},{"taxonomy":"event_listing_type","embeddable":true,"href":"https:\/\/kulturneleto.eu\/en\/wp-json\/wp\/v2\/event_listing_type?post=5235"}],"curies":[{"name":"wp","href":"https:\/\/api.w.org\/{rel}","templated":true}]}}