{"id":5256,"date":"2023-06-29T09:56:14","date_gmt":"2023-06-29T07:56:14","guid":{"rendered":"https:\/\/kulturneleto.eu\/?post_type=event_listing&#038;p=5256"},"modified":"2023-07-04T09:56:27","modified_gmt":"2023-07-04T07:56:27","slug":"male-dejiny-umenia-3-insitne-umenie-a-henri-rousseau","status":"publish","type":"event_listing","link":"https:\/\/kulturneleto.eu\/en\/event\/male-dejiny-umenia-3-insitne-umenie-a-henri-rousseau\/","title":{"rendered":"MAL\u00c9 DEJINY UMENIA 3: Insitn\u00e9 umenie a Henri Rousseau"},"content":{"rendered":"<p>14:00 TVORIV\u00c1 DIEL\u0147A PRE DETI<\/p>\n<p>Insitn\u00e9 umenie a Henri Rousseau<\/p>\n<p>Insitn\u00e9 alebo naivn\u00e9 umenie charakterizuje diela s jednoduch\u00fdm, \u010dastokr\u00e1t vymyslen\u00fdm v\u00fdberom mot\u00edvov.<br \/>\nUmelci vyu\u017e\u00edvaj\u00fa jednoduch\u00e9 techniky, ale s prepracovan\u00fdmi detailmi, ktor\u00e9 zav\u00e1dzaj\u00fa div\u00e1ka do sveta k\u00faziel a symbolov. V\u00e4\u010d\u0161inou ide o sny samotn\u00fdch umelcov.<br \/>\nMedzi najv\u00fdznamnej\u0161\u00edch insitn\u00fdch umelcov patr\u00ed Henri Rousseau, franc\u00fazsky maliar, ktor\u00fd popri ma\u013eovan\u00ed pracoval ako vybera\u010d dan\u00ed, coln\u00edk, kv\u00f4li \u010domu dostal aj prez\u00fdvku \u201eColn\u00edk\u201c.<\/p>\n<p>Po\u010fte s nami nazrie\u0165 za oponu tvoriv\u00e9ho procesu t\u00fdchto umelcov konca 19. a za\u010diatku 20. storo\u010dia. V\u00edtan\u00ed s\u00fa v\u0161etci, ktor\u00ed maj\u00fa chu\u0165 spozn\u00e1va\u0165 umenie.<\/p>\n<p>&nbsp;<\/p>\n<p>17:00 PREDN\u00c1\u0160KA<\/p>\n<p>Insitn\u00e9 umenie a Henri Rousseau<\/p>\n<p>Henri Rousseau, cel\u00fdm menom Henri Julien Felix Rousseau, bol franc\u00fazsky amat\u00e9rsky maliar, samouk. Nevedel ni\u010d o spr\u00e1vnom kresliarskom umen\u00ed, \u010dasto prehlasoval, \u017ee jeho jedin\u00fdm u\u010dite\u013eom umenia je pr\u00edroda. Za \u017eivota sa mu s\u00edce vysmievali, ale po smrti sa jeho diela dostali do samotn\u00e9ho Louvru. Dnes je pova\u017eovan\u00fd za otca insitn\u00fdch, naivn\u00fdch maliarov. Jeho obrazy sa s\u00edce m\u00f4\u017eu zda\u0165 \u201eneohraban\u00e9\u201c, no ich vit\u00e1lnos\u0165, jednoduchos\u0165 a poetickos\u0165 ho zara\u010fuje k umeleck\u00fdm majstrom.<br \/>\nViacer\u00e9 umeleck\u00e9 \u0161t\u00fdly 20. storo\u010dia boli ovplyvnen\u00e9 pr\u00e1ve jeho tvorbou.<br \/>\nO \u017eivote Henriho Rousseaua, jeho tvorbe a samotnom insitnom umen\u00ed porozpr\u00e1va Katar\u00edna Matu\u0161kov\u00e1. Objavujte umenie z\u00e1bavnou formou spolu s nami.<\/p>\n<p>&nbsp;<\/p>\n<p>18:45 WORKSHOP PRE DOSPEL\u00ddCH<\/p>\n<p>Akvarely Emila Noldeho<\/p>\n<p>Emil Nolde patr\u00ed medzi najzn\u00e1mej\u0161\u00edch expresionistov a jeho p\u00f4sobenie je sp\u00e1jan\u00e9 s umeleckou skupinou Die Br\u00fccke, ktor\u00fa v\u0161ak po roku opustil. Ako v\u00e4\u010d\u0161ina nemeck\u00fdch expresionistov ovl\u00e1dal techniku drevorezu i olejoma\u013eby, no z\u00e1sadn\u00fa rolu hrala technika akvarelu. Medzi jeho naj\u010dastej\u0161ie n\u00e1mety obrazov patria krajiny, biblick\u00e9, ve\u013ekomestsk\u00e9 v\u00fdjavy i kvetiny. Intenz\u00edvny z\u00e1ujem o t\u00e9mu kvetov odr\u00e1\u017eal jeho z\u00e1ujem o umenie Vincenta van Gogha. Jeho dielo bolo nesk\u00f4r ozna\u010den\u00e9 nacistami ako zvrhl\u00e9 a mal zak\u00e1zan\u00e9 ma\u013eova\u0165. V tomto obdob\u00ed tvoril ve\u013emi neobvykl\u00e9 akvarely naz\u00fdvan\u00e9 ako \u201enenama\u013eovan\u00e9 obrazy\u201c.<br \/>\nPribl\u00ed\u017ei\u0165 sa k tvorbe Emila Nodeho a vysk\u00fa\u0161a\u0165 si techniku akvarelu budete m\u00f4c\u0165 s pomocou Vladim\u00edra Vakova.<\/p>\n<p>&nbsp;<\/p>\n<p>Na jednotliv\u00e9 tvoriv\u00e9 dielne pre deti a workshopy pre dospel\u00fdch je nutn\u00e9 sa vopred prihl\u00e1si\u0165 (simona.domanicka@rosenfeldovpalac.sk, +421 41 7649 692).<\/p>\n<p>Vstup zdarma.<\/p>","protected":false},"featured_media":5355,"template":"","meta":[],"event_listing_category":[97],"event_listing_type":[83],"class_list":["post-5256","event_listing","type-event_listing","status-publish","has-post-thumbnail","hentry","event_listing_category-zkl2023","event_listing_type-ine"],"yoast_head":"<!-- This site is optimized with the Yoast SEO plugin v27.1.1 - https:\/\/yoast.com\/product\/yoast-seo-wordpress\/ -->\n<title>MAL\u00c9 DEJINY UMENIA 3: Insitn\u00e9 umenie a Henri Rousseau - \u017dilinsk\u00e9 kult\u00farne leto 2025<\/title>\n<meta name=\"robots\" content=\"index, follow, max-snippet:-1, max-image-preview:large, max-video-preview:-1\" \/>\n<link rel=\"canonical\" href=\"https:\/\/kulturneleto.eu\/en\/event\/male-dejiny-umenia-3-insitne-umenie-a-henri-rousseau\/\" \/>\n<meta property=\"og:locale\" content=\"en_US\" \/>\n<meta property=\"og:type\" content=\"article\" \/>\n<meta property=\"og:title\" content=\"MAL\u00c9 DEJINY UMENIA 3: Insitn\u00e9 umenie a Henri Rousseau - \u017dilinsk\u00e9 kult\u00farne leto 2025\" \/>\n<meta property=\"og:description\" content=\"14:00 TVORIV\u00c1 DIEL\u0147A PRE DETI Insitn\u00e9 umenie a Henri Rousseau Insitn\u00e9 alebo naivn\u00e9 umenie charakterizuje diela s jednoduch\u00fdm, \u010dastokr\u00e1t vymyslen\u00fdm v\u00fdberom mot\u00edvov. Umelci vyu\u017e\u00edvaj\u00fa jednoduch\u00e9 techniky, ale s prepracovan\u00fdmi detailmi, ktor\u00e9 zav\u00e1dzaj\u00fa div\u00e1ka do sveta k\u00faziel a symbolov. V\u00e4\u010d\u0161inou ide o sny samotn\u00fdch umelcov. Medzi najv\u00fdznamnej\u0161\u00edch insitn\u00fdch umelcov patr\u00ed Henri Rousseau, franc\u00fazsky maliar, ktor\u00fd popri [&hellip;]\" \/>\n<meta property=\"og:url\" content=\"https:\/\/kulturneleto.eu\/en\/event\/male-dejiny-umenia-3-insitne-umenie-a-henri-rousseau\/\" \/>\n<meta property=\"og:site_name\" content=\"\u017dilinsk\u00e9 kult\u00farne leto 2025\" \/>\n<meta property=\"article:publisher\" content=\"https:\/\/www.facebook.com\/Mesto-ilina-162541880519007\" \/>\n<meta property=\"article:modified_time\" content=\"2023-07-04T07:56:27+00:00\" \/>\n<meta property=\"og:image\" content=\"https:\/\/kulturneleto.eu\/wp-content\/uploads\/2023\/06\/Male-dejiny-umenia-scaled.jpg\" \/>\n\t<meta property=\"og:image:width\" content=\"2560\" \/>\n\t<meta property=\"og:image:height\" content=\"974\" \/>\n\t<meta property=\"og:image:type\" content=\"image\/jpeg\" \/>\n<meta name=\"twitter:card\" content=\"summary_large_image\" \/>\n<meta name=\"twitter:label1\" content=\"Est. reading time\" \/>\n\t<meta name=\"twitter:data1\" content=\"2 minutes\" \/>\n<script type=\"application\/ld+json\" class=\"yoast-schema-graph\">{\"@context\":\"https:\/\/schema.org\",\"@graph\":[{\"@type\":\"WebPage\",\"@id\":\"https:\/\/kulturneleto.eu\/event\/male-dejiny-umenia-3-insitne-umenie-a-henri-rousseau\/\",\"url\":\"https:\/\/kulturneleto.eu\/event\/male-dejiny-umenia-3-insitne-umenie-a-henri-rousseau\/\",\"name\":\"MAL\u00c9 DEJINY UMENIA 3: Insitn\u00e9 umenie a Henri Rousseau - \u017dilinsk\u00e9 kult\u00farne leto 2025\",\"isPartOf\":{\"@id\":\"https:\/\/kulturneleto.eu\/#website\"},\"primaryImageOfPage\":{\"@id\":\"https:\/\/kulturneleto.eu\/event\/male-dejiny-umenia-3-insitne-umenie-a-henri-rousseau\/#primaryimage\"},\"image\":{\"@id\":\"https:\/\/kulturneleto.eu\/event\/male-dejiny-umenia-3-insitne-umenie-a-henri-rousseau\/#primaryimage\"},\"thumbnailUrl\":\"https:\/\/kulturneleto.eu\/wp-content\/uploads\/2023\/06\/Male-dejiny-umenia-scaled.jpg\",\"datePublished\":\"2023-06-29T07:56:14+00:00\",\"dateModified\":\"2023-07-04T07:56:27+00:00\",\"breadcrumb\":{\"@id\":\"https:\/\/kulturneleto.eu\/event\/male-dejiny-umenia-3-insitne-umenie-a-henri-rousseau\/#breadcrumb\"},\"inLanguage\":\"en-US\",\"potentialAction\":[{\"@type\":\"ReadAction\",\"target\":[\"https:\/\/kulturneleto.eu\/event\/male-dejiny-umenia-3-insitne-umenie-a-henri-rousseau\/\"]}]},{\"@type\":\"ImageObject\",\"inLanguage\":\"en-US\",\"@id\":\"https:\/\/kulturneleto.eu\/event\/male-dejiny-umenia-3-insitne-umenie-a-henri-rousseau\/#primaryimage\",\"url\":\"https:\/\/kulturneleto.eu\/wp-content\/uploads\/2023\/06\/Male-dejiny-umenia-scaled.jpg\",\"contentUrl\":\"https:\/\/kulturneleto.eu\/wp-content\/uploads\/2023\/06\/Male-dejiny-umenia-scaled.jpg\",\"width\":2560,\"height\":974},{\"@type\":\"BreadcrumbList\",\"@id\":\"https:\/\/kulturneleto.eu\/event\/male-dejiny-umenia-3-insitne-umenie-a-henri-rousseau\/#breadcrumb\",\"itemListElement\":[{\"@type\":\"ListItem\",\"position\":1,\"name\":\"Domovsk\u00e1 str\u00e1nka\",\"item\":\"https:\/\/kulturneleto.eu\/\"},{\"@type\":\"ListItem\",\"position\":2,\"name\":\"MAL\u00c9 DEJINY UMENIA 3: Insitn\u00e9 umenie a Henri Rousseau\"}]},{\"@type\":\"WebSite\",\"@id\":\"https:\/\/kulturneleto.eu\/#website\",\"url\":\"https:\/\/kulturneleto.eu\/\",\"name\":\"\u017dilinsk\u00e9 kult\u00farne leto 2025\",\"description\":\"j\u00fal, august, september\",\"publisher\":{\"@id\":\"https:\/\/kulturneleto.eu\/#organization\"},\"potentialAction\":[{\"@type\":\"SearchAction\",\"target\":{\"@type\":\"EntryPoint\",\"urlTemplate\":\"https:\/\/kulturneleto.eu\/?s={search_term_string}\"},\"query-input\":{\"@type\":\"PropertyValueSpecification\",\"valueRequired\":true,\"valueName\":\"search_term_string\"}}],\"inLanguage\":\"en-US\"},{\"@type\":\"Organization\",\"@id\":\"https:\/\/kulturneleto.eu\/#organization\",\"name\":\"Kult\u00farne leto\",\"url\":\"https:\/\/kulturneleto.eu\/\",\"logo\":{\"@type\":\"ImageObject\",\"inLanguage\":\"en-US\",\"@id\":\"https:\/\/kulturneleto.eu\/#\/schema\/logo\/image\/\",\"url\":\"https:\/\/kulturneleto.eu\/wp-content\/uploads\/2022\/06\/logo_zkl_2022_orange.png\",\"contentUrl\":\"https:\/\/kulturneleto.eu\/wp-content\/uploads\/2022\/06\/logo_zkl_2022_orange.png\",\"width\":330,\"height\":117,\"caption\":\"Kult\u00farne leto\"},\"image\":{\"@id\":\"https:\/\/kulturneleto.eu\/#\/schema\/logo\/image\/\"},\"sameAs\":[\"https:\/\/www.facebook.com\/Mesto-ilina-162541880519007\",\"https:\/\/www.youtube.com\/channel\/UCfY6Cc8yEeMgTWAUW5QaGAw\",\"https:\/\/www.instagram.com\/mestozilina\/?hl=sk\"]}]}<\/script>\n<!-- \/ Yoast SEO plugin. -->","yoast_head_json":{"title":"MAL\u00c9 DEJINY UMENIA 3: Insitn\u00e9 umenie a Henri Rousseau - \u017dilinsk\u00e9 kult\u00farne leto 2025","robots":{"index":"index","follow":"follow","max-snippet":"max-snippet:-1","max-image-preview":"max-image-preview:large","max-video-preview":"max-video-preview:-1"},"canonical":"https:\/\/kulturneleto.eu\/en\/event\/male-dejiny-umenia-3-insitne-umenie-a-henri-rousseau\/","og_locale":"en_US","og_type":"article","og_title":"MAL\u00c9 DEJINY UMENIA 3: Insitn\u00e9 umenie a Henri Rousseau - \u017dilinsk\u00e9 kult\u00farne leto 2025","og_description":"14:00 TVORIV\u00c1 DIEL\u0147A PRE DETI Insitn\u00e9 umenie a Henri Rousseau Insitn\u00e9 alebo naivn\u00e9 umenie charakterizuje diela s jednoduch\u00fdm, \u010dastokr\u00e1t vymyslen\u00fdm v\u00fdberom mot\u00edvov. Umelci vyu\u017e\u00edvaj\u00fa jednoduch\u00e9 techniky, ale s prepracovan\u00fdmi detailmi, ktor\u00e9 zav\u00e1dzaj\u00fa div\u00e1ka do sveta k\u00faziel a symbolov. V\u00e4\u010d\u0161inou ide o sny samotn\u00fdch umelcov. Medzi najv\u00fdznamnej\u0161\u00edch insitn\u00fdch umelcov patr\u00ed Henri Rousseau, franc\u00fazsky maliar, ktor\u00fd popri [&hellip;]","og_url":"https:\/\/kulturneleto.eu\/en\/event\/male-dejiny-umenia-3-insitne-umenie-a-henri-rousseau\/","og_site_name":"\u017dilinsk\u00e9 kult\u00farne leto 2025","article_publisher":"https:\/\/www.facebook.com\/Mesto-ilina-162541880519007","article_modified_time":"2023-07-04T07:56:27+00:00","og_image":[{"width":2560,"height":974,"url":"https:\/\/kulturneleto.eu\/wp-content\/uploads\/2023\/06\/Male-dejiny-umenia-scaled.jpg","type":"image\/jpeg"}],"twitter_card":"summary_large_image","twitter_misc":{"Est. reading time":"2 minutes"},"schema":{"@context":"https:\/\/schema.org","@graph":[{"@type":"WebPage","@id":"https:\/\/kulturneleto.eu\/event\/male-dejiny-umenia-3-insitne-umenie-a-henri-rousseau\/","url":"https:\/\/kulturneleto.eu\/event\/male-dejiny-umenia-3-insitne-umenie-a-henri-rousseau\/","name":"MAL\u00c9 DEJINY UMENIA 3: Insitn\u00e9 umenie a Henri Rousseau - \u017dilinsk\u00e9 kult\u00farne leto 2025","isPartOf":{"@id":"https:\/\/kulturneleto.eu\/#website"},"primaryImageOfPage":{"@id":"https:\/\/kulturneleto.eu\/event\/male-dejiny-umenia-3-insitne-umenie-a-henri-rousseau\/#primaryimage"},"image":{"@id":"https:\/\/kulturneleto.eu\/event\/male-dejiny-umenia-3-insitne-umenie-a-henri-rousseau\/#primaryimage"},"thumbnailUrl":"https:\/\/kulturneleto.eu\/wp-content\/uploads\/2023\/06\/Male-dejiny-umenia-scaled.jpg","datePublished":"2023-06-29T07:56:14+00:00","dateModified":"2023-07-04T07:56:27+00:00","breadcrumb":{"@id":"https:\/\/kulturneleto.eu\/event\/male-dejiny-umenia-3-insitne-umenie-a-henri-rousseau\/#breadcrumb"},"inLanguage":"en-US","potentialAction":[{"@type":"ReadAction","target":["https:\/\/kulturneleto.eu\/event\/male-dejiny-umenia-3-insitne-umenie-a-henri-rousseau\/"]}]},{"@type":"ImageObject","inLanguage":"en-US","@id":"https:\/\/kulturneleto.eu\/event\/male-dejiny-umenia-3-insitne-umenie-a-henri-rousseau\/#primaryimage","url":"https:\/\/kulturneleto.eu\/wp-content\/uploads\/2023\/06\/Male-dejiny-umenia-scaled.jpg","contentUrl":"https:\/\/kulturneleto.eu\/wp-content\/uploads\/2023\/06\/Male-dejiny-umenia-scaled.jpg","width":2560,"height":974},{"@type":"BreadcrumbList","@id":"https:\/\/kulturneleto.eu\/event\/male-dejiny-umenia-3-insitne-umenie-a-henri-rousseau\/#breadcrumb","itemListElement":[{"@type":"ListItem","position":1,"name":"Domovsk\u00e1 str\u00e1nka","item":"https:\/\/kulturneleto.eu\/"},{"@type":"ListItem","position":2,"name":"MAL\u00c9 DEJINY UMENIA 3: Insitn\u00e9 umenie a Henri Rousseau"}]},{"@type":"WebSite","@id":"https:\/\/kulturneleto.eu\/#website","url":"https:\/\/kulturneleto.eu\/","name":"\u017dilinsk\u00e9 kult\u00farne leto 2025","description":"j\u00fal, august, september","publisher":{"@id":"https:\/\/kulturneleto.eu\/#organization"},"potentialAction":[{"@type":"SearchAction","target":{"@type":"EntryPoint","urlTemplate":"https:\/\/kulturneleto.eu\/?s={search_term_string}"},"query-input":{"@type":"PropertyValueSpecification","valueRequired":true,"valueName":"search_term_string"}}],"inLanguage":"en-US"},{"@type":"Organization","@id":"https:\/\/kulturneleto.eu\/#organization","name":"Kult\u00farne leto","url":"https:\/\/kulturneleto.eu\/","logo":{"@type":"ImageObject","inLanguage":"en-US","@id":"https:\/\/kulturneleto.eu\/#\/schema\/logo\/image\/","url":"https:\/\/kulturneleto.eu\/wp-content\/uploads\/2022\/06\/logo_zkl_2022_orange.png","contentUrl":"https:\/\/kulturneleto.eu\/wp-content\/uploads\/2022\/06\/logo_zkl_2022_orange.png","width":330,"height":117,"caption":"Kult\u00farne leto"},"image":{"@id":"https:\/\/kulturneleto.eu\/#\/schema\/logo\/image\/"},"sameAs":["https:\/\/www.facebook.com\/Mesto-ilina-162541880519007","https:\/\/www.youtube.com\/channel\/UCfY6Cc8yEeMgTWAUW5QaGAw","https:\/\/www.instagram.com\/mestozilina\/?hl=sk"]}]}},"_links":{"self":[{"href":"https:\/\/kulturneleto.eu\/en\/wp-json\/wp\/v2\/event_listing\/5256","targetHints":{"allow":["GET"]}}],"collection":[{"href":"https:\/\/kulturneleto.eu\/en\/wp-json\/wp\/v2\/event_listing"}],"about":[{"href":"https:\/\/kulturneleto.eu\/en\/wp-json\/wp\/v2\/types\/event_listing"}],"wp:featuredmedia":[{"embeddable":true,"href":"https:\/\/kulturneleto.eu\/en\/wp-json\/wp\/v2\/media\/5355"}],"wp:attachment":[{"href":"https:\/\/kulturneleto.eu\/en\/wp-json\/wp\/v2\/media?parent=5256"}],"wp:term":[{"taxonomy":"event_listing_category","embeddable":true,"href":"https:\/\/kulturneleto.eu\/en\/wp-json\/wp\/v2\/event_listing_category?post=5256"},{"taxonomy":"event_listing_type","embeddable":true,"href":"https:\/\/kulturneleto.eu\/en\/wp-json\/wp\/v2\/event_listing_type?post=5256"}],"curies":[{"name":"wp","href":"https:\/\/api.w.org\/{rel}","templated":true}]}}