{"id":5262,"date":"2023-06-29T10:00:35","date_gmt":"2023-06-29T08:00:35","guid":{"rendered":"https:\/\/kulturneleto.eu\/?post_type=event_listing&#038;p=5262"},"modified":"2023-07-04T09:56:34","modified_gmt":"2023-07-04T07:56:34","slug":"male-dejiny-umenia-3-akvarely-emila-noldeho","status":"publish","type":"event_listing","link":"https:\/\/kulturneleto.eu\/en\/event\/male-dejiny-umenia-3-akvarely-emila-noldeho\/","title":{"rendered":"MAL\u00c9 DEJINY UMENIA 3: Akvarely Emila Noldeho"},"content":{"rendered":"<p>14:00 TVORIV\u00c1 DIEL\u0147A PRE DETI<\/p>\n<div class=\"xdj266r x11i5rnm xat24cr x1mh8g0r x1vvkbs\">Akvarely Emila Noldeho<br \/>\nEmil Nolde bol nemeck\u00fd maliar a grafik, ktor\u00fd patr\u00ed medzi najzn\u00e1mej\u0161\u00edch expresionistick\u00fdch umelcov. Z\u00e1sadn\u00fa \u00falohu v jeho diele zohr\u00e1vala technika akvarelu. Pri tejto technike sa pou\u017e\u00edva farba rozpusten\u00e1 vo vode a ma\u013euje sa na r\u00f4zne povrchy ako papier, plast, ko\u017ea, drevo, pl\u00e1tno a in\u00e9. <span style=\"font-size: 16px;\">Objavujte umenie z\u00e1bavnou formou spolu s nami. Tentokr\u00e1t presk\u00famame akvarely nemeck\u00e9ho umelca Emila Noldeho, ktor\u00e9 s\u00fa pln\u00e9 farieb, vysk\u00fa\u0161ame si a nau\u010d\u00edme sa pracova\u0165 s podobn\u00fdmi materi\u00e1lmi a pom\u00f4ckami ako vyu\u017e\u00edval aj samotn\u00fd umelec a vytvor\u00edme si svoje vlastn\u00e9 akvarelov\u00e9 krajinky.<\/span><\/div>\n<div><\/div>\n<p>17:00 PREDN\u00c1\u0160KA<\/p>\n<p>Akvarely Emila Noldeho<\/p>\n<p>Introvertn\u00fd maliar Emil Hansen alebo Emil Nolde bol v\u00fdznamn\u00fdm predstavite\u013eom nemeck\u00e9ho expresionizmu, ktor\u00fd sa vyzna\u010doval t\u00fdm, \u017ee zd\u00f4raz\u0148oval osobn\u00fa psychologick\u00fa a citov\u00fa reakciu umelca na obsahov\u00fa n\u00e1pl\u0148 diela. V jeho umen\u00ed prevl\u00e1dali dve t\u00e9my a to miestna krajina a interpret\u00e1cia biblick\u00fdch pr\u00edbehov. Jeho akvarelov\u00e1 tvorba bola v roku 1914 zak\u00e1zan\u00e1, no on sa vzoprel a svoje akvarelov\u00e9 krajiny za\u010dal ma\u013eova\u0165 na papieri malom form\u00e1te.<br \/>\nViac o osobnosti Emila Noldeho sa dozviete na predn\u00e1\u0161ke Jany Tenczer Jur\u00e1nkovej. Objavujte umenie z\u00e1bavnou formou spolu s nami.<\/p>\n<p>&nbsp;<\/p>\n<p>18:45 WORKSHOP PRE DOSPEL\u00ddCH<\/p>\n<p>Akvarely Emila Noldeho<\/p>\n<p>Emil Nolde patr\u00ed medzi najzn\u00e1mej\u0161\u00edch expresionistov a jeho p\u00f4sobenie je sp\u00e1jan\u00e9 s umeleckou skupinou Die Br\u00fccke, ktor\u00fa v\u0161ak po roku opustil. Ako v\u00e4\u010d\u0161ina nemeck\u00fdch expresionistov ovl\u00e1dal techniku drevorezu i olejoma\u013eby, no z\u00e1sadn\u00fa rolu hrala technika akvarelu. Medzi jeho naj\u010dastej\u0161ie n\u00e1mety obrazov patria krajiny, biblick\u00e9, ve\u013ekomestsk\u00e9 v\u00fdjavy i kvetiny. Intenz\u00edvny z\u00e1ujem o t\u00e9mu kvetov odr\u00e1\u017eal jeho z\u00e1ujem o umenie Vincenta van Gogha. Jeho dielo bolo nesk\u00f4r ozna\u010den\u00e9 nacistami ako zvrhl\u00e9 a mal zak\u00e1zan\u00e9 ma\u013eova\u0165. V tomto obdob\u00ed tvoril ve\u013emi neobvykl\u00e9 akvarely naz\u00fdvan\u00e9 ako \u201enenama\u013eovan\u00e9 obrazy\u201c.<br \/>\nPribl\u00ed\u017ei\u0165 sa k tvorbe Emila Nodeho a vysk\u00fa\u0161a\u0165 si techniku akvarelu budete m\u00f4c\u0165 s pomocou Vladim\u00edra Vakova.<\/p>\n<p>&nbsp;<\/p>\n<p>Na jednotliv\u00e9 tvoriv\u00e9 dielne pre deti a workshopy pre dospel\u00fdch je nutn\u00e9 sa vopred prihl\u00e1si\u0165 (simona.domanicka@rosenfeldovpalac.sk, +421 41 7649 692).<\/p>\n<p>Vstup zdarma.<\/p>","protected":false},"featured_media":5355,"template":"","meta":[],"event_listing_category":[97],"event_listing_type":[83],"class_list":["post-5262","event_listing","type-event_listing","status-publish","has-post-thumbnail","hentry","event_listing_category-zkl2023","event_listing_type-ine"],"yoast_head":"<!-- This site is optimized with the Yoast SEO plugin v27.1.1 - https:\/\/yoast.com\/product\/yoast-seo-wordpress\/ -->\n<title>MAL\u00c9 DEJINY UMENIA 3: Akvarely Emila Noldeho - \u017dilinsk\u00e9 kult\u00farne leto 2025<\/title>\n<meta name=\"robots\" content=\"index, follow, max-snippet:-1, max-image-preview:large, max-video-preview:-1\" \/>\n<link rel=\"canonical\" href=\"https:\/\/kulturneleto.eu\/en\/event\/male-dejiny-umenia-3-akvarely-emila-noldeho\/\" \/>\n<meta property=\"og:locale\" content=\"en_US\" \/>\n<meta property=\"og:type\" content=\"article\" \/>\n<meta property=\"og:title\" content=\"MAL\u00c9 DEJINY UMENIA 3: Akvarely Emila Noldeho - \u017dilinsk\u00e9 kult\u00farne leto 2025\" \/>\n<meta property=\"og:description\" content=\"14:00 TVORIV\u00c1 DIEL\u0147A PRE DETI Akvarely Emila Noldeho Emil Nolde bol nemeck\u00fd maliar a grafik, ktor\u00fd patr\u00ed medzi najzn\u00e1mej\u0161\u00edch expresionistick\u00fdch umelcov. Z\u00e1sadn\u00fa \u00falohu v jeho diele zohr\u00e1vala technika akvarelu. Pri tejto technike sa pou\u017e\u00edva farba rozpusten\u00e1 vo vode a ma\u013euje sa na r\u00f4zne povrchy ako papier, plast, ko\u017ea, drevo, pl\u00e1tno a in\u00e9. Objavujte umenie z\u00e1bavnou [&hellip;]\" \/>\n<meta property=\"og:url\" content=\"https:\/\/kulturneleto.eu\/en\/event\/male-dejiny-umenia-3-akvarely-emila-noldeho\/\" \/>\n<meta property=\"og:site_name\" content=\"\u017dilinsk\u00e9 kult\u00farne leto 2025\" \/>\n<meta property=\"article:publisher\" content=\"https:\/\/www.facebook.com\/Mesto-ilina-162541880519007\" \/>\n<meta property=\"article:modified_time\" content=\"2023-07-04T07:56:34+00:00\" \/>\n<meta property=\"og:image\" content=\"https:\/\/kulturneleto.eu\/wp-content\/uploads\/2023\/06\/Male-dejiny-umenia-scaled.jpg\" \/>\n\t<meta property=\"og:image:width\" content=\"2560\" \/>\n\t<meta property=\"og:image:height\" content=\"974\" \/>\n\t<meta property=\"og:image:type\" content=\"image\/jpeg\" \/>\n<meta name=\"twitter:card\" content=\"summary_large_image\" \/>\n<meta name=\"twitter:label1\" content=\"Est. reading time\" \/>\n\t<meta name=\"twitter:data1\" content=\"2 minutes\" \/>\n<script type=\"application\/ld+json\" class=\"yoast-schema-graph\">{\"@context\":\"https:\/\/schema.org\",\"@graph\":[{\"@type\":\"WebPage\",\"@id\":\"https:\/\/kulturneleto.eu\/event\/male-dejiny-umenia-3-akvarely-emila-noldeho\/\",\"url\":\"https:\/\/kulturneleto.eu\/event\/male-dejiny-umenia-3-akvarely-emila-noldeho\/\",\"name\":\"MAL\u00c9 DEJINY UMENIA 3: Akvarely Emila Noldeho - \u017dilinsk\u00e9 kult\u00farne leto 2025\",\"isPartOf\":{\"@id\":\"https:\/\/kulturneleto.eu\/#website\"},\"primaryImageOfPage\":{\"@id\":\"https:\/\/kulturneleto.eu\/event\/male-dejiny-umenia-3-akvarely-emila-noldeho\/#primaryimage\"},\"image\":{\"@id\":\"https:\/\/kulturneleto.eu\/event\/male-dejiny-umenia-3-akvarely-emila-noldeho\/#primaryimage\"},\"thumbnailUrl\":\"https:\/\/kulturneleto.eu\/wp-content\/uploads\/2023\/06\/Male-dejiny-umenia-scaled.jpg\",\"datePublished\":\"2023-06-29T08:00:35+00:00\",\"dateModified\":\"2023-07-04T07:56:34+00:00\",\"breadcrumb\":{\"@id\":\"https:\/\/kulturneleto.eu\/event\/male-dejiny-umenia-3-akvarely-emila-noldeho\/#breadcrumb\"},\"inLanguage\":\"en-US\",\"potentialAction\":[{\"@type\":\"ReadAction\",\"target\":[\"https:\/\/kulturneleto.eu\/event\/male-dejiny-umenia-3-akvarely-emila-noldeho\/\"]}]},{\"@type\":\"ImageObject\",\"inLanguage\":\"en-US\",\"@id\":\"https:\/\/kulturneleto.eu\/event\/male-dejiny-umenia-3-akvarely-emila-noldeho\/#primaryimage\",\"url\":\"https:\/\/kulturneleto.eu\/wp-content\/uploads\/2023\/06\/Male-dejiny-umenia-scaled.jpg\",\"contentUrl\":\"https:\/\/kulturneleto.eu\/wp-content\/uploads\/2023\/06\/Male-dejiny-umenia-scaled.jpg\",\"width\":2560,\"height\":974},{\"@type\":\"BreadcrumbList\",\"@id\":\"https:\/\/kulturneleto.eu\/event\/male-dejiny-umenia-3-akvarely-emila-noldeho\/#breadcrumb\",\"itemListElement\":[{\"@type\":\"ListItem\",\"position\":1,\"name\":\"Domovsk\u00e1 str\u00e1nka\",\"item\":\"https:\/\/kulturneleto.eu\/\"},{\"@type\":\"ListItem\",\"position\":2,\"name\":\"MAL\u00c9 DEJINY UMENIA 3: Akvarely Emila Noldeho\"}]},{\"@type\":\"WebSite\",\"@id\":\"https:\/\/kulturneleto.eu\/#website\",\"url\":\"https:\/\/kulturneleto.eu\/\",\"name\":\"\u017dilinsk\u00e9 kult\u00farne leto 2025\",\"description\":\"j\u00fal, august, september\",\"publisher\":{\"@id\":\"https:\/\/kulturneleto.eu\/#organization\"},\"potentialAction\":[{\"@type\":\"SearchAction\",\"target\":{\"@type\":\"EntryPoint\",\"urlTemplate\":\"https:\/\/kulturneleto.eu\/?s={search_term_string}\"},\"query-input\":{\"@type\":\"PropertyValueSpecification\",\"valueRequired\":true,\"valueName\":\"search_term_string\"}}],\"inLanguage\":\"en-US\"},{\"@type\":\"Organization\",\"@id\":\"https:\/\/kulturneleto.eu\/#organization\",\"name\":\"Kult\u00farne leto\",\"url\":\"https:\/\/kulturneleto.eu\/\",\"logo\":{\"@type\":\"ImageObject\",\"inLanguage\":\"en-US\",\"@id\":\"https:\/\/kulturneleto.eu\/#\/schema\/logo\/image\/\",\"url\":\"https:\/\/kulturneleto.eu\/wp-content\/uploads\/2022\/06\/logo_zkl_2022_orange.png\",\"contentUrl\":\"https:\/\/kulturneleto.eu\/wp-content\/uploads\/2022\/06\/logo_zkl_2022_orange.png\",\"width\":330,\"height\":117,\"caption\":\"Kult\u00farne leto\"},\"image\":{\"@id\":\"https:\/\/kulturneleto.eu\/#\/schema\/logo\/image\/\"},\"sameAs\":[\"https:\/\/www.facebook.com\/Mesto-ilina-162541880519007\",\"https:\/\/www.youtube.com\/channel\/UCfY6Cc8yEeMgTWAUW5QaGAw\",\"https:\/\/www.instagram.com\/mestozilina\/?hl=sk\"]}]}<\/script>\n<!-- \/ Yoast SEO plugin. -->","yoast_head_json":{"title":"MAL\u00c9 DEJINY UMENIA 3: Akvarely Emila Noldeho - \u017dilinsk\u00e9 kult\u00farne leto 2025","robots":{"index":"index","follow":"follow","max-snippet":"max-snippet:-1","max-image-preview":"max-image-preview:large","max-video-preview":"max-video-preview:-1"},"canonical":"https:\/\/kulturneleto.eu\/en\/event\/male-dejiny-umenia-3-akvarely-emila-noldeho\/","og_locale":"en_US","og_type":"article","og_title":"MAL\u00c9 DEJINY UMENIA 3: Akvarely Emila Noldeho - \u017dilinsk\u00e9 kult\u00farne leto 2025","og_description":"14:00 TVORIV\u00c1 DIEL\u0147A PRE DETI Akvarely Emila Noldeho Emil Nolde bol nemeck\u00fd maliar a grafik, ktor\u00fd patr\u00ed medzi najzn\u00e1mej\u0161\u00edch expresionistick\u00fdch umelcov. Z\u00e1sadn\u00fa \u00falohu v jeho diele zohr\u00e1vala technika akvarelu. Pri tejto technike sa pou\u017e\u00edva farba rozpusten\u00e1 vo vode a ma\u013euje sa na r\u00f4zne povrchy ako papier, plast, ko\u017ea, drevo, pl\u00e1tno a in\u00e9. Objavujte umenie z\u00e1bavnou [&hellip;]","og_url":"https:\/\/kulturneleto.eu\/en\/event\/male-dejiny-umenia-3-akvarely-emila-noldeho\/","og_site_name":"\u017dilinsk\u00e9 kult\u00farne leto 2025","article_publisher":"https:\/\/www.facebook.com\/Mesto-ilina-162541880519007","article_modified_time":"2023-07-04T07:56:34+00:00","og_image":[{"width":2560,"height":974,"url":"https:\/\/kulturneleto.eu\/wp-content\/uploads\/2023\/06\/Male-dejiny-umenia-scaled.jpg","type":"image\/jpeg"}],"twitter_card":"summary_large_image","twitter_misc":{"Est. reading time":"2 minutes"},"schema":{"@context":"https:\/\/schema.org","@graph":[{"@type":"WebPage","@id":"https:\/\/kulturneleto.eu\/event\/male-dejiny-umenia-3-akvarely-emila-noldeho\/","url":"https:\/\/kulturneleto.eu\/event\/male-dejiny-umenia-3-akvarely-emila-noldeho\/","name":"MAL\u00c9 DEJINY UMENIA 3: Akvarely Emila Noldeho - \u017dilinsk\u00e9 kult\u00farne leto 2025","isPartOf":{"@id":"https:\/\/kulturneleto.eu\/#website"},"primaryImageOfPage":{"@id":"https:\/\/kulturneleto.eu\/event\/male-dejiny-umenia-3-akvarely-emila-noldeho\/#primaryimage"},"image":{"@id":"https:\/\/kulturneleto.eu\/event\/male-dejiny-umenia-3-akvarely-emila-noldeho\/#primaryimage"},"thumbnailUrl":"https:\/\/kulturneleto.eu\/wp-content\/uploads\/2023\/06\/Male-dejiny-umenia-scaled.jpg","datePublished":"2023-06-29T08:00:35+00:00","dateModified":"2023-07-04T07:56:34+00:00","breadcrumb":{"@id":"https:\/\/kulturneleto.eu\/event\/male-dejiny-umenia-3-akvarely-emila-noldeho\/#breadcrumb"},"inLanguage":"en-US","potentialAction":[{"@type":"ReadAction","target":["https:\/\/kulturneleto.eu\/event\/male-dejiny-umenia-3-akvarely-emila-noldeho\/"]}]},{"@type":"ImageObject","inLanguage":"en-US","@id":"https:\/\/kulturneleto.eu\/event\/male-dejiny-umenia-3-akvarely-emila-noldeho\/#primaryimage","url":"https:\/\/kulturneleto.eu\/wp-content\/uploads\/2023\/06\/Male-dejiny-umenia-scaled.jpg","contentUrl":"https:\/\/kulturneleto.eu\/wp-content\/uploads\/2023\/06\/Male-dejiny-umenia-scaled.jpg","width":2560,"height":974},{"@type":"BreadcrumbList","@id":"https:\/\/kulturneleto.eu\/event\/male-dejiny-umenia-3-akvarely-emila-noldeho\/#breadcrumb","itemListElement":[{"@type":"ListItem","position":1,"name":"Domovsk\u00e1 str\u00e1nka","item":"https:\/\/kulturneleto.eu\/"},{"@type":"ListItem","position":2,"name":"MAL\u00c9 DEJINY UMENIA 3: Akvarely Emila Noldeho"}]},{"@type":"WebSite","@id":"https:\/\/kulturneleto.eu\/#website","url":"https:\/\/kulturneleto.eu\/","name":"\u017dilinsk\u00e9 kult\u00farne leto 2025","description":"j\u00fal, august, september","publisher":{"@id":"https:\/\/kulturneleto.eu\/#organization"},"potentialAction":[{"@type":"SearchAction","target":{"@type":"EntryPoint","urlTemplate":"https:\/\/kulturneleto.eu\/?s={search_term_string}"},"query-input":{"@type":"PropertyValueSpecification","valueRequired":true,"valueName":"search_term_string"}}],"inLanguage":"en-US"},{"@type":"Organization","@id":"https:\/\/kulturneleto.eu\/#organization","name":"Kult\u00farne leto","url":"https:\/\/kulturneleto.eu\/","logo":{"@type":"ImageObject","inLanguage":"en-US","@id":"https:\/\/kulturneleto.eu\/#\/schema\/logo\/image\/","url":"https:\/\/kulturneleto.eu\/wp-content\/uploads\/2022\/06\/logo_zkl_2022_orange.png","contentUrl":"https:\/\/kulturneleto.eu\/wp-content\/uploads\/2022\/06\/logo_zkl_2022_orange.png","width":330,"height":117,"caption":"Kult\u00farne leto"},"image":{"@id":"https:\/\/kulturneleto.eu\/#\/schema\/logo\/image\/"},"sameAs":["https:\/\/www.facebook.com\/Mesto-ilina-162541880519007","https:\/\/www.youtube.com\/channel\/UCfY6Cc8yEeMgTWAUW5QaGAw","https:\/\/www.instagram.com\/mestozilina\/?hl=sk"]}]}},"_links":{"self":[{"href":"https:\/\/kulturneleto.eu\/en\/wp-json\/wp\/v2\/event_listing\/5262","targetHints":{"allow":["GET"]}}],"collection":[{"href":"https:\/\/kulturneleto.eu\/en\/wp-json\/wp\/v2\/event_listing"}],"about":[{"href":"https:\/\/kulturneleto.eu\/en\/wp-json\/wp\/v2\/types\/event_listing"}],"wp:featuredmedia":[{"embeddable":true,"href":"https:\/\/kulturneleto.eu\/en\/wp-json\/wp\/v2\/media\/5355"}],"wp:attachment":[{"href":"https:\/\/kulturneleto.eu\/en\/wp-json\/wp\/v2\/media?parent=5262"}],"wp:term":[{"taxonomy":"event_listing_category","embeddable":true,"href":"https:\/\/kulturneleto.eu\/en\/wp-json\/wp\/v2\/event_listing_category?post=5262"},{"taxonomy":"event_listing_type","embeddable":true,"href":"https:\/\/kulturneleto.eu\/en\/wp-json\/wp\/v2\/event_listing_type?post=5262"}],"curies":[{"name":"wp","href":"https:\/\/api.w.org\/{rel}","templated":true}]}}