{"id":5273,"date":"2023-06-30T08:29:15","date_gmt":"2023-06-30T06:29:15","guid":{"rendered":"https:\/\/kulturneleto.eu\/?post_type=event_listing&#038;p=5273"},"modified":"2023-07-02T12:02:00","modified_gmt":"2023-07-02T10:02:00","slug":"fedor-z-krajiny-mala-divadlo-na-hojdacke","status":"publish","type":"event_listing","link":"https:\/\/kulturneleto.eu\/en\/event\/fedor-z-krajiny-mala-divadlo-na-hojdacke\/","title":{"rendered":"Fedor z\u00a0krajiny Mala \/ Divadlo na Hojda\u010dke"},"content":{"rendered":"<p>Autorsk\u00e1 rozpr\u00e1vka o chlapcovi, ktor\u00fd sa tak ve\u013emi b\u00e1l v\u0161etk\u00e9ho, \u017ee si prial zmen\u0161i\u0165 sa, aby ho nikto viac nevidel. Zrazu ho po pleci poklepe mravec a tu sa za\u010d\u00edna Fedorove dobrodru\u017estvo na l\u00fake, kde stretne mnoho kamar\u00e1tov z r\u00ed\u0161e hmyzu.<br \/>\nPodar\u00ed sa mu spolu s mravcom a pav\u00fakom zachr\u00e1ni\u0165 v\u010del\u00ed \u00fa\u013e pred \u00fatokom potkana?<br \/>\nViac uvid\u00edte vo veselej b\u00e1bkovej rozpr\u00e1vke s pesni\u010dkami, ktor\u00e1 n\u00e1s vedie k l\u00e1ske k pr\u00edrode a \u017eiv\u00fdm tvorom.V inscen\u00e1cii sa Divadlo na Hojda\u010dke venuje t\u00e9mam odb\u00farania strachu z nezn\u00e1mych tvorov, ktor\u00e9 m\u00f4\u017eu by\u0165 naopak ve\u013emi u\u017eito\u010dn\u00e9 a priate\u013esk\u00e9. Tematick\u00fd presah je do environment\u00e1lnej roviny, kde napr\u00edklad v\u010dely nielen\u017ee d\u00e1vaj\u00fa med a ope\u013euj\u00fa rastliny, ale bez nich by na Zemi v\u00f4bec nebol \u017eivot.<\/p>\n<p>Vhodn\u00e9 pre deti 4 \u2013 10 rokov, d\u013a\u017eka 40 min.<\/p>\n<p>&nbsp;<\/p>\n<p>Vstup: 4,00 Eur (dospel\u00ed \u2013 18+) \/ 2,00 Eur (\u0161tudenti \u2013 Z\u0160, S\u0160, V\u0160)<br \/>\nDeti (do veku 6 rokov), seniori a Z\u0164P \u2013 vstup zadarmo<\/p>\n<p>&nbsp;<\/p>\n<p>B\u00e1bkov\u00e9 predstavenie pre rodiny s de\u0165mi po\u010das festivalu Ign\u00e1cove dni.<\/p>","protected":false},"featured_media":5370,"template":"","meta":[],"event_listing_category":[97],"event_listing_type":[81],"class_list":["post-5273","event_listing","type-event_listing","status-publish","has-post-thumbnail","hentry","event_listing_category-zkl2023","event_listing_type-kino-divadlo"],"yoast_head":"<!-- This site is optimized with the Yoast SEO plugin v27.1.1 - https:\/\/yoast.com\/product\/yoast-seo-wordpress\/ -->\n<title>Fedor z\u00a0krajiny Mala \/ Divadlo na Hojda\u010dke - \u017dilinsk\u00e9 kult\u00farne leto 2025<\/title>\n<meta name=\"robots\" content=\"index, follow, max-snippet:-1, max-image-preview:large, max-video-preview:-1\" \/>\n<link rel=\"canonical\" href=\"https:\/\/kulturneleto.eu\/en\/event\/fedor-z-krajiny-mala-divadlo-na-hojdacke\/\" \/>\n<meta property=\"og:locale\" content=\"en_US\" \/>\n<meta property=\"og:type\" content=\"article\" \/>\n<meta property=\"og:title\" content=\"Fedor z\u00a0krajiny Mala \/ Divadlo na Hojda\u010dke - \u017dilinsk\u00e9 kult\u00farne leto 2025\" \/>\n<meta property=\"og:description\" content=\"Autorsk\u00e1 rozpr\u00e1vka o chlapcovi, ktor\u00fd sa tak ve\u013emi b\u00e1l v\u0161etk\u00e9ho, \u017ee si prial zmen\u0161i\u0165 sa, aby ho nikto viac nevidel. Zrazu ho po pleci poklepe mravec a tu sa za\u010d\u00edna Fedorove dobrodru\u017estvo na l\u00fake, kde stretne mnoho kamar\u00e1tov z r\u00ed\u0161e hmyzu. Podar\u00ed sa mu spolu s mravcom a pav\u00fakom zachr\u00e1ni\u0165 v\u010del\u00ed \u00fa\u013e pred \u00fatokom potkana? [&hellip;]\" \/>\n<meta property=\"og:url\" content=\"https:\/\/kulturneleto.eu\/en\/event\/fedor-z-krajiny-mala-divadlo-na-hojdacke\/\" \/>\n<meta property=\"og:site_name\" content=\"\u017dilinsk\u00e9 kult\u00farne leto 2025\" \/>\n<meta property=\"article:publisher\" content=\"https:\/\/www.facebook.com\/Mesto-ilina-162541880519007\" \/>\n<meta property=\"article:modified_time\" content=\"2023-07-02T10:02:00+00:00\" \/>\n<meta property=\"og:image\" content=\"https:\/\/kulturneleto.eu\/wp-content\/uploads\/2023\/06\/Fedor.jpg\" \/>\n\t<meta property=\"og:image:width\" content=\"2500\" \/>\n\t<meta property=\"og:image:height\" content=\"1662\" \/>\n\t<meta property=\"og:image:type\" content=\"image\/jpeg\" \/>\n<meta name=\"twitter:card\" content=\"summary_large_image\" \/>\n<meta name=\"twitter:label1\" content=\"Est. reading time\" \/>\n\t<meta name=\"twitter:data1\" content=\"1 minute\" \/>\n<script type=\"application\/ld+json\" class=\"yoast-schema-graph\">{\"@context\":\"https:\/\/schema.org\",\"@graph\":[{\"@type\":\"WebPage\",\"@id\":\"https:\/\/kulturneleto.eu\/event\/fedor-z-krajiny-mala-divadlo-na-hojdacke\/\",\"url\":\"https:\/\/kulturneleto.eu\/event\/fedor-z-krajiny-mala-divadlo-na-hojdacke\/\",\"name\":\"Fedor z\u00a0krajiny Mala \/ Divadlo na Hojda\u010dke - \u017dilinsk\u00e9 kult\u00farne leto 2025\",\"isPartOf\":{\"@id\":\"https:\/\/kulturneleto.eu\/#website\"},\"primaryImageOfPage\":{\"@id\":\"https:\/\/kulturneleto.eu\/event\/fedor-z-krajiny-mala-divadlo-na-hojdacke\/#primaryimage\"},\"image\":{\"@id\":\"https:\/\/kulturneleto.eu\/event\/fedor-z-krajiny-mala-divadlo-na-hojdacke\/#primaryimage\"},\"thumbnailUrl\":\"https:\/\/kulturneleto.eu\/wp-content\/uploads\/2023\/06\/Fedor.jpg\",\"datePublished\":\"2023-06-30T06:29:15+00:00\",\"dateModified\":\"2023-07-02T10:02:00+00:00\",\"breadcrumb\":{\"@id\":\"https:\/\/kulturneleto.eu\/event\/fedor-z-krajiny-mala-divadlo-na-hojdacke\/#breadcrumb\"},\"inLanguage\":\"en-US\",\"potentialAction\":[{\"@type\":\"ReadAction\",\"target\":[\"https:\/\/kulturneleto.eu\/event\/fedor-z-krajiny-mala-divadlo-na-hojdacke\/\"]}]},{\"@type\":\"ImageObject\",\"inLanguage\":\"en-US\",\"@id\":\"https:\/\/kulturneleto.eu\/event\/fedor-z-krajiny-mala-divadlo-na-hojdacke\/#primaryimage\",\"url\":\"https:\/\/kulturneleto.eu\/wp-content\/uploads\/2023\/06\/Fedor.jpg\",\"contentUrl\":\"https:\/\/kulturneleto.eu\/wp-content\/uploads\/2023\/06\/Fedor.jpg\",\"width\":2500,\"height\":1662},{\"@type\":\"BreadcrumbList\",\"@id\":\"https:\/\/kulturneleto.eu\/event\/fedor-z-krajiny-mala-divadlo-na-hojdacke\/#breadcrumb\",\"itemListElement\":[{\"@type\":\"ListItem\",\"position\":1,\"name\":\"Domovsk\u00e1 str\u00e1nka\",\"item\":\"https:\/\/kulturneleto.eu\/\"},{\"@type\":\"ListItem\",\"position\":2,\"name\":\"Fedor z\u00a0krajiny Mala \/ Divadlo na Hojda\u010dke\"}]},{\"@type\":\"WebSite\",\"@id\":\"https:\/\/kulturneleto.eu\/#website\",\"url\":\"https:\/\/kulturneleto.eu\/\",\"name\":\"\u017dilinsk\u00e9 kult\u00farne leto 2025\",\"description\":\"j\u00fal, august, september\",\"publisher\":{\"@id\":\"https:\/\/kulturneleto.eu\/#organization\"},\"potentialAction\":[{\"@type\":\"SearchAction\",\"target\":{\"@type\":\"EntryPoint\",\"urlTemplate\":\"https:\/\/kulturneleto.eu\/?s={search_term_string}\"},\"query-input\":{\"@type\":\"PropertyValueSpecification\",\"valueRequired\":true,\"valueName\":\"search_term_string\"}}],\"inLanguage\":\"en-US\"},{\"@type\":\"Organization\",\"@id\":\"https:\/\/kulturneleto.eu\/#organization\",\"name\":\"Kult\u00farne leto\",\"url\":\"https:\/\/kulturneleto.eu\/\",\"logo\":{\"@type\":\"ImageObject\",\"inLanguage\":\"en-US\",\"@id\":\"https:\/\/kulturneleto.eu\/#\/schema\/logo\/image\/\",\"url\":\"https:\/\/kulturneleto.eu\/wp-content\/uploads\/2022\/06\/logo_zkl_2022_orange.png\",\"contentUrl\":\"https:\/\/kulturneleto.eu\/wp-content\/uploads\/2022\/06\/logo_zkl_2022_orange.png\",\"width\":330,\"height\":117,\"caption\":\"Kult\u00farne leto\"},\"image\":{\"@id\":\"https:\/\/kulturneleto.eu\/#\/schema\/logo\/image\/\"},\"sameAs\":[\"https:\/\/www.facebook.com\/Mesto-ilina-162541880519007\",\"https:\/\/www.youtube.com\/channel\/UCfY6Cc8yEeMgTWAUW5QaGAw\",\"https:\/\/www.instagram.com\/mestozilina\/?hl=sk\"]}]}<\/script>\n<!-- \/ Yoast SEO plugin. -->","yoast_head_json":{"title":"Fedor z\u00a0krajiny Mala \/ Divadlo na Hojda\u010dke - \u017dilinsk\u00e9 kult\u00farne leto 2025","robots":{"index":"index","follow":"follow","max-snippet":"max-snippet:-1","max-image-preview":"max-image-preview:large","max-video-preview":"max-video-preview:-1"},"canonical":"https:\/\/kulturneleto.eu\/en\/event\/fedor-z-krajiny-mala-divadlo-na-hojdacke\/","og_locale":"en_US","og_type":"article","og_title":"Fedor z\u00a0krajiny Mala \/ Divadlo na Hojda\u010dke - \u017dilinsk\u00e9 kult\u00farne leto 2025","og_description":"Autorsk\u00e1 rozpr\u00e1vka o chlapcovi, ktor\u00fd sa tak ve\u013emi b\u00e1l v\u0161etk\u00e9ho, \u017ee si prial zmen\u0161i\u0165 sa, aby ho nikto viac nevidel. Zrazu ho po pleci poklepe mravec a tu sa za\u010d\u00edna Fedorove dobrodru\u017estvo na l\u00fake, kde stretne mnoho kamar\u00e1tov z r\u00ed\u0161e hmyzu. Podar\u00ed sa mu spolu s mravcom a pav\u00fakom zachr\u00e1ni\u0165 v\u010del\u00ed \u00fa\u013e pred \u00fatokom potkana? [&hellip;]","og_url":"https:\/\/kulturneleto.eu\/en\/event\/fedor-z-krajiny-mala-divadlo-na-hojdacke\/","og_site_name":"\u017dilinsk\u00e9 kult\u00farne leto 2025","article_publisher":"https:\/\/www.facebook.com\/Mesto-ilina-162541880519007","article_modified_time":"2023-07-02T10:02:00+00:00","og_image":[{"width":2500,"height":1662,"url":"https:\/\/kulturneleto.eu\/wp-content\/uploads\/2023\/06\/Fedor.jpg","type":"image\/jpeg"}],"twitter_card":"summary_large_image","twitter_misc":{"Est. reading time":"1 minute"},"schema":{"@context":"https:\/\/schema.org","@graph":[{"@type":"WebPage","@id":"https:\/\/kulturneleto.eu\/event\/fedor-z-krajiny-mala-divadlo-na-hojdacke\/","url":"https:\/\/kulturneleto.eu\/event\/fedor-z-krajiny-mala-divadlo-na-hojdacke\/","name":"Fedor z\u00a0krajiny Mala \/ Divadlo na Hojda\u010dke - \u017dilinsk\u00e9 kult\u00farne leto 2025","isPartOf":{"@id":"https:\/\/kulturneleto.eu\/#website"},"primaryImageOfPage":{"@id":"https:\/\/kulturneleto.eu\/event\/fedor-z-krajiny-mala-divadlo-na-hojdacke\/#primaryimage"},"image":{"@id":"https:\/\/kulturneleto.eu\/event\/fedor-z-krajiny-mala-divadlo-na-hojdacke\/#primaryimage"},"thumbnailUrl":"https:\/\/kulturneleto.eu\/wp-content\/uploads\/2023\/06\/Fedor.jpg","datePublished":"2023-06-30T06:29:15+00:00","dateModified":"2023-07-02T10:02:00+00:00","breadcrumb":{"@id":"https:\/\/kulturneleto.eu\/event\/fedor-z-krajiny-mala-divadlo-na-hojdacke\/#breadcrumb"},"inLanguage":"en-US","potentialAction":[{"@type":"ReadAction","target":["https:\/\/kulturneleto.eu\/event\/fedor-z-krajiny-mala-divadlo-na-hojdacke\/"]}]},{"@type":"ImageObject","inLanguage":"en-US","@id":"https:\/\/kulturneleto.eu\/event\/fedor-z-krajiny-mala-divadlo-na-hojdacke\/#primaryimage","url":"https:\/\/kulturneleto.eu\/wp-content\/uploads\/2023\/06\/Fedor.jpg","contentUrl":"https:\/\/kulturneleto.eu\/wp-content\/uploads\/2023\/06\/Fedor.jpg","width":2500,"height":1662},{"@type":"BreadcrumbList","@id":"https:\/\/kulturneleto.eu\/event\/fedor-z-krajiny-mala-divadlo-na-hojdacke\/#breadcrumb","itemListElement":[{"@type":"ListItem","position":1,"name":"Domovsk\u00e1 str\u00e1nka","item":"https:\/\/kulturneleto.eu\/"},{"@type":"ListItem","position":2,"name":"Fedor z\u00a0krajiny Mala \/ Divadlo na Hojda\u010dke"}]},{"@type":"WebSite","@id":"https:\/\/kulturneleto.eu\/#website","url":"https:\/\/kulturneleto.eu\/","name":"\u017dilinsk\u00e9 kult\u00farne leto 2025","description":"j\u00fal, august, september","publisher":{"@id":"https:\/\/kulturneleto.eu\/#organization"},"potentialAction":[{"@type":"SearchAction","target":{"@type":"EntryPoint","urlTemplate":"https:\/\/kulturneleto.eu\/?s={search_term_string}"},"query-input":{"@type":"PropertyValueSpecification","valueRequired":true,"valueName":"search_term_string"}}],"inLanguage":"en-US"},{"@type":"Organization","@id":"https:\/\/kulturneleto.eu\/#organization","name":"Kult\u00farne leto","url":"https:\/\/kulturneleto.eu\/","logo":{"@type":"ImageObject","inLanguage":"en-US","@id":"https:\/\/kulturneleto.eu\/#\/schema\/logo\/image\/","url":"https:\/\/kulturneleto.eu\/wp-content\/uploads\/2022\/06\/logo_zkl_2022_orange.png","contentUrl":"https:\/\/kulturneleto.eu\/wp-content\/uploads\/2022\/06\/logo_zkl_2022_orange.png","width":330,"height":117,"caption":"Kult\u00farne leto"},"image":{"@id":"https:\/\/kulturneleto.eu\/#\/schema\/logo\/image\/"},"sameAs":["https:\/\/www.facebook.com\/Mesto-ilina-162541880519007","https:\/\/www.youtube.com\/channel\/UCfY6Cc8yEeMgTWAUW5QaGAw","https:\/\/www.instagram.com\/mestozilina\/?hl=sk"]}]}},"_links":{"self":[{"href":"https:\/\/kulturneleto.eu\/en\/wp-json\/wp\/v2\/event_listing\/5273","targetHints":{"allow":["GET"]}}],"collection":[{"href":"https:\/\/kulturneleto.eu\/en\/wp-json\/wp\/v2\/event_listing"}],"about":[{"href":"https:\/\/kulturneleto.eu\/en\/wp-json\/wp\/v2\/types\/event_listing"}],"wp:featuredmedia":[{"embeddable":true,"href":"https:\/\/kulturneleto.eu\/en\/wp-json\/wp\/v2\/media\/5370"}],"wp:attachment":[{"href":"https:\/\/kulturneleto.eu\/en\/wp-json\/wp\/v2\/media?parent=5273"}],"wp:term":[{"taxonomy":"event_listing_category","embeddable":true,"href":"https:\/\/kulturneleto.eu\/en\/wp-json\/wp\/v2\/event_listing_category?post=5273"},{"taxonomy":"event_listing_type","embeddable":true,"href":"https:\/\/kulturneleto.eu\/en\/wp-json\/wp\/v2\/event_listing_type?post=5273"}],"curies":[{"name":"wp","href":"https:\/\/api.w.org\/{rel}","templated":true}]}}