{"id":5278,"date":"2023-06-30T08:34:44","date_gmt":"2023-06-30T06:34:44","guid":{"rendered":"https:\/\/kulturneleto.eu\/?post_type=event_listing&#038;p=5278"},"modified":"2023-07-04T10:24:05","modified_gmt":"2023-07-04T08:24:05","slug":"kniharska-dielna-lidy-mlichovej","status":"publish","type":"event_listing","link":"https:\/\/kulturneleto.eu\/en\/event\/kniharska-dielna-lidy-mlichovej\/","title":{"rendered":"Knih\u00e1rska diel\u0148a Lidy Mlichovej"},"content":{"rendered":"<p>Komentovan\u00e9 prehliadky knih\u00e1rskej dielne po\u010das Ign\u00e1cov\u00fdch dn\u00ed bud\u00fa v dvoch term\u00ednoch:<strong> o 16:00 a o 18:00 hod.<\/strong><\/p>\n<p>&nbsp;<\/p>\n<p>Pr\u00ed\u010fte nav\u0161t\u00edvi\u0165 Knih\u00e1rsku diel\u0148u Lidy Mlichovej. T\u00e1to diel\u0148a je jedin\u00e1 diel\u0148a svojho druhu na Slovensku s dlhou rodinnou trad\u00edciou.<br \/>\nDiel\u0148a vznikla na z\u00e1kladoch, ktor\u00e9 svojou tvorbou polo\u017eil v\u00fdtvarn\u00edk J\u00e1n Vrt\u00edlek (1906 \u2013 2000), otec Lidy Mlichovej, \u010dlen poprednej organiz\u00e1cie Meister der Einbandkunst so s\u00eddlom v Mn\u00edchove.<br \/>\nKnihy z dielne z\u00edskali mnoh\u00e9 ocenenia na slovensk\u00fdch i medzin\u00e1rodn\u00fdch s\u00fa\u0165a\u017eiach.<br \/>\nKnih\u00e1rska trad\u00edcia sa za\u010dala v \u017diline v roku 1928 pr\u00edchodom J\u00e1na Vrt\u00edlka do \u017diliny. Ako samostatn\u00e1 knih\u00e1rska diel\u0148a funguje od roku 1990.<br \/>\nPozrite si historick\u00e9 lisy, reza\u010dky \u010di in\u00e9 stroje, ktor\u00e9 s\u00fa s\u00fa\u010das\u0165ou kni\u017enej tvorby. Objavte knihy ve\u013ek\u00e9 i mal\u00e9, z r\u00f4znych materi\u00e1lov, z r\u00f4znym odkazom.<br \/>\nTo v\u0161etko, ale aj mnoh\u00e9 in\u00e9 v\u00e1m uk\u00e1\u017ee a diel\u0148ou v\u00e1s osobne prevedie Lida Mlichov\u00e1.<\/p>\n<p>&nbsp;<\/p>\n<p>Kapacita je obmedzen\u00e1, preto je \u00fa\u010das\u0165 podmienen\u00e1 prihl\u00e1sen\u00edm (info@rosenfeldovpalac.sk).<\/p>\n<p>&nbsp;<\/p>\n<p>Vstup: 1,00 Eur<\/p>","protected":false},"featured_media":5374,"template":"","meta":[],"event_listing_category":[97],"event_listing_type":[84],"class_list":["post-5278","event_listing","type-event_listing","status-publish","has-post-thumbnail","hentry","event_listing_category-zkl2023","event_listing_type-muzea-vystavy"],"yoast_head":"<!-- This site is optimized with the Yoast SEO plugin v27.1.1 - https:\/\/yoast.com\/product\/yoast-seo-wordpress\/ -->\n<title>Knih\u00e1rska diel\u0148a Lidy Mlichovej - \u017dilinsk\u00e9 kult\u00farne leto 2025<\/title>\n<meta name=\"robots\" content=\"index, follow, max-snippet:-1, max-image-preview:large, max-video-preview:-1\" \/>\n<link rel=\"canonical\" href=\"https:\/\/kulturneleto.eu\/en\/event\/kniharska-dielna-lidy-mlichovej\/\" \/>\n<meta property=\"og:locale\" content=\"en_US\" \/>\n<meta property=\"og:type\" content=\"article\" \/>\n<meta property=\"og:title\" content=\"Knih\u00e1rska diel\u0148a Lidy Mlichovej - \u017dilinsk\u00e9 kult\u00farne leto 2025\" \/>\n<meta property=\"og:description\" content=\"Komentovan\u00e9 prehliadky knih\u00e1rskej dielne po\u010das Ign\u00e1cov\u00fdch dn\u00ed bud\u00fa v dvoch term\u00ednoch: o 16:00 a o 18:00 hod. &nbsp; Pr\u00ed\u010fte nav\u0161t\u00edvi\u0165 Knih\u00e1rsku diel\u0148u Lidy Mlichovej. T\u00e1to diel\u0148a je jedin\u00e1 diel\u0148a svojho druhu na Slovensku s dlhou rodinnou trad\u00edciou. Diel\u0148a vznikla na z\u00e1kladoch, ktor\u00e9 svojou tvorbou polo\u017eil v\u00fdtvarn\u00edk J\u00e1n Vrt\u00edlek (1906 \u2013 2000), otec Lidy Mlichovej, \u010dlen [&hellip;]\" \/>\n<meta property=\"og:url\" content=\"https:\/\/kulturneleto.eu\/en\/event\/kniharska-dielna-lidy-mlichovej\/\" \/>\n<meta property=\"og:site_name\" content=\"\u017dilinsk\u00e9 kult\u00farne leto 2025\" \/>\n<meta property=\"article:publisher\" content=\"https:\/\/www.facebook.com\/Mesto-ilina-162541880519007\" \/>\n<meta property=\"article:modified_time\" content=\"2023-07-04T08:24:05+00:00\" \/>\n<meta property=\"og:image\" content=\"https:\/\/kulturneleto.eu\/wp-content\/uploads\/2023\/06\/Lida-komentovana.jpg\" \/>\n\t<meta property=\"og:image:width\" content=\"960\" \/>\n\t<meta property=\"og:image:height\" content=\"640\" \/>\n\t<meta property=\"og:image:type\" content=\"image\/jpeg\" \/>\n<meta name=\"twitter:card\" content=\"summary_large_image\" \/>\n<meta name=\"twitter:label1\" content=\"Est. reading time\" \/>\n\t<meta name=\"twitter:data1\" content=\"1 minute\" \/>\n<script type=\"application\/ld+json\" class=\"yoast-schema-graph\">{\"@context\":\"https:\/\/schema.org\",\"@graph\":[{\"@type\":\"WebPage\",\"@id\":\"https:\/\/kulturneleto.eu\/event\/kniharska-dielna-lidy-mlichovej\/\",\"url\":\"https:\/\/kulturneleto.eu\/event\/kniharska-dielna-lidy-mlichovej\/\",\"name\":\"Knih\u00e1rska diel\u0148a Lidy Mlichovej - \u017dilinsk\u00e9 kult\u00farne leto 2025\",\"isPartOf\":{\"@id\":\"https:\/\/kulturneleto.eu\/#website\"},\"primaryImageOfPage\":{\"@id\":\"https:\/\/kulturneleto.eu\/event\/kniharska-dielna-lidy-mlichovej\/#primaryimage\"},\"image\":{\"@id\":\"https:\/\/kulturneleto.eu\/event\/kniharska-dielna-lidy-mlichovej\/#primaryimage\"},\"thumbnailUrl\":\"https:\/\/kulturneleto.eu\/wp-content\/uploads\/2023\/06\/Lida-komentovana.jpg\",\"datePublished\":\"2023-06-30T06:34:44+00:00\",\"dateModified\":\"2023-07-04T08:24:05+00:00\",\"breadcrumb\":{\"@id\":\"https:\/\/kulturneleto.eu\/event\/kniharska-dielna-lidy-mlichovej\/#breadcrumb\"},\"inLanguage\":\"en-US\",\"potentialAction\":[{\"@type\":\"ReadAction\",\"target\":[\"https:\/\/kulturneleto.eu\/event\/kniharska-dielna-lidy-mlichovej\/\"]}]},{\"@type\":\"ImageObject\",\"inLanguage\":\"en-US\",\"@id\":\"https:\/\/kulturneleto.eu\/event\/kniharska-dielna-lidy-mlichovej\/#primaryimage\",\"url\":\"https:\/\/kulturneleto.eu\/wp-content\/uploads\/2023\/06\/Lida-komentovana.jpg\",\"contentUrl\":\"https:\/\/kulturneleto.eu\/wp-content\/uploads\/2023\/06\/Lida-komentovana.jpg\",\"width\":960,\"height\":640},{\"@type\":\"BreadcrumbList\",\"@id\":\"https:\/\/kulturneleto.eu\/event\/kniharska-dielna-lidy-mlichovej\/#breadcrumb\",\"itemListElement\":[{\"@type\":\"ListItem\",\"position\":1,\"name\":\"Domovsk\u00e1 str\u00e1nka\",\"item\":\"https:\/\/kulturneleto.eu\/\"},{\"@type\":\"ListItem\",\"position\":2,\"name\":\"Knih\u00e1rska diel\u0148a Lidy Mlichovej\"}]},{\"@type\":\"WebSite\",\"@id\":\"https:\/\/kulturneleto.eu\/#website\",\"url\":\"https:\/\/kulturneleto.eu\/\",\"name\":\"\u017dilinsk\u00e9 kult\u00farne leto 2025\",\"description\":\"j\u00fal, august, september\",\"publisher\":{\"@id\":\"https:\/\/kulturneleto.eu\/#organization\"},\"potentialAction\":[{\"@type\":\"SearchAction\",\"target\":{\"@type\":\"EntryPoint\",\"urlTemplate\":\"https:\/\/kulturneleto.eu\/?s={search_term_string}\"},\"query-input\":{\"@type\":\"PropertyValueSpecification\",\"valueRequired\":true,\"valueName\":\"search_term_string\"}}],\"inLanguage\":\"en-US\"},{\"@type\":\"Organization\",\"@id\":\"https:\/\/kulturneleto.eu\/#organization\",\"name\":\"Kult\u00farne leto\",\"url\":\"https:\/\/kulturneleto.eu\/\",\"logo\":{\"@type\":\"ImageObject\",\"inLanguage\":\"en-US\",\"@id\":\"https:\/\/kulturneleto.eu\/#\/schema\/logo\/image\/\",\"url\":\"https:\/\/kulturneleto.eu\/wp-content\/uploads\/2022\/06\/logo_zkl_2022_orange.png\",\"contentUrl\":\"https:\/\/kulturneleto.eu\/wp-content\/uploads\/2022\/06\/logo_zkl_2022_orange.png\",\"width\":330,\"height\":117,\"caption\":\"Kult\u00farne leto\"},\"image\":{\"@id\":\"https:\/\/kulturneleto.eu\/#\/schema\/logo\/image\/\"},\"sameAs\":[\"https:\/\/www.facebook.com\/Mesto-ilina-162541880519007\",\"https:\/\/www.youtube.com\/channel\/UCfY6Cc8yEeMgTWAUW5QaGAw\",\"https:\/\/www.instagram.com\/mestozilina\/?hl=sk\"]}]}<\/script>\n<!-- \/ Yoast SEO plugin. -->","yoast_head_json":{"title":"Knih\u00e1rska diel\u0148a Lidy Mlichovej - \u017dilinsk\u00e9 kult\u00farne leto 2025","robots":{"index":"index","follow":"follow","max-snippet":"max-snippet:-1","max-image-preview":"max-image-preview:large","max-video-preview":"max-video-preview:-1"},"canonical":"https:\/\/kulturneleto.eu\/en\/event\/kniharska-dielna-lidy-mlichovej\/","og_locale":"en_US","og_type":"article","og_title":"Knih\u00e1rska diel\u0148a Lidy Mlichovej - \u017dilinsk\u00e9 kult\u00farne leto 2025","og_description":"Komentovan\u00e9 prehliadky knih\u00e1rskej dielne po\u010das Ign\u00e1cov\u00fdch dn\u00ed bud\u00fa v dvoch term\u00ednoch: o 16:00 a o 18:00 hod. &nbsp; Pr\u00ed\u010fte nav\u0161t\u00edvi\u0165 Knih\u00e1rsku diel\u0148u Lidy Mlichovej. T\u00e1to diel\u0148a je jedin\u00e1 diel\u0148a svojho druhu na Slovensku s dlhou rodinnou trad\u00edciou. Diel\u0148a vznikla na z\u00e1kladoch, ktor\u00e9 svojou tvorbou polo\u017eil v\u00fdtvarn\u00edk J\u00e1n Vrt\u00edlek (1906 \u2013 2000), otec Lidy Mlichovej, \u010dlen [&hellip;]","og_url":"https:\/\/kulturneleto.eu\/en\/event\/kniharska-dielna-lidy-mlichovej\/","og_site_name":"\u017dilinsk\u00e9 kult\u00farne leto 2025","article_publisher":"https:\/\/www.facebook.com\/Mesto-ilina-162541880519007","article_modified_time":"2023-07-04T08:24:05+00:00","og_image":[{"width":960,"height":640,"url":"https:\/\/kulturneleto.eu\/wp-content\/uploads\/2023\/06\/Lida-komentovana.jpg","type":"image\/jpeg"}],"twitter_card":"summary_large_image","twitter_misc":{"Est. reading time":"1 minute"},"schema":{"@context":"https:\/\/schema.org","@graph":[{"@type":"WebPage","@id":"https:\/\/kulturneleto.eu\/event\/kniharska-dielna-lidy-mlichovej\/","url":"https:\/\/kulturneleto.eu\/event\/kniharska-dielna-lidy-mlichovej\/","name":"Knih\u00e1rska diel\u0148a Lidy Mlichovej - \u017dilinsk\u00e9 kult\u00farne leto 2025","isPartOf":{"@id":"https:\/\/kulturneleto.eu\/#website"},"primaryImageOfPage":{"@id":"https:\/\/kulturneleto.eu\/event\/kniharska-dielna-lidy-mlichovej\/#primaryimage"},"image":{"@id":"https:\/\/kulturneleto.eu\/event\/kniharska-dielna-lidy-mlichovej\/#primaryimage"},"thumbnailUrl":"https:\/\/kulturneleto.eu\/wp-content\/uploads\/2023\/06\/Lida-komentovana.jpg","datePublished":"2023-06-30T06:34:44+00:00","dateModified":"2023-07-04T08:24:05+00:00","breadcrumb":{"@id":"https:\/\/kulturneleto.eu\/event\/kniharska-dielna-lidy-mlichovej\/#breadcrumb"},"inLanguage":"en-US","potentialAction":[{"@type":"ReadAction","target":["https:\/\/kulturneleto.eu\/event\/kniharska-dielna-lidy-mlichovej\/"]}]},{"@type":"ImageObject","inLanguage":"en-US","@id":"https:\/\/kulturneleto.eu\/event\/kniharska-dielna-lidy-mlichovej\/#primaryimage","url":"https:\/\/kulturneleto.eu\/wp-content\/uploads\/2023\/06\/Lida-komentovana.jpg","contentUrl":"https:\/\/kulturneleto.eu\/wp-content\/uploads\/2023\/06\/Lida-komentovana.jpg","width":960,"height":640},{"@type":"BreadcrumbList","@id":"https:\/\/kulturneleto.eu\/event\/kniharska-dielna-lidy-mlichovej\/#breadcrumb","itemListElement":[{"@type":"ListItem","position":1,"name":"Domovsk\u00e1 str\u00e1nka","item":"https:\/\/kulturneleto.eu\/"},{"@type":"ListItem","position":2,"name":"Knih\u00e1rska diel\u0148a Lidy Mlichovej"}]},{"@type":"WebSite","@id":"https:\/\/kulturneleto.eu\/#website","url":"https:\/\/kulturneleto.eu\/","name":"\u017dilinsk\u00e9 kult\u00farne leto 2025","description":"j\u00fal, august, september","publisher":{"@id":"https:\/\/kulturneleto.eu\/#organization"},"potentialAction":[{"@type":"SearchAction","target":{"@type":"EntryPoint","urlTemplate":"https:\/\/kulturneleto.eu\/?s={search_term_string}"},"query-input":{"@type":"PropertyValueSpecification","valueRequired":true,"valueName":"search_term_string"}}],"inLanguage":"en-US"},{"@type":"Organization","@id":"https:\/\/kulturneleto.eu\/#organization","name":"Kult\u00farne leto","url":"https:\/\/kulturneleto.eu\/","logo":{"@type":"ImageObject","inLanguage":"en-US","@id":"https:\/\/kulturneleto.eu\/#\/schema\/logo\/image\/","url":"https:\/\/kulturneleto.eu\/wp-content\/uploads\/2022\/06\/logo_zkl_2022_orange.png","contentUrl":"https:\/\/kulturneleto.eu\/wp-content\/uploads\/2022\/06\/logo_zkl_2022_orange.png","width":330,"height":117,"caption":"Kult\u00farne leto"},"image":{"@id":"https:\/\/kulturneleto.eu\/#\/schema\/logo\/image\/"},"sameAs":["https:\/\/www.facebook.com\/Mesto-ilina-162541880519007","https:\/\/www.youtube.com\/channel\/UCfY6Cc8yEeMgTWAUW5QaGAw","https:\/\/www.instagram.com\/mestozilina\/?hl=sk"]}]}},"_links":{"self":[{"href":"https:\/\/kulturneleto.eu\/en\/wp-json\/wp\/v2\/event_listing\/5278","targetHints":{"allow":["GET"]}}],"collection":[{"href":"https:\/\/kulturneleto.eu\/en\/wp-json\/wp\/v2\/event_listing"}],"about":[{"href":"https:\/\/kulturneleto.eu\/en\/wp-json\/wp\/v2\/types\/event_listing"}],"wp:featuredmedia":[{"embeddable":true,"href":"https:\/\/kulturneleto.eu\/en\/wp-json\/wp\/v2\/media\/5374"}],"wp:attachment":[{"href":"https:\/\/kulturneleto.eu\/en\/wp-json\/wp\/v2\/media?parent=5278"}],"wp:term":[{"taxonomy":"event_listing_category","embeddable":true,"href":"https:\/\/kulturneleto.eu\/en\/wp-json\/wp\/v2\/event_listing_category?post=5278"},{"taxonomy":"event_listing_type","embeddable":true,"href":"https:\/\/kulturneleto.eu\/en\/wp-json\/wp\/v2\/event_listing_type?post=5278"}],"curies":[{"name":"wp","href":"https:\/\/api.w.org\/{rel}","templated":true}]}}