{"id":5281,"date":"2023-06-30T08:38:45","date_gmt":"2023-06-30T06:38:45","guid":{"rendered":"https:\/\/kulturneleto.eu\/?post_type=event_listing&#038;p=5281"},"modified":"2023-07-03T10:47:35","modified_gmt":"2023-07-03T08:47:35","slug":"filmy-pavla-barabasa-velky-kanon-a-horsky-vodca","status":"publish","type":"event_listing","link":"https:\/\/kulturneleto.eu\/en\/event\/filmy-pavla-barabasa-velky-kanon-a-horsky-vodca\/","title":{"rendered":"Filmy Pavla Barab\u00e1\u0161a: Ve\u013ek\u00fd ka\u0148on a Horsk\u00fd vodca"},"content":{"rendered":"<p>Pavol Barab\u00e1\u0161 je \u0161pi\u010dka vo vysokohorskej a dobrodru\u017enej dokumentaristike. Prin\u00e1\u0161ame v\u00e1m rovno dva jeho najnov\u0161ie v\u00fdtvory, filmy Horsk\u00fd vodca a Ve\u013ek\u00fd ka\u0148on, ktor\u00e9 t\u00fato jeho reput\u00e1ciu len potvrdzuj\u00fa.<\/p>\n<p>&nbsp;<\/p>\n<p><strong>Horsk\u00fd vodca<\/strong> n\u00e1s zavedie do nezvy\u010dajn\u00fdch exteri\u00e9rov Vysok\u00fdch Tatier a uk\u00e1\u017ee n\u00e1m n\u00e1ro\u010dn\u00e9 povolanie horsk\u00fdch vodcov. U\u017e 150 rokov sprev\u00e1dzaj\u00fa tatransk\u00ed vodcovia \u013eud\u00ed na \u0161t\u00edty za ka\u017ed\u00e9ho po\u010dasia \u2013 slnka, b\u00farky, da\u017e\u010fa alebo v\u00edchrice.<\/p>\n<p>Horsk\u00fd vodca, Slovensko, 2022, 69min, R\u00e9\u017eia: Pavol Barab\u00e1\u0161<\/p>\n<p>Slovensk\u00fd jazyk<\/p>\n<p>&nbsp;<\/p>\n<p><i><strong>Ve\u013ek\u00fd ka\u0148on<\/strong><\/i> je spomienkou re\u017eis\u00e9ra na Jo\u017eka \u010cern\u00e9ho, vod\u00e1ka, ktor\u00fd si zamiloval perejnat\u00fa slovinsk\u00fa rieku So\u010du. V t\u00e1bore \u010dasto rozpr\u00e1val o ve\u013ek\u00fdch riekach, ktor\u00e9 by chcel vidie\u0165, ako napr\u00edklad Brahmaputra. Nakoniec vymyslel exped\u00edciu do Nep\u00e1lu na t\u00fd\u017ed\u0148ov\u00fd splav himal\u00e1jskej Karnali.<\/p>\n<p>Ve\u013ek\u00fd ka\u0148on a, Slovensko, 2023, 64 min, R\u00e9\u017eia: Pavol Barab\u00e1\u0161<\/p>\n<p>Slovensk\u00fd jazyk<\/p>","protected":false},"featured_media":5381,"template":"","meta":[],"event_listing_category":[97],"event_listing_type":[81],"class_list":["post-5281","event_listing","type-event_listing","status-publish","has-post-thumbnail","hentry","event_listing_category-zkl2023","event_listing_type-kino-divadlo"],"yoast_head":"<!-- This site is optimized with the Yoast SEO plugin v27.1.1 - https:\/\/yoast.com\/product\/yoast-seo-wordpress\/ -->\n<title>Filmy Pavla Barab\u00e1\u0161a: Ve\u013ek\u00fd ka\u0148on a Horsk\u00fd vodca - \u017dilinsk\u00e9 kult\u00farne leto 2025<\/title>\n<meta name=\"robots\" content=\"index, follow, max-snippet:-1, max-image-preview:large, max-video-preview:-1\" \/>\n<link rel=\"canonical\" href=\"https:\/\/kulturneleto.eu\/en\/event\/filmy-pavla-barabasa-velky-kanon-a-horsky-vodca\/\" \/>\n<meta property=\"og:locale\" content=\"en_US\" \/>\n<meta property=\"og:type\" content=\"article\" \/>\n<meta property=\"og:title\" content=\"Filmy Pavla Barab\u00e1\u0161a: Ve\u013ek\u00fd ka\u0148on a Horsk\u00fd vodca - \u017dilinsk\u00e9 kult\u00farne leto 2025\" \/>\n<meta property=\"og:description\" content=\"Pavol Barab\u00e1\u0161 je \u0161pi\u010dka vo vysokohorskej a dobrodru\u017enej dokumentaristike. Prin\u00e1\u0161ame v\u00e1m rovno dva jeho najnov\u0161ie v\u00fdtvory, filmy Horsk\u00fd vodca a Ve\u013ek\u00fd ka\u0148on, ktor\u00e9 t\u00fato jeho reput\u00e1ciu len potvrdzuj\u00fa. &nbsp; Horsk\u00fd vodca n\u00e1s zavedie do nezvy\u010dajn\u00fdch exteri\u00e9rov Vysok\u00fdch Tatier a uk\u00e1\u017ee n\u00e1m n\u00e1ro\u010dn\u00e9 povolanie horsk\u00fdch vodcov. U\u017e 150 rokov sprev\u00e1dzaj\u00fa tatransk\u00ed vodcovia \u013eud\u00ed na \u0161t\u00edty za [&hellip;]\" \/>\n<meta property=\"og:url\" content=\"https:\/\/kulturneleto.eu\/en\/event\/filmy-pavla-barabasa-velky-kanon-a-horsky-vodca\/\" \/>\n<meta property=\"og:site_name\" content=\"\u017dilinsk\u00e9 kult\u00farne leto 2025\" \/>\n<meta property=\"article:publisher\" content=\"https:\/\/www.facebook.com\/Mesto-ilina-162541880519007\" \/>\n<meta property=\"article:modified_time\" content=\"2023-07-03T08:47:35+00:00\" \/>\n<meta property=\"og:image\" content=\"https:\/\/kulturneleto.eu\/wp-content\/uploads\/2023\/06\/Barabas.jpg\" \/>\n\t<meta property=\"og:image:width\" content=\"1742\" \/>\n\t<meta property=\"og:image:height\" content=\"940\" \/>\n\t<meta property=\"og:image:type\" content=\"image\/jpeg\" \/>\n<meta name=\"twitter:card\" content=\"summary_large_image\" \/>\n<meta name=\"twitter:label1\" content=\"Est. reading time\" \/>\n\t<meta name=\"twitter:data1\" content=\"1 minute\" \/>\n<script type=\"application\/ld+json\" class=\"yoast-schema-graph\">{\"@context\":\"https:\/\/schema.org\",\"@graph\":[{\"@type\":\"WebPage\",\"@id\":\"https:\/\/kulturneleto.eu\/event\/filmy-pavla-barabasa-velky-kanon-a-horsky-vodca\/\",\"url\":\"https:\/\/kulturneleto.eu\/event\/filmy-pavla-barabasa-velky-kanon-a-horsky-vodca\/\",\"name\":\"Filmy Pavla Barab\u00e1\u0161a: Ve\u013ek\u00fd ka\u0148on a Horsk\u00fd vodca - \u017dilinsk\u00e9 kult\u00farne leto 2025\",\"isPartOf\":{\"@id\":\"https:\/\/kulturneleto.eu\/#website\"},\"primaryImageOfPage\":{\"@id\":\"https:\/\/kulturneleto.eu\/event\/filmy-pavla-barabasa-velky-kanon-a-horsky-vodca\/#primaryimage\"},\"image\":{\"@id\":\"https:\/\/kulturneleto.eu\/event\/filmy-pavla-barabasa-velky-kanon-a-horsky-vodca\/#primaryimage\"},\"thumbnailUrl\":\"https:\/\/kulturneleto.eu\/wp-content\/uploads\/2023\/06\/Barabas.jpg\",\"datePublished\":\"2023-06-30T06:38:45+00:00\",\"dateModified\":\"2023-07-03T08:47:35+00:00\",\"breadcrumb\":{\"@id\":\"https:\/\/kulturneleto.eu\/event\/filmy-pavla-barabasa-velky-kanon-a-horsky-vodca\/#breadcrumb\"},\"inLanguage\":\"en-US\",\"potentialAction\":[{\"@type\":\"ReadAction\",\"target\":[\"https:\/\/kulturneleto.eu\/event\/filmy-pavla-barabasa-velky-kanon-a-horsky-vodca\/\"]}]},{\"@type\":\"ImageObject\",\"inLanguage\":\"en-US\",\"@id\":\"https:\/\/kulturneleto.eu\/event\/filmy-pavla-barabasa-velky-kanon-a-horsky-vodca\/#primaryimage\",\"url\":\"https:\/\/kulturneleto.eu\/wp-content\/uploads\/2023\/06\/Barabas.jpg\",\"contentUrl\":\"https:\/\/kulturneleto.eu\/wp-content\/uploads\/2023\/06\/Barabas.jpg\",\"width\":1742,\"height\":940},{\"@type\":\"BreadcrumbList\",\"@id\":\"https:\/\/kulturneleto.eu\/event\/filmy-pavla-barabasa-velky-kanon-a-horsky-vodca\/#breadcrumb\",\"itemListElement\":[{\"@type\":\"ListItem\",\"position\":1,\"name\":\"Domovsk\u00e1 str\u00e1nka\",\"item\":\"https:\/\/kulturneleto.eu\/\"},{\"@type\":\"ListItem\",\"position\":2,\"name\":\"Filmy Pavla Barab\u00e1\u0161a: Ve\u013ek\u00fd ka\u0148on a Horsk\u00fd vodca\"}]},{\"@type\":\"WebSite\",\"@id\":\"https:\/\/kulturneleto.eu\/#website\",\"url\":\"https:\/\/kulturneleto.eu\/\",\"name\":\"\u017dilinsk\u00e9 kult\u00farne leto 2025\",\"description\":\"j\u00fal, august, september\",\"publisher\":{\"@id\":\"https:\/\/kulturneleto.eu\/#organization\"},\"potentialAction\":[{\"@type\":\"SearchAction\",\"target\":{\"@type\":\"EntryPoint\",\"urlTemplate\":\"https:\/\/kulturneleto.eu\/?s={search_term_string}\"},\"query-input\":{\"@type\":\"PropertyValueSpecification\",\"valueRequired\":true,\"valueName\":\"search_term_string\"}}],\"inLanguage\":\"en-US\"},{\"@type\":\"Organization\",\"@id\":\"https:\/\/kulturneleto.eu\/#organization\",\"name\":\"Kult\u00farne leto\",\"url\":\"https:\/\/kulturneleto.eu\/\",\"logo\":{\"@type\":\"ImageObject\",\"inLanguage\":\"en-US\",\"@id\":\"https:\/\/kulturneleto.eu\/#\/schema\/logo\/image\/\",\"url\":\"https:\/\/kulturneleto.eu\/wp-content\/uploads\/2022\/06\/logo_zkl_2022_orange.png\",\"contentUrl\":\"https:\/\/kulturneleto.eu\/wp-content\/uploads\/2022\/06\/logo_zkl_2022_orange.png\",\"width\":330,\"height\":117,\"caption\":\"Kult\u00farne leto\"},\"image\":{\"@id\":\"https:\/\/kulturneleto.eu\/#\/schema\/logo\/image\/\"},\"sameAs\":[\"https:\/\/www.facebook.com\/Mesto-ilina-162541880519007\",\"https:\/\/www.youtube.com\/channel\/UCfY6Cc8yEeMgTWAUW5QaGAw\",\"https:\/\/www.instagram.com\/mestozilina\/?hl=sk\"]}]}<\/script>\n<!-- \/ Yoast SEO plugin. -->","yoast_head_json":{"title":"Filmy Pavla Barab\u00e1\u0161a: Ve\u013ek\u00fd ka\u0148on a Horsk\u00fd vodca - \u017dilinsk\u00e9 kult\u00farne leto 2025","robots":{"index":"index","follow":"follow","max-snippet":"max-snippet:-1","max-image-preview":"max-image-preview:large","max-video-preview":"max-video-preview:-1"},"canonical":"https:\/\/kulturneleto.eu\/en\/event\/filmy-pavla-barabasa-velky-kanon-a-horsky-vodca\/","og_locale":"en_US","og_type":"article","og_title":"Filmy Pavla Barab\u00e1\u0161a: Ve\u013ek\u00fd ka\u0148on a Horsk\u00fd vodca - \u017dilinsk\u00e9 kult\u00farne leto 2025","og_description":"Pavol Barab\u00e1\u0161 je \u0161pi\u010dka vo vysokohorskej a dobrodru\u017enej dokumentaristike. Prin\u00e1\u0161ame v\u00e1m rovno dva jeho najnov\u0161ie v\u00fdtvory, filmy Horsk\u00fd vodca a Ve\u013ek\u00fd ka\u0148on, ktor\u00e9 t\u00fato jeho reput\u00e1ciu len potvrdzuj\u00fa. &nbsp; Horsk\u00fd vodca n\u00e1s zavedie do nezvy\u010dajn\u00fdch exteri\u00e9rov Vysok\u00fdch Tatier a uk\u00e1\u017ee n\u00e1m n\u00e1ro\u010dn\u00e9 povolanie horsk\u00fdch vodcov. U\u017e 150 rokov sprev\u00e1dzaj\u00fa tatransk\u00ed vodcovia \u013eud\u00ed na \u0161t\u00edty za [&hellip;]","og_url":"https:\/\/kulturneleto.eu\/en\/event\/filmy-pavla-barabasa-velky-kanon-a-horsky-vodca\/","og_site_name":"\u017dilinsk\u00e9 kult\u00farne leto 2025","article_publisher":"https:\/\/www.facebook.com\/Mesto-ilina-162541880519007","article_modified_time":"2023-07-03T08:47:35+00:00","og_image":[{"width":1742,"height":940,"url":"https:\/\/kulturneleto.eu\/wp-content\/uploads\/2023\/06\/Barabas.jpg","type":"image\/jpeg"}],"twitter_card":"summary_large_image","twitter_misc":{"Est. reading time":"1 minute"},"schema":{"@context":"https:\/\/schema.org","@graph":[{"@type":"WebPage","@id":"https:\/\/kulturneleto.eu\/event\/filmy-pavla-barabasa-velky-kanon-a-horsky-vodca\/","url":"https:\/\/kulturneleto.eu\/event\/filmy-pavla-barabasa-velky-kanon-a-horsky-vodca\/","name":"Filmy Pavla Barab\u00e1\u0161a: Ve\u013ek\u00fd ka\u0148on a Horsk\u00fd vodca - \u017dilinsk\u00e9 kult\u00farne leto 2025","isPartOf":{"@id":"https:\/\/kulturneleto.eu\/#website"},"primaryImageOfPage":{"@id":"https:\/\/kulturneleto.eu\/event\/filmy-pavla-barabasa-velky-kanon-a-horsky-vodca\/#primaryimage"},"image":{"@id":"https:\/\/kulturneleto.eu\/event\/filmy-pavla-barabasa-velky-kanon-a-horsky-vodca\/#primaryimage"},"thumbnailUrl":"https:\/\/kulturneleto.eu\/wp-content\/uploads\/2023\/06\/Barabas.jpg","datePublished":"2023-06-30T06:38:45+00:00","dateModified":"2023-07-03T08:47:35+00:00","breadcrumb":{"@id":"https:\/\/kulturneleto.eu\/event\/filmy-pavla-barabasa-velky-kanon-a-horsky-vodca\/#breadcrumb"},"inLanguage":"en-US","potentialAction":[{"@type":"ReadAction","target":["https:\/\/kulturneleto.eu\/event\/filmy-pavla-barabasa-velky-kanon-a-horsky-vodca\/"]}]},{"@type":"ImageObject","inLanguage":"en-US","@id":"https:\/\/kulturneleto.eu\/event\/filmy-pavla-barabasa-velky-kanon-a-horsky-vodca\/#primaryimage","url":"https:\/\/kulturneleto.eu\/wp-content\/uploads\/2023\/06\/Barabas.jpg","contentUrl":"https:\/\/kulturneleto.eu\/wp-content\/uploads\/2023\/06\/Barabas.jpg","width":1742,"height":940},{"@type":"BreadcrumbList","@id":"https:\/\/kulturneleto.eu\/event\/filmy-pavla-barabasa-velky-kanon-a-horsky-vodca\/#breadcrumb","itemListElement":[{"@type":"ListItem","position":1,"name":"Domovsk\u00e1 str\u00e1nka","item":"https:\/\/kulturneleto.eu\/"},{"@type":"ListItem","position":2,"name":"Filmy Pavla Barab\u00e1\u0161a: Ve\u013ek\u00fd ka\u0148on a Horsk\u00fd vodca"}]},{"@type":"WebSite","@id":"https:\/\/kulturneleto.eu\/#website","url":"https:\/\/kulturneleto.eu\/","name":"\u017dilinsk\u00e9 kult\u00farne leto 2025","description":"j\u00fal, august, september","publisher":{"@id":"https:\/\/kulturneleto.eu\/#organization"},"potentialAction":[{"@type":"SearchAction","target":{"@type":"EntryPoint","urlTemplate":"https:\/\/kulturneleto.eu\/?s={search_term_string}"},"query-input":{"@type":"PropertyValueSpecification","valueRequired":true,"valueName":"search_term_string"}}],"inLanguage":"en-US"},{"@type":"Organization","@id":"https:\/\/kulturneleto.eu\/#organization","name":"Kult\u00farne leto","url":"https:\/\/kulturneleto.eu\/","logo":{"@type":"ImageObject","inLanguage":"en-US","@id":"https:\/\/kulturneleto.eu\/#\/schema\/logo\/image\/","url":"https:\/\/kulturneleto.eu\/wp-content\/uploads\/2022\/06\/logo_zkl_2022_orange.png","contentUrl":"https:\/\/kulturneleto.eu\/wp-content\/uploads\/2022\/06\/logo_zkl_2022_orange.png","width":330,"height":117,"caption":"Kult\u00farne leto"},"image":{"@id":"https:\/\/kulturneleto.eu\/#\/schema\/logo\/image\/"},"sameAs":["https:\/\/www.facebook.com\/Mesto-ilina-162541880519007","https:\/\/www.youtube.com\/channel\/UCfY6Cc8yEeMgTWAUW5QaGAw","https:\/\/www.instagram.com\/mestozilina\/?hl=sk"]}]}},"_links":{"self":[{"href":"https:\/\/kulturneleto.eu\/en\/wp-json\/wp\/v2\/event_listing\/5281","targetHints":{"allow":["GET"]}}],"collection":[{"href":"https:\/\/kulturneleto.eu\/en\/wp-json\/wp\/v2\/event_listing"}],"about":[{"href":"https:\/\/kulturneleto.eu\/en\/wp-json\/wp\/v2\/types\/event_listing"}],"wp:featuredmedia":[{"embeddable":true,"href":"https:\/\/kulturneleto.eu\/en\/wp-json\/wp\/v2\/media\/5381"}],"wp:attachment":[{"href":"https:\/\/kulturneleto.eu\/en\/wp-json\/wp\/v2\/media?parent=5281"}],"wp:term":[{"taxonomy":"event_listing_category","embeddable":true,"href":"https:\/\/kulturneleto.eu\/en\/wp-json\/wp\/v2\/event_listing_category?post=5281"},{"taxonomy":"event_listing_type","embeddable":true,"href":"https:\/\/kulturneleto.eu\/en\/wp-json\/wp\/v2\/event_listing_type?post=5281"}],"curies":[{"name":"wp","href":"https:\/\/api.w.org\/{rel}","templated":true}]}}