{"id":5282,"date":"2023-06-30T08:39:18","date_gmt":"2023-06-30T06:39:18","guid":{"rendered":"https:\/\/kulturneleto.eu\/?post_type=event_listing&#038;p=5282"},"modified":"2023-07-07T10:39:43","modified_gmt":"2023-07-07T08:39:43","slug":"rozkvitnuta-luka","status":"publish","type":"event_listing","link":"https:\/\/kulturneleto.eu\/en\/event\/rozkvitnuta-luka\/","title":{"rendered":"Rozkvitnut\u00e1 l\u00faka"},"content":{"rendered":"<p>Symbolom letnej pohody s\u00fa rozkvitnut\u00e9 farebn\u00e9 kvety a\u00a0kr\u00e1sne zelen\u00e9 stromy okolo n\u00e1s. A\u00a0nie s\u00fa len rozkvitnut\u00e9 a kr\u00e1sne, ale s\u00fa pre na\u0161u zem ve\u013emi d\u00f4le\u017eit\u00e9. Urob\u00edme si pohodu v\u00a0kni\u017enici, porozpr\u00e1vame sa a vyrob\u00edme si o\u010daruj\u00facu farebn\u00fa pr\u00edrodu z papiera.<\/p>\n<p>&nbsp;<\/p>\n<p>Stretneme sa v Liter\u00e1rnom parku za Krajskou kni\u017enicou v \u017diline.<\/p>\n<p>Podujatie je vhodn\u00e9 pre deti od 5 do 10 rokov a je realizovan\u00e9 v r\u00e1mci Stredoeur\u00f3pskeho d\u0148a stromov, ktor\u00fd budeme oslavova\u0165 v okt\u00f3bri.<\/p>\n<p>&nbsp;<\/p>\n<p>Na podujatie\u00a0<strong>je potrebn\u00e9 sa prihl\u00e1si\u0165<\/strong>:\u00a0<strong><a href=\"https:\/\/forms.gle\/vcFmxXdXBmb3AW3DA\">https:\/\/forms.gle\/vcFmxXdXBmb3AW3DA<\/a><\/strong><\/p>","protected":false},"featured_media":5335,"template":"","meta":[],"event_listing_category":[97],"event_listing_type":[83],"class_list":["post-5282","event_listing","type-event_listing","status-publish","has-post-thumbnail","hentry","event_listing_category-zkl2023","event_listing_type-ine"],"yoast_head":"<!-- This site is optimized with the Yoast SEO plugin v27.1.1 - https:\/\/yoast.com\/product\/yoast-seo-wordpress\/ -->\n<title>Rozkvitnut\u00e1 l\u00faka - \u017dilinsk\u00e9 kult\u00farne leto 2025<\/title>\n<meta name=\"robots\" content=\"index, follow, max-snippet:-1, max-image-preview:large, max-video-preview:-1\" \/>\n<link rel=\"canonical\" href=\"https:\/\/kulturneleto.eu\/en\/event\/rozkvitnuta-luka\/\" \/>\n<meta property=\"og:locale\" content=\"en_US\" \/>\n<meta property=\"og:type\" content=\"article\" \/>\n<meta property=\"og:title\" content=\"Rozkvitnut\u00e1 l\u00faka - \u017dilinsk\u00e9 kult\u00farne leto 2025\" \/>\n<meta property=\"og:description\" content=\"Symbolom letnej pohody s\u00fa rozkvitnut\u00e9 farebn\u00e9 kvety a\u00a0kr\u00e1sne zelen\u00e9 stromy okolo n\u00e1s. A\u00a0nie s\u00fa len rozkvitnut\u00e9 a kr\u00e1sne, ale s\u00fa pre na\u0161u zem ve\u013emi d\u00f4le\u017eit\u00e9. Urob\u00edme si pohodu v\u00a0kni\u017enici, porozpr\u00e1vame sa a vyrob\u00edme si o\u010daruj\u00facu farebn\u00fa pr\u00edrodu z papiera. &nbsp; Stretneme sa v Liter\u00e1rnom parku za Krajskou kni\u017enicou v \u017diline. Podujatie je vhodn\u00e9 pre deti [&hellip;]\" \/>\n<meta property=\"og:url\" content=\"https:\/\/kulturneleto.eu\/en\/event\/rozkvitnuta-luka\/\" \/>\n<meta property=\"og:site_name\" content=\"\u017dilinsk\u00e9 kult\u00farne leto 2025\" \/>\n<meta property=\"article:publisher\" content=\"https:\/\/www.facebook.com\/Mesto-ilina-162541880519007\" \/>\n<meta property=\"article:modified_time\" content=\"2023-07-07T08:39:43+00:00\" \/>\n<meta property=\"og:image\" content=\"https:\/\/kulturneleto.eu\/wp-content\/uploads\/2023\/06\/privitanie-leta-v-kniznici-scaled.jpg\" \/>\n\t<meta property=\"og:image:width\" content=\"2560\" \/>\n\t<meta property=\"og:image:height\" content=\"1810\" \/>\n\t<meta property=\"og:image:type\" content=\"image\/jpeg\" \/>\n<meta name=\"twitter:card\" content=\"summary_large_image\" \/>\n<meta name=\"twitter:label1\" content=\"Est. reading time\" \/>\n\t<meta name=\"twitter:data1\" content=\"1 minute\" \/>\n<script type=\"application\/ld+json\" class=\"yoast-schema-graph\">{\"@context\":\"https:\/\/schema.org\",\"@graph\":[{\"@type\":\"WebPage\",\"@id\":\"https:\/\/kulturneleto.eu\/event\/rozkvitnuta-luka\/\",\"url\":\"https:\/\/kulturneleto.eu\/event\/rozkvitnuta-luka\/\",\"name\":\"Rozkvitnut\u00e1 l\u00faka - \u017dilinsk\u00e9 kult\u00farne leto 2025\",\"isPartOf\":{\"@id\":\"https:\/\/kulturneleto.eu\/#website\"},\"primaryImageOfPage\":{\"@id\":\"https:\/\/kulturneleto.eu\/event\/rozkvitnuta-luka\/#primaryimage\"},\"image\":{\"@id\":\"https:\/\/kulturneleto.eu\/event\/rozkvitnuta-luka\/#primaryimage\"},\"thumbnailUrl\":\"https:\/\/kulturneleto.eu\/wp-content\/uploads\/2023\/06\/privitanie-leta-v-kniznici-scaled.jpg\",\"datePublished\":\"2023-06-30T06:39:18+00:00\",\"dateModified\":\"2023-07-07T08:39:43+00:00\",\"breadcrumb\":{\"@id\":\"https:\/\/kulturneleto.eu\/event\/rozkvitnuta-luka\/#breadcrumb\"},\"inLanguage\":\"en-US\",\"potentialAction\":[{\"@type\":\"ReadAction\",\"target\":[\"https:\/\/kulturneleto.eu\/event\/rozkvitnuta-luka\/\"]}]},{\"@type\":\"ImageObject\",\"inLanguage\":\"en-US\",\"@id\":\"https:\/\/kulturneleto.eu\/event\/rozkvitnuta-luka\/#primaryimage\",\"url\":\"https:\/\/kulturneleto.eu\/wp-content\/uploads\/2023\/06\/privitanie-leta-v-kniznici-scaled.jpg\",\"contentUrl\":\"https:\/\/kulturneleto.eu\/wp-content\/uploads\/2023\/06\/privitanie-leta-v-kniznici-scaled.jpg\",\"width\":2560,\"height\":1810},{\"@type\":\"BreadcrumbList\",\"@id\":\"https:\/\/kulturneleto.eu\/event\/rozkvitnuta-luka\/#breadcrumb\",\"itemListElement\":[{\"@type\":\"ListItem\",\"position\":1,\"name\":\"Domovsk\u00e1 str\u00e1nka\",\"item\":\"https:\/\/kulturneleto.eu\/\"},{\"@type\":\"ListItem\",\"position\":2,\"name\":\"Rozkvitnut\u00e1 l\u00faka\"}]},{\"@type\":\"WebSite\",\"@id\":\"https:\/\/kulturneleto.eu\/#website\",\"url\":\"https:\/\/kulturneleto.eu\/\",\"name\":\"\u017dilinsk\u00e9 kult\u00farne leto 2025\",\"description\":\"j\u00fal, august, september\",\"publisher\":{\"@id\":\"https:\/\/kulturneleto.eu\/#organization\"},\"potentialAction\":[{\"@type\":\"SearchAction\",\"target\":{\"@type\":\"EntryPoint\",\"urlTemplate\":\"https:\/\/kulturneleto.eu\/?s={search_term_string}\"},\"query-input\":{\"@type\":\"PropertyValueSpecification\",\"valueRequired\":true,\"valueName\":\"search_term_string\"}}],\"inLanguage\":\"en-US\"},{\"@type\":\"Organization\",\"@id\":\"https:\/\/kulturneleto.eu\/#organization\",\"name\":\"Kult\u00farne leto\",\"url\":\"https:\/\/kulturneleto.eu\/\",\"logo\":{\"@type\":\"ImageObject\",\"inLanguage\":\"en-US\",\"@id\":\"https:\/\/kulturneleto.eu\/#\/schema\/logo\/image\/\",\"url\":\"https:\/\/kulturneleto.eu\/wp-content\/uploads\/2022\/06\/logo_zkl_2022_orange.png\",\"contentUrl\":\"https:\/\/kulturneleto.eu\/wp-content\/uploads\/2022\/06\/logo_zkl_2022_orange.png\",\"width\":330,\"height\":117,\"caption\":\"Kult\u00farne leto\"},\"image\":{\"@id\":\"https:\/\/kulturneleto.eu\/#\/schema\/logo\/image\/\"},\"sameAs\":[\"https:\/\/www.facebook.com\/Mesto-ilina-162541880519007\",\"https:\/\/www.youtube.com\/channel\/UCfY6Cc8yEeMgTWAUW5QaGAw\",\"https:\/\/www.instagram.com\/mestozilina\/?hl=sk\"]}]}<\/script>\n<!-- \/ Yoast SEO plugin. -->","yoast_head_json":{"title":"Rozkvitnut\u00e1 l\u00faka - \u017dilinsk\u00e9 kult\u00farne leto 2025","robots":{"index":"index","follow":"follow","max-snippet":"max-snippet:-1","max-image-preview":"max-image-preview:large","max-video-preview":"max-video-preview:-1"},"canonical":"https:\/\/kulturneleto.eu\/en\/event\/rozkvitnuta-luka\/","og_locale":"en_US","og_type":"article","og_title":"Rozkvitnut\u00e1 l\u00faka - \u017dilinsk\u00e9 kult\u00farne leto 2025","og_description":"Symbolom letnej pohody s\u00fa rozkvitnut\u00e9 farebn\u00e9 kvety a\u00a0kr\u00e1sne zelen\u00e9 stromy okolo n\u00e1s. A\u00a0nie s\u00fa len rozkvitnut\u00e9 a kr\u00e1sne, ale s\u00fa pre na\u0161u zem ve\u013emi d\u00f4le\u017eit\u00e9. Urob\u00edme si pohodu v\u00a0kni\u017enici, porozpr\u00e1vame sa a vyrob\u00edme si o\u010daruj\u00facu farebn\u00fa pr\u00edrodu z papiera. &nbsp; Stretneme sa v Liter\u00e1rnom parku za Krajskou kni\u017enicou v \u017diline. Podujatie je vhodn\u00e9 pre deti [&hellip;]","og_url":"https:\/\/kulturneleto.eu\/en\/event\/rozkvitnuta-luka\/","og_site_name":"\u017dilinsk\u00e9 kult\u00farne leto 2025","article_publisher":"https:\/\/www.facebook.com\/Mesto-ilina-162541880519007","article_modified_time":"2023-07-07T08:39:43+00:00","og_image":[{"width":2560,"height":1810,"url":"https:\/\/kulturneleto.eu\/wp-content\/uploads\/2023\/06\/privitanie-leta-v-kniznici-scaled.jpg","type":"image\/jpeg"}],"twitter_card":"summary_large_image","twitter_misc":{"Est. reading time":"1 minute"},"schema":{"@context":"https:\/\/schema.org","@graph":[{"@type":"WebPage","@id":"https:\/\/kulturneleto.eu\/event\/rozkvitnuta-luka\/","url":"https:\/\/kulturneleto.eu\/event\/rozkvitnuta-luka\/","name":"Rozkvitnut\u00e1 l\u00faka - \u017dilinsk\u00e9 kult\u00farne leto 2025","isPartOf":{"@id":"https:\/\/kulturneleto.eu\/#website"},"primaryImageOfPage":{"@id":"https:\/\/kulturneleto.eu\/event\/rozkvitnuta-luka\/#primaryimage"},"image":{"@id":"https:\/\/kulturneleto.eu\/event\/rozkvitnuta-luka\/#primaryimage"},"thumbnailUrl":"https:\/\/kulturneleto.eu\/wp-content\/uploads\/2023\/06\/privitanie-leta-v-kniznici-scaled.jpg","datePublished":"2023-06-30T06:39:18+00:00","dateModified":"2023-07-07T08:39:43+00:00","breadcrumb":{"@id":"https:\/\/kulturneleto.eu\/event\/rozkvitnuta-luka\/#breadcrumb"},"inLanguage":"en-US","potentialAction":[{"@type":"ReadAction","target":["https:\/\/kulturneleto.eu\/event\/rozkvitnuta-luka\/"]}]},{"@type":"ImageObject","inLanguage":"en-US","@id":"https:\/\/kulturneleto.eu\/event\/rozkvitnuta-luka\/#primaryimage","url":"https:\/\/kulturneleto.eu\/wp-content\/uploads\/2023\/06\/privitanie-leta-v-kniznici-scaled.jpg","contentUrl":"https:\/\/kulturneleto.eu\/wp-content\/uploads\/2023\/06\/privitanie-leta-v-kniznici-scaled.jpg","width":2560,"height":1810},{"@type":"BreadcrumbList","@id":"https:\/\/kulturneleto.eu\/event\/rozkvitnuta-luka\/#breadcrumb","itemListElement":[{"@type":"ListItem","position":1,"name":"Domovsk\u00e1 str\u00e1nka","item":"https:\/\/kulturneleto.eu\/"},{"@type":"ListItem","position":2,"name":"Rozkvitnut\u00e1 l\u00faka"}]},{"@type":"WebSite","@id":"https:\/\/kulturneleto.eu\/#website","url":"https:\/\/kulturneleto.eu\/","name":"\u017dilinsk\u00e9 kult\u00farne leto 2025","description":"j\u00fal, august, september","publisher":{"@id":"https:\/\/kulturneleto.eu\/#organization"},"potentialAction":[{"@type":"SearchAction","target":{"@type":"EntryPoint","urlTemplate":"https:\/\/kulturneleto.eu\/?s={search_term_string}"},"query-input":{"@type":"PropertyValueSpecification","valueRequired":true,"valueName":"search_term_string"}}],"inLanguage":"en-US"},{"@type":"Organization","@id":"https:\/\/kulturneleto.eu\/#organization","name":"Kult\u00farne leto","url":"https:\/\/kulturneleto.eu\/","logo":{"@type":"ImageObject","inLanguage":"en-US","@id":"https:\/\/kulturneleto.eu\/#\/schema\/logo\/image\/","url":"https:\/\/kulturneleto.eu\/wp-content\/uploads\/2022\/06\/logo_zkl_2022_orange.png","contentUrl":"https:\/\/kulturneleto.eu\/wp-content\/uploads\/2022\/06\/logo_zkl_2022_orange.png","width":330,"height":117,"caption":"Kult\u00farne leto"},"image":{"@id":"https:\/\/kulturneleto.eu\/#\/schema\/logo\/image\/"},"sameAs":["https:\/\/www.facebook.com\/Mesto-ilina-162541880519007","https:\/\/www.youtube.com\/channel\/UCfY6Cc8yEeMgTWAUW5QaGAw","https:\/\/www.instagram.com\/mestozilina\/?hl=sk"]}]}},"_links":{"self":[{"href":"https:\/\/kulturneleto.eu\/en\/wp-json\/wp\/v2\/event_listing\/5282","targetHints":{"allow":["GET"]}}],"collection":[{"href":"https:\/\/kulturneleto.eu\/en\/wp-json\/wp\/v2\/event_listing"}],"about":[{"href":"https:\/\/kulturneleto.eu\/en\/wp-json\/wp\/v2\/types\/event_listing"}],"wp:featuredmedia":[{"embeddable":true,"href":"https:\/\/kulturneleto.eu\/en\/wp-json\/wp\/v2\/media\/5335"}],"wp:attachment":[{"href":"https:\/\/kulturneleto.eu\/en\/wp-json\/wp\/v2\/media?parent=5282"}],"wp:term":[{"taxonomy":"event_listing_category","embeddable":true,"href":"https:\/\/kulturneleto.eu\/en\/wp-json\/wp\/v2\/event_listing_category?post=5282"},{"taxonomy":"event_listing_type","embeddable":true,"href":"https:\/\/kulturneleto.eu\/en\/wp-json\/wp\/v2\/event_listing_type?post=5282"}],"curies":[{"name":"wp","href":"https:\/\/api.w.org\/{rel}","templated":true}]}}