{"id":5295,"date":"2023-06-30T08:49:17","date_gmt":"2023-06-30T06:49:17","guid":{"rendered":"https:\/\/kulturneleto.eu\/?post_type=event_listing&#038;p=5295"},"modified":"2023-07-04T10:42:36","modified_gmt":"2023-07-04T08:42:36","slug":"vitanie-ucastnikov-vrba-wetzler-memorial-komorny-koncert-petra-javorku-s-andrejom-galom","status":"publish","type":"event_listing","link":"https:\/\/kulturneleto.eu\/en\/event\/vitanie-ucastnikov-vrba-wetzler-memorial-komorny-koncert-petra-javorku-s-andrejom-galom\/","title":{"rendered":"V\u00edtanie \u00fa\u010dastn\u00edkov Vrba-Wetzler Memorial + komorn\u00fd koncert Petra Javorku s Andrejom G\u00e1lom"},"content":{"rendered":"<p>\u00da\u010dastn\u00edkov j\u00falov\u00e9ho\u00a0<a href=\"https:\/\/www.vrbawetzler.eu\/\">pochodu<\/a>\u00a0po stop\u00e1ch Rudolfa Vrbu a Alfreda Wetzlera priv\u00edtame komorn\u00fdm koncertom violon\u010delistu\u00a0<strong>Andreja G\u00e1la<\/strong>\u00a0spolu s absolventom Konzervat\u00f3ria \u017dilina \u2013 klaviristom, skladate\u013eom a umeleck\u00fdm \u0161\u00e9fom festivalu AsynChr\u00f3nie \u2013\u00a0<strong>Petrom Javorkom<\/strong>.<\/p>","protected":false},"featured_media":5475,"template":"","meta":[],"event_listing_category":[97],"event_listing_type":[85],"class_list":["post-5295","event_listing","type-event_listing","status-publish","has-post-thumbnail","hentry","event_listing_category-zkl2023","event_listing_type-hudba-tanec"],"yoast_head":"<!-- This site is optimized with the Yoast SEO plugin v27.1.1 - https:\/\/yoast.com\/product\/yoast-seo-wordpress\/ -->\n<title>V\u00edtanie \u00fa\u010dastn\u00edkov Vrba-Wetzler Memorial + komorn\u00fd koncert Petra Javorku s Andrejom G\u00e1lom - \u017dilinsk\u00e9 kult\u00farne leto 2025<\/title>\n<meta name=\"robots\" content=\"index, follow, max-snippet:-1, max-image-preview:large, max-video-preview:-1\" \/>\n<link rel=\"canonical\" href=\"https:\/\/kulturneleto.eu\/en\/event\/vitanie-ucastnikov-vrba-wetzler-memorial-komorny-koncert-petra-javorku-s-andrejom-galom\/\" \/>\n<meta property=\"og:locale\" content=\"en_US\" \/>\n<meta property=\"og:type\" content=\"article\" \/>\n<meta property=\"og:title\" content=\"V\u00edtanie \u00fa\u010dastn\u00edkov Vrba-Wetzler Memorial + komorn\u00fd koncert Petra Javorku s Andrejom G\u00e1lom - \u017dilinsk\u00e9 kult\u00farne leto 2025\" \/>\n<meta property=\"og:description\" content=\"\u00da\u010dastn\u00edkov j\u00falov\u00e9ho\u00a0pochodu\u00a0po stop\u00e1ch Rudolfa Vrbu a Alfreda Wetzlera priv\u00edtame komorn\u00fdm koncertom violon\u010delistu\u00a0Andreja G\u00e1la\u00a0spolu s absolventom Konzervat\u00f3ria \u017dilina \u2013 klaviristom, skladate\u013eom a umeleck\u00fdm \u0161\u00e9fom festivalu AsynChr\u00f3nie \u2013\u00a0Petrom Javorkom.\" \/>\n<meta property=\"og:url\" content=\"https:\/\/kulturneleto.eu\/en\/event\/vitanie-ucastnikov-vrba-wetzler-memorial-komorny-koncert-petra-javorku-s-andrejom-galom\/\" \/>\n<meta property=\"og:site_name\" content=\"\u017dilinsk\u00e9 kult\u00farne leto 2025\" \/>\n<meta property=\"article:publisher\" content=\"https:\/\/www.facebook.com\/Mesto-ilina-162541880519007\" \/>\n<meta property=\"article:modified_time\" content=\"2023-07-04T08:42:36+00:00\" \/>\n<meta property=\"og:image\" content=\"https:\/\/kulturneleto.eu\/wp-content\/uploads\/2023\/06\/duo.png\" \/>\n\t<meta property=\"og:image:width\" content=\"768\" \/>\n\t<meta property=\"og:image:height\" content=\"384\" \/>\n\t<meta property=\"og:image:type\" content=\"image\/png\" \/>\n<meta name=\"twitter:card\" content=\"summary_large_image\" \/>\n<meta name=\"twitter:label1\" content=\"Est. reading time\" \/>\n\t<meta name=\"twitter:data1\" content=\"1 minute\" \/>\n<script type=\"application\/ld+json\" class=\"yoast-schema-graph\">{\"@context\":\"https:\/\/schema.org\",\"@graph\":[{\"@type\":\"WebPage\",\"@id\":\"https:\/\/kulturneleto.eu\/event\/vitanie-ucastnikov-vrba-wetzler-memorial-komorny-koncert-petra-javorku-s-andrejom-galom\/\",\"url\":\"https:\/\/kulturneleto.eu\/event\/vitanie-ucastnikov-vrba-wetzler-memorial-komorny-koncert-petra-javorku-s-andrejom-galom\/\",\"name\":\"V\u00edtanie \u00fa\u010dastn\u00edkov Vrba-Wetzler Memorial + komorn\u00fd koncert Petra Javorku s Andrejom G\u00e1lom - \u017dilinsk\u00e9 kult\u00farne leto 2025\",\"isPartOf\":{\"@id\":\"https:\/\/kulturneleto.eu\/#website\"},\"primaryImageOfPage\":{\"@id\":\"https:\/\/kulturneleto.eu\/event\/vitanie-ucastnikov-vrba-wetzler-memorial-komorny-koncert-petra-javorku-s-andrejom-galom\/#primaryimage\"},\"image\":{\"@id\":\"https:\/\/kulturneleto.eu\/event\/vitanie-ucastnikov-vrba-wetzler-memorial-komorny-koncert-petra-javorku-s-andrejom-galom\/#primaryimage\"},\"thumbnailUrl\":\"https:\/\/kulturneleto.eu\/wp-content\/uploads\/2023\/06\/duo.png\",\"datePublished\":\"2023-06-30T06:49:17+00:00\",\"dateModified\":\"2023-07-04T08:42:36+00:00\",\"breadcrumb\":{\"@id\":\"https:\/\/kulturneleto.eu\/event\/vitanie-ucastnikov-vrba-wetzler-memorial-komorny-koncert-petra-javorku-s-andrejom-galom\/#breadcrumb\"},\"inLanguage\":\"en-US\",\"potentialAction\":[{\"@type\":\"ReadAction\",\"target\":[\"https:\/\/kulturneleto.eu\/event\/vitanie-ucastnikov-vrba-wetzler-memorial-komorny-koncert-petra-javorku-s-andrejom-galom\/\"]}]},{\"@type\":\"ImageObject\",\"inLanguage\":\"en-US\",\"@id\":\"https:\/\/kulturneleto.eu\/event\/vitanie-ucastnikov-vrba-wetzler-memorial-komorny-koncert-petra-javorku-s-andrejom-galom\/#primaryimage\",\"url\":\"https:\/\/kulturneleto.eu\/wp-content\/uploads\/2023\/06\/duo.png\",\"contentUrl\":\"https:\/\/kulturneleto.eu\/wp-content\/uploads\/2023\/06\/duo.png\",\"width\":768,\"height\":384},{\"@type\":\"BreadcrumbList\",\"@id\":\"https:\/\/kulturneleto.eu\/event\/vitanie-ucastnikov-vrba-wetzler-memorial-komorny-koncert-petra-javorku-s-andrejom-galom\/#breadcrumb\",\"itemListElement\":[{\"@type\":\"ListItem\",\"position\":1,\"name\":\"Domovsk\u00e1 str\u00e1nka\",\"item\":\"https:\/\/kulturneleto.eu\/\"},{\"@type\":\"ListItem\",\"position\":2,\"name\":\"V\u00edtanie \u00fa\u010dastn\u00edkov Vrba-Wetzler Memorial + komorn\u00fd koncert Petra Javorku s Andrejom G\u00e1lom\"}]},{\"@type\":\"WebSite\",\"@id\":\"https:\/\/kulturneleto.eu\/#website\",\"url\":\"https:\/\/kulturneleto.eu\/\",\"name\":\"\u017dilinsk\u00e9 kult\u00farne leto 2025\",\"description\":\"j\u00fal, august, september\",\"publisher\":{\"@id\":\"https:\/\/kulturneleto.eu\/#organization\"},\"potentialAction\":[{\"@type\":\"SearchAction\",\"target\":{\"@type\":\"EntryPoint\",\"urlTemplate\":\"https:\/\/kulturneleto.eu\/?s={search_term_string}\"},\"query-input\":{\"@type\":\"PropertyValueSpecification\",\"valueRequired\":true,\"valueName\":\"search_term_string\"}}],\"inLanguage\":\"en-US\"},{\"@type\":\"Organization\",\"@id\":\"https:\/\/kulturneleto.eu\/#organization\",\"name\":\"Kult\u00farne leto\",\"url\":\"https:\/\/kulturneleto.eu\/\",\"logo\":{\"@type\":\"ImageObject\",\"inLanguage\":\"en-US\",\"@id\":\"https:\/\/kulturneleto.eu\/#\/schema\/logo\/image\/\",\"url\":\"https:\/\/kulturneleto.eu\/wp-content\/uploads\/2022\/06\/logo_zkl_2022_orange.png\",\"contentUrl\":\"https:\/\/kulturneleto.eu\/wp-content\/uploads\/2022\/06\/logo_zkl_2022_orange.png\",\"width\":330,\"height\":117,\"caption\":\"Kult\u00farne leto\"},\"image\":{\"@id\":\"https:\/\/kulturneleto.eu\/#\/schema\/logo\/image\/\"},\"sameAs\":[\"https:\/\/www.facebook.com\/Mesto-ilina-162541880519007\",\"https:\/\/www.youtube.com\/channel\/UCfY6Cc8yEeMgTWAUW5QaGAw\",\"https:\/\/www.instagram.com\/mestozilina\/?hl=sk\"]}]}<\/script>\n<!-- \/ Yoast SEO plugin. -->","yoast_head_json":{"title":"V\u00edtanie \u00fa\u010dastn\u00edkov Vrba-Wetzler Memorial + komorn\u00fd koncert Petra Javorku s Andrejom G\u00e1lom - \u017dilinsk\u00e9 kult\u00farne leto 2025","robots":{"index":"index","follow":"follow","max-snippet":"max-snippet:-1","max-image-preview":"max-image-preview:large","max-video-preview":"max-video-preview:-1"},"canonical":"https:\/\/kulturneleto.eu\/en\/event\/vitanie-ucastnikov-vrba-wetzler-memorial-komorny-koncert-petra-javorku-s-andrejom-galom\/","og_locale":"en_US","og_type":"article","og_title":"V\u00edtanie \u00fa\u010dastn\u00edkov Vrba-Wetzler Memorial + komorn\u00fd koncert Petra Javorku s Andrejom G\u00e1lom - \u017dilinsk\u00e9 kult\u00farne leto 2025","og_description":"\u00da\u010dastn\u00edkov j\u00falov\u00e9ho\u00a0pochodu\u00a0po stop\u00e1ch Rudolfa Vrbu a Alfreda Wetzlera priv\u00edtame komorn\u00fdm koncertom violon\u010delistu\u00a0Andreja G\u00e1la\u00a0spolu s absolventom Konzervat\u00f3ria \u017dilina \u2013 klaviristom, skladate\u013eom a umeleck\u00fdm \u0161\u00e9fom festivalu AsynChr\u00f3nie \u2013\u00a0Petrom Javorkom.","og_url":"https:\/\/kulturneleto.eu\/en\/event\/vitanie-ucastnikov-vrba-wetzler-memorial-komorny-koncert-petra-javorku-s-andrejom-galom\/","og_site_name":"\u017dilinsk\u00e9 kult\u00farne leto 2025","article_publisher":"https:\/\/www.facebook.com\/Mesto-ilina-162541880519007","article_modified_time":"2023-07-04T08:42:36+00:00","og_image":[{"width":768,"height":384,"url":"https:\/\/kulturneleto.eu\/wp-content\/uploads\/2023\/06\/duo.png","type":"image\/png"}],"twitter_card":"summary_large_image","twitter_misc":{"Est. reading time":"1 minute"},"schema":{"@context":"https:\/\/schema.org","@graph":[{"@type":"WebPage","@id":"https:\/\/kulturneleto.eu\/event\/vitanie-ucastnikov-vrba-wetzler-memorial-komorny-koncert-petra-javorku-s-andrejom-galom\/","url":"https:\/\/kulturneleto.eu\/event\/vitanie-ucastnikov-vrba-wetzler-memorial-komorny-koncert-petra-javorku-s-andrejom-galom\/","name":"V\u00edtanie \u00fa\u010dastn\u00edkov Vrba-Wetzler Memorial + komorn\u00fd koncert Petra Javorku s Andrejom G\u00e1lom - \u017dilinsk\u00e9 kult\u00farne leto 2025","isPartOf":{"@id":"https:\/\/kulturneleto.eu\/#website"},"primaryImageOfPage":{"@id":"https:\/\/kulturneleto.eu\/event\/vitanie-ucastnikov-vrba-wetzler-memorial-komorny-koncert-petra-javorku-s-andrejom-galom\/#primaryimage"},"image":{"@id":"https:\/\/kulturneleto.eu\/event\/vitanie-ucastnikov-vrba-wetzler-memorial-komorny-koncert-petra-javorku-s-andrejom-galom\/#primaryimage"},"thumbnailUrl":"https:\/\/kulturneleto.eu\/wp-content\/uploads\/2023\/06\/duo.png","datePublished":"2023-06-30T06:49:17+00:00","dateModified":"2023-07-04T08:42:36+00:00","breadcrumb":{"@id":"https:\/\/kulturneleto.eu\/event\/vitanie-ucastnikov-vrba-wetzler-memorial-komorny-koncert-petra-javorku-s-andrejom-galom\/#breadcrumb"},"inLanguage":"en-US","potentialAction":[{"@type":"ReadAction","target":["https:\/\/kulturneleto.eu\/event\/vitanie-ucastnikov-vrba-wetzler-memorial-komorny-koncert-petra-javorku-s-andrejom-galom\/"]}]},{"@type":"ImageObject","inLanguage":"en-US","@id":"https:\/\/kulturneleto.eu\/event\/vitanie-ucastnikov-vrba-wetzler-memorial-komorny-koncert-petra-javorku-s-andrejom-galom\/#primaryimage","url":"https:\/\/kulturneleto.eu\/wp-content\/uploads\/2023\/06\/duo.png","contentUrl":"https:\/\/kulturneleto.eu\/wp-content\/uploads\/2023\/06\/duo.png","width":768,"height":384},{"@type":"BreadcrumbList","@id":"https:\/\/kulturneleto.eu\/event\/vitanie-ucastnikov-vrba-wetzler-memorial-komorny-koncert-petra-javorku-s-andrejom-galom\/#breadcrumb","itemListElement":[{"@type":"ListItem","position":1,"name":"Domovsk\u00e1 str\u00e1nka","item":"https:\/\/kulturneleto.eu\/"},{"@type":"ListItem","position":2,"name":"V\u00edtanie \u00fa\u010dastn\u00edkov Vrba-Wetzler Memorial + komorn\u00fd koncert Petra Javorku s Andrejom G\u00e1lom"}]},{"@type":"WebSite","@id":"https:\/\/kulturneleto.eu\/#website","url":"https:\/\/kulturneleto.eu\/","name":"\u017dilinsk\u00e9 kult\u00farne leto 2025","description":"j\u00fal, august, september","publisher":{"@id":"https:\/\/kulturneleto.eu\/#organization"},"potentialAction":[{"@type":"SearchAction","target":{"@type":"EntryPoint","urlTemplate":"https:\/\/kulturneleto.eu\/?s={search_term_string}"},"query-input":{"@type":"PropertyValueSpecification","valueRequired":true,"valueName":"search_term_string"}}],"inLanguage":"en-US"},{"@type":"Organization","@id":"https:\/\/kulturneleto.eu\/#organization","name":"Kult\u00farne leto","url":"https:\/\/kulturneleto.eu\/","logo":{"@type":"ImageObject","inLanguage":"en-US","@id":"https:\/\/kulturneleto.eu\/#\/schema\/logo\/image\/","url":"https:\/\/kulturneleto.eu\/wp-content\/uploads\/2022\/06\/logo_zkl_2022_orange.png","contentUrl":"https:\/\/kulturneleto.eu\/wp-content\/uploads\/2022\/06\/logo_zkl_2022_orange.png","width":330,"height":117,"caption":"Kult\u00farne leto"},"image":{"@id":"https:\/\/kulturneleto.eu\/#\/schema\/logo\/image\/"},"sameAs":["https:\/\/www.facebook.com\/Mesto-ilina-162541880519007","https:\/\/www.youtube.com\/channel\/UCfY6Cc8yEeMgTWAUW5QaGAw","https:\/\/www.instagram.com\/mestozilina\/?hl=sk"]}]}},"_links":{"self":[{"href":"https:\/\/kulturneleto.eu\/en\/wp-json\/wp\/v2\/event_listing\/5295","targetHints":{"allow":["GET"]}}],"collection":[{"href":"https:\/\/kulturneleto.eu\/en\/wp-json\/wp\/v2\/event_listing"}],"about":[{"href":"https:\/\/kulturneleto.eu\/en\/wp-json\/wp\/v2\/types\/event_listing"}],"wp:featuredmedia":[{"embeddable":true,"href":"https:\/\/kulturneleto.eu\/en\/wp-json\/wp\/v2\/media\/5475"}],"wp:attachment":[{"href":"https:\/\/kulturneleto.eu\/en\/wp-json\/wp\/v2\/media?parent=5295"}],"wp:term":[{"taxonomy":"event_listing_category","embeddable":true,"href":"https:\/\/kulturneleto.eu\/en\/wp-json\/wp\/v2\/event_listing_category?post=5295"},{"taxonomy":"event_listing_type","embeddable":true,"href":"https:\/\/kulturneleto.eu\/en\/wp-json\/wp\/v2\/event_listing_type?post=5295"}],"curies":[{"name":"wp","href":"https:\/\/api.w.org\/{rel}","templated":true}]}}