{"id":5302,"date":"2023-06-30T14:09:31","date_gmt":"2023-06-30T12:09:31","guid":{"rendered":"https:\/\/kulturneleto.eu\/?post_type=event_listing&#038;p=5302"},"modified":"2023-07-04T11:52:04","modified_gmt":"2023-07-04T09:52:04","slug":"kiosk-festival-nezavisleho-slovenskeho-divadla-a-tanca","status":"publish","type":"event_listing","link":"https:\/\/kulturneleto.eu\/en\/event\/kiosk-festival-nezavisleho-slovenskeho-divadla-a-tanca\/","title":{"rendered":"Kiosk \u2013 festival nez\u00e1visl\u00e9ho slovensk\u00e9ho divadla a\u202ftanca"},"content":{"rendered":"<p>No Power<\/p>\n<p>&nbsp;<\/p>\n<p>\u010co pr\u00edde\u00a0<i>po \u010dloveku<\/i>? Mo\u017eno nov\u00fd \u013eudsk\u00fd druh, mo\u017eno tma. Tel\u00e1 zroden\u00e9 z \u010daso-priestorov\u00fdch anom\u00e1li\u00ed sa bud\u00fa na ly\u017eiarskych svahoch alebo v ruin\u00e1ch kult\u00farnych domov stret\u00e1va\u0165 s klonmi na\u0161ej niekdaj\u0161ej podoby. Vystaven\u00e9 nov\u00fdm situ\u00e1ci\u00e1m a zap\u00e1jan\u00e9 do nepredv\u00eddate\u013en\u00fdch dial\u00f3gov, nau\u010dia sa op\u00e4tovne d\u00fdcha\u0165 a pohybova\u0165. A bud\u00fa sa usilova\u0165 spomen\u00fa\u0165 si na to, \u010do kedysi vedeli a videli. Ale bude to mo\u017en\u00e9 vo svete s radik\u00e1lne odli\u0161n\u00fdmi podmienkami? Vo svete bez svetla (hoci s n\u00e1dejou), vo svete bez vody (hoci so sm\u00e4dom po poznan\u00ed), vo svete bez priestoru (hoci s ve\u013ekorozmern\u00fdmi t\u00fa\u017ebami). KIOSK to sk\u00fasi. Do novej reality prinesie projekty s n\u00edzkym energetick\u00fdm v\u00fdkonom, tak\u00e9, ktor\u00e9 nepotrebuj\u00fa elektrinu, nie s\u00fa z\u00e1visl\u00e9 od klasickej infra\u0161trukt\u00fary.<\/p>\n<p>&nbsp;<\/p>\n<p>\u017dilina \u2013 Horn\u00e1 Marikov\u00e1 \u2013 Vi\u0161\u0148ov\u00e9<\/p>\n<p>&nbsp;<\/p>","protected":false},"featured_media":5500,"template":"","meta":[],"event_listing_category":[97],"event_listing_type":[85],"class_list":["post-5302","event_listing","type-event_listing","status-publish","has-post-thumbnail","hentry","event_listing_category-zkl2023","event_listing_type-hudba-tanec"],"yoast_head":"<!-- This site is optimized with the Yoast SEO plugin v27.1.1 - https:\/\/yoast.com\/product\/yoast-seo-wordpress\/ -->\n<title>Kiosk \u2013 festival nez\u00e1visl\u00e9ho slovensk\u00e9ho divadla a\u202ftanca - \u017dilinsk\u00e9 kult\u00farne leto 2025<\/title>\n<meta name=\"robots\" content=\"index, follow, max-snippet:-1, max-image-preview:large, max-video-preview:-1\" \/>\n<link rel=\"canonical\" href=\"https:\/\/kulturneleto.eu\/en\/event\/kiosk-festival-nezavisleho-slovenskeho-divadla-a-tanca\/\" \/>\n<meta property=\"og:locale\" content=\"en_US\" \/>\n<meta property=\"og:type\" content=\"article\" \/>\n<meta property=\"og:title\" content=\"Kiosk \u2013 festival nez\u00e1visl\u00e9ho slovensk\u00e9ho divadla a\u202ftanca - \u017dilinsk\u00e9 kult\u00farne leto 2025\" \/>\n<meta property=\"og:description\" content=\"No Power &nbsp; \u010co pr\u00edde\u00a0po \u010dloveku? Mo\u017eno nov\u00fd \u013eudsk\u00fd druh, mo\u017eno tma. Tel\u00e1 zroden\u00e9 z \u010daso-priestorov\u00fdch anom\u00e1li\u00ed sa bud\u00fa na ly\u017eiarskych svahoch alebo v ruin\u00e1ch kult\u00farnych domov stret\u00e1va\u0165 s klonmi na\u0161ej niekdaj\u0161ej podoby. Vystaven\u00e9 nov\u00fdm situ\u00e1ci\u00e1m a zap\u00e1jan\u00e9 do nepredv\u00eddate\u013en\u00fdch dial\u00f3gov, nau\u010dia sa op\u00e4tovne d\u00fdcha\u0165 a pohybova\u0165. A bud\u00fa sa usilova\u0165 spomen\u00fa\u0165 si na to, [&hellip;]\" \/>\n<meta property=\"og:url\" content=\"https:\/\/kulturneleto.eu\/en\/event\/kiosk-festival-nezavisleho-slovenskeho-divadla-a-tanca\/\" \/>\n<meta property=\"og:site_name\" content=\"\u017dilinsk\u00e9 kult\u00farne leto 2025\" \/>\n<meta property=\"article:publisher\" content=\"https:\/\/www.facebook.com\/Mesto-ilina-162541880519007\" \/>\n<meta property=\"article:modified_time\" content=\"2023-07-04T09:52:04+00:00\" \/>\n<meta property=\"og:image\" content=\"https:\/\/kulturneleto.eu\/wp-content\/uploads\/2023\/06\/KIOSK.jpg\" \/>\n\t<meta property=\"og:image:width\" content=\"1800\" \/>\n\t<meta property=\"og:image:height\" content=\"1197\" \/>\n\t<meta property=\"og:image:type\" content=\"image\/jpeg\" \/>\n<meta name=\"twitter:card\" content=\"summary_large_image\" \/>\n<meta name=\"twitter:label1\" content=\"Est. reading time\" \/>\n\t<meta name=\"twitter:data1\" content=\"1 minute\" \/>\n<script type=\"application\/ld+json\" class=\"yoast-schema-graph\">{\"@context\":\"https:\/\/schema.org\",\"@graph\":[{\"@type\":\"WebPage\",\"@id\":\"https:\/\/kulturneleto.eu\/event\/kiosk-festival-nezavisleho-slovenskeho-divadla-a-tanca\/\",\"url\":\"https:\/\/kulturneleto.eu\/event\/kiosk-festival-nezavisleho-slovenskeho-divadla-a-tanca\/\",\"name\":\"Kiosk \u2013 festival nez\u00e1visl\u00e9ho slovensk\u00e9ho divadla a\u202ftanca - \u017dilinsk\u00e9 kult\u00farne leto 2025\",\"isPartOf\":{\"@id\":\"https:\/\/kulturneleto.eu\/#website\"},\"primaryImageOfPage\":{\"@id\":\"https:\/\/kulturneleto.eu\/event\/kiosk-festival-nezavisleho-slovenskeho-divadla-a-tanca\/#primaryimage\"},\"image\":{\"@id\":\"https:\/\/kulturneleto.eu\/event\/kiosk-festival-nezavisleho-slovenskeho-divadla-a-tanca\/#primaryimage\"},\"thumbnailUrl\":\"https:\/\/kulturneleto.eu\/wp-content\/uploads\/2023\/06\/KIOSK.jpg\",\"datePublished\":\"2023-06-30T12:09:31+00:00\",\"dateModified\":\"2023-07-04T09:52:04+00:00\",\"breadcrumb\":{\"@id\":\"https:\/\/kulturneleto.eu\/event\/kiosk-festival-nezavisleho-slovenskeho-divadla-a-tanca\/#breadcrumb\"},\"inLanguage\":\"en-US\",\"potentialAction\":[{\"@type\":\"ReadAction\",\"target\":[\"https:\/\/kulturneleto.eu\/event\/kiosk-festival-nezavisleho-slovenskeho-divadla-a-tanca\/\"]}]},{\"@type\":\"ImageObject\",\"inLanguage\":\"en-US\",\"@id\":\"https:\/\/kulturneleto.eu\/event\/kiosk-festival-nezavisleho-slovenskeho-divadla-a-tanca\/#primaryimage\",\"url\":\"https:\/\/kulturneleto.eu\/wp-content\/uploads\/2023\/06\/KIOSK.jpg\",\"contentUrl\":\"https:\/\/kulturneleto.eu\/wp-content\/uploads\/2023\/06\/KIOSK.jpg\",\"width\":1800,\"height\":1197},{\"@type\":\"BreadcrumbList\",\"@id\":\"https:\/\/kulturneleto.eu\/event\/kiosk-festival-nezavisleho-slovenskeho-divadla-a-tanca\/#breadcrumb\",\"itemListElement\":[{\"@type\":\"ListItem\",\"position\":1,\"name\":\"Domovsk\u00e1 str\u00e1nka\",\"item\":\"https:\/\/kulturneleto.eu\/\"},{\"@type\":\"ListItem\",\"position\":2,\"name\":\"Kiosk \u2013 festival nez\u00e1visl\u00e9ho slovensk\u00e9ho divadla a\u202ftanca\"}]},{\"@type\":\"WebSite\",\"@id\":\"https:\/\/kulturneleto.eu\/#website\",\"url\":\"https:\/\/kulturneleto.eu\/\",\"name\":\"\u017dilinsk\u00e9 kult\u00farne leto 2025\",\"description\":\"j\u00fal, august, september\",\"publisher\":{\"@id\":\"https:\/\/kulturneleto.eu\/#organization\"},\"potentialAction\":[{\"@type\":\"SearchAction\",\"target\":{\"@type\":\"EntryPoint\",\"urlTemplate\":\"https:\/\/kulturneleto.eu\/?s={search_term_string}\"},\"query-input\":{\"@type\":\"PropertyValueSpecification\",\"valueRequired\":true,\"valueName\":\"search_term_string\"}}],\"inLanguage\":\"en-US\"},{\"@type\":\"Organization\",\"@id\":\"https:\/\/kulturneleto.eu\/#organization\",\"name\":\"Kult\u00farne leto\",\"url\":\"https:\/\/kulturneleto.eu\/\",\"logo\":{\"@type\":\"ImageObject\",\"inLanguage\":\"en-US\",\"@id\":\"https:\/\/kulturneleto.eu\/#\/schema\/logo\/image\/\",\"url\":\"https:\/\/kulturneleto.eu\/wp-content\/uploads\/2022\/06\/logo_zkl_2022_orange.png\",\"contentUrl\":\"https:\/\/kulturneleto.eu\/wp-content\/uploads\/2022\/06\/logo_zkl_2022_orange.png\",\"width\":330,\"height\":117,\"caption\":\"Kult\u00farne leto\"},\"image\":{\"@id\":\"https:\/\/kulturneleto.eu\/#\/schema\/logo\/image\/\"},\"sameAs\":[\"https:\/\/www.facebook.com\/Mesto-ilina-162541880519007\",\"https:\/\/www.youtube.com\/channel\/UCfY6Cc8yEeMgTWAUW5QaGAw\",\"https:\/\/www.instagram.com\/mestozilina\/?hl=sk\"]}]}<\/script>\n<!-- \/ Yoast SEO plugin. -->","yoast_head_json":{"title":"Kiosk \u2013 festival nez\u00e1visl\u00e9ho slovensk\u00e9ho divadla a\u202ftanca - \u017dilinsk\u00e9 kult\u00farne leto 2025","robots":{"index":"index","follow":"follow","max-snippet":"max-snippet:-1","max-image-preview":"max-image-preview:large","max-video-preview":"max-video-preview:-1"},"canonical":"https:\/\/kulturneleto.eu\/en\/event\/kiosk-festival-nezavisleho-slovenskeho-divadla-a-tanca\/","og_locale":"en_US","og_type":"article","og_title":"Kiosk \u2013 festival nez\u00e1visl\u00e9ho slovensk\u00e9ho divadla a\u202ftanca - \u017dilinsk\u00e9 kult\u00farne leto 2025","og_description":"No Power &nbsp; \u010co pr\u00edde\u00a0po \u010dloveku? Mo\u017eno nov\u00fd \u013eudsk\u00fd druh, mo\u017eno tma. Tel\u00e1 zroden\u00e9 z \u010daso-priestorov\u00fdch anom\u00e1li\u00ed sa bud\u00fa na ly\u017eiarskych svahoch alebo v ruin\u00e1ch kult\u00farnych domov stret\u00e1va\u0165 s klonmi na\u0161ej niekdaj\u0161ej podoby. Vystaven\u00e9 nov\u00fdm situ\u00e1ci\u00e1m a zap\u00e1jan\u00e9 do nepredv\u00eddate\u013en\u00fdch dial\u00f3gov, nau\u010dia sa op\u00e4tovne d\u00fdcha\u0165 a pohybova\u0165. A bud\u00fa sa usilova\u0165 spomen\u00fa\u0165 si na to, [&hellip;]","og_url":"https:\/\/kulturneleto.eu\/en\/event\/kiosk-festival-nezavisleho-slovenskeho-divadla-a-tanca\/","og_site_name":"\u017dilinsk\u00e9 kult\u00farne leto 2025","article_publisher":"https:\/\/www.facebook.com\/Mesto-ilina-162541880519007","article_modified_time":"2023-07-04T09:52:04+00:00","og_image":[{"width":1800,"height":1197,"url":"https:\/\/kulturneleto.eu\/wp-content\/uploads\/2023\/06\/KIOSK.jpg","type":"image\/jpeg"}],"twitter_card":"summary_large_image","twitter_misc":{"Est. reading time":"1 minute"},"schema":{"@context":"https:\/\/schema.org","@graph":[{"@type":"WebPage","@id":"https:\/\/kulturneleto.eu\/event\/kiosk-festival-nezavisleho-slovenskeho-divadla-a-tanca\/","url":"https:\/\/kulturneleto.eu\/event\/kiosk-festival-nezavisleho-slovenskeho-divadla-a-tanca\/","name":"Kiosk \u2013 festival nez\u00e1visl\u00e9ho slovensk\u00e9ho divadla a\u202ftanca - \u017dilinsk\u00e9 kult\u00farne leto 2025","isPartOf":{"@id":"https:\/\/kulturneleto.eu\/#website"},"primaryImageOfPage":{"@id":"https:\/\/kulturneleto.eu\/event\/kiosk-festival-nezavisleho-slovenskeho-divadla-a-tanca\/#primaryimage"},"image":{"@id":"https:\/\/kulturneleto.eu\/event\/kiosk-festival-nezavisleho-slovenskeho-divadla-a-tanca\/#primaryimage"},"thumbnailUrl":"https:\/\/kulturneleto.eu\/wp-content\/uploads\/2023\/06\/KIOSK.jpg","datePublished":"2023-06-30T12:09:31+00:00","dateModified":"2023-07-04T09:52:04+00:00","breadcrumb":{"@id":"https:\/\/kulturneleto.eu\/event\/kiosk-festival-nezavisleho-slovenskeho-divadla-a-tanca\/#breadcrumb"},"inLanguage":"en-US","potentialAction":[{"@type":"ReadAction","target":["https:\/\/kulturneleto.eu\/event\/kiosk-festival-nezavisleho-slovenskeho-divadla-a-tanca\/"]}]},{"@type":"ImageObject","inLanguage":"en-US","@id":"https:\/\/kulturneleto.eu\/event\/kiosk-festival-nezavisleho-slovenskeho-divadla-a-tanca\/#primaryimage","url":"https:\/\/kulturneleto.eu\/wp-content\/uploads\/2023\/06\/KIOSK.jpg","contentUrl":"https:\/\/kulturneleto.eu\/wp-content\/uploads\/2023\/06\/KIOSK.jpg","width":1800,"height":1197},{"@type":"BreadcrumbList","@id":"https:\/\/kulturneleto.eu\/event\/kiosk-festival-nezavisleho-slovenskeho-divadla-a-tanca\/#breadcrumb","itemListElement":[{"@type":"ListItem","position":1,"name":"Domovsk\u00e1 str\u00e1nka","item":"https:\/\/kulturneleto.eu\/"},{"@type":"ListItem","position":2,"name":"Kiosk \u2013 festival nez\u00e1visl\u00e9ho slovensk\u00e9ho divadla a\u202ftanca"}]},{"@type":"WebSite","@id":"https:\/\/kulturneleto.eu\/#website","url":"https:\/\/kulturneleto.eu\/","name":"\u017dilinsk\u00e9 kult\u00farne leto 2025","description":"j\u00fal, august, september","publisher":{"@id":"https:\/\/kulturneleto.eu\/#organization"},"potentialAction":[{"@type":"SearchAction","target":{"@type":"EntryPoint","urlTemplate":"https:\/\/kulturneleto.eu\/?s={search_term_string}"},"query-input":{"@type":"PropertyValueSpecification","valueRequired":true,"valueName":"search_term_string"}}],"inLanguage":"en-US"},{"@type":"Organization","@id":"https:\/\/kulturneleto.eu\/#organization","name":"Kult\u00farne leto","url":"https:\/\/kulturneleto.eu\/","logo":{"@type":"ImageObject","inLanguage":"en-US","@id":"https:\/\/kulturneleto.eu\/#\/schema\/logo\/image\/","url":"https:\/\/kulturneleto.eu\/wp-content\/uploads\/2022\/06\/logo_zkl_2022_orange.png","contentUrl":"https:\/\/kulturneleto.eu\/wp-content\/uploads\/2022\/06\/logo_zkl_2022_orange.png","width":330,"height":117,"caption":"Kult\u00farne leto"},"image":{"@id":"https:\/\/kulturneleto.eu\/#\/schema\/logo\/image\/"},"sameAs":["https:\/\/www.facebook.com\/Mesto-ilina-162541880519007","https:\/\/www.youtube.com\/channel\/UCfY6Cc8yEeMgTWAUW5QaGAw","https:\/\/www.instagram.com\/mestozilina\/?hl=sk"]}]}},"_links":{"self":[{"href":"https:\/\/kulturneleto.eu\/en\/wp-json\/wp\/v2\/event_listing\/5302","targetHints":{"allow":["GET"]}}],"collection":[{"href":"https:\/\/kulturneleto.eu\/en\/wp-json\/wp\/v2\/event_listing"}],"about":[{"href":"https:\/\/kulturneleto.eu\/en\/wp-json\/wp\/v2\/types\/event_listing"}],"wp:featuredmedia":[{"embeddable":true,"href":"https:\/\/kulturneleto.eu\/en\/wp-json\/wp\/v2\/media\/5500"}],"wp:attachment":[{"href":"https:\/\/kulturneleto.eu\/en\/wp-json\/wp\/v2\/media?parent=5302"}],"wp:term":[{"taxonomy":"event_listing_category","embeddable":true,"href":"https:\/\/kulturneleto.eu\/en\/wp-json\/wp\/v2\/event_listing_category?post=5302"},{"taxonomy":"event_listing_type","embeddable":true,"href":"https:\/\/kulturneleto.eu\/en\/wp-json\/wp\/v2\/event_listing_type?post=5302"}],"curies":[{"name":"wp","href":"https:\/\/api.w.org\/{rel}","templated":true}]}}