{"id":5303,"date":"2023-06-30T14:15:25","date_gmt":"2023-06-30T12:15:25","guid":{"rendered":"https:\/\/kulturneleto.eu\/?post_type=event_listing&#038;p=5303"},"modified":"2023-07-14T09:16:00","modified_gmt":"2023-07-14T07:16:00","slug":"stredoveky-den-2","status":"publish","type":"event_listing","link":"https:\/\/kulturneleto.eu\/en\/event\/stredoveky-den-2\/","title":{"rendered":"STREDOVEK\u00dd DE\u0147"},"content":{"rendered":"<p><strong>Program:<\/strong><\/p>\n<ul>\n<li>12:00 Otvorenie podujatia a obozn\u00e1menie s t\u00e1borom a remeslami<\/li>\n<li>13:00 Kaukliarske vyst\u00fapenie<\/li>\n<li>14:00 Sokoliari Horus<\/li>\n<li>15:00 Sl\u00e1vnostn\u00fd sprievod<\/li>\n<li>16:00 Nevera po rytiersky<\/li>\n<li>17:00 Finta na 3 \u0165ahy<\/li>\n<li>18:00 Uk\u00e1\u017eka historickej lukostre\u013eby<\/li>\n<li>19:00 Stredovek\u00fd (\u017eiv\u00fd) \u0161ach<\/li>\n<li>20:00 Bitka<\/li>\n<li>20:30 Dobov\u00e1 hudba Valar<\/li>\n<li>21:30 Oh\u0148ov\u00e1 show Hector Firewokrs<\/li>\n<li>22.00 Fak\u013eov\u00fd sprievod<\/li>\n<\/ul>\n<p><strong>\u010ealej za\u017eijete:<\/strong> jarmok v remeselnej uli\u010dke s mno\u017estvom uk\u00e1\u017eok stredovek\u00fdch remesiel, stredovek\u00fd t\u00e1bor, dobov\u00e1 hygiena a lazebn\u00edctvo, stredovek\u00e1 kuchy\u0148a, kaukiarske sc\u00e9nky, pot\u00fd\u010dky&#8230;<\/p>\n<p><strong>\u00da\u010dinkuj\u00faci:<\/strong> Cech Terra de Selinan, Vir Fortis, Komp\u00e1nia z Turca, Spolok sv. \u0160ebasti\u00e1na, Vres, Via Castrum, Via Cassa, Das Freie Militar, Agent\u00fara Hector, Pullcherrima Rosa, Sokoliari Horus, Argenti, Berezum, Hudobn\u00e1 skupina Valar, Miro Kasprzyk<\/p>\n<p><a href=\"https:\/\/kulturneleto.eu\/wp-content\/uploads\/2023\/06\/stredoveky_den_XV.jpg\"><img fetchpriority=\"high\" decoding=\"async\" class=\"alignnone size-full wp-image-5903\" src=\"https:\/\/kulturneleto.eu\/wp-content\/uploads\/2023\/06\/stredoveky_den_XV.jpg\" alt=\"\" width=\"1500\" height=\"2121\" srcset=\"https:\/\/kulturneleto.eu\/wp-content\/uploads\/2023\/06\/stredoveky_den_XV.jpg 1500w, https:\/\/kulturneleto.eu\/wp-content\/uploads\/2023\/06\/stredoveky_den_XV-724x1024.jpg 724w, https:\/\/kulturneleto.eu\/wp-content\/uploads\/2023\/06\/stredoveky_den_XV-768x1086.jpg 768w, https:\/\/kulturneleto.eu\/wp-content\/uploads\/2023\/06\/stredoveky_den_XV-1086x1536.jpg 1086w, https:\/\/kulturneleto.eu\/wp-content\/uploads\/2023\/06\/stredoveky_den_XV-1448x2048.jpg 1448w\" sizes=\"(max-width: 1500px) 100vw, 1500px\" \/><\/a><\/p>","protected":false},"featured_media":5903,"template":"","meta":[],"event_listing_category":[97],"event_listing_type":[83],"class_list":["post-5303","event_listing","type-event_listing","status-publish","has-post-thumbnail","hentry","event_listing_category-zkl2023","event_listing_type-ine"],"yoast_head":"<!-- This site is optimized with the Yoast SEO plugin v27.1.1 - https:\/\/yoast.com\/product\/yoast-seo-wordpress\/ -->\n<title>STREDOVEK\u00dd DE\u0147 - \u017dilinsk\u00e9 kult\u00farne leto 2025<\/title>\n<meta name=\"robots\" content=\"index, follow, max-snippet:-1, max-image-preview:large, max-video-preview:-1\" \/>\n<link rel=\"canonical\" href=\"https:\/\/kulturneleto.eu\/en\/event\/stredoveky-den-2\/\" \/>\n<meta property=\"og:locale\" content=\"en_US\" \/>\n<meta property=\"og:type\" content=\"article\" \/>\n<meta property=\"og:title\" content=\"STREDOVEK\u00dd DE\u0147 - \u017dilinsk\u00e9 kult\u00farne leto 2025\" \/>\n<meta property=\"og:description\" content=\"Program: 12:00 Otvorenie podujatia a obozn\u00e1menie s t\u00e1borom a remeslami 13:00 Kaukliarske vyst\u00fapenie 14:00 Sokoliari Horus 15:00 Sl\u00e1vnostn\u00fd sprievod 16:00 Nevera po rytiersky 17:00 Finta na 3 \u0165ahy 18:00 Uk\u00e1\u017eka historickej lukostre\u013eby 19:00 Stredovek\u00fd (\u017eiv\u00fd) \u0161ach 20:00 Bitka 20:30 Dobov\u00e1 hudba Valar 21:30 Oh\u0148ov\u00e1 show Hector Firewokrs 22.00 Fak\u013eov\u00fd sprievod \u010ealej za\u017eijete: jarmok v remeselnej [&hellip;]\" \/>\n<meta property=\"og:url\" content=\"https:\/\/kulturneleto.eu\/en\/event\/stredoveky-den-2\/\" \/>\n<meta property=\"og:site_name\" content=\"\u017dilinsk\u00e9 kult\u00farne leto 2025\" \/>\n<meta property=\"article:publisher\" content=\"https:\/\/www.facebook.com\/Mesto-ilina-162541880519007\" \/>\n<meta property=\"article:modified_time\" content=\"2023-07-14T07:16:00+00:00\" \/>\n<meta property=\"og:image\" content=\"https:\/\/kulturneleto.eu\/wp-content\/uploads\/2023\/06\/stredoveky_den_XV.jpg\" \/>\n\t<meta property=\"og:image:width\" content=\"1500\" \/>\n\t<meta property=\"og:image:height\" content=\"2121\" \/>\n\t<meta property=\"og:image:type\" content=\"image\/jpeg\" \/>\n<meta name=\"twitter:card\" content=\"summary_large_image\" \/>\n<meta name=\"twitter:label1\" content=\"Est. reading time\" \/>\n\t<meta name=\"twitter:data1\" content=\"1 minute\" \/>\n<script type=\"application\/ld+json\" class=\"yoast-schema-graph\">{\"@context\":\"https:\/\/schema.org\",\"@graph\":[{\"@type\":\"WebPage\",\"@id\":\"https:\/\/kulturneleto.eu\/event\/stredoveky-den-2\/\",\"url\":\"https:\/\/kulturneleto.eu\/event\/stredoveky-den-2\/\",\"name\":\"STREDOVEK\u00dd DE\u0147 - \u017dilinsk\u00e9 kult\u00farne leto 2025\",\"isPartOf\":{\"@id\":\"https:\/\/kulturneleto.eu\/#website\"},\"primaryImageOfPage\":{\"@id\":\"https:\/\/kulturneleto.eu\/event\/stredoveky-den-2\/#primaryimage\"},\"image\":{\"@id\":\"https:\/\/kulturneleto.eu\/event\/stredoveky-den-2\/#primaryimage\"},\"thumbnailUrl\":\"https:\/\/kulturneleto.eu\/wp-content\/uploads\/2023\/06\/stredoveky_den_XV.jpg\",\"datePublished\":\"2023-06-30T12:15:25+00:00\",\"dateModified\":\"2023-07-14T07:16:00+00:00\",\"breadcrumb\":{\"@id\":\"https:\/\/kulturneleto.eu\/event\/stredoveky-den-2\/#breadcrumb\"},\"inLanguage\":\"en-US\",\"potentialAction\":[{\"@type\":\"ReadAction\",\"target\":[\"https:\/\/kulturneleto.eu\/event\/stredoveky-den-2\/\"]}]},{\"@type\":\"ImageObject\",\"inLanguage\":\"en-US\",\"@id\":\"https:\/\/kulturneleto.eu\/event\/stredoveky-den-2\/#primaryimage\",\"url\":\"https:\/\/kulturneleto.eu\/wp-content\/uploads\/2023\/06\/stredoveky_den_XV.jpg\",\"contentUrl\":\"https:\/\/kulturneleto.eu\/wp-content\/uploads\/2023\/06\/stredoveky_den_XV.jpg\",\"width\":1500,\"height\":2121},{\"@type\":\"BreadcrumbList\",\"@id\":\"https:\/\/kulturneleto.eu\/event\/stredoveky-den-2\/#breadcrumb\",\"itemListElement\":[{\"@type\":\"ListItem\",\"position\":1,\"name\":\"Domovsk\u00e1 str\u00e1nka\",\"item\":\"https:\/\/kulturneleto.eu\/\"},{\"@type\":\"ListItem\",\"position\":2,\"name\":\"STREDOVEK\u00dd DE\u0147\"}]},{\"@type\":\"WebSite\",\"@id\":\"https:\/\/kulturneleto.eu\/#website\",\"url\":\"https:\/\/kulturneleto.eu\/\",\"name\":\"\u017dilinsk\u00e9 kult\u00farne leto 2025\",\"description\":\"j\u00fal, august, september\",\"publisher\":{\"@id\":\"https:\/\/kulturneleto.eu\/#organization\"},\"potentialAction\":[{\"@type\":\"SearchAction\",\"target\":{\"@type\":\"EntryPoint\",\"urlTemplate\":\"https:\/\/kulturneleto.eu\/?s={search_term_string}\"},\"query-input\":{\"@type\":\"PropertyValueSpecification\",\"valueRequired\":true,\"valueName\":\"search_term_string\"}}],\"inLanguage\":\"en-US\"},{\"@type\":\"Organization\",\"@id\":\"https:\/\/kulturneleto.eu\/#organization\",\"name\":\"Kult\u00farne leto\",\"url\":\"https:\/\/kulturneleto.eu\/\",\"logo\":{\"@type\":\"ImageObject\",\"inLanguage\":\"en-US\",\"@id\":\"https:\/\/kulturneleto.eu\/#\/schema\/logo\/image\/\",\"url\":\"https:\/\/kulturneleto.eu\/wp-content\/uploads\/2022\/06\/logo_zkl_2022_orange.png\",\"contentUrl\":\"https:\/\/kulturneleto.eu\/wp-content\/uploads\/2022\/06\/logo_zkl_2022_orange.png\",\"width\":330,\"height\":117,\"caption\":\"Kult\u00farne leto\"},\"image\":{\"@id\":\"https:\/\/kulturneleto.eu\/#\/schema\/logo\/image\/\"},\"sameAs\":[\"https:\/\/www.facebook.com\/Mesto-ilina-162541880519007\",\"https:\/\/www.youtube.com\/channel\/UCfY6Cc8yEeMgTWAUW5QaGAw\",\"https:\/\/www.instagram.com\/mestozilina\/?hl=sk\"]}]}<\/script>\n<!-- \/ Yoast SEO plugin. -->","yoast_head_json":{"title":"STREDOVEK\u00dd DE\u0147 - \u017dilinsk\u00e9 kult\u00farne leto 2025","robots":{"index":"index","follow":"follow","max-snippet":"max-snippet:-1","max-image-preview":"max-image-preview:large","max-video-preview":"max-video-preview:-1"},"canonical":"https:\/\/kulturneleto.eu\/en\/event\/stredoveky-den-2\/","og_locale":"en_US","og_type":"article","og_title":"STREDOVEK\u00dd DE\u0147 - \u017dilinsk\u00e9 kult\u00farne leto 2025","og_description":"Program: 12:00 Otvorenie podujatia a obozn\u00e1menie s t\u00e1borom a remeslami 13:00 Kaukliarske vyst\u00fapenie 14:00 Sokoliari Horus 15:00 Sl\u00e1vnostn\u00fd sprievod 16:00 Nevera po rytiersky 17:00 Finta na 3 \u0165ahy 18:00 Uk\u00e1\u017eka historickej lukostre\u013eby 19:00 Stredovek\u00fd (\u017eiv\u00fd) \u0161ach 20:00 Bitka 20:30 Dobov\u00e1 hudba Valar 21:30 Oh\u0148ov\u00e1 show Hector Firewokrs 22.00 Fak\u013eov\u00fd sprievod \u010ealej za\u017eijete: jarmok v remeselnej [&hellip;]","og_url":"https:\/\/kulturneleto.eu\/en\/event\/stredoveky-den-2\/","og_site_name":"\u017dilinsk\u00e9 kult\u00farne leto 2025","article_publisher":"https:\/\/www.facebook.com\/Mesto-ilina-162541880519007","article_modified_time":"2023-07-14T07:16:00+00:00","og_image":[{"width":1500,"height":2121,"url":"https:\/\/kulturneleto.eu\/wp-content\/uploads\/2023\/06\/stredoveky_den_XV.jpg","type":"image\/jpeg"}],"twitter_card":"summary_large_image","twitter_misc":{"Est. reading time":"1 minute"},"schema":{"@context":"https:\/\/schema.org","@graph":[{"@type":"WebPage","@id":"https:\/\/kulturneleto.eu\/event\/stredoveky-den-2\/","url":"https:\/\/kulturneleto.eu\/event\/stredoveky-den-2\/","name":"STREDOVEK\u00dd DE\u0147 - \u017dilinsk\u00e9 kult\u00farne leto 2025","isPartOf":{"@id":"https:\/\/kulturneleto.eu\/#website"},"primaryImageOfPage":{"@id":"https:\/\/kulturneleto.eu\/event\/stredoveky-den-2\/#primaryimage"},"image":{"@id":"https:\/\/kulturneleto.eu\/event\/stredoveky-den-2\/#primaryimage"},"thumbnailUrl":"https:\/\/kulturneleto.eu\/wp-content\/uploads\/2023\/06\/stredoveky_den_XV.jpg","datePublished":"2023-06-30T12:15:25+00:00","dateModified":"2023-07-14T07:16:00+00:00","breadcrumb":{"@id":"https:\/\/kulturneleto.eu\/event\/stredoveky-den-2\/#breadcrumb"},"inLanguage":"en-US","potentialAction":[{"@type":"ReadAction","target":["https:\/\/kulturneleto.eu\/event\/stredoveky-den-2\/"]}]},{"@type":"ImageObject","inLanguage":"en-US","@id":"https:\/\/kulturneleto.eu\/event\/stredoveky-den-2\/#primaryimage","url":"https:\/\/kulturneleto.eu\/wp-content\/uploads\/2023\/06\/stredoveky_den_XV.jpg","contentUrl":"https:\/\/kulturneleto.eu\/wp-content\/uploads\/2023\/06\/stredoveky_den_XV.jpg","width":1500,"height":2121},{"@type":"BreadcrumbList","@id":"https:\/\/kulturneleto.eu\/event\/stredoveky-den-2\/#breadcrumb","itemListElement":[{"@type":"ListItem","position":1,"name":"Domovsk\u00e1 str\u00e1nka","item":"https:\/\/kulturneleto.eu\/"},{"@type":"ListItem","position":2,"name":"STREDOVEK\u00dd DE\u0147"}]},{"@type":"WebSite","@id":"https:\/\/kulturneleto.eu\/#website","url":"https:\/\/kulturneleto.eu\/","name":"\u017dilinsk\u00e9 kult\u00farne leto 2025","description":"j\u00fal, august, september","publisher":{"@id":"https:\/\/kulturneleto.eu\/#organization"},"potentialAction":[{"@type":"SearchAction","target":{"@type":"EntryPoint","urlTemplate":"https:\/\/kulturneleto.eu\/?s={search_term_string}"},"query-input":{"@type":"PropertyValueSpecification","valueRequired":true,"valueName":"search_term_string"}}],"inLanguage":"en-US"},{"@type":"Organization","@id":"https:\/\/kulturneleto.eu\/#organization","name":"Kult\u00farne leto","url":"https:\/\/kulturneleto.eu\/","logo":{"@type":"ImageObject","inLanguage":"en-US","@id":"https:\/\/kulturneleto.eu\/#\/schema\/logo\/image\/","url":"https:\/\/kulturneleto.eu\/wp-content\/uploads\/2022\/06\/logo_zkl_2022_orange.png","contentUrl":"https:\/\/kulturneleto.eu\/wp-content\/uploads\/2022\/06\/logo_zkl_2022_orange.png","width":330,"height":117,"caption":"Kult\u00farne leto"},"image":{"@id":"https:\/\/kulturneleto.eu\/#\/schema\/logo\/image\/"},"sameAs":["https:\/\/www.facebook.com\/Mesto-ilina-162541880519007","https:\/\/www.youtube.com\/channel\/UCfY6Cc8yEeMgTWAUW5QaGAw","https:\/\/www.instagram.com\/mestozilina\/?hl=sk"]}]}},"_links":{"self":[{"href":"https:\/\/kulturneleto.eu\/en\/wp-json\/wp\/v2\/event_listing\/5303","targetHints":{"allow":["GET"]}}],"collection":[{"href":"https:\/\/kulturneleto.eu\/en\/wp-json\/wp\/v2\/event_listing"}],"about":[{"href":"https:\/\/kulturneleto.eu\/en\/wp-json\/wp\/v2\/types\/event_listing"}],"wp:featuredmedia":[{"embeddable":true,"href":"https:\/\/kulturneleto.eu\/en\/wp-json\/wp\/v2\/media\/5903"}],"wp:attachment":[{"href":"https:\/\/kulturneleto.eu\/en\/wp-json\/wp\/v2\/media?parent=5303"}],"wp:term":[{"taxonomy":"event_listing_category","embeddable":true,"href":"https:\/\/kulturneleto.eu\/en\/wp-json\/wp\/v2\/event_listing_category?post=5303"},{"taxonomy":"event_listing_type","embeddable":true,"href":"https:\/\/kulturneleto.eu\/en\/wp-json\/wp\/v2\/event_listing_type?post=5303"}],"curies":[{"name":"wp","href":"https:\/\/api.w.org\/{rel}","templated":true}]}}