{"id":5308,"date":"2023-06-30T14:25:34","date_gmt":"2023-06-30T12:25:34","guid":{"rendered":"https:\/\/kulturneleto.eu\/?post_type=event_listing&#038;p=5308"},"modified":"2023-07-17T10:20:17","modified_gmt":"2023-07-17T08:20:17","slug":"detske-divadlo-na-studnickach-divadlo-na-hojdacke-fedor-z-krajiny-mala","status":"publish","type":"event_listing","link":"https:\/\/kulturneleto.eu\/en\/event\/detske-divadlo-na-studnickach-divadlo-na-hojdacke-fedor-z-krajiny-mala\/","title":{"rendered":"DETSK\u00c9 DIVADLO NA STUDNI\u010cK\u00c1CH: Divadlo na Hojda\u010dke \/ Fedor z krajiny Mala"},"content":{"rendered":"<p>Divadlo na hojda\u010dke prinesie do Sadu na Studni\u010dk\u00e1ch b\u00e1bkov\u00e9 predstavenie o chlapcovi, ktor\u00fd sa tak ve\u013emi b\u00e1l v\u0161etk\u00e9ho, \u017ee si \u017eelal zmen\u0161i\u0165 sa, aby ho nikto viac nevidel. Zrazu ho po pleci poklepe mravec a tu sa za\u010d\u00edna Fedorove dobrodru\u017estvo na l\u00fake, kde stretne mnoho kamar\u00e1tov z r\u00ed\u0161e hmyzu. Av\u0161ak s\u00fa tu aj n\u00e1strahy! Podar\u00ed sa Fedorovi spolu s mravcom a pav\u00fakom zachr\u00e1ni\u0165 v\u010del\u00ed \u00fa\u013e pred \u00fatokom potkana?<\/p>\n<p>&nbsp;<\/p>\n<p>Viac uvid\u00edte vo veselej b\u00e1bkovej rozpr\u00e1vke s pesni\u010dkami, ktor\u00e1 n\u00e1s vedie k l\u00e1ske k pr\u00edrode a \u017eiv\u00fdm tvorom.<\/p>\n<p>&nbsp;<\/p>\n<p>Vhodn\u00e9 pre deti 4 \u2013 10 rokov, d\u013a\u017eka 40 min.<\/p>","protected":false},"featured_media":5911,"template":"","meta":[],"event_listing_category":[97],"event_listing_type":[81],"class_list":["post-5308","event_listing","type-event_listing","status-publish","has-post-thumbnail","hentry","event_listing_category-zkl2023","event_listing_type-kino-divadlo"],"yoast_head":"<!-- This site is optimized with the Yoast SEO plugin v27.1.1 - https:\/\/yoast.com\/product\/yoast-seo-wordpress\/ -->\n<title>DETSK\u00c9 DIVADLO NA STUDNI\u010cK\u00c1CH: Divadlo na Hojda\u010dke \/ Fedor z krajiny Mala - \u017dilinsk\u00e9 kult\u00farne leto 2025<\/title>\n<meta name=\"robots\" content=\"index, follow, max-snippet:-1, max-image-preview:large, max-video-preview:-1\" \/>\n<link rel=\"canonical\" href=\"https:\/\/kulturneleto.eu\/en\/event\/detske-divadlo-na-studnickach-divadlo-na-hojdacke-fedor-z-krajiny-mala\/\" \/>\n<meta property=\"og:locale\" content=\"en_US\" \/>\n<meta property=\"og:type\" content=\"article\" \/>\n<meta property=\"og:title\" content=\"DETSK\u00c9 DIVADLO NA STUDNI\u010cK\u00c1CH: Divadlo na Hojda\u010dke \/ Fedor z krajiny Mala - \u017dilinsk\u00e9 kult\u00farne leto 2025\" \/>\n<meta property=\"og:description\" content=\"Divadlo na hojda\u010dke prinesie do Sadu na Studni\u010dk\u00e1ch b\u00e1bkov\u00e9 predstavenie o chlapcovi, ktor\u00fd sa tak ve\u013emi b\u00e1l v\u0161etk\u00e9ho, \u017ee si \u017eelal zmen\u0161i\u0165 sa, aby ho nikto viac nevidel. Zrazu ho po pleci poklepe mravec a tu sa za\u010d\u00edna Fedorove dobrodru\u017estvo na l\u00fake, kde stretne mnoho kamar\u00e1tov z r\u00ed\u0161e hmyzu. Av\u0161ak s\u00fa tu aj n\u00e1strahy! Podar\u00ed [&hellip;]\" \/>\n<meta property=\"og:url\" content=\"https:\/\/kulturneleto.eu\/en\/event\/detske-divadlo-na-studnickach-divadlo-na-hojdacke-fedor-z-krajiny-mala\/\" \/>\n<meta property=\"og:site_name\" content=\"\u017dilinsk\u00e9 kult\u00farne leto 2025\" \/>\n<meta property=\"article:publisher\" content=\"https:\/\/www.facebook.com\/Mesto-ilina-162541880519007\" \/>\n<meta property=\"article:modified_time\" content=\"2023-07-17T08:20:17+00:00\" \/>\n<meta property=\"og:image\" content=\"https:\/\/kulturneleto.eu\/wp-content\/uploads\/2023\/06\/Fedor-1.jpg\" \/>\n\t<meta property=\"og:image:width\" content=\"1440\" \/>\n\t<meta property=\"og:image:height\" content=\"1008\" \/>\n\t<meta property=\"og:image:type\" content=\"image\/jpeg\" \/>\n<meta name=\"twitter:card\" content=\"summary_large_image\" \/>\n<meta name=\"twitter:label1\" content=\"Est. reading time\" \/>\n\t<meta name=\"twitter:data1\" content=\"1 minute\" \/>\n<script type=\"application\/ld+json\" class=\"yoast-schema-graph\">{\"@context\":\"https:\/\/schema.org\",\"@graph\":[{\"@type\":\"WebPage\",\"@id\":\"https:\/\/kulturneleto.eu\/event\/detske-divadlo-na-studnickach-divadlo-na-hojdacke-fedor-z-krajiny-mala\/\",\"url\":\"https:\/\/kulturneleto.eu\/event\/detske-divadlo-na-studnickach-divadlo-na-hojdacke-fedor-z-krajiny-mala\/\",\"name\":\"DETSK\u00c9 DIVADLO NA STUDNI\u010cK\u00c1CH: Divadlo na Hojda\u010dke \/ Fedor z krajiny Mala - \u017dilinsk\u00e9 kult\u00farne leto 2025\",\"isPartOf\":{\"@id\":\"https:\/\/kulturneleto.eu\/#website\"},\"primaryImageOfPage\":{\"@id\":\"https:\/\/kulturneleto.eu\/event\/detske-divadlo-na-studnickach-divadlo-na-hojdacke-fedor-z-krajiny-mala\/#primaryimage\"},\"image\":{\"@id\":\"https:\/\/kulturneleto.eu\/event\/detske-divadlo-na-studnickach-divadlo-na-hojdacke-fedor-z-krajiny-mala\/#primaryimage\"},\"thumbnailUrl\":\"https:\/\/kulturneleto.eu\/wp-content\/uploads\/2023\/06\/Fedor-1.jpg\",\"datePublished\":\"2023-06-30T12:25:34+00:00\",\"dateModified\":\"2023-07-17T08:20:17+00:00\",\"breadcrumb\":{\"@id\":\"https:\/\/kulturneleto.eu\/event\/detske-divadlo-na-studnickach-divadlo-na-hojdacke-fedor-z-krajiny-mala\/#breadcrumb\"},\"inLanguage\":\"en-US\",\"potentialAction\":[{\"@type\":\"ReadAction\",\"target\":[\"https:\/\/kulturneleto.eu\/event\/detske-divadlo-na-studnickach-divadlo-na-hojdacke-fedor-z-krajiny-mala\/\"]}]},{\"@type\":\"ImageObject\",\"inLanguage\":\"en-US\",\"@id\":\"https:\/\/kulturneleto.eu\/event\/detske-divadlo-na-studnickach-divadlo-na-hojdacke-fedor-z-krajiny-mala\/#primaryimage\",\"url\":\"https:\/\/kulturneleto.eu\/wp-content\/uploads\/2023\/06\/Fedor-1.jpg\",\"contentUrl\":\"https:\/\/kulturneleto.eu\/wp-content\/uploads\/2023\/06\/Fedor-1.jpg\",\"width\":1440,\"height\":1008},{\"@type\":\"BreadcrumbList\",\"@id\":\"https:\/\/kulturneleto.eu\/event\/detske-divadlo-na-studnickach-divadlo-na-hojdacke-fedor-z-krajiny-mala\/#breadcrumb\",\"itemListElement\":[{\"@type\":\"ListItem\",\"position\":1,\"name\":\"Domovsk\u00e1 str\u00e1nka\",\"item\":\"https:\/\/kulturneleto.eu\/\"},{\"@type\":\"ListItem\",\"position\":2,\"name\":\"DETSK\u00c9 DIVADLO NA STUDNI\u010cK\u00c1CH: Divadlo na Hojda\u010dke \/ Fedor z krajiny Mala\"}]},{\"@type\":\"WebSite\",\"@id\":\"https:\/\/kulturneleto.eu\/#website\",\"url\":\"https:\/\/kulturneleto.eu\/\",\"name\":\"\u017dilinsk\u00e9 kult\u00farne leto 2025\",\"description\":\"j\u00fal, august, september\",\"publisher\":{\"@id\":\"https:\/\/kulturneleto.eu\/#organization\"},\"potentialAction\":[{\"@type\":\"SearchAction\",\"target\":{\"@type\":\"EntryPoint\",\"urlTemplate\":\"https:\/\/kulturneleto.eu\/?s={search_term_string}\"},\"query-input\":{\"@type\":\"PropertyValueSpecification\",\"valueRequired\":true,\"valueName\":\"search_term_string\"}}],\"inLanguage\":\"en-US\"},{\"@type\":\"Organization\",\"@id\":\"https:\/\/kulturneleto.eu\/#organization\",\"name\":\"Kult\u00farne leto\",\"url\":\"https:\/\/kulturneleto.eu\/\",\"logo\":{\"@type\":\"ImageObject\",\"inLanguage\":\"en-US\",\"@id\":\"https:\/\/kulturneleto.eu\/#\/schema\/logo\/image\/\",\"url\":\"https:\/\/kulturneleto.eu\/wp-content\/uploads\/2022\/06\/logo_zkl_2022_orange.png\",\"contentUrl\":\"https:\/\/kulturneleto.eu\/wp-content\/uploads\/2022\/06\/logo_zkl_2022_orange.png\",\"width\":330,\"height\":117,\"caption\":\"Kult\u00farne leto\"},\"image\":{\"@id\":\"https:\/\/kulturneleto.eu\/#\/schema\/logo\/image\/\"},\"sameAs\":[\"https:\/\/www.facebook.com\/Mesto-ilina-162541880519007\",\"https:\/\/www.youtube.com\/channel\/UCfY6Cc8yEeMgTWAUW5QaGAw\",\"https:\/\/www.instagram.com\/mestozilina\/?hl=sk\"]}]}<\/script>\n<!-- \/ Yoast SEO plugin. -->","yoast_head_json":{"title":"DETSK\u00c9 DIVADLO NA STUDNI\u010cK\u00c1CH: Divadlo na Hojda\u010dke \/ Fedor z krajiny Mala - \u017dilinsk\u00e9 kult\u00farne leto 2025","robots":{"index":"index","follow":"follow","max-snippet":"max-snippet:-1","max-image-preview":"max-image-preview:large","max-video-preview":"max-video-preview:-1"},"canonical":"https:\/\/kulturneleto.eu\/en\/event\/detske-divadlo-na-studnickach-divadlo-na-hojdacke-fedor-z-krajiny-mala\/","og_locale":"en_US","og_type":"article","og_title":"DETSK\u00c9 DIVADLO NA STUDNI\u010cK\u00c1CH: Divadlo na Hojda\u010dke \/ Fedor z krajiny Mala - \u017dilinsk\u00e9 kult\u00farne leto 2025","og_description":"Divadlo na hojda\u010dke prinesie do Sadu na Studni\u010dk\u00e1ch b\u00e1bkov\u00e9 predstavenie o chlapcovi, ktor\u00fd sa tak ve\u013emi b\u00e1l v\u0161etk\u00e9ho, \u017ee si \u017eelal zmen\u0161i\u0165 sa, aby ho nikto viac nevidel. Zrazu ho po pleci poklepe mravec a tu sa za\u010d\u00edna Fedorove dobrodru\u017estvo na l\u00fake, kde stretne mnoho kamar\u00e1tov z r\u00ed\u0161e hmyzu. Av\u0161ak s\u00fa tu aj n\u00e1strahy! Podar\u00ed [&hellip;]","og_url":"https:\/\/kulturneleto.eu\/en\/event\/detske-divadlo-na-studnickach-divadlo-na-hojdacke-fedor-z-krajiny-mala\/","og_site_name":"\u017dilinsk\u00e9 kult\u00farne leto 2025","article_publisher":"https:\/\/www.facebook.com\/Mesto-ilina-162541880519007","article_modified_time":"2023-07-17T08:20:17+00:00","og_image":[{"width":1440,"height":1008,"url":"https:\/\/kulturneleto.eu\/wp-content\/uploads\/2023\/06\/Fedor-1.jpg","type":"image\/jpeg"}],"twitter_card":"summary_large_image","twitter_misc":{"Est. reading time":"1 minute"},"schema":{"@context":"https:\/\/schema.org","@graph":[{"@type":"WebPage","@id":"https:\/\/kulturneleto.eu\/event\/detske-divadlo-na-studnickach-divadlo-na-hojdacke-fedor-z-krajiny-mala\/","url":"https:\/\/kulturneleto.eu\/event\/detske-divadlo-na-studnickach-divadlo-na-hojdacke-fedor-z-krajiny-mala\/","name":"DETSK\u00c9 DIVADLO NA STUDNI\u010cK\u00c1CH: Divadlo na Hojda\u010dke \/ Fedor z krajiny Mala - \u017dilinsk\u00e9 kult\u00farne leto 2025","isPartOf":{"@id":"https:\/\/kulturneleto.eu\/#website"},"primaryImageOfPage":{"@id":"https:\/\/kulturneleto.eu\/event\/detske-divadlo-na-studnickach-divadlo-na-hojdacke-fedor-z-krajiny-mala\/#primaryimage"},"image":{"@id":"https:\/\/kulturneleto.eu\/event\/detske-divadlo-na-studnickach-divadlo-na-hojdacke-fedor-z-krajiny-mala\/#primaryimage"},"thumbnailUrl":"https:\/\/kulturneleto.eu\/wp-content\/uploads\/2023\/06\/Fedor-1.jpg","datePublished":"2023-06-30T12:25:34+00:00","dateModified":"2023-07-17T08:20:17+00:00","breadcrumb":{"@id":"https:\/\/kulturneleto.eu\/event\/detske-divadlo-na-studnickach-divadlo-na-hojdacke-fedor-z-krajiny-mala\/#breadcrumb"},"inLanguage":"en-US","potentialAction":[{"@type":"ReadAction","target":["https:\/\/kulturneleto.eu\/event\/detske-divadlo-na-studnickach-divadlo-na-hojdacke-fedor-z-krajiny-mala\/"]}]},{"@type":"ImageObject","inLanguage":"en-US","@id":"https:\/\/kulturneleto.eu\/event\/detske-divadlo-na-studnickach-divadlo-na-hojdacke-fedor-z-krajiny-mala\/#primaryimage","url":"https:\/\/kulturneleto.eu\/wp-content\/uploads\/2023\/06\/Fedor-1.jpg","contentUrl":"https:\/\/kulturneleto.eu\/wp-content\/uploads\/2023\/06\/Fedor-1.jpg","width":1440,"height":1008},{"@type":"BreadcrumbList","@id":"https:\/\/kulturneleto.eu\/event\/detske-divadlo-na-studnickach-divadlo-na-hojdacke-fedor-z-krajiny-mala\/#breadcrumb","itemListElement":[{"@type":"ListItem","position":1,"name":"Domovsk\u00e1 str\u00e1nka","item":"https:\/\/kulturneleto.eu\/"},{"@type":"ListItem","position":2,"name":"DETSK\u00c9 DIVADLO NA STUDNI\u010cK\u00c1CH: Divadlo na Hojda\u010dke \/ Fedor z krajiny Mala"}]},{"@type":"WebSite","@id":"https:\/\/kulturneleto.eu\/#website","url":"https:\/\/kulturneleto.eu\/","name":"\u017dilinsk\u00e9 kult\u00farne leto 2025","description":"j\u00fal, august, september","publisher":{"@id":"https:\/\/kulturneleto.eu\/#organization"},"potentialAction":[{"@type":"SearchAction","target":{"@type":"EntryPoint","urlTemplate":"https:\/\/kulturneleto.eu\/?s={search_term_string}"},"query-input":{"@type":"PropertyValueSpecification","valueRequired":true,"valueName":"search_term_string"}}],"inLanguage":"en-US"},{"@type":"Organization","@id":"https:\/\/kulturneleto.eu\/#organization","name":"Kult\u00farne leto","url":"https:\/\/kulturneleto.eu\/","logo":{"@type":"ImageObject","inLanguage":"en-US","@id":"https:\/\/kulturneleto.eu\/#\/schema\/logo\/image\/","url":"https:\/\/kulturneleto.eu\/wp-content\/uploads\/2022\/06\/logo_zkl_2022_orange.png","contentUrl":"https:\/\/kulturneleto.eu\/wp-content\/uploads\/2022\/06\/logo_zkl_2022_orange.png","width":330,"height":117,"caption":"Kult\u00farne leto"},"image":{"@id":"https:\/\/kulturneleto.eu\/#\/schema\/logo\/image\/"},"sameAs":["https:\/\/www.facebook.com\/Mesto-ilina-162541880519007","https:\/\/www.youtube.com\/channel\/UCfY6Cc8yEeMgTWAUW5QaGAw","https:\/\/www.instagram.com\/mestozilina\/?hl=sk"]}]}},"_links":{"self":[{"href":"https:\/\/kulturneleto.eu\/en\/wp-json\/wp\/v2\/event_listing\/5308","targetHints":{"allow":["GET"]}}],"collection":[{"href":"https:\/\/kulturneleto.eu\/en\/wp-json\/wp\/v2\/event_listing"}],"about":[{"href":"https:\/\/kulturneleto.eu\/en\/wp-json\/wp\/v2\/types\/event_listing"}],"wp:featuredmedia":[{"embeddable":true,"href":"https:\/\/kulturneleto.eu\/en\/wp-json\/wp\/v2\/media\/5911"}],"wp:attachment":[{"href":"https:\/\/kulturneleto.eu\/en\/wp-json\/wp\/v2\/media?parent=5308"}],"wp:term":[{"taxonomy":"event_listing_category","embeddable":true,"href":"https:\/\/kulturneleto.eu\/en\/wp-json\/wp\/v2\/event_listing_category?post=5308"},{"taxonomy":"event_listing_type","embeddable":true,"href":"https:\/\/kulturneleto.eu\/en\/wp-json\/wp\/v2\/event_listing_type?post=5308"}],"curies":[{"name":"wp","href":"https:\/\/api.w.org\/{rel}","templated":true}]}}