{"id":5323,"date":"2023-06-30T15:09:48","date_gmt":"2023-06-30T13:09:48","guid":{"rendered":"https:\/\/kulturneleto.eu\/?post_type=event_listing&#038;p=5323"},"modified":"2023-07-07T12:39:07","modified_gmt":"2023-07-07T10:39:07","slug":"marianske-leto-the-perfect-igloo-anika-iris","status":"publish","type":"event_listing","link":"https:\/\/kulturneleto.eu\/en\/event\/marianske-leto-the-perfect-igloo-anika-iris\/","title":{"rendered":"MARI\u00c1NSKE LETO &#8211; The Perfect Igloo, Anika Iris"},"content":{"rendered":"<p>19:30 The Perfect Igloo<\/p>\n<p>\u017dilinsk\u00e1 kapela <em>The Perfect Igloo<\/em> vydala v t\u00fdchto d\u0148och debutov\u00fd singel s n\u00e1zvom \u201e\u010cierny vt\u00e1k\u201c<em>.\u00a0<\/em>Ide o prv\u00fa ochutn\u00e1vku z\u00a0tvorby tejto parti\u010dky.<\/p>\n<p>Jednotliv\u00ed \u010dlenovia kapely maj\u00fa p\u00e1r sk\u00fasenost\u00ed z\u00a0p\u00f4sobenia v\u00a0in\u00fdch zoskupeniach a\u00a0u\u017e\u00edvaj\u00fa si nov\u00e9 impulzy zo vz\u00e1jomnej spolupr\u00e1ce. S\u00fa to buben\u00edk Smatkin, gitarista Dury, basgitarista Majo, klavirista PeBo a\u00a0gitarista\/spev\u00e1k Mio. Z\u00e1zemie kapely je v\u00a0okrajovej \u010dasti\u00a0\u017diliny, kde sa v\u00a0sk\u00fa\u0161obni postupne vyn\u00e1raj\u00fa skladby h\u013eadaj\u00face si cestu do (d)u\u0161\u00ed t\u00fdch, ktor\u00ed h\u013eadaj\u00fa zauj\u00edmav\u00fa slovensk\u00fa p\u00f4vodn\u00fa hudbu ovplyvnen\u00fa v\u0161etk\u00fdm mo\u017en\u00fdm aj nemo\u017en\u00fdm. S\u00a0nahr\u00e1vkou kapele pomohol popradsk\u00fd majster zvuku a producent Ma\u0165o Barla.<\/p>\n<p>https:\/\/www.facebook.com\/theperfectigloo<\/p>\n<p>&nbsp;<\/p>\n<p>21:00 Anika Iris<\/p>\n<p>Indie pop interpretka\u00a0<em>Anika Iris<\/em> (vlastn\u00fdm menom Anika Gu\u017e\u00e1kov\u00e1) sa venuje svojej hudbe od 13. rokov. Po vydan\u00ed debutov\u00e9ho singla &#8222;Alive&#8220; pokra\u010duje v tvorbe vlastn\u00fdch piesn\u00ed. Pre svojich fan\u00fa\u0161ikov priniesla energetick\u00fa novinku &#8222;Just another dream&#8220;.<\/p>\n<p>https:\/\/www.facebook.com\/anikaguzakova\/about<\/p>\n<p>&nbsp;<\/p>","protected":false},"featured_media":5534,"template":"","meta":[],"event_listing_category":[97],"event_listing_type":[85],"class_list":["post-5323","event_listing","type-event_listing","status-publish","has-post-thumbnail","hentry","event_listing_category-zkl2023","event_listing_type-hudba-tanec"],"yoast_head":"<!-- This site is optimized with the Yoast SEO plugin v27.1.1 - https:\/\/yoast.com\/product\/yoast-seo-wordpress\/ -->\n<title>MARI\u00c1NSKE LETO - The Perfect Igloo, Anika Iris - \u017dilinsk\u00e9 kult\u00farne leto 2025<\/title>\n<meta name=\"robots\" content=\"index, follow, max-snippet:-1, max-image-preview:large, max-video-preview:-1\" \/>\n<link rel=\"canonical\" href=\"https:\/\/kulturneleto.eu\/en\/event\/marianske-leto-the-perfect-igloo-anika-iris\/\" \/>\n<meta property=\"og:locale\" content=\"en_US\" \/>\n<meta property=\"og:type\" content=\"article\" \/>\n<meta property=\"og:title\" content=\"MARI\u00c1NSKE LETO - The Perfect Igloo, Anika Iris - \u017dilinsk\u00e9 kult\u00farne leto 2025\" \/>\n<meta property=\"og:description\" content=\"19:30 The Perfect Igloo \u017dilinsk\u00e1 kapela The Perfect Igloo vydala v t\u00fdchto d\u0148och debutov\u00fd singel s n\u00e1zvom \u201e\u010cierny vt\u00e1k\u201c.\u00a0Ide o prv\u00fa ochutn\u00e1vku z\u00a0tvorby tejto parti\u010dky. Jednotliv\u00ed \u010dlenovia kapely maj\u00fa p\u00e1r sk\u00fasenost\u00ed z\u00a0p\u00f4sobenia v\u00a0in\u00fdch zoskupeniach a\u00a0u\u017e\u00edvaj\u00fa si nov\u00e9 impulzy zo vz\u00e1jomnej spolupr\u00e1ce. S\u00fa to buben\u00edk Smatkin, gitarista Dury, basgitarista Majo, klavirista PeBo a\u00a0gitarista\/spev\u00e1k Mio. Z\u00e1zemie kapely [&hellip;]\" \/>\n<meta property=\"og:url\" content=\"https:\/\/kulturneleto.eu\/en\/event\/marianske-leto-the-perfect-igloo-anika-iris\/\" \/>\n<meta property=\"og:site_name\" content=\"\u017dilinsk\u00e9 kult\u00farne leto 2025\" \/>\n<meta property=\"article:publisher\" content=\"https:\/\/www.facebook.com\/Mesto-ilina-162541880519007\" \/>\n<meta property=\"article:modified_time\" content=\"2023-07-07T10:39:07+00:00\" \/>\n<meta property=\"og:image\" content=\"https:\/\/kulturneleto.eu\/wp-content\/uploads\/2023\/06\/igloo.jpg\" \/>\n\t<meta property=\"og:image:width\" content=\"2048\" \/>\n\t<meta property=\"og:image:height\" content=\"1152\" \/>\n\t<meta property=\"og:image:type\" content=\"image\/jpeg\" \/>\n<meta name=\"twitter:card\" content=\"summary_large_image\" \/>\n<meta name=\"twitter:label1\" content=\"Est. reading time\" \/>\n\t<meta name=\"twitter:data1\" content=\"1 minute\" \/>\n<script type=\"application\/ld+json\" class=\"yoast-schema-graph\">{\"@context\":\"https:\/\/schema.org\",\"@graph\":[{\"@type\":\"WebPage\",\"@id\":\"https:\/\/kulturneleto.eu\/event\/marianske-leto-the-perfect-igloo-anika-iris\/\",\"url\":\"https:\/\/kulturneleto.eu\/event\/marianske-leto-the-perfect-igloo-anika-iris\/\",\"name\":\"MARI\u00c1NSKE LETO - The Perfect Igloo, Anika Iris - \u017dilinsk\u00e9 kult\u00farne leto 2025\",\"isPartOf\":{\"@id\":\"https:\/\/kulturneleto.eu\/#website\"},\"primaryImageOfPage\":{\"@id\":\"https:\/\/kulturneleto.eu\/event\/marianske-leto-the-perfect-igloo-anika-iris\/#primaryimage\"},\"image\":{\"@id\":\"https:\/\/kulturneleto.eu\/event\/marianske-leto-the-perfect-igloo-anika-iris\/#primaryimage\"},\"thumbnailUrl\":\"https:\/\/kulturneleto.eu\/wp-content\/uploads\/2023\/06\/igloo.jpg\",\"datePublished\":\"2023-06-30T13:09:48+00:00\",\"dateModified\":\"2023-07-07T10:39:07+00:00\",\"breadcrumb\":{\"@id\":\"https:\/\/kulturneleto.eu\/event\/marianske-leto-the-perfect-igloo-anika-iris\/#breadcrumb\"},\"inLanguage\":\"en-US\",\"potentialAction\":[{\"@type\":\"ReadAction\",\"target\":[\"https:\/\/kulturneleto.eu\/event\/marianske-leto-the-perfect-igloo-anika-iris\/\"]}]},{\"@type\":\"ImageObject\",\"inLanguage\":\"en-US\",\"@id\":\"https:\/\/kulturneleto.eu\/event\/marianske-leto-the-perfect-igloo-anika-iris\/#primaryimage\",\"url\":\"https:\/\/kulturneleto.eu\/wp-content\/uploads\/2023\/06\/igloo.jpg\",\"contentUrl\":\"https:\/\/kulturneleto.eu\/wp-content\/uploads\/2023\/06\/igloo.jpg\",\"width\":2048,\"height\":1152},{\"@type\":\"BreadcrumbList\",\"@id\":\"https:\/\/kulturneleto.eu\/event\/marianske-leto-the-perfect-igloo-anika-iris\/#breadcrumb\",\"itemListElement\":[{\"@type\":\"ListItem\",\"position\":1,\"name\":\"Domovsk\u00e1 str\u00e1nka\",\"item\":\"https:\/\/kulturneleto.eu\/\"},{\"@type\":\"ListItem\",\"position\":2,\"name\":\"MARI\u00c1NSKE LETO &#8211; The Perfect Igloo, Anika Iris\"}]},{\"@type\":\"WebSite\",\"@id\":\"https:\/\/kulturneleto.eu\/#website\",\"url\":\"https:\/\/kulturneleto.eu\/\",\"name\":\"\u017dilinsk\u00e9 kult\u00farne leto 2025\",\"description\":\"j\u00fal, august, september\",\"publisher\":{\"@id\":\"https:\/\/kulturneleto.eu\/#organization\"},\"potentialAction\":[{\"@type\":\"SearchAction\",\"target\":{\"@type\":\"EntryPoint\",\"urlTemplate\":\"https:\/\/kulturneleto.eu\/?s={search_term_string}\"},\"query-input\":{\"@type\":\"PropertyValueSpecification\",\"valueRequired\":true,\"valueName\":\"search_term_string\"}}],\"inLanguage\":\"en-US\"},{\"@type\":\"Organization\",\"@id\":\"https:\/\/kulturneleto.eu\/#organization\",\"name\":\"Kult\u00farne leto\",\"url\":\"https:\/\/kulturneleto.eu\/\",\"logo\":{\"@type\":\"ImageObject\",\"inLanguage\":\"en-US\",\"@id\":\"https:\/\/kulturneleto.eu\/#\/schema\/logo\/image\/\",\"url\":\"https:\/\/kulturneleto.eu\/wp-content\/uploads\/2022\/06\/logo_zkl_2022_orange.png\",\"contentUrl\":\"https:\/\/kulturneleto.eu\/wp-content\/uploads\/2022\/06\/logo_zkl_2022_orange.png\",\"width\":330,\"height\":117,\"caption\":\"Kult\u00farne leto\"},\"image\":{\"@id\":\"https:\/\/kulturneleto.eu\/#\/schema\/logo\/image\/\"},\"sameAs\":[\"https:\/\/www.facebook.com\/Mesto-ilina-162541880519007\",\"https:\/\/www.youtube.com\/channel\/UCfY6Cc8yEeMgTWAUW5QaGAw\",\"https:\/\/www.instagram.com\/mestozilina\/?hl=sk\"]}]}<\/script>\n<!-- \/ Yoast SEO plugin. -->","yoast_head_json":{"title":"MARI\u00c1NSKE LETO - The Perfect Igloo, Anika Iris - \u017dilinsk\u00e9 kult\u00farne leto 2025","robots":{"index":"index","follow":"follow","max-snippet":"max-snippet:-1","max-image-preview":"max-image-preview:large","max-video-preview":"max-video-preview:-1"},"canonical":"https:\/\/kulturneleto.eu\/en\/event\/marianske-leto-the-perfect-igloo-anika-iris\/","og_locale":"en_US","og_type":"article","og_title":"MARI\u00c1NSKE LETO - The Perfect Igloo, Anika Iris - \u017dilinsk\u00e9 kult\u00farne leto 2025","og_description":"19:30 The Perfect Igloo \u017dilinsk\u00e1 kapela The Perfect Igloo vydala v t\u00fdchto d\u0148och debutov\u00fd singel s n\u00e1zvom \u201e\u010cierny vt\u00e1k\u201c.\u00a0Ide o prv\u00fa ochutn\u00e1vku z\u00a0tvorby tejto parti\u010dky. Jednotliv\u00ed \u010dlenovia kapely maj\u00fa p\u00e1r sk\u00fasenost\u00ed z\u00a0p\u00f4sobenia v\u00a0in\u00fdch zoskupeniach a\u00a0u\u017e\u00edvaj\u00fa si nov\u00e9 impulzy zo vz\u00e1jomnej spolupr\u00e1ce. S\u00fa to buben\u00edk Smatkin, gitarista Dury, basgitarista Majo, klavirista PeBo a\u00a0gitarista\/spev\u00e1k Mio. Z\u00e1zemie kapely [&hellip;]","og_url":"https:\/\/kulturneleto.eu\/en\/event\/marianske-leto-the-perfect-igloo-anika-iris\/","og_site_name":"\u017dilinsk\u00e9 kult\u00farne leto 2025","article_publisher":"https:\/\/www.facebook.com\/Mesto-ilina-162541880519007","article_modified_time":"2023-07-07T10:39:07+00:00","og_image":[{"width":2048,"height":1152,"url":"https:\/\/kulturneleto.eu\/wp-content\/uploads\/2023\/06\/igloo.jpg","type":"image\/jpeg"}],"twitter_card":"summary_large_image","twitter_misc":{"Est. reading time":"1 minute"},"schema":{"@context":"https:\/\/schema.org","@graph":[{"@type":"WebPage","@id":"https:\/\/kulturneleto.eu\/event\/marianske-leto-the-perfect-igloo-anika-iris\/","url":"https:\/\/kulturneleto.eu\/event\/marianske-leto-the-perfect-igloo-anika-iris\/","name":"MARI\u00c1NSKE LETO - The Perfect Igloo, Anika Iris - \u017dilinsk\u00e9 kult\u00farne leto 2025","isPartOf":{"@id":"https:\/\/kulturneleto.eu\/#website"},"primaryImageOfPage":{"@id":"https:\/\/kulturneleto.eu\/event\/marianske-leto-the-perfect-igloo-anika-iris\/#primaryimage"},"image":{"@id":"https:\/\/kulturneleto.eu\/event\/marianske-leto-the-perfect-igloo-anika-iris\/#primaryimage"},"thumbnailUrl":"https:\/\/kulturneleto.eu\/wp-content\/uploads\/2023\/06\/igloo.jpg","datePublished":"2023-06-30T13:09:48+00:00","dateModified":"2023-07-07T10:39:07+00:00","breadcrumb":{"@id":"https:\/\/kulturneleto.eu\/event\/marianske-leto-the-perfect-igloo-anika-iris\/#breadcrumb"},"inLanguage":"en-US","potentialAction":[{"@type":"ReadAction","target":["https:\/\/kulturneleto.eu\/event\/marianske-leto-the-perfect-igloo-anika-iris\/"]}]},{"@type":"ImageObject","inLanguage":"en-US","@id":"https:\/\/kulturneleto.eu\/event\/marianske-leto-the-perfect-igloo-anika-iris\/#primaryimage","url":"https:\/\/kulturneleto.eu\/wp-content\/uploads\/2023\/06\/igloo.jpg","contentUrl":"https:\/\/kulturneleto.eu\/wp-content\/uploads\/2023\/06\/igloo.jpg","width":2048,"height":1152},{"@type":"BreadcrumbList","@id":"https:\/\/kulturneleto.eu\/event\/marianske-leto-the-perfect-igloo-anika-iris\/#breadcrumb","itemListElement":[{"@type":"ListItem","position":1,"name":"Domovsk\u00e1 str\u00e1nka","item":"https:\/\/kulturneleto.eu\/"},{"@type":"ListItem","position":2,"name":"MARI\u00c1NSKE LETO &#8211; The Perfect Igloo, Anika Iris"}]},{"@type":"WebSite","@id":"https:\/\/kulturneleto.eu\/#website","url":"https:\/\/kulturneleto.eu\/","name":"\u017dilinsk\u00e9 kult\u00farne leto 2025","description":"j\u00fal, august, september","publisher":{"@id":"https:\/\/kulturneleto.eu\/#organization"},"potentialAction":[{"@type":"SearchAction","target":{"@type":"EntryPoint","urlTemplate":"https:\/\/kulturneleto.eu\/?s={search_term_string}"},"query-input":{"@type":"PropertyValueSpecification","valueRequired":true,"valueName":"search_term_string"}}],"inLanguage":"en-US"},{"@type":"Organization","@id":"https:\/\/kulturneleto.eu\/#organization","name":"Kult\u00farne leto","url":"https:\/\/kulturneleto.eu\/","logo":{"@type":"ImageObject","inLanguage":"en-US","@id":"https:\/\/kulturneleto.eu\/#\/schema\/logo\/image\/","url":"https:\/\/kulturneleto.eu\/wp-content\/uploads\/2022\/06\/logo_zkl_2022_orange.png","contentUrl":"https:\/\/kulturneleto.eu\/wp-content\/uploads\/2022\/06\/logo_zkl_2022_orange.png","width":330,"height":117,"caption":"Kult\u00farne leto"},"image":{"@id":"https:\/\/kulturneleto.eu\/#\/schema\/logo\/image\/"},"sameAs":["https:\/\/www.facebook.com\/Mesto-ilina-162541880519007","https:\/\/www.youtube.com\/channel\/UCfY6Cc8yEeMgTWAUW5QaGAw","https:\/\/www.instagram.com\/mestozilina\/?hl=sk"]}]}},"_links":{"self":[{"href":"https:\/\/kulturneleto.eu\/en\/wp-json\/wp\/v2\/event_listing\/5323","targetHints":{"allow":["GET"]}}],"collection":[{"href":"https:\/\/kulturneleto.eu\/en\/wp-json\/wp\/v2\/event_listing"}],"about":[{"href":"https:\/\/kulturneleto.eu\/en\/wp-json\/wp\/v2\/types\/event_listing"}],"wp:featuredmedia":[{"embeddable":true,"href":"https:\/\/kulturneleto.eu\/en\/wp-json\/wp\/v2\/media\/5534"}],"wp:attachment":[{"href":"https:\/\/kulturneleto.eu\/en\/wp-json\/wp\/v2\/media?parent=5323"}],"wp:term":[{"taxonomy":"event_listing_category","embeddable":true,"href":"https:\/\/kulturneleto.eu\/en\/wp-json\/wp\/v2\/event_listing_category?post=5323"},{"taxonomy":"event_listing_type","embeddable":true,"href":"https:\/\/kulturneleto.eu\/en\/wp-json\/wp\/v2\/event_listing_type?post=5323"}],"curies":[{"name":"wp","href":"https:\/\/api.w.org\/{rel}","templated":true}]}}