{"id":5431,"date":"2023-07-03T15:56:42","date_gmt":"2023-07-03T13:56:42","guid":{"rendered":"https:\/\/kulturneleto.eu\/?post_type=event_listing&#038;p=5431"},"modified":"2023-07-11T11:50:56","modified_gmt":"2023-07-11T09:50:56","slug":"marianske-leto-smooth-camel-lukas-snabel-quartet","status":"publish","type":"event_listing","link":"https:\/\/kulturneleto.eu\/en\/event\/marianske-leto-smooth-camel-lukas-snabel-quartet\/","title":{"rendered":"MARI\u00c1NSKE LETO &#8211; Smooth Camel, Luk\u00e1\u0161 \u0160n\u00e1bel Quartet"},"content":{"rendered":"<p><strong>Smooth Camel <\/strong>&#8211; traja mlad\u00ed jazzmani, vy\u0161tudovan\u00ed hudobn\u00edci za\u010diatkom leta roku 2022 zalo\u017eili zoskupenie Smooth Camel. S chu\u0165ou hra\u0165 a tvori\u0165 maj\u00fa svoj reperto\u00e1r vytvoren\u00fd z t\u00fdch najv\u00e4\u010d\u0161\u00edch hitov popul\u00e1rnej hudby, ktor\u00e9 si upravuj\u00fa do vlastn\u00fdch aran\u017em\u00e1nov.<\/p>\n<p>&nbsp;<\/p>\n<p><strong>Luk\u00e1\u0161 \u0160n\u00e1bel Quartet<\/strong> (SK\/CZ) &#8211; je v\u00fdnimo\u010dn\u00fd projekt sp\u00e1jaj\u00faci autorsk\u00fa tvorbu s kvalitnou jazzovou interpret\u00e1ciou. Kompoz\u00edcie in\u0161pirovan\u00e9 tvorbou Pata Methenyho s presahom do s\u00fa\u010dasn\u00e9ho jazzu s\u00fa charakteristickou \u010drtou autora samotn\u00e9ho, ktor\u00e9mu bola udelen\u00e1 cena v\u00ed\u0165aza SOZA za autorsk\u00fa tvorbu. Tento projekt z\u00edskal takisto aj cenu za mimoriadne presved\u010div\u00fd kolekt\u00edvny v\u00fdkon na s\u00fa\u0165a\u017ei Nov\u00e9 tv\u00e1re slovensk\u00e9ho jazzu 2022.<\/p>\n<p>&nbsp;<\/p>","protected":false},"featured_media":5556,"template":"","meta":[],"event_listing_category":[97],"event_listing_type":[85],"class_list":["post-5431","event_listing","type-event_listing","status-publish","has-post-thumbnail","hentry","event_listing_category-zkl2023","event_listing_type-hudba-tanec"],"yoast_head":"<!-- This site is optimized with the Yoast SEO plugin v27.1.1 - https:\/\/yoast.com\/product\/yoast-seo-wordpress\/ -->\n<title>MARI\u00c1NSKE LETO - Smooth Camel, Luk\u00e1\u0161 \u0160n\u00e1bel Quartet - \u017dilinsk\u00e9 kult\u00farne leto 2025<\/title>\n<meta name=\"robots\" content=\"index, follow, max-snippet:-1, max-image-preview:large, max-video-preview:-1\" \/>\n<link rel=\"canonical\" href=\"https:\/\/kulturneleto.eu\/en\/event\/marianske-leto-smooth-camel-lukas-snabel-quartet\/\" \/>\n<meta property=\"og:locale\" content=\"en_US\" \/>\n<meta property=\"og:type\" content=\"article\" \/>\n<meta property=\"og:title\" content=\"MARI\u00c1NSKE LETO - Smooth Camel, Luk\u00e1\u0161 \u0160n\u00e1bel Quartet - \u017dilinsk\u00e9 kult\u00farne leto 2025\" \/>\n<meta property=\"og:description\" content=\"Smooth Camel &#8211; traja mlad\u00ed jazzmani, vy\u0161tudovan\u00ed hudobn\u00edci za\u010diatkom leta roku 2022 zalo\u017eili zoskupenie Smooth Camel. S chu\u0165ou hra\u0165 a tvori\u0165 maj\u00fa svoj reperto\u00e1r vytvoren\u00fd z t\u00fdch najv\u00e4\u010d\u0161\u00edch hitov popul\u00e1rnej hudby, ktor\u00e9 si upravuj\u00fa do vlastn\u00fdch aran\u017em\u00e1nov. &nbsp; Luk\u00e1\u0161 \u0160n\u00e1bel Quartet (SK\/CZ) &#8211; je v\u00fdnimo\u010dn\u00fd projekt sp\u00e1jaj\u00faci autorsk\u00fa tvorbu s kvalitnou jazzovou interpret\u00e1ciou. Kompoz\u00edcie in\u0161pirovan\u00e9 [&hellip;]\" \/>\n<meta property=\"og:url\" content=\"https:\/\/kulturneleto.eu\/en\/event\/marianske-leto-smooth-camel-lukas-snabel-quartet\/\" \/>\n<meta property=\"og:site_name\" content=\"\u017dilinsk\u00e9 kult\u00farne leto 2025\" \/>\n<meta property=\"article:publisher\" content=\"https:\/\/www.facebook.com\/Mesto-ilina-162541880519007\" \/>\n<meta property=\"article:modified_time\" content=\"2023-07-11T09:50:56+00:00\" \/>\n<meta property=\"og:image\" content=\"https:\/\/kulturneleto.eu\/wp-content\/uploads\/2023\/07\/camel.jpg\" \/>\n\t<meta property=\"og:image:width\" content=\"1280\" \/>\n\t<meta property=\"og:image:height\" content=\"720\" \/>\n\t<meta property=\"og:image:type\" content=\"image\/jpeg\" \/>\n<meta name=\"twitter:card\" content=\"summary_large_image\" \/>\n<meta name=\"twitter:label1\" content=\"Est. reading time\" \/>\n\t<meta name=\"twitter:data1\" content=\"1 minute\" \/>\n<script type=\"application\/ld+json\" class=\"yoast-schema-graph\">{\"@context\":\"https:\/\/schema.org\",\"@graph\":[{\"@type\":\"WebPage\",\"@id\":\"https:\/\/kulturneleto.eu\/event\/marianske-leto-smooth-camel-lukas-snabel-quartet\/\",\"url\":\"https:\/\/kulturneleto.eu\/event\/marianske-leto-smooth-camel-lukas-snabel-quartet\/\",\"name\":\"MARI\u00c1NSKE LETO - Smooth Camel, Luk\u00e1\u0161 \u0160n\u00e1bel Quartet - \u017dilinsk\u00e9 kult\u00farne leto 2025\",\"isPartOf\":{\"@id\":\"https:\/\/kulturneleto.eu\/#website\"},\"primaryImageOfPage\":{\"@id\":\"https:\/\/kulturneleto.eu\/event\/marianske-leto-smooth-camel-lukas-snabel-quartet\/#primaryimage\"},\"image\":{\"@id\":\"https:\/\/kulturneleto.eu\/event\/marianske-leto-smooth-camel-lukas-snabel-quartet\/#primaryimage\"},\"thumbnailUrl\":\"https:\/\/kulturneleto.eu\/wp-content\/uploads\/2023\/07\/camel.jpg\",\"datePublished\":\"2023-07-03T13:56:42+00:00\",\"dateModified\":\"2023-07-11T09:50:56+00:00\",\"breadcrumb\":{\"@id\":\"https:\/\/kulturneleto.eu\/event\/marianske-leto-smooth-camel-lukas-snabel-quartet\/#breadcrumb\"},\"inLanguage\":\"en-US\",\"potentialAction\":[{\"@type\":\"ReadAction\",\"target\":[\"https:\/\/kulturneleto.eu\/event\/marianske-leto-smooth-camel-lukas-snabel-quartet\/\"]}]},{\"@type\":\"ImageObject\",\"inLanguage\":\"en-US\",\"@id\":\"https:\/\/kulturneleto.eu\/event\/marianske-leto-smooth-camel-lukas-snabel-quartet\/#primaryimage\",\"url\":\"https:\/\/kulturneleto.eu\/wp-content\/uploads\/2023\/07\/camel.jpg\",\"contentUrl\":\"https:\/\/kulturneleto.eu\/wp-content\/uploads\/2023\/07\/camel.jpg\",\"width\":1280,\"height\":720},{\"@type\":\"BreadcrumbList\",\"@id\":\"https:\/\/kulturneleto.eu\/event\/marianske-leto-smooth-camel-lukas-snabel-quartet\/#breadcrumb\",\"itemListElement\":[{\"@type\":\"ListItem\",\"position\":1,\"name\":\"Domovsk\u00e1 str\u00e1nka\",\"item\":\"https:\/\/kulturneleto.eu\/\"},{\"@type\":\"ListItem\",\"position\":2,\"name\":\"MARI\u00c1NSKE LETO &#8211; Smooth Camel, Luk\u00e1\u0161 \u0160n\u00e1bel Quartet\"}]},{\"@type\":\"WebSite\",\"@id\":\"https:\/\/kulturneleto.eu\/#website\",\"url\":\"https:\/\/kulturneleto.eu\/\",\"name\":\"\u017dilinsk\u00e9 kult\u00farne leto 2025\",\"description\":\"j\u00fal, august, september\",\"publisher\":{\"@id\":\"https:\/\/kulturneleto.eu\/#organization\"},\"potentialAction\":[{\"@type\":\"SearchAction\",\"target\":{\"@type\":\"EntryPoint\",\"urlTemplate\":\"https:\/\/kulturneleto.eu\/?s={search_term_string}\"},\"query-input\":{\"@type\":\"PropertyValueSpecification\",\"valueRequired\":true,\"valueName\":\"search_term_string\"}}],\"inLanguage\":\"en-US\"},{\"@type\":\"Organization\",\"@id\":\"https:\/\/kulturneleto.eu\/#organization\",\"name\":\"Kult\u00farne leto\",\"url\":\"https:\/\/kulturneleto.eu\/\",\"logo\":{\"@type\":\"ImageObject\",\"inLanguage\":\"en-US\",\"@id\":\"https:\/\/kulturneleto.eu\/#\/schema\/logo\/image\/\",\"url\":\"https:\/\/kulturneleto.eu\/wp-content\/uploads\/2022\/06\/logo_zkl_2022_orange.png\",\"contentUrl\":\"https:\/\/kulturneleto.eu\/wp-content\/uploads\/2022\/06\/logo_zkl_2022_orange.png\",\"width\":330,\"height\":117,\"caption\":\"Kult\u00farne leto\"},\"image\":{\"@id\":\"https:\/\/kulturneleto.eu\/#\/schema\/logo\/image\/\"},\"sameAs\":[\"https:\/\/www.facebook.com\/Mesto-ilina-162541880519007\",\"https:\/\/www.youtube.com\/channel\/UCfY6Cc8yEeMgTWAUW5QaGAw\",\"https:\/\/www.instagram.com\/mestozilina\/?hl=sk\"]}]}<\/script>\n<!-- \/ Yoast SEO plugin. -->","yoast_head_json":{"title":"MARI\u00c1NSKE LETO - Smooth Camel, Luk\u00e1\u0161 \u0160n\u00e1bel Quartet - \u017dilinsk\u00e9 kult\u00farne leto 2025","robots":{"index":"index","follow":"follow","max-snippet":"max-snippet:-1","max-image-preview":"max-image-preview:large","max-video-preview":"max-video-preview:-1"},"canonical":"https:\/\/kulturneleto.eu\/en\/event\/marianske-leto-smooth-camel-lukas-snabel-quartet\/","og_locale":"en_US","og_type":"article","og_title":"MARI\u00c1NSKE LETO - Smooth Camel, Luk\u00e1\u0161 \u0160n\u00e1bel Quartet - \u017dilinsk\u00e9 kult\u00farne leto 2025","og_description":"Smooth Camel &#8211; traja mlad\u00ed jazzmani, vy\u0161tudovan\u00ed hudobn\u00edci za\u010diatkom leta roku 2022 zalo\u017eili zoskupenie Smooth Camel. S chu\u0165ou hra\u0165 a tvori\u0165 maj\u00fa svoj reperto\u00e1r vytvoren\u00fd z t\u00fdch najv\u00e4\u010d\u0161\u00edch hitov popul\u00e1rnej hudby, ktor\u00e9 si upravuj\u00fa do vlastn\u00fdch aran\u017em\u00e1nov. &nbsp; Luk\u00e1\u0161 \u0160n\u00e1bel Quartet (SK\/CZ) &#8211; je v\u00fdnimo\u010dn\u00fd projekt sp\u00e1jaj\u00faci autorsk\u00fa tvorbu s kvalitnou jazzovou interpret\u00e1ciou. Kompoz\u00edcie in\u0161pirovan\u00e9 [&hellip;]","og_url":"https:\/\/kulturneleto.eu\/en\/event\/marianske-leto-smooth-camel-lukas-snabel-quartet\/","og_site_name":"\u017dilinsk\u00e9 kult\u00farne leto 2025","article_publisher":"https:\/\/www.facebook.com\/Mesto-ilina-162541880519007","article_modified_time":"2023-07-11T09:50:56+00:00","og_image":[{"width":1280,"height":720,"url":"https:\/\/kulturneleto.eu\/wp-content\/uploads\/2023\/07\/camel.jpg","type":"image\/jpeg"}],"twitter_card":"summary_large_image","twitter_misc":{"Est. reading time":"1 minute"},"schema":{"@context":"https:\/\/schema.org","@graph":[{"@type":"WebPage","@id":"https:\/\/kulturneleto.eu\/event\/marianske-leto-smooth-camel-lukas-snabel-quartet\/","url":"https:\/\/kulturneleto.eu\/event\/marianske-leto-smooth-camel-lukas-snabel-quartet\/","name":"MARI\u00c1NSKE LETO - Smooth Camel, Luk\u00e1\u0161 \u0160n\u00e1bel Quartet - \u017dilinsk\u00e9 kult\u00farne leto 2025","isPartOf":{"@id":"https:\/\/kulturneleto.eu\/#website"},"primaryImageOfPage":{"@id":"https:\/\/kulturneleto.eu\/event\/marianske-leto-smooth-camel-lukas-snabel-quartet\/#primaryimage"},"image":{"@id":"https:\/\/kulturneleto.eu\/event\/marianske-leto-smooth-camel-lukas-snabel-quartet\/#primaryimage"},"thumbnailUrl":"https:\/\/kulturneleto.eu\/wp-content\/uploads\/2023\/07\/camel.jpg","datePublished":"2023-07-03T13:56:42+00:00","dateModified":"2023-07-11T09:50:56+00:00","breadcrumb":{"@id":"https:\/\/kulturneleto.eu\/event\/marianske-leto-smooth-camel-lukas-snabel-quartet\/#breadcrumb"},"inLanguage":"en-US","potentialAction":[{"@type":"ReadAction","target":["https:\/\/kulturneleto.eu\/event\/marianske-leto-smooth-camel-lukas-snabel-quartet\/"]}]},{"@type":"ImageObject","inLanguage":"en-US","@id":"https:\/\/kulturneleto.eu\/event\/marianske-leto-smooth-camel-lukas-snabel-quartet\/#primaryimage","url":"https:\/\/kulturneleto.eu\/wp-content\/uploads\/2023\/07\/camel.jpg","contentUrl":"https:\/\/kulturneleto.eu\/wp-content\/uploads\/2023\/07\/camel.jpg","width":1280,"height":720},{"@type":"BreadcrumbList","@id":"https:\/\/kulturneleto.eu\/event\/marianske-leto-smooth-camel-lukas-snabel-quartet\/#breadcrumb","itemListElement":[{"@type":"ListItem","position":1,"name":"Domovsk\u00e1 str\u00e1nka","item":"https:\/\/kulturneleto.eu\/"},{"@type":"ListItem","position":2,"name":"MARI\u00c1NSKE LETO &#8211; Smooth Camel, Luk\u00e1\u0161 \u0160n\u00e1bel Quartet"}]},{"@type":"WebSite","@id":"https:\/\/kulturneleto.eu\/#website","url":"https:\/\/kulturneleto.eu\/","name":"\u017dilinsk\u00e9 kult\u00farne leto 2025","description":"j\u00fal, august, september","publisher":{"@id":"https:\/\/kulturneleto.eu\/#organization"},"potentialAction":[{"@type":"SearchAction","target":{"@type":"EntryPoint","urlTemplate":"https:\/\/kulturneleto.eu\/?s={search_term_string}"},"query-input":{"@type":"PropertyValueSpecification","valueRequired":true,"valueName":"search_term_string"}}],"inLanguage":"en-US"},{"@type":"Organization","@id":"https:\/\/kulturneleto.eu\/#organization","name":"Kult\u00farne leto","url":"https:\/\/kulturneleto.eu\/","logo":{"@type":"ImageObject","inLanguage":"en-US","@id":"https:\/\/kulturneleto.eu\/#\/schema\/logo\/image\/","url":"https:\/\/kulturneleto.eu\/wp-content\/uploads\/2022\/06\/logo_zkl_2022_orange.png","contentUrl":"https:\/\/kulturneleto.eu\/wp-content\/uploads\/2022\/06\/logo_zkl_2022_orange.png","width":330,"height":117,"caption":"Kult\u00farne leto"},"image":{"@id":"https:\/\/kulturneleto.eu\/#\/schema\/logo\/image\/"},"sameAs":["https:\/\/www.facebook.com\/Mesto-ilina-162541880519007","https:\/\/www.youtube.com\/channel\/UCfY6Cc8yEeMgTWAUW5QaGAw","https:\/\/www.instagram.com\/mestozilina\/?hl=sk"]}]}},"_links":{"self":[{"href":"https:\/\/kulturneleto.eu\/en\/wp-json\/wp\/v2\/event_listing\/5431","targetHints":{"allow":["GET"]}}],"collection":[{"href":"https:\/\/kulturneleto.eu\/en\/wp-json\/wp\/v2\/event_listing"}],"about":[{"href":"https:\/\/kulturneleto.eu\/en\/wp-json\/wp\/v2\/types\/event_listing"}],"wp:featuredmedia":[{"embeddable":true,"href":"https:\/\/kulturneleto.eu\/en\/wp-json\/wp\/v2\/media\/5556"}],"wp:attachment":[{"href":"https:\/\/kulturneleto.eu\/en\/wp-json\/wp\/v2\/media?parent=5431"}],"wp:term":[{"taxonomy":"event_listing_category","embeddable":true,"href":"https:\/\/kulturneleto.eu\/en\/wp-json\/wp\/v2\/event_listing_category?post=5431"},{"taxonomy":"event_listing_type","embeddable":true,"href":"https:\/\/kulturneleto.eu\/en\/wp-json\/wp\/v2\/event_listing_type?post=5431"}],"curies":[{"name":"wp","href":"https:\/\/api.w.org\/{rel}","templated":true}]}}