{"id":5440,"date":"2023-07-03T16:13:47","date_gmt":"2023-07-03T14:13:47","guid":{"rendered":"https:\/\/kulturneleto.eu\/?post_type=event_listing&#038;p=5440"},"modified":"2023-07-11T14:25:37","modified_gmt":"2023-07-11T12:25:37","slug":"komentovana-prehliadka-aktualnych-vystav-pgu-zilina","status":"publish","type":"event_listing","link":"https:\/\/kulturneleto.eu\/en\/event\/komentovana-prehliadka-aktualnych-vystav-pgu-zilina\/","title":{"rendered":"Komentovan\u00e1 prehliadka aktu\u00e1lnych v\u00fdstav PGU \u017dilina"},"content":{"rendered":"<p>J\u00falius Jakoby &#8211; Pozn\u00e1mky z ka\u017edodennosti<\/p>\n<p>V\u00fdstava Pozn\u00e1mky z ka\u017edodennosti je kr\u00e1tkym nahliadnut\u00edm na rozsiahlu a r\u00f4znorod\u00fa tvorbu jedn\u00e9ho z najv\u00fdznamnej\u0161\u00edch slovensk\u00fdch maliarov 20. storo\u010dia, no najm\u00e4 jedn\u00e9ho z najv\u00fdraznej\u0161\u00edch predstavite\u013eov ko\u0161ickej moderny \u010di dej\u00edn v\u00fdtvarn\u00e9ho umenia Ko\u0161\u00edc. J\u00falius Jakoby (1903 Ko\u0161ice \u2013 1985 Ko\u0161ice) je dnes pre v\u00e4\u010d\u0161inu Ko\u0161i\u010danov zn\u00e1my predov\u0161etk\u00fdm svojim zanieten\u00edm v zaznamen\u00e1van\u00ed pulzuj\u00faceho \u017eivota mesta Ko\u0161ice a portr\u00e9tista jeho obyvate\u013eov. Charakteristick\u00e1 a v\u0161adepr\u00edtomn\u00e1 rozochven\u00e1 kresebn\u00e1 l\u00ednia, dominovala naprie\u010d vyv\u00edjaj\u00facim sa v\u00fdtvarn\u00fdm jazykom autora.<\/p>\n<p>&nbsp;<\/p>\n<p>Peter R\u00f3nai &#8211; Obraz v obraze<\/p>\n<p>Hoci n\u00e1zov v\u00fdstavy avizuje obraz, ide o \u201etekut\u00fd\u201c &#8211; anal\u00f3gov\u00fd a digit\u00e1lny obraz. V\u00fdstava pripom\u00edna tvorbu Petra R\u00f3naia (*1953), zakladate\u013ea videoumenia na Slovensku v jeho typick\u00fdch form\u00e1ch, kde videoobraz je s\u00fa\u010das\u0165ou priestorov\u00fdch m\u00e9di\u00ed \u2013 in\u0161tal\u00e1cie a objektu. Kolekcia vy\u0161e dvadsa\u0165 diel je s\u010dasti rekon\u0161trukciami videodiel, no tie\u017e ukazuje, ako ich autor v priebehu posledn\u00fdch tridsiatich rokov inovoval a technologicky \u201eapdejtoval\u201c. Tvorba umelca je ojedinel\u00fdm spr\u00edstupnen\u00edm videoumenia z poslednej dek\u00e1dy predo\u0161l\u00e9ho mil\u00e9nia \u2013 obdobia, ke\u010f sa v\u00a0na\u0161ich podmienkach formovala tv\u00e1r s\u00fa\u010dasn\u00e9ho umenia.<\/p>\n<p>&nbsp;<\/p>\n<p>V\u00fdstavami gal\u00e9rie prevedie riadite\u013eka Pova\u017eskej gal\u00e9rie umenia Mira Sikorov\u00e1 Puti\u0161ov\u00e1.<\/p>\n<p>&nbsp;<\/p>\n<p>Vstupn\u00e9: dobrovo\u013en\u00e9<\/p>","protected":false},"featured_media":5568,"template":"","meta":[],"event_listing_category":[97],"event_listing_type":[84],"class_list":["post-5440","event_listing","type-event_listing","status-publish","has-post-thumbnail","hentry","event_listing_category-zkl2023","event_listing_type-muzea-vystavy"],"yoast_head":"<!-- This site is optimized with the Yoast SEO plugin v27.1.1 - https:\/\/yoast.com\/product\/yoast-seo-wordpress\/ -->\n<title>Komentovan\u00e1 prehliadka aktu\u00e1lnych v\u00fdstav PGU \u017dilina - \u017dilinsk\u00e9 kult\u00farne leto 2025<\/title>\n<meta name=\"robots\" content=\"index, follow, max-snippet:-1, max-image-preview:large, max-video-preview:-1\" \/>\n<link rel=\"canonical\" href=\"https:\/\/kulturneleto.eu\/en\/event\/komentovana-prehliadka-aktualnych-vystav-pgu-zilina\/\" \/>\n<meta property=\"og:locale\" content=\"en_US\" \/>\n<meta property=\"og:type\" content=\"article\" \/>\n<meta property=\"og:title\" content=\"Komentovan\u00e1 prehliadka aktu\u00e1lnych v\u00fdstav PGU \u017dilina - \u017dilinsk\u00e9 kult\u00farne leto 2025\" \/>\n<meta property=\"og:description\" content=\"J\u00falius Jakoby &#8211; Pozn\u00e1mky z ka\u017edodennosti V\u00fdstava Pozn\u00e1mky z ka\u017edodennosti je kr\u00e1tkym nahliadnut\u00edm na rozsiahlu a r\u00f4znorod\u00fa tvorbu jedn\u00e9ho z najv\u00fdznamnej\u0161\u00edch slovensk\u00fdch maliarov 20. storo\u010dia, no najm\u00e4 jedn\u00e9ho z najv\u00fdraznej\u0161\u00edch predstavite\u013eov ko\u0161ickej moderny \u010di dej\u00edn v\u00fdtvarn\u00e9ho umenia Ko\u0161\u00edc. J\u00falius Jakoby (1903 Ko\u0161ice \u2013 1985 Ko\u0161ice) je dnes pre v\u00e4\u010d\u0161inu Ko\u0161i\u010danov zn\u00e1my predov\u0161etk\u00fdm svojim zanieten\u00edm v [&hellip;]\" \/>\n<meta property=\"og:url\" content=\"https:\/\/kulturneleto.eu\/en\/event\/komentovana-prehliadka-aktualnych-vystav-pgu-zilina\/\" \/>\n<meta property=\"og:site_name\" content=\"\u017dilinsk\u00e9 kult\u00farne leto 2025\" \/>\n<meta property=\"article:publisher\" content=\"https:\/\/www.facebook.com\/Mesto-ilina-162541880519007\" \/>\n<meta property=\"article:modified_time\" content=\"2023-07-11T12:25:37+00:00\" \/>\n<meta property=\"og:image\" content=\"https:\/\/kulturneleto.eu\/wp-content\/uploads\/2023\/07\/pgu-aktul.jpg\" \/>\n\t<meta property=\"og:image:width\" content=\"1200\" \/>\n\t<meta property=\"og:image:height\" content=\"800\" \/>\n\t<meta property=\"og:image:type\" content=\"image\/jpeg\" \/>\n<meta name=\"twitter:card\" content=\"summary_large_image\" \/>\n<meta name=\"twitter:label1\" content=\"Est. reading time\" \/>\n\t<meta name=\"twitter:data1\" content=\"1 minute\" \/>\n<script type=\"application\/ld+json\" class=\"yoast-schema-graph\">{\"@context\":\"https:\/\/schema.org\",\"@graph\":[{\"@type\":\"WebPage\",\"@id\":\"https:\/\/kulturneleto.eu\/event\/komentovana-prehliadka-aktualnych-vystav-pgu-zilina\/\",\"url\":\"https:\/\/kulturneleto.eu\/event\/komentovana-prehliadka-aktualnych-vystav-pgu-zilina\/\",\"name\":\"Komentovan\u00e1 prehliadka aktu\u00e1lnych v\u00fdstav PGU \u017dilina - \u017dilinsk\u00e9 kult\u00farne leto 2025\",\"isPartOf\":{\"@id\":\"https:\/\/kulturneleto.eu\/#website\"},\"primaryImageOfPage\":{\"@id\":\"https:\/\/kulturneleto.eu\/event\/komentovana-prehliadka-aktualnych-vystav-pgu-zilina\/#primaryimage\"},\"image\":{\"@id\":\"https:\/\/kulturneleto.eu\/event\/komentovana-prehliadka-aktualnych-vystav-pgu-zilina\/#primaryimage\"},\"thumbnailUrl\":\"https:\/\/kulturneleto.eu\/wp-content\/uploads\/2023\/07\/pgu-aktul.jpg\",\"datePublished\":\"2023-07-03T14:13:47+00:00\",\"dateModified\":\"2023-07-11T12:25:37+00:00\",\"breadcrumb\":{\"@id\":\"https:\/\/kulturneleto.eu\/event\/komentovana-prehliadka-aktualnych-vystav-pgu-zilina\/#breadcrumb\"},\"inLanguage\":\"en-US\",\"potentialAction\":[{\"@type\":\"ReadAction\",\"target\":[\"https:\/\/kulturneleto.eu\/event\/komentovana-prehliadka-aktualnych-vystav-pgu-zilina\/\"]}]},{\"@type\":\"ImageObject\",\"inLanguage\":\"en-US\",\"@id\":\"https:\/\/kulturneleto.eu\/event\/komentovana-prehliadka-aktualnych-vystav-pgu-zilina\/#primaryimage\",\"url\":\"https:\/\/kulturneleto.eu\/wp-content\/uploads\/2023\/07\/pgu-aktul.jpg\",\"contentUrl\":\"https:\/\/kulturneleto.eu\/wp-content\/uploads\/2023\/07\/pgu-aktul.jpg\",\"width\":1200,\"height\":800},{\"@type\":\"BreadcrumbList\",\"@id\":\"https:\/\/kulturneleto.eu\/event\/komentovana-prehliadka-aktualnych-vystav-pgu-zilina\/#breadcrumb\",\"itemListElement\":[{\"@type\":\"ListItem\",\"position\":1,\"name\":\"Domovsk\u00e1 str\u00e1nka\",\"item\":\"https:\/\/kulturneleto.eu\/\"},{\"@type\":\"ListItem\",\"position\":2,\"name\":\"Komentovan\u00e1 prehliadka aktu\u00e1lnych v\u00fdstav PGU \u017dilina\"}]},{\"@type\":\"WebSite\",\"@id\":\"https:\/\/kulturneleto.eu\/#website\",\"url\":\"https:\/\/kulturneleto.eu\/\",\"name\":\"\u017dilinsk\u00e9 kult\u00farne leto 2025\",\"description\":\"j\u00fal, august, september\",\"publisher\":{\"@id\":\"https:\/\/kulturneleto.eu\/#organization\"},\"potentialAction\":[{\"@type\":\"SearchAction\",\"target\":{\"@type\":\"EntryPoint\",\"urlTemplate\":\"https:\/\/kulturneleto.eu\/?s={search_term_string}\"},\"query-input\":{\"@type\":\"PropertyValueSpecification\",\"valueRequired\":true,\"valueName\":\"search_term_string\"}}],\"inLanguage\":\"en-US\"},{\"@type\":\"Organization\",\"@id\":\"https:\/\/kulturneleto.eu\/#organization\",\"name\":\"Kult\u00farne leto\",\"url\":\"https:\/\/kulturneleto.eu\/\",\"logo\":{\"@type\":\"ImageObject\",\"inLanguage\":\"en-US\",\"@id\":\"https:\/\/kulturneleto.eu\/#\/schema\/logo\/image\/\",\"url\":\"https:\/\/kulturneleto.eu\/wp-content\/uploads\/2022\/06\/logo_zkl_2022_orange.png\",\"contentUrl\":\"https:\/\/kulturneleto.eu\/wp-content\/uploads\/2022\/06\/logo_zkl_2022_orange.png\",\"width\":330,\"height\":117,\"caption\":\"Kult\u00farne leto\"},\"image\":{\"@id\":\"https:\/\/kulturneleto.eu\/#\/schema\/logo\/image\/\"},\"sameAs\":[\"https:\/\/www.facebook.com\/Mesto-ilina-162541880519007\",\"https:\/\/www.youtube.com\/channel\/UCfY6Cc8yEeMgTWAUW5QaGAw\",\"https:\/\/www.instagram.com\/mestozilina\/?hl=sk\"]}]}<\/script>\n<!-- \/ Yoast SEO plugin. -->","yoast_head_json":{"title":"Komentovan\u00e1 prehliadka aktu\u00e1lnych v\u00fdstav PGU \u017dilina - \u017dilinsk\u00e9 kult\u00farne leto 2025","robots":{"index":"index","follow":"follow","max-snippet":"max-snippet:-1","max-image-preview":"max-image-preview:large","max-video-preview":"max-video-preview:-1"},"canonical":"https:\/\/kulturneleto.eu\/en\/event\/komentovana-prehliadka-aktualnych-vystav-pgu-zilina\/","og_locale":"en_US","og_type":"article","og_title":"Komentovan\u00e1 prehliadka aktu\u00e1lnych v\u00fdstav PGU \u017dilina - \u017dilinsk\u00e9 kult\u00farne leto 2025","og_description":"J\u00falius Jakoby &#8211; Pozn\u00e1mky z ka\u017edodennosti V\u00fdstava Pozn\u00e1mky z ka\u017edodennosti je kr\u00e1tkym nahliadnut\u00edm na rozsiahlu a r\u00f4znorod\u00fa tvorbu jedn\u00e9ho z najv\u00fdznamnej\u0161\u00edch slovensk\u00fdch maliarov 20. storo\u010dia, no najm\u00e4 jedn\u00e9ho z najv\u00fdraznej\u0161\u00edch predstavite\u013eov ko\u0161ickej moderny \u010di dej\u00edn v\u00fdtvarn\u00e9ho umenia Ko\u0161\u00edc. J\u00falius Jakoby (1903 Ko\u0161ice \u2013 1985 Ko\u0161ice) je dnes pre v\u00e4\u010d\u0161inu Ko\u0161i\u010danov zn\u00e1my predov\u0161etk\u00fdm svojim zanieten\u00edm v [&hellip;]","og_url":"https:\/\/kulturneleto.eu\/en\/event\/komentovana-prehliadka-aktualnych-vystav-pgu-zilina\/","og_site_name":"\u017dilinsk\u00e9 kult\u00farne leto 2025","article_publisher":"https:\/\/www.facebook.com\/Mesto-ilina-162541880519007","article_modified_time":"2023-07-11T12:25:37+00:00","og_image":[{"width":1200,"height":800,"url":"https:\/\/kulturneleto.eu\/wp-content\/uploads\/2023\/07\/pgu-aktul.jpg","type":"image\/jpeg"}],"twitter_card":"summary_large_image","twitter_misc":{"Est. reading time":"1 minute"},"schema":{"@context":"https:\/\/schema.org","@graph":[{"@type":"WebPage","@id":"https:\/\/kulturneleto.eu\/event\/komentovana-prehliadka-aktualnych-vystav-pgu-zilina\/","url":"https:\/\/kulturneleto.eu\/event\/komentovana-prehliadka-aktualnych-vystav-pgu-zilina\/","name":"Komentovan\u00e1 prehliadka aktu\u00e1lnych v\u00fdstav PGU \u017dilina - \u017dilinsk\u00e9 kult\u00farne leto 2025","isPartOf":{"@id":"https:\/\/kulturneleto.eu\/#website"},"primaryImageOfPage":{"@id":"https:\/\/kulturneleto.eu\/event\/komentovana-prehliadka-aktualnych-vystav-pgu-zilina\/#primaryimage"},"image":{"@id":"https:\/\/kulturneleto.eu\/event\/komentovana-prehliadka-aktualnych-vystav-pgu-zilina\/#primaryimage"},"thumbnailUrl":"https:\/\/kulturneleto.eu\/wp-content\/uploads\/2023\/07\/pgu-aktul.jpg","datePublished":"2023-07-03T14:13:47+00:00","dateModified":"2023-07-11T12:25:37+00:00","breadcrumb":{"@id":"https:\/\/kulturneleto.eu\/event\/komentovana-prehliadka-aktualnych-vystav-pgu-zilina\/#breadcrumb"},"inLanguage":"en-US","potentialAction":[{"@type":"ReadAction","target":["https:\/\/kulturneleto.eu\/event\/komentovana-prehliadka-aktualnych-vystav-pgu-zilina\/"]}]},{"@type":"ImageObject","inLanguage":"en-US","@id":"https:\/\/kulturneleto.eu\/event\/komentovana-prehliadka-aktualnych-vystav-pgu-zilina\/#primaryimage","url":"https:\/\/kulturneleto.eu\/wp-content\/uploads\/2023\/07\/pgu-aktul.jpg","contentUrl":"https:\/\/kulturneleto.eu\/wp-content\/uploads\/2023\/07\/pgu-aktul.jpg","width":1200,"height":800},{"@type":"BreadcrumbList","@id":"https:\/\/kulturneleto.eu\/event\/komentovana-prehliadka-aktualnych-vystav-pgu-zilina\/#breadcrumb","itemListElement":[{"@type":"ListItem","position":1,"name":"Domovsk\u00e1 str\u00e1nka","item":"https:\/\/kulturneleto.eu\/"},{"@type":"ListItem","position":2,"name":"Komentovan\u00e1 prehliadka aktu\u00e1lnych v\u00fdstav PGU \u017dilina"}]},{"@type":"WebSite","@id":"https:\/\/kulturneleto.eu\/#website","url":"https:\/\/kulturneleto.eu\/","name":"\u017dilinsk\u00e9 kult\u00farne leto 2025","description":"j\u00fal, august, september","publisher":{"@id":"https:\/\/kulturneleto.eu\/#organization"},"potentialAction":[{"@type":"SearchAction","target":{"@type":"EntryPoint","urlTemplate":"https:\/\/kulturneleto.eu\/?s={search_term_string}"},"query-input":{"@type":"PropertyValueSpecification","valueRequired":true,"valueName":"search_term_string"}}],"inLanguage":"en-US"},{"@type":"Organization","@id":"https:\/\/kulturneleto.eu\/#organization","name":"Kult\u00farne leto","url":"https:\/\/kulturneleto.eu\/","logo":{"@type":"ImageObject","inLanguage":"en-US","@id":"https:\/\/kulturneleto.eu\/#\/schema\/logo\/image\/","url":"https:\/\/kulturneleto.eu\/wp-content\/uploads\/2022\/06\/logo_zkl_2022_orange.png","contentUrl":"https:\/\/kulturneleto.eu\/wp-content\/uploads\/2022\/06\/logo_zkl_2022_orange.png","width":330,"height":117,"caption":"Kult\u00farne leto"},"image":{"@id":"https:\/\/kulturneleto.eu\/#\/schema\/logo\/image\/"},"sameAs":["https:\/\/www.facebook.com\/Mesto-ilina-162541880519007","https:\/\/www.youtube.com\/channel\/UCfY6Cc8yEeMgTWAUW5QaGAw","https:\/\/www.instagram.com\/mestozilina\/?hl=sk"]}]}},"_links":{"self":[{"href":"https:\/\/kulturneleto.eu\/en\/wp-json\/wp\/v2\/event_listing\/5440","targetHints":{"allow":["GET"]}}],"collection":[{"href":"https:\/\/kulturneleto.eu\/en\/wp-json\/wp\/v2\/event_listing"}],"about":[{"href":"https:\/\/kulturneleto.eu\/en\/wp-json\/wp\/v2\/types\/event_listing"}],"wp:featuredmedia":[{"embeddable":true,"href":"https:\/\/kulturneleto.eu\/en\/wp-json\/wp\/v2\/media\/5568"}],"wp:attachment":[{"href":"https:\/\/kulturneleto.eu\/en\/wp-json\/wp\/v2\/media?parent=5440"}],"wp:term":[{"taxonomy":"event_listing_category","embeddable":true,"href":"https:\/\/kulturneleto.eu\/en\/wp-json\/wp\/v2\/event_listing_category?post=5440"},{"taxonomy":"event_listing_type","embeddable":true,"href":"https:\/\/kulturneleto.eu\/en\/wp-json\/wp\/v2\/event_listing_type?post=5440"}],"curies":[{"name":"wp","href":"https:\/\/api.w.org\/{rel}","templated":true}]}}