{"id":5444,"date":"2023-07-03T16:15:53","date_gmt":"2023-07-03T14:15:53","guid":{"rendered":"https:\/\/kulturneleto.eu\/?post_type=event_listing&#038;p=5444"},"modified":"2023-07-11T15:44:15","modified_gmt":"2023-07-11T13:44:15","slug":"contemporary_suvenir","status":"publish","type":"event_listing","link":"https:\/\/kulturneleto.eu\/en\/event\/contemporary_suvenir\/","title":{"rendered":"Contemporary_suvenir"},"content":{"rendered":"<p>10:30 Contemporary_suvenir &#8211; predn\u00e1\u0161ka a otvoren\u00e1 diskusia<br \/>\nContemporary_suvenir je umeleck\u00e1 rezidencia prebiehaj\u00faca od roku 2015 v r\u00f4znych slovensk\u00fdch gal\u00e9ri\u00e1ch. Sp\u00e1ja umelcov s cie\u013eom podpori\u0165 tvorbu s\u00fa\u010dasn\u00fdch slovensk\u00fdch suven\u00edrov s umeleckou hodnotou. Prezent\u00e1ciou prierezu predch\u00e1dzaj\u00facich ro\u010dn\u00edkov a umeleck\u00fdch n\u00e1vrhov pre projekt contemporary_suvenir prevedie Nina A. \u0160o\u0161kov\u00e1, autorka projektu.<\/p>\n<p>&nbsp;<\/p>\n<p>14:00 Work in progres \u2013 prezent\u00e1cia prebiehaj\u00faceho v\u00fdskumu PG<\/p>\n<p>S\u00fapis umeleck\u00fdch diel v architekt\u00fare a vo verejnom priestore \u017diliny.<br \/>\nPrezent\u00e1cia sa uskuto\u010dn\u00ed v priestoroch PGU, kur\u00e1torka gal\u00e9rie; K. Hermanov\u00e1.<br \/>\nVstupn\u00e9: dobrovo\u013en\u00e9<\/p>\n<p>&nbsp;<\/p>\n<p>16:30 M\u00fazeum \u017eidovskej kult\u00fary, n\u00e1v\u0161teva Synag\u00f3gy na Dlaba\u010dovej ulici v \u017diline.<br \/>\n\u017didovsk\u00e1 kult\u00fara na severoz\u00e1pade Slovenska. Historick\u00fd exkurz s M. Chud\u00edkom.<br \/>\nPrehliadka sa za\u010dne pred hlavn\u00fdm vchodom.<br \/>\nVstupn\u00e9: dobrovo\u013en\u00e9<\/p>\n<p>&nbsp;<\/p>\n<p>20:20 &#8211; 23:30 PechaKuchaNight edition suvenir \u017dilina<br \/>\nBud\u00fa sa prezentova\u0165 dizajn\u00e9ri, v\u00fdtvarn\u00ed umelci, \u00fa\u010dastn\u00edci projektu suvenir a nielen oni. Na\u017eivo!<\/p>\n<p>Miesto? Kaviare\u0148 Nov\u00e1 synag\u00f3ga, \u017dilina<br \/>\nOrganiz\u00e1tor: Truc sph\u00e9rique<\/p>\n<p>Vstup: 4\/2 eur\u00e1 (dospel\u00ed \/ \u0161tudenti, d\u00f4chodci, Z\u0164P).<\/p>\n<p>&nbsp;<\/p>\n<p>O projekte:<br \/>\ncontemporary_suvenir je platforma s cie\u013eom podpori\u0165 tvorbu s\u00fa\u010dasn\u00fdch slovensk\u00fdch suven\u00edrov s umeleckou hodnotou. Ver\u00edme, \u017ee suven\u00edr, ako spomienkov\u00fd predmet z ciest, dar do zahrani\u010dia zo Slovenska alebo umeleck\u00fd predmet v interi\u00e9ri m\u00f4\u017ee a m\u00e1 ma\u0165 hodnotu vizu\u00e1lnu, pr\u00edbehov\u00fa, umeleck\u00fa. A d\u00fafame, \u017ee tento svet potrebuje viac umenia a kr\u00e1sy, a menej masovo vyr\u00e1ban\u00fdch magnetiek a lacn\u00e9ho textilu. Suven\u00edry tak vznikaj\u00fa v spolupr\u00e1ci so s\u00fa\u010dasn\u00fdmi slovensk\u00fdmi umelcami a dizajn\u00e9rmi od roku 2015, a to vr\u00e1mci umeleck\u00fdch rezidenci\u00ed v r\u00f4znych regi\u00f3noch Slovenska (\u010ci\u010dmany, Ru\u017eomberok, Tren\u010d\u00edn, Orava, Spi\u0161, Turiec, Bratislava). V roku 2023 sa vyberieme za n\u00e1metmi a in\u0161pir\u00e1ciou do \u017diliny v spolupr\u00e1\u00e1ci s PGU \u017dilina.<\/p>\n<p>&nbsp;<\/p>\n<p>Osloven\u00ed umelci pri ich tvorbe vych\u00e1dzaj\u00fa z \u013eudov\u00fdch trad\u00edci\u00ed, region\u00e1lnych \u0161pecif\u00edk a zbierok<br \/>\nslovensk\u00fdch gal\u00e9ri\u00ed. Umeleck\u00e9 suven\u00edry in\u0161pirovan\u00e9 \u017dilinou bud\u00fa odprezentovan\u00e9 na spolo\u010dnej v\u00fdstave v PGU v Novembri 2023 pod n\u00e1zvom suvenir \u017dilina 2023.<\/p>\n<p>&nbsp;<\/p>\n<p>Viac na www.contemporarysuvenir.sk<\/p>","protected":false},"featured_media":5572,"template":"","meta":[],"event_listing_category":[97],"event_listing_type":[84],"class_list":["post-5444","event_listing","type-event_listing","status-publish","has-post-thumbnail","hentry","event_listing_category-zkl2023","event_listing_type-muzea-vystavy"],"yoast_head":"<!-- This site is optimized with the Yoast SEO plugin v27.1.1 - https:\/\/yoast.com\/product\/yoast-seo-wordpress\/ -->\n<title>Contemporary_suvenir - \u017dilinsk\u00e9 kult\u00farne leto 2025<\/title>\n<meta name=\"robots\" content=\"index, follow, max-snippet:-1, max-image-preview:large, max-video-preview:-1\" \/>\n<link rel=\"canonical\" href=\"https:\/\/kulturneleto.eu\/en\/event\/contemporary_suvenir\/\" \/>\n<meta property=\"og:locale\" content=\"en_US\" \/>\n<meta property=\"og:type\" content=\"article\" \/>\n<meta property=\"og:title\" content=\"Contemporary_suvenir - \u017dilinsk\u00e9 kult\u00farne leto 2025\" \/>\n<meta property=\"og:description\" content=\"10:30 Contemporary_suvenir &#8211; predn\u00e1\u0161ka a otvoren\u00e1 diskusia Contemporary_suvenir je umeleck\u00e1 rezidencia prebiehaj\u00faca od roku 2015 v r\u00f4znych slovensk\u00fdch gal\u00e9ri\u00e1ch. Sp\u00e1ja umelcov s cie\u013eom podpori\u0165 tvorbu s\u00fa\u010dasn\u00fdch slovensk\u00fdch suven\u00edrov s umeleckou hodnotou. Prezent\u00e1ciou prierezu predch\u00e1dzaj\u00facich ro\u010dn\u00edkov a umeleck\u00fdch n\u00e1vrhov pre projekt contemporary_suvenir prevedie Nina A. \u0160o\u0161kov\u00e1, autorka projektu. &nbsp; 14:00 Work in progres \u2013 prezent\u00e1cia prebiehaj\u00faceho [&hellip;]\" \/>\n<meta property=\"og:url\" content=\"https:\/\/kulturneleto.eu\/en\/event\/contemporary_suvenir\/\" \/>\n<meta property=\"og:site_name\" content=\"\u017dilinsk\u00e9 kult\u00farne leto 2025\" \/>\n<meta property=\"article:publisher\" content=\"https:\/\/www.facebook.com\/Mesto-ilina-162541880519007\" \/>\n<meta property=\"article:modified_time\" content=\"2023-07-11T13:44:15+00:00\" \/>\n<meta property=\"og:image\" content=\"https:\/\/kulturneleto.eu\/wp-content\/uploads\/2023\/07\/suvenir.webp\" \/>\n\t<meta property=\"og:image:width\" content=\"980\" \/>\n\t<meta property=\"og:image:height\" content=\"654\" \/>\n\t<meta property=\"og:image:type\" content=\"image\/webp\" \/>\n<meta name=\"twitter:card\" content=\"summary_large_image\" \/>\n<meta name=\"twitter:label1\" content=\"Est. reading time\" \/>\n\t<meta name=\"twitter:data1\" content=\"2 minutes\" \/>\n<script type=\"application\/ld+json\" class=\"yoast-schema-graph\">{\"@context\":\"https:\/\/schema.org\",\"@graph\":[{\"@type\":\"WebPage\",\"@id\":\"https:\/\/kulturneleto.eu\/event\/contemporary_suvenir\/\",\"url\":\"https:\/\/kulturneleto.eu\/event\/contemporary_suvenir\/\",\"name\":\"Contemporary_suvenir - \u017dilinsk\u00e9 kult\u00farne leto 2025\",\"isPartOf\":{\"@id\":\"https:\/\/kulturneleto.eu\/#website\"},\"primaryImageOfPage\":{\"@id\":\"https:\/\/kulturneleto.eu\/event\/contemporary_suvenir\/#primaryimage\"},\"image\":{\"@id\":\"https:\/\/kulturneleto.eu\/event\/contemporary_suvenir\/#primaryimage\"},\"thumbnailUrl\":\"https:\/\/kulturneleto.eu\/wp-content\/uploads\/2023\/07\/suvenir.webp\",\"datePublished\":\"2023-07-03T14:15:53+00:00\",\"dateModified\":\"2023-07-11T13:44:15+00:00\",\"breadcrumb\":{\"@id\":\"https:\/\/kulturneleto.eu\/event\/contemporary_suvenir\/#breadcrumb\"},\"inLanguage\":\"en-US\",\"potentialAction\":[{\"@type\":\"ReadAction\",\"target\":[\"https:\/\/kulturneleto.eu\/event\/contemporary_suvenir\/\"]}]},{\"@type\":\"ImageObject\",\"inLanguage\":\"en-US\",\"@id\":\"https:\/\/kulturneleto.eu\/event\/contemporary_suvenir\/#primaryimage\",\"url\":\"https:\/\/kulturneleto.eu\/wp-content\/uploads\/2023\/07\/suvenir.webp\",\"contentUrl\":\"https:\/\/kulturneleto.eu\/wp-content\/uploads\/2023\/07\/suvenir.webp\",\"width\":980,\"height\":654},{\"@type\":\"BreadcrumbList\",\"@id\":\"https:\/\/kulturneleto.eu\/event\/contemporary_suvenir\/#breadcrumb\",\"itemListElement\":[{\"@type\":\"ListItem\",\"position\":1,\"name\":\"Domovsk\u00e1 str\u00e1nka\",\"item\":\"https:\/\/kulturneleto.eu\/\"},{\"@type\":\"ListItem\",\"position\":2,\"name\":\"Contemporary_suvenir\"}]},{\"@type\":\"WebSite\",\"@id\":\"https:\/\/kulturneleto.eu\/#website\",\"url\":\"https:\/\/kulturneleto.eu\/\",\"name\":\"\u017dilinsk\u00e9 kult\u00farne leto 2025\",\"description\":\"j\u00fal, august, september\",\"publisher\":{\"@id\":\"https:\/\/kulturneleto.eu\/#organization\"},\"potentialAction\":[{\"@type\":\"SearchAction\",\"target\":{\"@type\":\"EntryPoint\",\"urlTemplate\":\"https:\/\/kulturneleto.eu\/?s={search_term_string}\"},\"query-input\":{\"@type\":\"PropertyValueSpecification\",\"valueRequired\":true,\"valueName\":\"search_term_string\"}}],\"inLanguage\":\"en-US\"},{\"@type\":\"Organization\",\"@id\":\"https:\/\/kulturneleto.eu\/#organization\",\"name\":\"Kult\u00farne leto\",\"url\":\"https:\/\/kulturneleto.eu\/\",\"logo\":{\"@type\":\"ImageObject\",\"inLanguage\":\"en-US\",\"@id\":\"https:\/\/kulturneleto.eu\/#\/schema\/logo\/image\/\",\"url\":\"https:\/\/kulturneleto.eu\/wp-content\/uploads\/2022\/06\/logo_zkl_2022_orange.png\",\"contentUrl\":\"https:\/\/kulturneleto.eu\/wp-content\/uploads\/2022\/06\/logo_zkl_2022_orange.png\",\"width\":330,\"height\":117,\"caption\":\"Kult\u00farne leto\"},\"image\":{\"@id\":\"https:\/\/kulturneleto.eu\/#\/schema\/logo\/image\/\"},\"sameAs\":[\"https:\/\/www.facebook.com\/Mesto-ilina-162541880519007\",\"https:\/\/www.youtube.com\/channel\/UCfY6Cc8yEeMgTWAUW5QaGAw\",\"https:\/\/www.instagram.com\/mestozilina\/?hl=sk\"]}]}<\/script>\n<!-- \/ Yoast SEO plugin. -->","yoast_head_json":{"title":"Contemporary_suvenir - \u017dilinsk\u00e9 kult\u00farne leto 2025","robots":{"index":"index","follow":"follow","max-snippet":"max-snippet:-1","max-image-preview":"max-image-preview:large","max-video-preview":"max-video-preview:-1"},"canonical":"https:\/\/kulturneleto.eu\/en\/event\/contemporary_suvenir\/","og_locale":"en_US","og_type":"article","og_title":"Contemporary_suvenir - \u017dilinsk\u00e9 kult\u00farne leto 2025","og_description":"10:30 Contemporary_suvenir &#8211; predn\u00e1\u0161ka a otvoren\u00e1 diskusia Contemporary_suvenir je umeleck\u00e1 rezidencia prebiehaj\u00faca od roku 2015 v r\u00f4znych slovensk\u00fdch gal\u00e9ri\u00e1ch. Sp\u00e1ja umelcov s cie\u013eom podpori\u0165 tvorbu s\u00fa\u010dasn\u00fdch slovensk\u00fdch suven\u00edrov s umeleckou hodnotou. Prezent\u00e1ciou prierezu predch\u00e1dzaj\u00facich ro\u010dn\u00edkov a umeleck\u00fdch n\u00e1vrhov pre projekt contemporary_suvenir prevedie Nina A. \u0160o\u0161kov\u00e1, autorka projektu. &nbsp; 14:00 Work in progres \u2013 prezent\u00e1cia prebiehaj\u00faceho [&hellip;]","og_url":"https:\/\/kulturneleto.eu\/en\/event\/contemporary_suvenir\/","og_site_name":"\u017dilinsk\u00e9 kult\u00farne leto 2025","article_publisher":"https:\/\/www.facebook.com\/Mesto-ilina-162541880519007","article_modified_time":"2023-07-11T13:44:15+00:00","og_image":[{"width":980,"height":654,"url":"https:\/\/kulturneleto.eu\/wp-content\/uploads\/2023\/07\/suvenir.webp","type":"image\/webp"}],"twitter_card":"summary_large_image","twitter_misc":{"Est. reading time":"2 minutes"},"schema":{"@context":"https:\/\/schema.org","@graph":[{"@type":"WebPage","@id":"https:\/\/kulturneleto.eu\/event\/contemporary_suvenir\/","url":"https:\/\/kulturneleto.eu\/event\/contemporary_suvenir\/","name":"Contemporary_suvenir - \u017dilinsk\u00e9 kult\u00farne leto 2025","isPartOf":{"@id":"https:\/\/kulturneleto.eu\/#website"},"primaryImageOfPage":{"@id":"https:\/\/kulturneleto.eu\/event\/contemporary_suvenir\/#primaryimage"},"image":{"@id":"https:\/\/kulturneleto.eu\/event\/contemporary_suvenir\/#primaryimage"},"thumbnailUrl":"https:\/\/kulturneleto.eu\/wp-content\/uploads\/2023\/07\/suvenir.webp","datePublished":"2023-07-03T14:15:53+00:00","dateModified":"2023-07-11T13:44:15+00:00","breadcrumb":{"@id":"https:\/\/kulturneleto.eu\/event\/contemporary_suvenir\/#breadcrumb"},"inLanguage":"en-US","potentialAction":[{"@type":"ReadAction","target":["https:\/\/kulturneleto.eu\/event\/contemporary_suvenir\/"]}]},{"@type":"ImageObject","inLanguage":"en-US","@id":"https:\/\/kulturneleto.eu\/event\/contemporary_suvenir\/#primaryimage","url":"https:\/\/kulturneleto.eu\/wp-content\/uploads\/2023\/07\/suvenir.webp","contentUrl":"https:\/\/kulturneleto.eu\/wp-content\/uploads\/2023\/07\/suvenir.webp","width":980,"height":654},{"@type":"BreadcrumbList","@id":"https:\/\/kulturneleto.eu\/event\/contemporary_suvenir\/#breadcrumb","itemListElement":[{"@type":"ListItem","position":1,"name":"Domovsk\u00e1 str\u00e1nka","item":"https:\/\/kulturneleto.eu\/"},{"@type":"ListItem","position":2,"name":"Contemporary_suvenir"}]},{"@type":"WebSite","@id":"https:\/\/kulturneleto.eu\/#website","url":"https:\/\/kulturneleto.eu\/","name":"\u017dilinsk\u00e9 kult\u00farne leto 2025","description":"j\u00fal, august, september","publisher":{"@id":"https:\/\/kulturneleto.eu\/#organization"},"potentialAction":[{"@type":"SearchAction","target":{"@type":"EntryPoint","urlTemplate":"https:\/\/kulturneleto.eu\/?s={search_term_string}"},"query-input":{"@type":"PropertyValueSpecification","valueRequired":true,"valueName":"search_term_string"}}],"inLanguage":"en-US"},{"@type":"Organization","@id":"https:\/\/kulturneleto.eu\/#organization","name":"Kult\u00farne leto","url":"https:\/\/kulturneleto.eu\/","logo":{"@type":"ImageObject","inLanguage":"en-US","@id":"https:\/\/kulturneleto.eu\/#\/schema\/logo\/image\/","url":"https:\/\/kulturneleto.eu\/wp-content\/uploads\/2022\/06\/logo_zkl_2022_orange.png","contentUrl":"https:\/\/kulturneleto.eu\/wp-content\/uploads\/2022\/06\/logo_zkl_2022_orange.png","width":330,"height":117,"caption":"Kult\u00farne leto"},"image":{"@id":"https:\/\/kulturneleto.eu\/#\/schema\/logo\/image\/"},"sameAs":["https:\/\/www.facebook.com\/Mesto-ilina-162541880519007","https:\/\/www.youtube.com\/channel\/UCfY6Cc8yEeMgTWAUW5QaGAw","https:\/\/www.instagram.com\/mestozilina\/?hl=sk"]}]}},"_links":{"self":[{"href":"https:\/\/kulturneleto.eu\/en\/wp-json\/wp\/v2\/event_listing\/5444","targetHints":{"allow":["GET"]}}],"collection":[{"href":"https:\/\/kulturneleto.eu\/en\/wp-json\/wp\/v2\/event_listing"}],"about":[{"href":"https:\/\/kulturneleto.eu\/en\/wp-json\/wp\/v2\/types\/event_listing"}],"wp:featuredmedia":[{"embeddable":true,"href":"https:\/\/kulturneleto.eu\/en\/wp-json\/wp\/v2\/media\/5572"}],"wp:attachment":[{"href":"https:\/\/kulturneleto.eu\/en\/wp-json\/wp\/v2\/media?parent=5444"}],"wp:term":[{"taxonomy":"event_listing_category","embeddable":true,"href":"https:\/\/kulturneleto.eu\/en\/wp-json\/wp\/v2\/event_listing_category?post=5444"},{"taxonomy":"event_listing_type","embeddable":true,"href":"https:\/\/kulturneleto.eu\/en\/wp-json\/wp\/v2\/event_listing_type?post=5444"}],"curies":[{"name":"wp","href":"https:\/\/api.w.org\/{rel}","templated":true}]}}