{"id":5453,"date":"2023-07-03T16:21:38","date_gmt":"2023-07-03T14:21:38","guid":{"rendered":"https:\/\/kulturneleto.eu\/?post_type=event_listing&#038;p=5453"},"modified":"2023-07-12T09:07:58","modified_gmt":"2023-07-12T07:07:58","slug":"suvenir-inspirovany-zilinou","status":"publish","type":"event_listing","link":"https:\/\/kulturneleto.eu\/en\/event\/suvenir-inspirovany-zilinou\/","title":{"rendered":"Suven\u00edr in\u0161pirovan\u00fd \u017dilinou"},"content":{"rendered":"<p>Predstavenie v\u00fdstupu umeleckej rezidencie v Pova\u017eskej gal\u00e9ri\u00ed umenia v \u017diline &#8211; predbe\u017en\u00fdch n\u00e1vrhov suven\u00edrov in\u0161pirovan\u00fdch \u017dilinou od umelcov a dizajn\u00e9rov, ktor\u00ed sa z\u00fa\u010dastnili 8. ro\u010dn\u00edka projektu contemporary_suvenir.<\/p>\n<p>&nbsp;<\/p>\n<p>Projekt <strong>Contemporary_suvenir<\/strong> je platforma s cie\u013eom podpori\u0165 tvorbu s\u00fa\u010dasn\u00fdch slovensk\u00fdch suven\u00edrov s umeleckou hodnotou. Ver\u00edme, \u017ee suven\u00edr, ako spomienkov\u00fd predmet z ciest, dar do zahrani\u010dia zo Slovenska alebo umeleck\u00fd predmet v interi\u00e9ri m\u00f4\u017ee a m\u00e1 ma\u0165 hodnotu \u2013 vizu\u00e1lnu, pr\u00edbehov\u00fa, umeleck\u00fa. A d\u00fafame, \u017ee tento svet potrebuje viac umenia a kr\u00e1sy, a menej masovo vyr\u00e1ban\u00fdch magnetiek a lacn\u00e9ho textilu. Suven\u00edry tak vznikaj\u00fa v spolupr\u00e1ci so s\u00fa\u010dasn\u00fdmi slovensk\u00fdmi umelcami a dizajn\u00e9rmi od roku 2015, a to vr\u00e1mci umeleck\u00fdch rezidenci\u00ed v r\u00f4znych regi\u00f3noch Slovenska (\u010ci\u010dmany, Ru\u017eomberok, Tren\u010d\u00edn, Orava, Spi\u0161, Turiec, Bratislava). V roku 2023 sa vyberieme za n\u00e1metmi a in\u0161pir\u00e1ciou do \u017diliny v spolupr\u00e1ci s PGU \u017dilina.<\/p>\n<p>https:\/\/www.contemporarysuvenir.sk\/<\/p>","protected":false},"featured_media":5585,"template":"","meta":[],"event_listing_category":[97],"event_listing_type":[84],"class_list":["post-5453","event_listing","type-event_listing","status-publish","has-post-thumbnail","hentry","event_listing_category-zkl2023","event_listing_type-muzea-vystavy"],"yoast_head":"<!-- This site is optimized with the Yoast SEO plugin v27.1.1 - https:\/\/yoast.com\/product\/yoast-seo-wordpress\/ -->\n<title>Suven\u00edr in\u0161pirovan\u00fd \u017dilinou - \u017dilinsk\u00e9 kult\u00farne leto 2025<\/title>\n<meta name=\"robots\" content=\"index, follow, max-snippet:-1, max-image-preview:large, max-video-preview:-1\" \/>\n<link rel=\"canonical\" href=\"https:\/\/kulturneleto.eu\/en\/event\/suvenir-inspirovany-zilinou\/\" \/>\n<meta property=\"og:locale\" content=\"en_US\" \/>\n<meta property=\"og:type\" content=\"article\" \/>\n<meta property=\"og:title\" content=\"Suven\u00edr in\u0161pirovan\u00fd \u017dilinou - \u017dilinsk\u00e9 kult\u00farne leto 2025\" \/>\n<meta property=\"og:description\" content=\"Predstavenie v\u00fdstupu umeleckej rezidencie v Pova\u017eskej gal\u00e9ri\u00ed umenia v \u017diline &#8211; predbe\u017en\u00fdch n\u00e1vrhov suven\u00edrov in\u0161pirovan\u00fdch \u017dilinou od umelcov a dizajn\u00e9rov, ktor\u00ed sa z\u00fa\u010dastnili 8. ro\u010dn\u00edka projektu contemporary_suvenir. &nbsp; Projekt Contemporary_suvenir je platforma s cie\u013eom podpori\u0165 tvorbu s\u00fa\u010dasn\u00fdch slovensk\u00fdch suven\u00edrov s umeleckou hodnotou. Ver\u00edme, \u017ee suven\u00edr, ako spomienkov\u00fd predmet z ciest, dar do zahrani\u010dia zo Slovenska [&hellip;]\" \/>\n<meta property=\"og:url\" content=\"https:\/\/kulturneleto.eu\/en\/event\/suvenir-inspirovany-zilinou\/\" \/>\n<meta property=\"og:site_name\" content=\"\u017dilinsk\u00e9 kult\u00farne leto 2025\" \/>\n<meta property=\"article:publisher\" content=\"https:\/\/www.facebook.com\/Mesto-ilina-162541880519007\" \/>\n<meta property=\"article:modified_time\" content=\"2023-07-12T07:07:58+00:00\" \/>\n<meta property=\"og:image\" content=\"https:\/\/kulturneleto.eu\/wp-content\/uploads\/2023\/07\/suvenir_SK.jpg\" \/>\n\t<meta property=\"og:image:width\" content=\"1200\" \/>\n\t<meta property=\"og:image:height\" content=\"1200\" \/>\n\t<meta property=\"og:image:type\" content=\"image\/jpeg\" \/>\n<meta name=\"twitter:card\" content=\"summary_large_image\" \/>\n<meta name=\"twitter:label1\" content=\"Est. reading time\" \/>\n\t<meta name=\"twitter:data1\" content=\"1 minute\" \/>\n<script type=\"application\/ld+json\" class=\"yoast-schema-graph\">{\"@context\":\"https:\/\/schema.org\",\"@graph\":[{\"@type\":\"WebPage\",\"@id\":\"https:\/\/kulturneleto.eu\/event\/suvenir-inspirovany-zilinou\/\",\"url\":\"https:\/\/kulturneleto.eu\/event\/suvenir-inspirovany-zilinou\/\",\"name\":\"Suven\u00edr in\u0161pirovan\u00fd \u017dilinou - \u017dilinsk\u00e9 kult\u00farne leto 2025\",\"isPartOf\":{\"@id\":\"https:\/\/kulturneleto.eu\/#website\"},\"primaryImageOfPage\":{\"@id\":\"https:\/\/kulturneleto.eu\/event\/suvenir-inspirovany-zilinou\/#primaryimage\"},\"image\":{\"@id\":\"https:\/\/kulturneleto.eu\/event\/suvenir-inspirovany-zilinou\/#primaryimage\"},\"thumbnailUrl\":\"https:\/\/kulturneleto.eu\/wp-content\/uploads\/2023\/07\/suvenir_SK.jpg\",\"datePublished\":\"2023-07-03T14:21:38+00:00\",\"dateModified\":\"2023-07-12T07:07:58+00:00\",\"breadcrumb\":{\"@id\":\"https:\/\/kulturneleto.eu\/event\/suvenir-inspirovany-zilinou\/#breadcrumb\"},\"inLanguage\":\"en-US\",\"potentialAction\":[{\"@type\":\"ReadAction\",\"target\":[\"https:\/\/kulturneleto.eu\/event\/suvenir-inspirovany-zilinou\/\"]}]},{\"@type\":\"ImageObject\",\"inLanguage\":\"en-US\",\"@id\":\"https:\/\/kulturneleto.eu\/event\/suvenir-inspirovany-zilinou\/#primaryimage\",\"url\":\"https:\/\/kulturneleto.eu\/wp-content\/uploads\/2023\/07\/suvenir_SK.jpg\",\"contentUrl\":\"https:\/\/kulturneleto.eu\/wp-content\/uploads\/2023\/07\/suvenir_SK.jpg\",\"width\":1200,\"height\":1200},{\"@type\":\"BreadcrumbList\",\"@id\":\"https:\/\/kulturneleto.eu\/event\/suvenir-inspirovany-zilinou\/#breadcrumb\",\"itemListElement\":[{\"@type\":\"ListItem\",\"position\":1,\"name\":\"Domovsk\u00e1 str\u00e1nka\",\"item\":\"https:\/\/kulturneleto.eu\/\"},{\"@type\":\"ListItem\",\"position\":2,\"name\":\"Suven\u00edr in\u0161pirovan\u00fd \u017dilinou\"}]},{\"@type\":\"WebSite\",\"@id\":\"https:\/\/kulturneleto.eu\/#website\",\"url\":\"https:\/\/kulturneleto.eu\/\",\"name\":\"\u017dilinsk\u00e9 kult\u00farne leto 2025\",\"description\":\"j\u00fal, august, september\",\"publisher\":{\"@id\":\"https:\/\/kulturneleto.eu\/#organization\"},\"potentialAction\":[{\"@type\":\"SearchAction\",\"target\":{\"@type\":\"EntryPoint\",\"urlTemplate\":\"https:\/\/kulturneleto.eu\/?s={search_term_string}\"},\"query-input\":{\"@type\":\"PropertyValueSpecification\",\"valueRequired\":true,\"valueName\":\"search_term_string\"}}],\"inLanguage\":\"en-US\"},{\"@type\":\"Organization\",\"@id\":\"https:\/\/kulturneleto.eu\/#organization\",\"name\":\"Kult\u00farne leto\",\"url\":\"https:\/\/kulturneleto.eu\/\",\"logo\":{\"@type\":\"ImageObject\",\"inLanguage\":\"en-US\",\"@id\":\"https:\/\/kulturneleto.eu\/#\/schema\/logo\/image\/\",\"url\":\"https:\/\/kulturneleto.eu\/wp-content\/uploads\/2022\/06\/logo_zkl_2022_orange.png\",\"contentUrl\":\"https:\/\/kulturneleto.eu\/wp-content\/uploads\/2022\/06\/logo_zkl_2022_orange.png\",\"width\":330,\"height\":117,\"caption\":\"Kult\u00farne leto\"},\"image\":{\"@id\":\"https:\/\/kulturneleto.eu\/#\/schema\/logo\/image\/\"},\"sameAs\":[\"https:\/\/www.facebook.com\/Mesto-ilina-162541880519007\",\"https:\/\/www.youtube.com\/channel\/UCfY6Cc8yEeMgTWAUW5QaGAw\",\"https:\/\/www.instagram.com\/mestozilina\/?hl=sk\"]}]}<\/script>\n<!-- \/ Yoast SEO plugin. -->","yoast_head_json":{"title":"Suven\u00edr in\u0161pirovan\u00fd \u017dilinou - \u017dilinsk\u00e9 kult\u00farne leto 2025","robots":{"index":"index","follow":"follow","max-snippet":"max-snippet:-1","max-image-preview":"max-image-preview:large","max-video-preview":"max-video-preview:-1"},"canonical":"https:\/\/kulturneleto.eu\/en\/event\/suvenir-inspirovany-zilinou\/","og_locale":"en_US","og_type":"article","og_title":"Suven\u00edr in\u0161pirovan\u00fd \u017dilinou - \u017dilinsk\u00e9 kult\u00farne leto 2025","og_description":"Predstavenie v\u00fdstupu umeleckej rezidencie v Pova\u017eskej gal\u00e9ri\u00ed umenia v \u017diline &#8211; predbe\u017en\u00fdch n\u00e1vrhov suven\u00edrov in\u0161pirovan\u00fdch \u017dilinou od umelcov a dizajn\u00e9rov, ktor\u00ed sa z\u00fa\u010dastnili 8. ro\u010dn\u00edka projektu contemporary_suvenir. &nbsp; Projekt Contemporary_suvenir je platforma s cie\u013eom podpori\u0165 tvorbu s\u00fa\u010dasn\u00fdch slovensk\u00fdch suven\u00edrov s umeleckou hodnotou. Ver\u00edme, \u017ee suven\u00edr, ako spomienkov\u00fd predmet z ciest, dar do zahrani\u010dia zo Slovenska [&hellip;]","og_url":"https:\/\/kulturneleto.eu\/en\/event\/suvenir-inspirovany-zilinou\/","og_site_name":"\u017dilinsk\u00e9 kult\u00farne leto 2025","article_publisher":"https:\/\/www.facebook.com\/Mesto-ilina-162541880519007","article_modified_time":"2023-07-12T07:07:58+00:00","og_image":[{"width":1200,"height":1200,"url":"https:\/\/kulturneleto.eu\/wp-content\/uploads\/2023\/07\/suvenir_SK.jpg","type":"image\/jpeg"}],"twitter_card":"summary_large_image","twitter_misc":{"Est. reading time":"1 minute"},"schema":{"@context":"https:\/\/schema.org","@graph":[{"@type":"WebPage","@id":"https:\/\/kulturneleto.eu\/event\/suvenir-inspirovany-zilinou\/","url":"https:\/\/kulturneleto.eu\/event\/suvenir-inspirovany-zilinou\/","name":"Suven\u00edr in\u0161pirovan\u00fd \u017dilinou - \u017dilinsk\u00e9 kult\u00farne leto 2025","isPartOf":{"@id":"https:\/\/kulturneleto.eu\/#website"},"primaryImageOfPage":{"@id":"https:\/\/kulturneleto.eu\/event\/suvenir-inspirovany-zilinou\/#primaryimage"},"image":{"@id":"https:\/\/kulturneleto.eu\/event\/suvenir-inspirovany-zilinou\/#primaryimage"},"thumbnailUrl":"https:\/\/kulturneleto.eu\/wp-content\/uploads\/2023\/07\/suvenir_SK.jpg","datePublished":"2023-07-03T14:21:38+00:00","dateModified":"2023-07-12T07:07:58+00:00","breadcrumb":{"@id":"https:\/\/kulturneleto.eu\/event\/suvenir-inspirovany-zilinou\/#breadcrumb"},"inLanguage":"en-US","potentialAction":[{"@type":"ReadAction","target":["https:\/\/kulturneleto.eu\/event\/suvenir-inspirovany-zilinou\/"]}]},{"@type":"ImageObject","inLanguage":"en-US","@id":"https:\/\/kulturneleto.eu\/event\/suvenir-inspirovany-zilinou\/#primaryimage","url":"https:\/\/kulturneleto.eu\/wp-content\/uploads\/2023\/07\/suvenir_SK.jpg","contentUrl":"https:\/\/kulturneleto.eu\/wp-content\/uploads\/2023\/07\/suvenir_SK.jpg","width":1200,"height":1200},{"@type":"BreadcrumbList","@id":"https:\/\/kulturneleto.eu\/event\/suvenir-inspirovany-zilinou\/#breadcrumb","itemListElement":[{"@type":"ListItem","position":1,"name":"Domovsk\u00e1 str\u00e1nka","item":"https:\/\/kulturneleto.eu\/"},{"@type":"ListItem","position":2,"name":"Suven\u00edr in\u0161pirovan\u00fd \u017dilinou"}]},{"@type":"WebSite","@id":"https:\/\/kulturneleto.eu\/#website","url":"https:\/\/kulturneleto.eu\/","name":"\u017dilinsk\u00e9 kult\u00farne leto 2025","description":"j\u00fal, august, september","publisher":{"@id":"https:\/\/kulturneleto.eu\/#organization"},"potentialAction":[{"@type":"SearchAction","target":{"@type":"EntryPoint","urlTemplate":"https:\/\/kulturneleto.eu\/?s={search_term_string}"},"query-input":{"@type":"PropertyValueSpecification","valueRequired":true,"valueName":"search_term_string"}}],"inLanguage":"en-US"},{"@type":"Organization","@id":"https:\/\/kulturneleto.eu\/#organization","name":"Kult\u00farne leto","url":"https:\/\/kulturneleto.eu\/","logo":{"@type":"ImageObject","inLanguage":"en-US","@id":"https:\/\/kulturneleto.eu\/#\/schema\/logo\/image\/","url":"https:\/\/kulturneleto.eu\/wp-content\/uploads\/2022\/06\/logo_zkl_2022_orange.png","contentUrl":"https:\/\/kulturneleto.eu\/wp-content\/uploads\/2022\/06\/logo_zkl_2022_orange.png","width":330,"height":117,"caption":"Kult\u00farne leto"},"image":{"@id":"https:\/\/kulturneleto.eu\/#\/schema\/logo\/image\/"},"sameAs":["https:\/\/www.facebook.com\/Mesto-ilina-162541880519007","https:\/\/www.youtube.com\/channel\/UCfY6Cc8yEeMgTWAUW5QaGAw","https:\/\/www.instagram.com\/mestozilina\/?hl=sk"]}]}},"_links":{"self":[{"href":"https:\/\/kulturneleto.eu\/en\/wp-json\/wp\/v2\/event_listing\/5453","targetHints":{"allow":["GET"]}}],"collection":[{"href":"https:\/\/kulturneleto.eu\/en\/wp-json\/wp\/v2\/event_listing"}],"about":[{"href":"https:\/\/kulturneleto.eu\/en\/wp-json\/wp\/v2\/types\/event_listing"}],"wp:featuredmedia":[{"embeddable":true,"href":"https:\/\/kulturneleto.eu\/en\/wp-json\/wp\/v2\/media\/5585"}],"wp:attachment":[{"href":"https:\/\/kulturneleto.eu\/en\/wp-json\/wp\/v2\/media?parent=5453"}],"wp:term":[{"taxonomy":"event_listing_category","embeddable":true,"href":"https:\/\/kulturneleto.eu\/en\/wp-json\/wp\/v2\/event_listing_category?post=5453"},{"taxonomy":"event_listing_type","embeddable":true,"href":"https:\/\/kulturneleto.eu\/en\/wp-json\/wp\/v2\/event_listing_type?post=5453"}],"curies":[{"name":"wp","href":"https:\/\/api.w.org\/{rel}","templated":true}]}}