{"id":5482,"date":"2023-07-04T10:47:38","date_gmt":"2023-07-04T08:47:38","guid":{"rendered":"https:\/\/kulturneleto.eu\/?post_type=event_listing&#038;p=5482"},"modified":"2023-07-17T13:46:41","modified_gmt":"2023-07-17T11:46:41","slug":"depresivni-deti-touzi-po-penezich-trojabky","status":"publish","type":"event_listing","link":"https:\/\/kulturneleto.eu\/en\/event\/depresivni-deti-touzi-po-penezich-trojabky\/","title":{"rendered":"Depresivn\u00ed d\u011bti tou\u017e\u00ed po pen\u011bz\u00edch: Tr\u00f3janky"},"content":{"rendered":"<p>Modern\u00e9 spracovanie klasick\u00fdch trag\u00e9di\u00ed \u201eTr\u00f3janky\u201c a \u201eHekaba\u201c s ukrajinsk\u00fdmi umelky\u0148ami, ktor\u00e9 na\u0161li do\u010dasn\u00fd azyl v\u00a0\u010ceskej republike.<\/p>\n<p>&nbsp;<\/p>\n<p>Inscen\u00e1cia sa nes\u00fastred\u00ed na s\u00fa\u010dasn\u00fd vojensk\u00fd konflikt, ale na obete vojny vo v\u0161eobecnosti. Pr\u00edbehy ve\u013ekolep\u00fdch hrdinov Tr\u00f3jskej vojny boli vytesan\u00e9 do na\u0161ej pam\u00e4te, ale na pr\u00edbehy pre\u017eiv\u0161\u00edch \u017eien zab\u00fadame.<\/p>","protected":false},"featured_media":5926,"template":"","meta":[],"event_listing_category":[97],"event_listing_type":[81],"class_list":["post-5482","event_listing","type-event_listing","status-publish","has-post-thumbnail","hentry","event_listing_category-zkl2023","event_listing_type-kino-divadlo"],"yoast_head":"<!-- This site is optimized with the Yoast SEO plugin v27.1.1 - https:\/\/yoast.com\/product\/yoast-seo-wordpress\/ -->\n<title>Depresivn\u00ed d\u011bti tou\u017e\u00ed po pen\u011bz\u00edch: Tr\u00f3janky - \u017dilinsk\u00e9 kult\u00farne leto 2025<\/title>\n<meta name=\"robots\" content=\"index, follow, max-snippet:-1, max-image-preview:large, max-video-preview:-1\" \/>\n<link rel=\"canonical\" href=\"https:\/\/kulturneleto.eu\/en\/event\/depresivni-deti-touzi-po-penezich-trojabky\/\" \/>\n<meta property=\"og:locale\" content=\"en_US\" \/>\n<meta property=\"og:type\" content=\"article\" \/>\n<meta property=\"og:title\" content=\"Depresivn\u00ed d\u011bti tou\u017e\u00ed po pen\u011bz\u00edch: Tr\u00f3janky - \u017dilinsk\u00e9 kult\u00farne leto 2025\" \/>\n<meta property=\"og:description\" content=\"Modern\u00e9 spracovanie klasick\u00fdch trag\u00e9di\u00ed \u201eTr\u00f3janky\u201c a \u201eHekaba\u201c s ukrajinsk\u00fdmi umelky\u0148ami, ktor\u00e9 na\u0161li do\u010dasn\u00fd azyl v\u00a0\u010ceskej republike. &nbsp; Inscen\u00e1cia sa nes\u00fastred\u00ed na s\u00fa\u010dasn\u00fd vojensk\u00fd konflikt, ale na obete vojny vo v\u0161eobecnosti. Pr\u00edbehy ve\u013ekolep\u00fdch hrdinov Tr\u00f3jskej vojny boli vytesan\u00e9 do na\u0161ej pam\u00e4te, ale na pr\u00edbehy pre\u017eiv\u0161\u00edch \u017eien zab\u00fadame.\" \/>\n<meta property=\"og:url\" content=\"https:\/\/kulturneleto.eu\/en\/event\/depresivni-deti-touzi-po-penezich-trojabky\/\" \/>\n<meta property=\"og:site_name\" content=\"\u017dilinsk\u00e9 kult\u00farne leto 2025\" \/>\n<meta property=\"article:publisher\" content=\"https:\/\/www.facebook.com\/Mesto-ilina-162541880519007\" \/>\n<meta property=\"article:modified_time\" content=\"2023-07-17T11:46:41+00:00\" \/>\n<meta property=\"og:image\" content=\"https:\/\/kulturneleto.eu\/wp-content\/uploads\/2023\/07\/trojanky.jpg\" \/>\n\t<meta property=\"og:image:width\" content=\"2048\" \/>\n\t<meta property=\"og:image:height\" content=\"1365\" \/>\n\t<meta property=\"og:image:type\" content=\"image\/jpeg\" \/>\n<meta name=\"twitter:card\" content=\"summary_large_image\" \/>\n<meta name=\"twitter:label1\" content=\"Est. reading time\" \/>\n\t<meta name=\"twitter:data1\" content=\"1 minute\" \/>\n<script type=\"application\/ld+json\" class=\"yoast-schema-graph\">{\"@context\":\"https:\/\/schema.org\",\"@graph\":[{\"@type\":\"WebPage\",\"@id\":\"https:\/\/kulturneleto.eu\/event\/depresivni-deti-touzi-po-penezich-trojabky\/\",\"url\":\"https:\/\/kulturneleto.eu\/event\/depresivni-deti-touzi-po-penezich-trojabky\/\",\"name\":\"Depresivn\u00ed d\u011bti tou\u017e\u00ed po pen\u011bz\u00edch: Tr\u00f3janky - \u017dilinsk\u00e9 kult\u00farne leto 2025\",\"isPartOf\":{\"@id\":\"https:\/\/kulturneleto.eu\/#website\"},\"primaryImageOfPage\":{\"@id\":\"https:\/\/kulturneleto.eu\/event\/depresivni-deti-touzi-po-penezich-trojabky\/#primaryimage\"},\"image\":{\"@id\":\"https:\/\/kulturneleto.eu\/event\/depresivni-deti-touzi-po-penezich-trojabky\/#primaryimage\"},\"thumbnailUrl\":\"https:\/\/kulturneleto.eu\/wp-content\/uploads\/2023\/07\/trojanky.jpg\",\"datePublished\":\"2023-07-04T08:47:38+00:00\",\"dateModified\":\"2023-07-17T11:46:41+00:00\",\"breadcrumb\":{\"@id\":\"https:\/\/kulturneleto.eu\/event\/depresivni-deti-touzi-po-penezich-trojabky\/#breadcrumb\"},\"inLanguage\":\"en-US\",\"potentialAction\":[{\"@type\":\"ReadAction\",\"target\":[\"https:\/\/kulturneleto.eu\/event\/depresivni-deti-touzi-po-penezich-trojabky\/\"]}]},{\"@type\":\"ImageObject\",\"inLanguage\":\"en-US\",\"@id\":\"https:\/\/kulturneleto.eu\/event\/depresivni-deti-touzi-po-penezich-trojabky\/#primaryimage\",\"url\":\"https:\/\/kulturneleto.eu\/wp-content\/uploads\/2023\/07\/trojanky.jpg\",\"contentUrl\":\"https:\/\/kulturneleto.eu\/wp-content\/uploads\/2023\/07\/trojanky.jpg\",\"width\":2048,\"height\":1365},{\"@type\":\"BreadcrumbList\",\"@id\":\"https:\/\/kulturneleto.eu\/event\/depresivni-deti-touzi-po-penezich-trojabky\/#breadcrumb\",\"itemListElement\":[{\"@type\":\"ListItem\",\"position\":1,\"name\":\"Domovsk\u00e1 str\u00e1nka\",\"item\":\"https:\/\/kulturneleto.eu\/\"},{\"@type\":\"ListItem\",\"position\":2,\"name\":\"Depresivn\u00ed d\u011bti tou\u017e\u00ed po pen\u011bz\u00edch: Tr\u00f3janky\"}]},{\"@type\":\"WebSite\",\"@id\":\"https:\/\/kulturneleto.eu\/#website\",\"url\":\"https:\/\/kulturneleto.eu\/\",\"name\":\"\u017dilinsk\u00e9 kult\u00farne leto 2025\",\"description\":\"j\u00fal, august, september\",\"publisher\":{\"@id\":\"https:\/\/kulturneleto.eu\/#organization\"},\"potentialAction\":[{\"@type\":\"SearchAction\",\"target\":{\"@type\":\"EntryPoint\",\"urlTemplate\":\"https:\/\/kulturneleto.eu\/?s={search_term_string}\"},\"query-input\":{\"@type\":\"PropertyValueSpecification\",\"valueRequired\":true,\"valueName\":\"search_term_string\"}}],\"inLanguage\":\"en-US\"},{\"@type\":\"Organization\",\"@id\":\"https:\/\/kulturneleto.eu\/#organization\",\"name\":\"Kult\u00farne leto\",\"url\":\"https:\/\/kulturneleto.eu\/\",\"logo\":{\"@type\":\"ImageObject\",\"inLanguage\":\"en-US\",\"@id\":\"https:\/\/kulturneleto.eu\/#\/schema\/logo\/image\/\",\"url\":\"https:\/\/kulturneleto.eu\/wp-content\/uploads\/2022\/06\/logo_zkl_2022_orange.png\",\"contentUrl\":\"https:\/\/kulturneleto.eu\/wp-content\/uploads\/2022\/06\/logo_zkl_2022_orange.png\",\"width\":330,\"height\":117,\"caption\":\"Kult\u00farne leto\"},\"image\":{\"@id\":\"https:\/\/kulturneleto.eu\/#\/schema\/logo\/image\/\"},\"sameAs\":[\"https:\/\/www.facebook.com\/Mesto-ilina-162541880519007\",\"https:\/\/www.youtube.com\/channel\/UCfY6Cc8yEeMgTWAUW5QaGAw\",\"https:\/\/www.instagram.com\/mestozilina\/?hl=sk\"]}]}<\/script>\n<!-- \/ Yoast SEO plugin. -->","yoast_head_json":{"title":"Depresivn\u00ed d\u011bti tou\u017e\u00ed po pen\u011bz\u00edch: Tr\u00f3janky - \u017dilinsk\u00e9 kult\u00farne leto 2025","robots":{"index":"index","follow":"follow","max-snippet":"max-snippet:-1","max-image-preview":"max-image-preview:large","max-video-preview":"max-video-preview:-1"},"canonical":"https:\/\/kulturneleto.eu\/en\/event\/depresivni-deti-touzi-po-penezich-trojabky\/","og_locale":"en_US","og_type":"article","og_title":"Depresivn\u00ed d\u011bti tou\u017e\u00ed po pen\u011bz\u00edch: Tr\u00f3janky - \u017dilinsk\u00e9 kult\u00farne leto 2025","og_description":"Modern\u00e9 spracovanie klasick\u00fdch trag\u00e9di\u00ed \u201eTr\u00f3janky\u201c a \u201eHekaba\u201c s ukrajinsk\u00fdmi umelky\u0148ami, ktor\u00e9 na\u0161li do\u010dasn\u00fd azyl v\u00a0\u010ceskej republike. &nbsp; Inscen\u00e1cia sa nes\u00fastred\u00ed na s\u00fa\u010dasn\u00fd vojensk\u00fd konflikt, ale na obete vojny vo v\u0161eobecnosti. Pr\u00edbehy ve\u013ekolep\u00fdch hrdinov Tr\u00f3jskej vojny boli vytesan\u00e9 do na\u0161ej pam\u00e4te, ale na pr\u00edbehy pre\u017eiv\u0161\u00edch \u017eien zab\u00fadame.","og_url":"https:\/\/kulturneleto.eu\/en\/event\/depresivni-deti-touzi-po-penezich-trojabky\/","og_site_name":"\u017dilinsk\u00e9 kult\u00farne leto 2025","article_publisher":"https:\/\/www.facebook.com\/Mesto-ilina-162541880519007","article_modified_time":"2023-07-17T11:46:41+00:00","og_image":[{"width":2048,"height":1365,"url":"https:\/\/kulturneleto.eu\/wp-content\/uploads\/2023\/07\/trojanky.jpg","type":"image\/jpeg"}],"twitter_card":"summary_large_image","twitter_misc":{"Est. reading time":"1 minute"},"schema":{"@context":"https:\/\/schema.org","@graph":[{"@type":"WebPage","@id":"https:\/\/kulturneleto.eu\/event\/depresivni-deti-touzi-po-penezich-trojabky\/","url":"https:\/\/kulturneleto.eu\/event\/depresivni-deti-touzi-po-penezich-trojabky\/","name":"Depresivn\u00ed d\u011bti tou\u017e\u00ed po pen\u011bz\u00edch: Tr\u00f3janky - \u017dilinsk\u00e9 kult\u00farne leto 2025","isPartOf":{"@id":"https:\/\/kulturneleto.eu\/#website"},"primaryImageOfPage":{"@id":"https:\/\/kulturneleto.eu\/event\/depresivni-deti-touzi-po-penezich-trojabky\/#primaryimage"},"image":{"@id":"https:\/\/kulturneleto.eu\/event\/depresivni-deti-touzi-po-penezich-trojabky\/#primaryimage"},"thumbnailUrl":"https:\/\/kulturneleto.eu\/wp-content\/uploads\/2023\/07\/trojanky.jpg","datePublished":"2023-07-04T08:47:38+00:00","dateModified":"2023-07-17T11:46:41+00:00","breadcrumb":{"@id":"https:\/\/kulturneleto.eu\/event\/depresivni-deti-touzi-po-penezich-trojabky\/#breadcrumb"},"inLanguage":"en-US","potentialAction":[{"@type":"ReadAction","target":["https:\/\/kulturneleto.eu\/event\/depresivni-deti-touzi-po-penezich-trojabky\/"]}]},{"@type":"ImageObject","inLanguage":"en-US","@id":"https:\/\/kulturneleto.eu\/event\/depresivni-deti-touzi-po-penezich-trojabky\/#primaryimage","url":"https:\/\/kulturneleto.eu\/wp-content\/uploads\/2023\/07\/trojanky.jpg","contentUrl":"https:\/\/kulturneleto.eu\/wp-content\/uploads\/2023\/07\/trojanky.jpg","width":2048,"height":1365},{"@type":"BreadcrumbList","@id":"https:\/\/kulturneleto.eu\/event\/depresivni-deti-touzi-po-penezich-trojabky\/#breadcrumb","itemListElement":[{"@type":"ListItem","position":1,"name":"Domovsk\u00e1 str\u00e1nka","item":"https:\/\/kulturneleto.eu\/"},{"@type":"ListItem","position":2,"name":"Depresivn\u00ed d\u011bti tou\u017e\u00ed po pen\u011bz\u00edch: Tr\u00f3janky"}]},{"@type":"WebSite","@id":"https:\/\/kulturneleto.eu\/#website","url":"https:\/\/kulturneleto.eu\/","name":"\u017dilinsk\u00e9 kult\u00farne leto 2025","description":"j\u00fal, august, september","publisher":{"@id":"https:\/\/kulturneleto.eu\/#organization"},"potentialAction":[{"@type":"SearchAction","target":{"@type":"EntryPoint","urlTemplate":"https:\/\/kulturneleto.eu\/?s={search_term_string}"},"query-input":{"@type":"PropertyValueSpecification","valueRequired":true,"valueName":"search_term_string"}}],"inLanguage":"en-US"},{"@type":"Organization","@id":"https:\/\/kulturneleto.eu\/#organization","name":"Kult\u00farne leto","url":"https:\/\/kulturneleto.eu\/","logo":{"@type":"ImageObject","inLanguage":"en-US","@id":"https:\/\/kulturneleto.eu\/#\/schema\/logo\/image\/","url":"https:\/\/kulturneleto.eu\/wp-content\/uploads\/2022\/06\/logo_zkl_2022_orange.png","contentUrl":"https:\/\/kulturneleto.eu\/wp-content\/uploads\/2022\/06\/logo_zkl_2022_orange.png","width":330,"height":117,"caption":"Kult\u00farne leto"},"image":{"@id":"https:\/\/kulturneleto.eu\/#\/schema\/logo\/image\/"},"sameAs":["https:\/\/www.facebook.com\/Mesto-ilina-162541880519007","https:\/\/www.youtube.com\/channel\/UCfY6Cc8yEeMgTWAUW5QaGAw","https:\/\/www.instagram.com\/mestozilina\/?hl=sk"]}]}},"_links":{"self":[{"href":"https:\/\/kulturneleto.eu\/en\/wp-json\/wp\/v2\/event_listing\/5482","targetHints":{"allow":["GET"]}}],"collection":[{"href":"https:\/\/kulturneleto.eu\/en\/wp-json\/wp\/v2\/event_listing"}],"about":[{"href":"https:\/\/kulturneleto.eu\/en\/wp-json\/wp\/v2\/types\/event_listing"}],"wp:featuredmedia":[{"embeddable":true,"href":"https:\/\/kulturneleto.eu\/en\/wp-json\/wp\/v2\/media\/5926"}],"wp:attachment":[{"href":"https:\/\/kulturneleto.eu\/en\/wp-json\/wp\/v2\/media?parent=5482"}],"wp:term":[{"taxonomy":"event_listing_category","embeddable":true,"href":"https:\/\/kulturneleto.eu\/en\/wp-json\/wp\/v2\/event_listing_category?post=5482"},{"taxonomy":"event_listing_type","embeddable":true,"href":"https:\/\/kulturneleto.eu\/en\/wp-json\/wp\/v2\/event_listing_type?post=5482"}],"curies":[{"name":"wp","href":"https:\/\/api.w.org\/{rel}","templated":true}]}}