{"id":5484,"date":"2023-07-04T10:48:30","date_gmt":"2023-07-04T08:48:30","guid":{"rendered":"https:\/\/kulturneleto.eu\/?post_type=event_listing&#038;p=5484"},"modified":"2023-08-09T11:56:10","modified_gmt":"2023-08-09T09:56:10","slug":"zilinsky-zlomvaz-2","status":"publish","type":"event_listing","link":"https:\/\/kulturneleto.eu\/en\/event\/zilinsky-zlomvaz-2\/","title":{"rendered":"\u017dilinsk\u00fd zlomv\u00e4z"},"content":{"rendered":"<p>Prek\u00e1\u017ekov\u00fd beh ur\u010den\u00fd pre v\u0161etk\u00fdch, ktor\u00ed sa vedia smia\u0165 aj v behu do kopca cez prek\u00e1\u017eky.<\/p>\n<p>&nbsp;<\/p>\n<p>Na tohtoro\u010dnom pudujat\u00ed URBANIX Zlom V\u00e4z v\u00e1s dokonalou hudobnou selekciou vyburcuje Dj BOSY k tomu najlep\u0161iemu v\u00fdkonu.<\/p>\n<p>&nbsp;<\/p>\n<div dir=\"auto\">Z\u00e1kladne \u0161tartovn\u00e9 je pred\u013a\u017een\u00e9 do 17. augusta 2023.<\/div>\n<div dir=\"auto\">S\u00fa\u0165a\u017eia: mu\u017ei, \u017eeny, dvojice, \u0161tvorice.<\/div>\n<div dir=\"auto\">Registr\u00e1cia: <a class=\"x1i10hfl xjbqb8w x6umtig x1b1mbwd xaqea5y xav7gou x9f619 x1ypdohk xt0psk2 xe8uvvx xdj266r x11i5rnm xat24cr x1mh8g0r xexx8yu x4uap5 x18d9i69 xkhd6sd x16tdsg8 x1hl2dhg xggy1nq x1a2a7pz xt0b8zv x1fey0fg\" tabindex=\"0\" role=\"link\" href=\"https:\/\/www.blaticko.sk\/registracia\/\" target=\"_blank\" rel=\"nofollow noopener noreferrer\">https:\/\/www.blaticko.sk\/registracia\/<\/a><\/div>\n<div dir=\"auto\"><\/div>\n<p>&nbsp;<\/p>\n<p>Registrova\u0165 m\u00f4\u017eete aj deti na detsk\u00e9 preteky!<\/p>\n<p><strong style=\"font-size: 16px;\">Detsk\u00fd URBANIX Zlom V\u00e4z\u00edk<\/strong><span style=\"font-size: 16px;\"> od\u0161tartuje po poslednom dospelom pretek\u00e1rovi.\u00a0Tra\u0165 m\u00e1 700 metrov a pozost\u00e1va z 10 prek\u00e1\u017eok.<\/span><\/p>\n<div dir=\"auto\">\n<div>Ka\u017ed\u00fd \u00fa\u010dastn\u00edk dostane pam\u00e4tn\u00fa medailu.<\/div>\n<\/div>\n<div dir=\"auto\">Propoz\u00edcie n\u00e1jdete na str\u00e1nke <a class=\"x1i10hfl xjbqb8w x6umtig x1b1mbwd xaqea5y xav7gou x9f619 x1ypdohk xt0psk2 xe8uvvx xdj266r x11i5rnm xat24cr x1mh8g0r xexx8yu x4uap5 x18d9i69 xkhd6sd x16tdsg8 x1hl2dhg xggy1nq x1a2a7pz xt0b8zv x1fey0fg\" tabindex=\"0\" role=\"link\" href=\"https:\/\/www.blaticko.sk\/propozicie-zlom-vaz\/\" target=\"_blank\" rel=\"nofollow noopener noreferrer\">https:\/\/www.blaticko.sk\/propozicie-zlom-vaz\/<\/a><\/div>","protected":false},"featured_media":7181,"template":"","meta":[],"event_listing_category":[97],"event_listing_type":[82],"class_list":["post-5484","event_listing","type-event_listing","status-publish","has-post-thumbnail","hentry","event_listing_category-zkl2023","event_listing_type-sport"],"yoast_head":"<!-- This site is optimized with the Yoast SEO plugin v27.1.1 - https:\/\/yoast.com\/product\/yoast-seo-wordpress\/ -->\n<title>\u017dilinsk\u00fd zlomv\u00e4z - \u017dilinsk\u00e9 kult\u00farne leto 2025<\/title>\n<meta name=\"robots\" content=\"index, follow, max-snippet:-1, max-image-preview:large, max-video-preview:-1\" \/>\n<link rel=\"canonical\" href=\"https:\/\/kulturneleto.eu\/en\/event\/zilinsky-zlomvaz-2\/\" \/>\n<meta property=\"og:locale\" content=\"en_US\" \/>\n<meta property=\"og:type\" content=\"article\" \/>\n<meta property=\"og:title\" content=\"\u017dilinsk\u00fd zlomv\u00e4z - \u017dilinsk\u00e9 kult\u00farne leto 2025\" \/>\n<meta property=\"og:description\" content=\"Prek\u00e1\u017ekov\u00fd beh ur\u010den\u00fd pre v\u0161etk\u00fdch, ktor\u00ed sa vedia smia\u0165 aj v behu do kopca cez prek\u00e1\u017eky. &nbsp; Na tohtoro\u010dnom pudujat\u00ed URBANIX Zlom V\u00e4z v\u00e1s dokonalou hudobnou selekciou vyburcuje Dj BOSY k tomu najlep\u0161iemu v\u00fdkonu. &nbsp; Z\u00e1kladne \u0161tartovn\u00e9 je pred\u013a\u017een\u00e9 do 17. augusta 2023. S\u00fa\u0165a\u017eia: mu\u017ei, \u017eeny, dvojice, \u0161tvorice. Registr\u00e1cia: https:\/\/www.blaticko.sk\/registracia\/ &nbsp; Registrova\u0165 m\u00f4\u017eete aj deti [&hellip;]\" \/>\n<meta property=\"og:url\" content=\"https:\/\/kulturneleto.eu\/en\/event\/zilinsky-zlomvaz-2\/\" \/>\n<meta property=\"og:site_name\" content=\"\u017dilinsk\u00e9 kult\u00farne leto 2025\" \/>\n<meta property=\"article:publisher\" content=\"https:\/\/www.facebook.com\/Mesto-ilina-162541880519007\" \/>\n<meta property=\"article:modified_time\" content=\"2023-08-09T09:56:10+00:00\" \/>\n<meta property=\"og:image\" content=\"https:\/\/kulturneleto.eu\/wp-content\/uploads\/2023\/07\/deti-zlom.jpg\" \/>\n\t<meta property=\"og:image:width\" content=\"1920\" \/>\n\t<meta property=\"og:image:height\" content=\"700\" \/>\n\t<meta property=\"og:image:type\" content=\"image\/jpeg\" \/>\n<meta name=\"twitter:card\" content=\"summary_large_image\" \/>\n<meta name=\"twitter:label1\" content=\"Est. reading time\" \/>\n\t<meta name=\"twitter:data1\" content=\"1 minute\" \/>\n<script type=\"application\/ld+json\" class=\"yoast-schema-graph\">{\"@context\":\"https:\/\/schema.org\",\"@graph\":[{\"@type\":\"WebPage\",\"@id\":\"https:\/\/kulturneleto.eu\/event\/zilinsky-zlomvaz-2\/\",\"url\":\"https:\/\/kulturneleto.eu\/event\/zilinsky-zlomvaz-2\/\",\"name\":\"\u017dilinsk\u00fd zlomv\u00e4z - \u017dilinsk\u00e9 kult\u00farne leto 2025\",\"isPartOf\":{\"@id\":\"https:\/\/kulturneleto.eu\/#website\"},\"primaryImageOfPage\":{\"@id\":\"https:\/\/kulturneleto.eu\/event\/zilinsky-zlomvaz-2\/#primaryimage\"},\"image\":{\"@id\":\"https:\/\/kulturneleto.eu\/event\/zilinsky-zlomvaz-2\/#primaryimage\"},\"thumbnailUrl\":\"https:\/\/kulturneleto.eu\/wp-content\/uploads\/2023\/07\/deti-zlom.jpg\",\"datePublished\":\"2023-07-04T08:48:30+00:00\",\"dateModified\":\"2023-08-09T09:56:10+00:00\",\"breadcrumb\":{\"@id\":\"https:\/\/kulturneleto.eu\/event\/zilinsky-zlomvaz-2\/#breadcrumb\"},\"inLanguage\":\"en-US\",\"potentialAction\":[{\"@type\":\"ReadAction\",\"target\":[\"https:\/\/kulturneleto.eu\/event\/zilinsky-zlomvaz-2\/\"]}]},{\"@type\":\"ImageObject\",\"inLanguage\":\"en-US\",\"@id\":\"https:\/\/kulturneleto.eu\/event\/zilinsky-zlomvaz-2\/#primaryimage\",\"url\":\"https:\/\/kulturneleto.eu\/wp-content\/uploads\/2023\/07\/deti-zlom.jpg\",\"contentUrl\":\"https:\/\/kulturneleto.eu\/wp-content\/uploads\/2023\/07\/deti-zlom.jpg\",\"width\":1920,\"height\":700},{\"@type\":\"BreadcrumbList\",\"@id\":\"https:\/\/kulturneleto.eu\/event\/zilinsky-zlomvaz-2\/#breadcrumb\",\"itemListElement\":[{\"@type\":\"ListItem\",\"position\":1,\"name\":\"Domovsk\u00e1 str\u00e1nka\",\"item\":\"https:\/\/kulturneleto.eu\/\"},{\"@type\":\"ListItem\",\"position\":2,\"name\":\"\u017dilinsk\u00fd zlomv\u00e4z\"}]},{\"@type\":\"WebSite\",\"@id\":\"https:\/\/kulturneleto.eu\/#website\",\"url\":\"https:\/\/kulturneleto.eu\/\",\"name\":\"\u017dilinsk\u00e9 kult\u00farne leto 2025\",\"description\":\"j\u00fal, august, september\",\"publisher\":{\"@id\":\"https:\/\/kulturneleto.eu\/#organization\"},\"potentialAction\":[{\"@type\":\"SearchAction\",\"target\":{\"@type\":\"EntryPoint\",\"urlTemplate\":\"https:\/\/kulturneleto.eu\/?s={search_term_string}\"},\"query-input\":{\"@type\":\"PropertyValueSpecification\",\"valueRequired\":true,\"valueName\":\"search_term_string\"}}],\"inLanguage\":\"en-US\"},{\"@type\":\"Organization\",\"@id\":\"https:\/\/kulturneleto.eu\/#organization\",\"name\":\"Kult\u00farne leto\",\"url\":\"https:\/\/kulturneleto.eu\/\",\"logo\":{\"@type\":\"ImageObject\",\"inLanguage\":\"en-US\",\"@id\":\"https:\/\/kulturneleto.eu\/#\/schema\/logo\/image\/\",\"url\":\"https:\/\/kulturneleto.eu\/wp-content\/uploads\/2022\/06\/logo_zkl_2022_orange.png\",\"contentUrl\":\"https:\/\/kulturneleto.eu\/wp-content\/uploads\/2022\/06\/logo_zkl_2022_orange.png\",\"width\":330,\"height\":117,\"caption\":\"Kult\u00farne leto\"},\"image\":{\"@id\":\"https:\/\/kulturneleto.eu\/#\/schema\/logo\/image\/\"},\"sameAs\":[\"https:\/\/www.facebook.com\/Mesto-ilina-162541880519007\",\"https:\/\/www.youtube.com\/channel\/UCfY6Cc8yEeMgTWAUW5QaGAw\",\"https:\/\/www.instagram.com\/mestozilina\/?hl=sk\"]}]}<\/script>\n<!-- \/ Yoast SEO plugin. -->","yoast_head_json":{"title":"\u017dilinsk\u00fd zlomv\u00e4z - \u017dilinsk\u00e9 kult\u00farne leto 2025","robots":{"index":"index","follow":"follow","max-snippet":"max-snippet:-1","max-image-preview":"max-image-preview:large","max-video-preview":"max-video-preview:-1"},"canonical":"https:\/\/kulturneleto.eu\/en\/event\/zilinsky-zlomvaz-2\/","og_locale":"en_US","og_type":"article","og_title":"\u017dilinsk\u00fd zlomv\u00e4z - \u017dilinsk\u00e9 kult\u00farne leto 2025","og_description":"Prek\u00e1\u017ekov\u00fd beh ur\u010den\u00fd pre v\u0161etk\u00fdch, ktor\u00ed sa vedia smia\u0165 aj v behu do kopca cez prek\u00e1\u017eky. &nbsp; Na tohtoro\u010dnom pudujat\u00ed URBANIX Zlom V\u00e4z v\u00e1s dokonalou hudobnou selekciou vyburcuje Dj BOSY k tomu najlep\u0161iemu v\u00fdkonu. &nbsp; Z\u00e1kladne \u0161tartovn\u00e9 je pred\u013a\u017een\u00e9 do 17. augusta 2023. S\u00fa\u0165a\u017eia: mu\u017ei, \u017eeny, dvojice, \u0161tvorice. Registr\u00e1cia: https:\/\/www.blaticko.sk\/registracia\/ &nbsp; Registrova\u0165 m\u00f4\u017eete aj deti [&hellip;]","og_url":"https:\/\/kulturneleto.eu\/en\/event\/zilinsky-zlomvaz-2\/","og_site_name":"\u017dilinsk\u00e9 kult\u00farne leto 2025","article_publisher":"https:\/\/www.facebook.com\/Mesto-ilina-162541880519007","article_modified_time":"2023-08-09T09:56:10+00:00","og_image":[{"width":1920,"height":700,"url":"https:\/\/kulturneleto.eu\/wp-content\/uploads\/2023\/07\/deti-zlom.jpg","type":"image\/jpeg"}],"twitter_card":"summary_large_image","twitter_misc":{"Est. reading time":"1 minute"},"schema":{"@context":"https:\/\/schema.org","@graph":[{"@type":"WebPage","@id":"https:\/\/kulturneleto.eu\/event\/zilinsky-zlomvaz-2\/","url":"https:\/\/kulturneleto.eu\/event\/zilinsky-zlomvaz-2\/","name":"\u017dilinsk\u00fd zlomv\u00e4z - \u017dilinsk\u00e9 kult\u00farne leto 2025","isPartOf":{"@id":"https:\/\/kulturneleto.eu\/#website"},"primaryImageOfPage":{"@id":"https:\/\/kulturneleto.eu\/event\/zilinsky-zlomvaz-2\/#primaryimage"},"image":{"@id":"https:\/\/kulturneleto.eu\/event\/zilinsky-zlomvaz-2\/#primaryimage"},"thumbnailUrl":"https:\/\/kulturneleto.eu\/wp-content\/uploads\/2023\/07\/deti-zlom.jpg","datePublished":"2023-07-04T08:48:30+00:00","dateModified":"2023-08-09T09:56:10+00:00","breadcrumb":{"@id":"https:\/\/kulturneleto.eu\/event\/zilinsky-zlomvaz-2\/#breadcrumb"},"inLanguage":"en-US","potentialAction":[{"@type":"ReadAction","target":["https:\/\/kulturneleto.eu\/event\/zilinsky-zlomvaz-2\/"]}]},{"@type":"ImageObject","inLanguage":"en-US","@id":"https:\/\/kulturneleto.eu\/event\/zilinsky-zlomvaz-2\/#primaryimage","url":"https:\/\/kulturneleto.eu\/wp-content\/uploads\/2023\/07\/deti-zlom.jpg","contentUrl":"https:\/\/kulturneleto.eu\/wp-content\/uploads\/2023\/07\/deti-zlom.jpg","width":1920,"height":700},{"@type":"BreadcrumbList","@id":"https:\/\/kulturneleto.eu\/event\/zilinsky-zlomvaz-2\/#breadcrumb","itemListElement":[{"@type":"ListItem","position":1,"name":"Domovsk\u00e1 str\u00e1nka","item":"https:\/\/kulturneleto.eu\/"},{"@type":"ListItem","position":2,"name":"\u017dilinsk\u00fd zlomv\u00e4z"}]},{"@type":"WebSite","@id":"https:\/\/kulturneleto.eu\/#website","url":"https:\/\/kulturneleto.eu\/","name":"\u017dilinsk\u00e9 kult\u00farne leto 2025","description":"j\u00fal, august, september","publisher":{"@id":"https:\/\/kulturneleto.eu\/#organization"},"potentialAction":[{"@type":"SearchAction","target":{"@type":"EntryPoint","urlTemplate":"https:\/\/kulturneleto.eu\/?s={search_term_string}"},"query-input":{"@type":"PropertyValueSpecification","valueRequired":true,"valueName":"search_term_string"}}],"inLanguage":"en-US"},{"@type":"Organization","@id":"https:\/\/kulturneleto.eu\/#organization","name":"Kult\u00farne leto","url":"https:\/\/kulturneleto.eu\/","logo":{"@type":"ImageObject","inLanguage":"en-US","@id":"https:\/\/kulturneleto.eu\/#\/schema\/logo\/image\/","url":"https:\/\/kulturneleto.eu\/wp-content\/uploads\/2022\/06\/logo_zkl_2022_orange.png","contentUrl":"https:\/\/kulturneleto.eu\/wp-content\/uploads\/2022\/06\/logo_zkl_2022_orange.png","width":330,"height":117,"caption":"Kult\u00farne leto"},"image":{"@id":"https:\/\/kulturneleto.eu\/#\/schema\/logo\/image\/"},"sameAs":["https:\/\/www.facebook.com\/Mesto-ilina-162541880519007","https:\/\/www.youtube.com\/channel\/UCfY6Cc8yEeMgTWAUW5QaGAw","https:\/\/www.instagram.com\/mestozilina\/?hl=sk"]}]}},"_links":{"self":[{"href":"https:\/\/kulturneleto.eu\/en\/wp-json\/wp\/v2\/event_listing\/5484","targetHints":{"allow":["GET"]}}],"collection":[{"href":"https:\/\/kulturneleto.eu\/en\/wp-json\/wp\/v2\/event_listing"}],"about":[{"href":"https:\/\/kulturneleto.eu\/en\/wp-json\/wp\/v2\/types\/event_listing"}],"wp:featuredmedia":[{"embeddable":true,"href":"https:\/\/kulturneleto.eu\/en\/wp-json\/wp\/v2\/media\/7181"}],"wp:attachment":[{"href":"https:\/\/kulturneleto.eu\/en\/wp-json\/wp\/v2\/media?parent=5484"}],"wp:term":[{"taxonomy":"event_listing_category","embeddable":true,"href":"https:\/\/kulturneleto.eu\/en\/wp-json\/wp\/v2\/event_listing_category?post=5484"},{"taxonomy":"event_listing_type","embeddable":true,"href":"https:\/\/kulturneleto.eu\/en\/wp-json\/wp\/v2\/event_listing_type?post=5484"}],"curies":[{"name":"wp","href":"https:\/\/api.w.org\/{rel}","templated":true}]}}