{"id":5487,"date":"2023-07-04T10:51:16","date_gmt":"2023-07-04T08:51:16","guid":{"rendered":"https:\/\/kulturneleto.eu\/?post_type=event_listing&#038;p=5487"},"modified":"2023-09-14T09:11:03","modified_gmt":"2023-09-14T07:11:03","slug":"zilinska-plavecka-stafeta-2","status":"publish","type":"event_listing","link":"https:\/\/kulturneleto.eu\/en\/event\/zilinska-plavecka-stafeta-2\/","title":{"rendered":"\u017dilinsk\u00e1 plaveck\u00e1 \u0161tafeta"},"content":{"rendered":"<p>Mesto \u017dilina a Mestsk\u00e1 kryt\u00e1 plav\u00e1re\u0148 v \u017diline pripravili u\u017e v porad\u00ed 15. ro\u010dn\u00edk podujatia s n\u00e1zvom \u017dilinsk\u00e1 plaveck\u00e1 \u0161tafeta.\u00a0Cie\u013eom podujatia je zapoji\u0165 do \u0161portovej aktivity \u010do najviac obyvate\u013eov n\u00e1\u0161ho mesta, prekona\u0165 minuloro\u010dn\u00fd rekord a zv\u00ed\u0165azi\u0165 medzi ostatn\u00fdmi slovensk\u00fdmi mestami.<\/p>\n<p>Vstup na plav\u00e1re\u0148 je po\u010das podujatia zdarma a ka\u017ed\u00fd \u00fa\u010dastn\u00edk dostane \u010fal\u0161iu vo\u013en\u00fa vstupenku, dar\u010dek a diplom z podujatia.<\/p>\n<p>Podujatie sa nekon\u00e1 s\u00fa\u0165a\u017enou formou, ale ka\u017ed\u00fd plavec prepl\u00e1va \u010do najviac metrov, \u010di kilometrov v \u013eubovo\u013enom \u010dase.<\/p>\n<p><a href=\"https:\/\/kulturneleto.eu\/wp-content\/uploads\/2023\/07\/plavecka_stafeta_2023_A2.jpg\"><img fetchpriority=\"high\" decoding=\"async\" class=\"alignnone size-full wp-image-7227\" src=\"https:\/\/kulturneleto.eu\/wp-content\/uploads\/2023\/07\/plavecka_stafeta_2023_A2.jpg\" alt=\"\" width=\"1300\" height=\"1839\" srcset=\"https:\/\/kulturneleto.eu\/wp-content\/uploads\/2023\/07\/plavecka_stafeta_2023_A2.jpg 1300w, https:\/\/kulturneleto.eu\/wp-content\/uploads\/2023\/07\/plavecka_stafeta_2023_A2-724x1024.jpg 724w, https:\/\/kulturneleto.eu\/wp-content\/uploads\/2023\/07\/plavecka_stafeta_2023_A2-768x1086.jpg 768w, https:\/\/kulturneleto.eu\/wp-content\/uploads\/2023\/07\/plavecka_stafeta_2023_A2-1086x1536.jpg 1086w\" sizes=\"(max-width: 1300px) 100vw, 1300px\" \/><\/a><\/p>","protected":false},"featured_media":7227,"template":"","meta":[],"event_listing_category":[97],"event_listing_type":[82],"class_list":["post-5487","event_listing","type-event_listing","status-publish","has-post-thumbnail","hentry","event_listing_category-zkl2023","event_listing_type-sport"],"yoast_head":"<!-- This site is optimized with the Yoast SEO plugin v27.1.1 - https:\/\/yoast.com\/product\/yoast-seo-wordpress\/ -->\n<title>\u017dilinsk\u00e1 plaveck\u00e1 \u0161tafeta - \u017dilinsk\u00e9 kult\u00farne leto 2025<\/title>\n<meta name=\"robots\" content=\"index, follow, max-snippet:-1, max-image-preview:large, max-video-preview:-1\" \/>\n<link rel=\"canonical\" href=\"https:\/\/kulturneleto.eu\/en\/event\/zilinska-plavecka-stafeta-2\/\" \/>\n<meta property=\"og:locale\" content=\"en_US\" \/>\n<meta property=\"og:type\" content=\"article\" \/>\n<meta property=\"og:title\" content=\"\u017dilinsk\u00e1 plaveck\u00e1 \u0161tafeta - \u017dilinsk\u00e9 kult\u00farne leto 2025\" \/>\n<meta property=\"og:description\" content=\"Mesto \u017dilina a Mestsk\u00e1 kryt\u00e1 plav\u00e1re\u0148 v \u017diline pripravili u\u017e v porad\u00ed 15. ro\u010dn\u00edk podujatia s n\u00e1zvom \u017dilinsk\u00e1 plaveck\u00e1 \u0161tafeta.\u00a0Cie\u013eom podujatia je zapoji\u0165 do \u0161portovej aktivity \u010do najviac obyvate\u013eov n\u00e1\u0161ho mesta, prekona\u0165 minuloro\u010dn\u00fd rekord a zv\u00ed\u0165azi\u0165 medzi ostatn\u00fdmi slovensk\u00fdmi mestami. Vstup na plav\u00e1re\u0148 je po\u010das podujatia zdarma a ka\u017ed\u00fd \u00fa\u010dastn\u00edk dostane \u010fal\u0161iu vo\u013en\u00fa vstupenku, dar\u010dek [&hellip;]\" \/>\n<meta property=\"og:url\" content=\"https:\/\/kulturneleto.eu\/en\/event\/zilinska-plavecka-stafeta-2\/\" \/>\n<meta property=\"og:site_name\" content=\"\u017dilinsk\u00e9 kult\u00farne leto 2025\" \/>\n<meta property=\"article:publisher\" content=\"https:\/\/www.facebook.com\/Mesto-ilina-162541880519007\" \/>\n<meta property=\"article:modified_time\" content=\"2023-09-14T07:11:03+00:00\" \/>\n<meta property=\"og:image\" content=\"https:\/\/kulturneleto.eu\/wp-content\/uploads\/2023\/07\/plavecka_stafeta_2023_A2.jpg\" \/>\n\t<meta property=\"og:image:width\" content=\"1300\" \/>\n\t<meta property=\"og:image:height\" content=\"1839\" \/>\n\t<meta property=\"og:image:type\" content=\"image\/jpeg\" \/>\n<meta name=\"twitter:card\" content=\"summary_large_image\" \/>\n<meta name=\"twitter:label1\" content=\"Est. reading time\" \/>\n\t<meta name=\"twitter:data1\" content=\"1 minute\" \/>\n<script type=\"application\/ld+json\" class=\"yoast-schema-graph\">{\"@context\":\"https:\/\/schema.org\",\"@graph\":[{\"@type\":\"WebPage\",\"@id\":\"https:\/\/kulturneleto.eu\/event\/zilinska-plavecka-stafeta-2\/\",\"url\":\"https:\/\/kulturneleto.eu\/event\/zilinska-plavecka-stafeta-2\/\",\"name\":\"\u017dilinsk\u00e1 plaveck\u00e1 \u0161tafeta - \u017dilinsk\u00e9 kult\u00farne leto 2025\",\"isPartOf\":{\"@id\":\"https:\/\/kulturneleto.eu\/#website\"},\"primaryImageOfPage\":{\"@id\":\"https:\/\/kulturneleto.eu\/event\/zilinska-plavecka-stafeta-2\/#primaryimage\"},\"image\":{\"@id\":\"https:\/\/kulturneleto.eu\/event\/zilinska-plavecka-stafeta-2\/#primaryimage\"},\"thumbnailUrl\":\"https:\/\/kulturneleto.eu\/wp-content\/uploads\/2023\/07\/plavecka_stafeta_2023_A2.jpg\",\"datePublished\":\"2023-07-04T08:51:16+00:00\",\"dateModified\":\"2023-09-14T07:11:03+00:00\",\"breadcrumb\":{\"@id\":\"https:\/\/kulturneleto.eu\/event\/zilinska-plavecka-stafeta-2\/#breadcrumb\"},\"inLanguage\":\"en-US\",\"potentialAction\":[{\"@type\":\"ReadAction\",\"target\":[\"https:\/\/kulturneleto.eu\/event\/zilinska-plavecka-stafeta-2\/\"]}]},{\"@type\":\"ImageObject\",\"inLanguage\":\"en-US\",\"@id\":\"https:\/\/kulturneleto.eu\/event\/zilinska-plavecka-stafeta-2\/#primaryimage\",\"url\":\"https:\/\/kulturneleto.eu\/wp-content\/uploads\/2023\/07\/plavecka_stafeta_2023_A2.jpg\",\"contentUrl\":\"https:\/\/kulturneleto.eu\/wp-content\/uploads\/2023\/07\/plavecka_stafeta_2023_A2.jpg\",\"width\":1300,\"height\":1839},{\"@type\":\"BreadcrumbList\",\"@id\":\"https:\/\/kulturneleto.eu\/event\/zilinska-plavecka-stafeta-2\/#breadcrumb\",\"itemListElement\":[{\"@type\":\"ListItem\",\"position\":1,\"name\":\"Domovsk\u00e1 str\u00e1nka\",\"item\":\"https:\/\/kulturneleto.eu\/\"},{\"@type\":\"ListItem\",\"position\":2,\"name\":\"\u017dilinsk\u00e1 plaveck\u00e1 \u0161tafeta\"}]},{\"@type\":\"WebSite\",\"@id\":\"https:\/\/kulturneleto.eu\/#website\",\"url\":\"https:\/\/kulturneleto.eu\/\",\"name\":\"\u017dilinsk\u00e9 kult\u00farne leto 2025\",\"description\":\"j\u00fal, august, september\",\"publisher\":{\"@id\":\"https:\/\/kulturneleto.eu\/#organization\"},\"potentialAction\":[{\"@type\":\"SearchAction\",\"target\":{\"@type\":\"EntryPoint\",\"urlTemplate\":\"https:\/\/kulturneleto.eu\/?s={search_term_string}\"},\"query-input\":{\"@type\":\"PropertyValueSpecification\",\"valueRequired\":true,\"valueName\":\"search_term_string\"}}],\"inLanguage\":\"en-US\"},{\"@type\":\"Organization\",\"@id\":\"https:\/\/kulturneleto.eu\/#organization\",\"name\":\"Kult\u00farne leto\",\"url\":\"https:\/\/kulturneleto.eu\/\",\"logo\":{\"@type\":\"ImageObject\",\"inLanguage\":\"en-US\",\"@id\":\"https:\/\/kulturneleto.eu\/#\/schema\/logo\/image\/\",\"url\":\"https:\/\/kulturneleto.eu\/wp-content\/uploads\/2022\/06\/logo_zkl_2022_orange.png\",\"contentUrl\":\"https:\/\/kulturneleto.eu\/wp-content\/uploads\/2022\/06\/logo_zkl_2022_orange.png\",\"width\":330,\"height\":117,\"caption\":\"Kult\u00farne leto\"},\"image\":{\"@id\":\"https:\/\/kulturneleto.eu\/#\/schema\/logo\/image\/\"},\"sameAs\":[\"https:\/\/www.facebook.com\/Mesto-ilina-162541880519007\",\"https:\/\/www.youtube.com\/channel\/UCfY6Cc8yEeMgTWAUW5QaGAw\",\"https:\/\/www.instagram.com\/mestozilina\/?hl=sk\"]}]}<\/script>\n<!-- \/ Yoast SEO plugin. -->","yoast_head_json":{"title":"\u017dilinsk\u00e1 plaveck\u00e1 \u0161tafeta - \u017dilinsk\u00e9 kult\u00farne leto 2025","robots":{"index":"index","follow":"follow","max-snippet":"max-snippet:-1","max-image-preview":"max-image-preview:large","max-video-preview":"max-video-preview:-1"},"canonical":"https:\/\/kulturneleto.eu\/en\/event\/zilinska-plavecka-stafeta-2\/","og_locale":"en_US","og_type":"article","og_title":"\u017dilinsk\u00e1 plaveck\u00e1 \u0161tafeta - \u017dilinsk\u00e9 kult\u00farne leto 2025","og_description":"Mesto \u017dilina a Mestsk\u00e1 kryt\u00e1 plav\u00e1re\u0148 v \u017diline pripravili u\u017e v porad\u00ed 15. ro\u010dn\u00edk podujatia s n\u00e1zvom \u017dilinsk\u00e1 plaveck\u00e1 \u0161tafeta.\u00a0Cie\u013eom podujatia je zapoji\u0165 do \u0161portovej aktivity \u010do najviac obyvate\u013eov n\u00e1\u0161ho mesta, prekona\u0165 minuloro\u010dn\u00fd rekord a zv\u00ed\u0165azi\u0165 medzi ostatn\u00fdmi slovensk\u00fdmi mestami. Vstup na plav\u00e1re\u0148 je po\u010das podujatia zdarma a ka\u017ed\u00fd \u00fa\u010dastn\u00edk dostane \u010fal\u0161iu vo\u013en\u00fa vstupenku, dar\u010dek [&hellip;]","og_url":"https:\/\/kulturneleto.eu\/en\/event\/zilinska-plavecka-stafeta-2\/","og_site_name":"\u017dilinsk\u00e9 kult\u00farne leto 2025","article_publisher":"https:\/\/www.facebook.com\/Mesto-ilina-162541880519007","article_modified_time":"2023-09-14T07:11:03+00:00","og_image":[{"width":1300,"height":1839,"url":"https:\/\/kulturneleto.eu\/wp-content\/uploads\/2023\/07\/plavecka_stafeta_2023_A2.jpg","type":"image\/jpeg"}],"twitter_card":"summary_large_image","twitter_misc":{"Est. reading time":"1 minute"},"schema":{"@context":"https:\/\/schema.org","@graph":[{"@type":"WebPage","@id":"https:\/\/kulturneleto.eu\/event\/zilinska-plavecka-stafeta-2\/","url":"https:\/\/kulturneleto.eu\/event\/zilinska-plavecka-stafeta-2\/","name":"\u017dilinsk\u00e1 plaveck\u00e1 \u0161tafeta - \u017dilinsk\u00e9 kult\u00farne leto 2025","isPartOf":{"@id":"https:\/\/kulturneleto.eu\/#website"},"primaryImageOfPage":{"@id":"https:\/\/kulturneleto.eu\/event\/zilinska-plavecka-stafeta-2\/#primaryimage"},"image":{"@id":"https:\/\/kulturneleto.eu\/event\/zilinska-plavecka-stafeta-2\/#primaryimage"},"thumbnailUrl":"https:\/\/kulturneleto.eu\/wp-content\/uploads\/2023\/07\/plavecka_stafeta_2023_A2.jpg","datePublished":"2023-07-04T08:51:16+00:00","dateModified":"2023-09-14T07:11:03+00:00","breadcrumb":{"@id":"https:\/\/kulturneleto.eu\/event\/zilinska-plavecka-stafeta-2\/#breadcrumb"},"inLanguage":"en-US","potentialAction":[{"@type":"ReadAction","target":["https:\/\/kulturneleto.eu\/event\/zilinska-plavecka-stafeta-2\/"]}]},{"@type":"ImageObject","inLanguage":"en-US","@id":"https:\/\/kulturneleto.eu\/event\/zilinska-plavecka-stafeta-2\/#primaryimage","url":"https:\/\/kulturneleto.eu\/wp-content\/uploads\/2023\/07\/plavecka_stafeta_2023_A2.jpg","contentUrl":"https:\/\/kulturneleto.eu\/wp-content\/uploads\/2023\/07\/plavecka_stafeta_2023_A2.jpg","width":1300,"height":1839},{"@type":"BreadcrumbList","@id":"https:\/\/kulturneleto.eu\/event\/zilinska-plavecka-stafeta-2\/#breadcrumb","itemListElement":[{"@type":"ListItem","position":1,"name":"Domovsk\u00e1 str\u00e1nka","item":"https:\/\/kulturneleto.eu\/"},{"@type":"ListItem","position":2,"name":"\u017dilinsk\u00e1 plaveck\u00e1 \u0161tafeta"}]},{"@type":"WebSite","@id":"https:\/\/kulturneleto.eu\/#website","url":"https:\/\/kulturneleto.eu\/","name":"\u017dilinsk\u00e9 kult\u00farne leto 2025","description":"j\u00fal, august, september","publisher":{"@id":"https:\/\/kulturneleto.eu\/#organization"},"potentialAction":[{"@type":"SearchAction","target":{"@type":"EntryPoint","urlTemplate":"https:\/\/kulturneleto.eu\/?s={search_term_string}"},"query-input":{"@type":"PropertyValueSpecification","valueRequired":true,"valueName":"search_term_string"}}],"inLanguage":"en-US"},{"@type":"Organization","@id":"https:\/\/kulturneleto.eu\/#organization","name":"Kult\u00farne leto","url":"https:\/\/kulturneleto.eu\/","logo":{"@type":"ImageObject","inLanguage":"en-US","@id":"https:\/\/kulturneleto.eu\/#\/schema\/logo\/image\/","url":"https:\/\/kulturneleto.eu\/wp-content\/uploads\/2022\/06\/logo_zkl_2022_orange.png","contentUrl":"https:\/\/kulturneleto.eu\/wp-content\/uploads\/2022\/06\/logo_zkl_2022_orange.png","width":330,"height":117,"caption":"Kult\u00farne leto"},"image":{"@id":"https:\/\/kulturneleto.eu\/#\/schema\/logo\/image\/"},"sameAs":["https:\/\/www.facebook.com\/Mesto-ilina-162541880519007","https:\/\/www.youtube.com\/channel\/UCfY6Cc8yEeMgTWAUW5QaGAw","https:\/\/www.instagram.com\/mestozilina\/?hl=sk"]}]}},"_links":{"self":[{"href":"https:\/\/kulturneleto.eu\/en\/wp-json\/wp\/v2\/event_listing\/5487","targetHints":{"allow":["GET"]}}],"collection":[{"href":"https:\/\/kulturneleto.eu\/en\/wp-json\/wp\/v2\/event_listing"}],"about":[{"href":"https:\/\/kulturneleto.eu\/en\/wp-json\/wp\/v2\/types\/event_listing"}],"wp:featuredmedia":[{"embeddable":true,"href":"https:\/\/kulturneleto.eu\/en\/wp-json\/wp\/v2\/media\/7227"}],"wp:attachment":[{"href":"https:\/\/kulturneleto.eu\/en\/wp-json\/wp\/v2\/media?parent=5487"}],"wp:term":[{"taxonomy":"event_listing_category","embeddable":true,"href":"https:\/\/kulturneleto.eu\/en\/wp-json\/wp\/v2\/event_listing_category?post=5487"},{"taxonomy":"event_listing_type","embeddable":true,"href":"https:\/\/kulturneleto.eu\/en\/wp-json\/wp\/v2\/event_listing_type?post=5487"}],"curies":[{"name":"wp","href":"https:\/\/api.w.org\/{rel}","templated":true}]}}