{"id":5493,"date":"2023-07-04T10:56:00","date_gmt":"2023-07-04T08:56:00","guid":{"rendered":"https:\/\/kulturneleto.eu\/?post_type=event_listing&#038;p=5493"},"modified":"2023-08-10T09:27:52","modified_gmt":"2023-08-10T07:27:52","slug":"zilinsky-literarny-festival-2","status":"publish","type":"event_listing","link":"https:\/\/kulturneleto.eu\/en\/event\/zilinsky-literarny-festival-2\/","title":{"rendered":"\u017dilinsk\u00fd liter\u00e1rny festival"},"content":{"rendered":"<p>Jubilejn\u00fd 20. ro\u010dn\u00edk \u017dLF bude oslavou r\u00f4znorodosti v literat\u00fare. T\u00e1 n\u00e1s m\u00f4\u017ee prenies\u0165 do imagin\u00e1rnych bud\u00facich svetov, pouk\u00e1za\u0165 na s\u00fa\u010dasn\u00e9 probl\u00e9my, popularizova\u0165 vedu, prin\u00e1\u0161a\u0165 po\u00e9ziu v r\u00f4znych form\u00e1ch, sprostredk\u00fava\u0165 dial\u00f3g a mnoho in\u00e9ho.<\/p>\n<p>&nbsp;<\/p>\n<p>Tri festivalov\u00e9 dni nabit\u00e9 programom tak\u00fdm r\u00f4znorod\u00fdm, ak\u00fdm literat\u00fara vie by\u0165, v\u00e1s preto prenes\u00fa do sveta komiksu, architekt\u00fary, stredoveku, cestovania, detsk\u00fdch z\u00e1\u017eitkov, poetick\u00fdch rov\u00edn, aj star\u00e9ho dobr\u00e9ho rom\u00e1nu. Nebud\u00fa ch\u00fdba\u0165 debaty so zauj\u00edmav\u00fdmi slovensk\u00fdmi aj zahrani\u010dn\u00fdmi autormi, tematick\u00e9 diskusie, v\u00fdborn\u00e9 koncerty, workshopy, celodenn\u00fd detsk\u00fd program a v sobotu aj kni\u017en\u00fd trh vydavate\u013eov a kn\u00edhkupectiev.<\/p>\n<p>&nbsp;<\/p>\n<p>Permanentky v limitovanej predpredajovej ed\u00edcii za 23eur (\u0161tudenti, u\u010ditelia, seniori \u010di Z\u0164P za 17eur) si m\u00f4\u017eete poisti\u0165 u\u017e teraz.<\/p>\n<p>&nbsp;<\/p>\n<p>Najv\u00e4\u010d\u0161iu liter\u00e1rnu udalos\u0165 na strednom Slovensku organizuje ob\u010dianske zdru\u017eenie \u017dLF v spolupr\u00e1ci s kn\u00edhkupectvom Artforum v \u017diline a spojen\u00fdmi kult\u00farnymi centrami Nov\u00e1 synag\u00f3ga a Stanica \u017dilina-Z\u00e1rie\u010die.<\/p>\n<p>&nbsp;<\/p>\n<p><a href=\"https:\/\/zlf.sk\/\">www.zlf.sk<\/a><\/p>","protected":false},"featured_media":7192,"template":"","meta":[],"event_listing_category":[97],"event_listing_type":[83],"class_list":["post-5493","event_listing","type-event_listing","status-publish","has-post-thumbnail","hentry","event_listing_category-zkl2023","event_listing_type-ine"],"yoast_head":"<!-- This site is optimized with the Yoast SEO plugin v27.1.1 - https:\/\/yoast.com\/product\/yoast-seo-wordpress\/ -->\n<title>\u017dilinsk\u00fd liter\u00e1rny festival - \u017dilinsk\u00e9 kult\u00farne leto 2025<\/title>\n<meta name=\"robots\" content=\"index, follow, max-snippet:-1, max-image-preview:large, max-video-preview:-1\" \/>\n<link rel=\"canonical\" href=\"https:\/\/kulturneleto.eu\/en\/event\/zilinsky-literarny-festival-2\/\" \/>\n<meta property=\"og:locale\" content=\"en_US\" \/>\n<meta property=\"og:type\" content=\"article\" \/>\n<meta property=\"og:title\" content=\"\u017dilinsk\u00fd liter\u00e1rny festival - \u017dilinsk\u00e9 kult\u00farne leto 2025\" \/>\n<meta property=\"og:description\" content=\"Jubilejn\u00fd 20. ro\u010dn\u00edk \u017dLF bude oslavou r\u00f4znorodosti v literat\u00fare. T\u00e1 n\u00e1s m\u00f4\u017ee prenies\u0165 do imagin\u00e1rnych bud\u00facich svetov, pouk\u00e1za\u0165 na s\u00fa\u010dasn\u00e9 probl\u00e9my, popularizova\u0165 vedu, prin\u00e1\u0161a\u0165 po\u00e9ziu v r\u00f4znych form\u00e1ch, sprostredk\u00fava\u0165 dial\u00f3g a mnoho in\u00e9ho. &nbsp; Tri festivalov\u00e9 dni nabit\u00e9 programom tak\u00fdm r\u00f4znorod\u00fdm, ak\u00fdm literat\u00fara vie by\u0165, v\u00e1s preto prenes\u00fa do sveta komiksu, architekt\u00fary, stredoveku, cestovania, detsk\u00fdch [&hellip;]\" \/>\n<meta property=\"og:url\" content=\"https:\/\/kulturneleto.eu\/en\/event\/zilinsky-literarny-festival-2\/\" \/>\n<meta property=\"og:site_name\" content=\"\u017dilinsk\u00e9 kult\u00farne leto 2025\" \/>\n<meta property=\"article:publisher\" content=\"https:\/\/www.facebook.com\/Mesto-ilina-162541880519007\" \/>\n<meta property=\"article:modified_time\" content=\"2023-08-10T07:27:52+00:00\" \/>\n<meta property=\"og:image\" content=\"https:\/\/kulturneleto.eu\/wp-content\/uploads\/2023\/07\/ZLF.png\" \/>\n\t<meta property=\"og:image:width\" content=\"768\" \/>\n\t<meta property=\"og:image:height\" content=\"384\" \/>\n\t<meta property=\"og:image:type\" content=\"image\/png\" \/>\n<meta name=\"twitter:card\" content=\"summary_large_image\" \/>\n<meta name=\"twitter:label1\" content=\"Est. reading time\" \/>\n\t<meta name=\"twitter:data1\" content=\"1 minute\" \/>\n<script type=\"application\/ld+json\" class=\"yoast-schema-graph\">{\"@context\":\"https:\/\/schema.org\",\"@graph\":[{\"@type\":\"WebPage\",\"@id\":\"https:\/\/kulturneleto.eu\/event\/zilinsky-literarny-festival-2\/\",\"url\":\"https:\/\/kulturneleto.eu\/event\/zilinsky-literarny-festival-2\/\",\"name\":\"\u017dilinsk\u00fd liter\u00e1rny festival - \u017dilinsk\u00e9 kult\u00farne leto 2025\",\"isPartOf\":{\"@id\":\"https:\/\/kulturneleto.eu\/#website\"},\"primaryImageOfPage\":{\"@id\":\"https:\/\/kulturneleto.eu\/event\/zilinsky-literarny-festival-2\/#primaryimage\"},\"image\":{\"@id\":\"https:\/\/kulturneleto.eu\/event\/zilinsky-literarny-festival-2\/#primaryimage\"},\"thumbnailUrl\":\"https:\/\/kulturneleto.eu\/wp-content\/uploads\/2023\/07\/ZLF.png\",\"datePublished\":\"2023-07-04T08:56:00+00:00\",\"dateModified\":\"2023-08-10T07:27:52+00:00\",\"breadcrumb\":{\"@id\":\"https:\/\/kulturneleto.eu\/event\/zilinsky-literarny-festival-2\/#breadcrumb\"},\"inLanguage\":\"en-US\",\"potentialAction\":[{\"@type\":\"ReadAction\",\"target\":[\"https:\/\/kulturneleto.eu\/event\/zilinsky-literarny-festival-2\/\"]}]},{\"@type\":\"ImageObject\",\"inLanguage\":\"en-US\",\"@id\":\"https:\/\/kulturneleto.eu\/event\/zilinsky-literarny-festival-2\/#primaryimage\",\"url\":\"https:\/\/kulturneleto.eu\/wp-content\/uploads\/2023\/07\/ZLF.png\",\"contentUrl\":\"https:\/\/kulturneleto.eu\/wp-content\/uploads\/2023\/07\/ZLF.png\",\"width\":768,\"height\":384},{\"@type\":\"BreadcrumbList\",\"@id\":\"https:\/\/kulturneleto.eu\/event\/zilinsky-literarny-festival-2\/#breadcrumb\",\"itemListElement\":[{\"@type\":\"ListItem\",\"position\":1,\"name\":\"Domovsk\u00e1 str\u00e1nka\",\"item\":\"https:\/\/kulturneleto.eu\/\"},{\"@type\":\"ListItem\",\"position\":2,\"name\":\"\u017dilinsk\u00fd liter\u00e1rny festival\"}]},{\"@type\":\"WebSite\",\"@id\":\"https:\/\/kulturneleto.eu\/#website\",\"url\":\"https:\/\/kulturneleto.eu\/\",\"name\":\"\u017dilinsk\u00e9 kult\u00farne leto 2025\",\"description\":\"j\u00fal, august, september\",\"publisher\":{\"@id\":\"https:\/\/kulturneleto.eu\/#organization\"},\"potentialAction\":[{\"@type\":\"SearchAction\",\"target\":{\"@type\":\"EntryPoint\",\"urlTemplate\":\"https:\/\/kulturneleto.eu\/?s={search_term_string}\"},\"query-input\":{\"@type\":\"PropertyValueSpecification\",\"valueRequired\":true,\"valueName\":\"search_term_string\"}}],\"inLanguage\":\"en-US\"},{\"@type\":\"Organization\",\"@id\":\"https:\/\/kulturneleto.eu\/#organization\",\"name\":\"Kult\u00farne leto\",\"url\":\"https:\/\/kulturneleto.eu\/\",\"logo\":{\"@type\":\"ImageObject\",\"inLanguage\":\"en-US\",\"@id\":\"https:\/\/kulturneleto.eu\/#\/schema\/logo\/image\/\",\"url\":\"https:\/\/kulturneleto.eu\/wp-content\/uploads\/2022\/06\/logo_zkl_2022_orange.png\",\"contentUrl\":\"https:\/\/kulturneleto.eu\/wp-content\/uploads\/2022\/06\/logo_zkl_2022_orange.png\",\"width\":330,\"height\":117,\"caption\":\"Kult\u00farne leto\"},\"image\":{\"@id\":\"https:\/\/kulturneleto.eu\/#\/schema\/logo\/image\/\"},\"sameAs\":[\"https:\/\/www.facebook.com\/Mesto-ilina-162541880519007\",\"https:\/\/www.youtube.com\/channel\/UCfY6Cc8yEeMgTWAUW5QaGAw\",\"https:\/\/www.instagram.com\/mestozilina\/?hl=sk\"]}]}<\/script>\n<!-- \/ Yoast SEO plugin. -->","yoast_head_json":{"title":"\u017dilinsk\u00fd liter\u00e1rny festival - \u017dilinsk\u00e9 kult\u00farne leto 2025","robots":{"index":"index","follow":"follow","max-snippet":"max-snippet:-1","max-image-preview":"max-image-preview:large","max-video-preview":"max-video-preview:-1"},"canonical":"https:\/\/kulturneleto.eu\/en\/event\/zilinsky-literarny-festival-2\/","og_locale":"en_US","og_type":"article","og_title":"\u017dilinsk\u00fd liter\u00e1rny festival - \u017dilinsk\u00e9 kult\u00farne leto 2025","og_description":"Jubilejn\u00fd 20. ro\u010dn\u00edk \u017dLF bude oslavou r\u00f4znorodosti v literat\u00fare. T\u00e1 n\u00e1s m\u00f4\u017ee prenies\u0165 do imagin\u00e1rnych bud\u00facich svetov, pouk\u00e1za\u0165 na s\u00fa\u010dasn\u00e9 probl\u00e9my, popularizova\u0165 vedu, prin\u00e1\u0161a\u0165 po\u00e9ziu v r\u00f4znych form\u00e1ch, sprostredk\u00fava\u0165 dial\u00f3g a mnoho in\u00e9ho. &nbsp; Tri festivalov\u00e9 dni nabit\u00e9 programom tak\u00fdm r\u00f4znorod\u00fdm, ak\u00fdm literat\u00fara vie by\u0165, v\u00e1s preto prenes\u00fa do sveta komiksu, architekt\u00fary, stredoveku, cestovania, detsk\u00fdch [&hellip;]","og_url":"https:\/\/kulturneleto.eu\/en\/event\/zilinsky-literarny-festival-2\/","og_site_name":"\u017dilinsk\u00e9 kult\u00farne leto 2025","article_publisher":"https:\/\/www.facebook.com\/Mesto-ilina-162541880519007","article_modified_time":"2023-08-10T07:27:52+00:00","og_image":[{"width":768,"height":384,"url":"https:\/\/kulturneleto.eu\/wp-content\/uploads\/2023\/07\/ZLF.png","type":"image\/png"}],"twitter_card":"summary_large_image","twitter_misc":{"Est. reading time":"1 minute"},"schema":{"@context":"https:\/\/schema.org","@graph":[{"@type":"WebPage","@id":"https:\/\/kulturneleto.eu\/event\/zilinsky-literarny-festival-2\/","url":"https:\/\/kulturneleto.eu\/event\/zilinsky-literarny-festival-2\/","name":"\u017dilinsk\u00fd liter\u00e1rny festival - \u017dilinsk\u00e9 kult\u00farne leto 2025","isPartOf":{"@id":"https:\/\/kulturneleto.eu\/#website"},"primaryImageOfPage":{"@id":"https:\/\/kulturneleto.eu\/event\/zilinsky-literarny-festival-2\/#primaryimage"},"image":{"@id":"https:\/\/kulturneleto.eu\/event\/zilinsky-literarny-festival-2\/#primaryimage"},"thumbnailUrl":"https:\/\/kulturneleto.eu\/wp-content\/uploads\/2023\/07\/ZLF.png","datePublished":"2023-07-04T08:56:00+00:00","dateModified":"2023-08-10T07:27:52+00:00","breadcrumb":{"@id":"https:\/\/kulturneleto.eu\/event\/zilinsky-literarny-festival-2\/#breadcrumb"},"inLanguage":"en-US","potentialAction":[{"@type":"ReadAction","target":["https:\/\/kulturneleto.eu\/event\/zilinsky-literarny-festival-2\/"]}]},{"@type":"ImageObject","inLanguage":"en-US","@id":"https:\/\/kulturneleto.eu\/event\/zilinsky-literarny-festival-2\/#primaryimage","url":"https:\/\/kulturneleto.eu\/wp-content\/uploads\/2023\/07\/ZLF.png","contentUrl":"https:\/\/kulturneleto.eu\/wp-content\/uploads\/2023\/07\/ZLF.png","width":768,"height":384},{"@type":"BreadcrumbList","@id":"https:\/\/kulturneleto.eu\/event\/zilinsky-literarny-festival-2\/#breadcrumb","itemListElement":[{"@type":"ListItem","position":1,"name":"Domovsk\u00e1 str\u00e1nka","item":"https:\/\/kulturneleto.eu\/"},{"@type":"ListItem","position":2,"name":"\u017dilinsk\u00fd liter\u00e1rny festival"}]},{"@type":"WebSite","@id":"https:\/\/kulturneleto.eu\/#website","url":"https:\/\/kulturneleto.eu\/","name":"\u017dilinsk\u00e9 kult\u00farne leto 2025","description":"j\u00fal, august, september","publisher":{"@id":"https:\/\/kulturneleto.eu\/#organization"},"potentialAction":[{"@type":"SearchAction","target":{"@type":"EntryPoint","urlTemplate":"https:\/\/kulturneleto.eu\/?s={search_term_string}"},"query-input":{"@type":"PropertyValueSpecification","valueRequired":true,"valueName":"search_term_string"}}],"inLanguage":"en-US"},{"@type":"Organization","@id":"https:\/\/kulturneleto.eu\/#organization","name":"Kult\u00farne leto","url":"https:\/\/kulturneleto.eu\/","logo":{"@type":"ImageObject","inLanguage":"en-US","@id":"https:\/\/kulturneleto.eu\/#\/schema\/logo\/image\/","url":"https:\/\/kulturneleto.eu\/wp-content\/uploads\/2022\/06\/logo_zkl_2022_orange.png","contentUrl":"https:\/\/kulturneleto.eu\/wp-content\/uploads\/2022\/06\/logo_zkl_2022_orange.png","width":330,"height":117,"caption":"Kult\u00farne leto"},"image":{"@id":"https:\/\/kulturneleto.eu\/#\/schema\/logo\/image\/"},"sameAs":["https:\/\/www.facebook.com\/Mesto-ilina-162541880519007","https:\/\/www.youtube.com\/channel\/UCfY6Cc8yEeMgTWAUW5QaGAw","https:\/\/www.instagram.com\/mestozilina\/?hl=sk"]}]}},"_links":{"self":[{"href":"https:\/\/kulturneleto.eu\/en\/wp-json\/wp\/v2\/event_listing\/5493","targetHints":{"allow":["GET"]}}],"collection":[{"href":"https:\/\/kulturneleto.eu\/en\/wp-json\/wp\/v2\/event_listing"}],"about":[{"href":"https:\/\/kulturneleto.eu\/en\/wp-json\/wp\/v2\/types\/event_listing"}],"wp:featuredmedia":[{"embeddable":true,"href":"https:\/\/kulturneleto.eu\/en\/wp-json\/wp\/v2\/media\/7192"}],"wp:attachment":[{"href":"https:\/\/kulturneleto.eu\/en\/wp-json\/wp\/v2\/media?parent=5493"}],"wp:term":[{"taxonomy":"event_listing_category","embeddable":true,"href":"https:\/\/kulturneleto.eu\/en\/wp-json\/wp\/v2\/event_listing_category?post=5493"},{"taxonomy":"event_listing_type","embeddable":true,"href":"https:\/\/kulturneleto.eu\/en\/wp-json\/wp\/v2\/event_listing_type?post=5493"}],"curies":[{"name":"wp","href":"https:\/\/api.w.org\/{rel}","templated":true}]}}