{"id":8363,"date":"2024-06-24T11:07:46","date_gmt":"2024-06-24T09:07:46","guid":{"rendered":"https:\/\/kulturneleto.eu\/?post_type=event_listing&#038;p=8363"},"modified":"2024-07-10T13:56:58","modified_gmt":"2024-07-10T11:56:58","slug":"v-ziline-premierovo-svetovy-teqball","status":"publish","type":"event_listing","link":"https:\/\/kulturneleto.eu\/en\/event\/v-ziline-premierovo-svetovy-teqball\/","title":{"rendered":"V \u017diline premi\u00e9rovo svetov\u00fd teqball"},"content":{"rendered":"<p>V\u00a0sobotu 20.j\u00fala sa na Hlinkovom n\u00e1mest\u00ed uskuto\u010dn\u00ed v\u00f4bec prv\u00fd medzin\u00e1rodn\u00fd turnaj v\u00a0novom, r\u00fdchlo sa rozv\u00edjaj\u00facom, \u0161porte \u2013 teqballe.<\/p>\n<p>Spojenie futbalu a\u00a0stoln\u00e9ho tenisu \u010di nohejbal na zaoblenom stole. Tak by sa v\u00a0kr\u00e1tkosti dal predstavi\u0165 \u0161port, ktor\u00fd si za desa\u0165 rokov od svojho vzniku podmanil futbalov\u00e9 superhviezdy, aj mlad\u00fa gener\u00e1ciu po celom svete. Teqball zaujme svojou dynamickos\u0165ou, ale aj technikou, ktor\u00fa zvl\u00e1dnu len t\u00ed najzdatnej\u0161\u00ed. \u0160port, ktor\u00fd sa netaj\u00ed amb\u00edciami dosta\u0165 sa do programu olympijskych hier, smeruje kone\u010dne aj do \u017diliny.<\/p>\n<p>\u201ePodujatie \u017dilina Teqball Open je po \u0161kolsk\u00fdch a\u00a0men\u0161\u00edch lok\u00e1lnych turnajoch v\u00a0\u017diline prv\u00fdm ve\u013ek\u00fdm teqballov\u00fdm podujat\u00edm. Ja ako \u017dilin\u010dan sa ve\u013emi te\u0161\u00edm, \u017ee sa n\u00e1m podarilo podujatie dosta\u0165 do kalend\u00e1ra svetovej teqballovej feder\u00e1cie FITEQ, \u010do je samozrejme l\u00e1kadlom pre \u00fa\u010das\u0165 aj pre hr\u00e1\u010dov svetovej \u0161pi\u010dky. \u017dilin\u010dania si bud\u00fa m\u00f4c\u0165 pozrie\u0165 vrcholov\u00fd teqball v\u00a0podan\u00ed svetovej trojky v\u00a0mu\u017eskom singli, ale aj najlep\u0161\u00edch hr\u00e1\u010dov zo Slovenska. S\u00fa\u010das\u0165ou programu bude aj amat\u00e9rsky turnaj dvoj\u00edc a\u00a0priestor dostan\u00fa aj ml\u00e1de\u017en\u00edci,\u201c pribl\u00ed\u017eil podujatie zakladate\u013e \u017eilinsk\u00e9ho teqballov\u00e9ho klubu ZA-TEQ a\u00a0gener\u00e1lny sekret\u00e1r Teqballovej feder\u00e1cie Slovenska, Jakub Mih\u00e1lik.<\/p>\n<p>Organiz\u00e1tori podujatia pre fan\u00fa\u0161ikov, okrem mo\u017enosti vysk\u00fa\u0161a\u0165 si teqball \u010di zapoji\u0165 sa do amat\u00e9rskeho turnaja, aj oddychov\u00fa fanz\u00f3nu a\u00a0afterparty po skon\u010den\u00ed podujatia. V\u00a0sobotu 20. j\u00fala tak bude centrum mesta patri\u0165 teqballu. Pr\u00ed\u010fte sa pozrie\u0165.<\/p>","protected":false},"featured_media":8364,"template":"","meta":[],"event_listing_category":[100],"event_listing_type":[82],"class_list":["post-8363","event_listing","type-event_listing","status-publish","has-post-thumbnail","hentry","event_listing_category-zkl2024","event_listing_type-sport"],"yoast_head":"<!-- This site is optimized with the Yoast SEO plugin v27.1.1 - https:\/\/yoast.com\/product\/yoast-seo-wordpress\/ -->\n<title>V \u017diline premi\u00e9rovo svetov\u00fd teqball - \u017dilinsk\u00e9 kult\u00farne leto 2025<\/title>\n<meta name=\"robots\" content=\"index, follow, max-snippet:-1, max-image-preview:large, max-video-preview:-1\" \/>\n<link rel=\"canonical\" href=\"https:\/\/kulturneleto.eu\/en\/event\/v-ziline-premierovo-svetovy-teqball\/\" \/>\n<meta property=\"og:locale\" content=\"en_US\" \/>\n<meta property=\"og:type\" content=\"article\" \/>\n<meta property=\"og:title\" content=\"V \u017diline premi\u00e9rovo svetov\u00fd teqball - \u017dilinsk\u00e9 kult\u00farne leto 2025\" \/>\n<meta property=\"og:description\" content=\"V\u00a0sobotu 20.j\u00fala sa na Hlinkovom n\u00e1mest\u00ed uskuto\u010dn\u00ed v\u00f4bec prv\u00fd medzin\u00e1rodn\u00fd turnaj v\u00a0novom, r\u00fdchlo sa rozv\u00edjaj\u00facom, \u0161porte \u2013 teqballe. Spojenie futbalu a\u00a0stoln\u00e9ho tenisu \u010di nohejbal na zaoblenom stole. Tak by sa v\u00a0kr\u00e1tkosti dal predstavi\u0165 \u0161port, ktor\u00fd si za desa\u0165 rokov od svojho vzniku podmanil futbalov\u00e9 superhviezdy, aj mlad\u00fa gener\u00e1ciu po celom svete. Teqball zaujme svojou dynamickos\u0165ou, [&hellip;]\" \/>\n<meta property=\"og:url\" content=\"https:\/\/kulturneleto.eu\/en\/event\/v-ziline-premierovo-svetovy-teqball\/\" \/>\n<meta property=\"og:site_name\" content=\"\u017dilinsk\u00e9 kult\u00farne leto 2025\" \/>\n<meta property=\"article:publisher\" content=\"https:\/\/www.facebook.com\/Mesto-ilina-162541880519007\" \/>\n<meta property=\"article:modified_time\" content=\"2024-07-10T11:56:58+00:00\" \/>\n<meta property=\"og:image\" content=\"https:\/\/kulturneleto.eu\/wp-content\/uploads\/2024\/06\/Urban-teq-tour-Zilina-785x1024.png\" \/>\n\t<meta property=\"og:image:width\" content=\"785\" \/>\n\t<meta property=\"og:image:height\" content=\"1024\" \/>\n\t<meta property=\"og:image:type\" content=\"image\/png\" \/>\n<meta name=\"twitter:card\" content=\"summary_large_image\" \/>\n<meta name=\"twitter:label1\" content=\"Est. reading time\" \/>\n\t<meta name=\"twitter:data1\" content=\"2 minutes\" \/>\n<script type=\"application\/ld+json\" class=\"yoast-schema-graph\">{\"@context\":\"https:\/\/schema.org\",\"@graph\":[{\"@type\":\"WebPage\",\"@id\":\"https:\/\/kulturneleto.eu\/event\/v-ziline-premierovo-svetovy-teqball\/\",\"url\":\"https:\/\/kulturneleto.eu\/event\/v-ziline-premierovo-svetovy-teqball\/\",\"name\":\"V \u017diline premi\u00e9rovo svetov\u00fd teqball - \u017dilinsk\u00e9 kult\u00farne leto 2025\",\"isPartOf\":{\"@id\":\"https:\/\/kulturneleto.eu\/#website\"},\"primaryImageOfPage\":{\"@id\":\"https:\/\/kulturneleto.eu\/event\/v-ziline-premierovo-svetovy-teqball\/#primaryimage\"},\"image\":{\"@id\":\"https:\/\/kulturneleto.eu\/event\/v-ziline-premierovo-svetovy-teqball\/#primaryimage\"},\"thumbnailUrl\":\"https:\/\/kulturneleto.eu\/wp-content\/uploads\/2024\/06\/Urban-teq-tour-Zilina.png\",\"datePublished\":\"2024-06-24T09:07:46+00:00\",\"dateModified\":\"2024-07-10T11:56:58+00:00\",\"breadcrumb\":{\"@id\":\"https:\/\/kulturneleto.eu\/event\/v-ziline-premierovo-svetovy-teqball\/#breadcrumb\"},\"inLanguage\":\"en-US\",\"potentialAction\":[{\"@type\":\"ReadAction\",\"target\":[\"https:\/\/kulturneleto.eu\/event\/v-ziline-premierovo-svetovy-teqball\/\"]}]},{\"@type\":\"ImageObject\",\"inLanguage\":\"en-US\",\"@id\":\"https:\/\/kulturneleto.eu\/event\/v-ziline-premierovo-svetovy-teqball\/#primaryimage\",\"url\":\"https:\/\/kulturneleto.eu\/wp-content\/uploads\/2024\/06\/Urban-teq-tour-Zilina.png\",\"contentUrl\":\"https:\/\/kulturneleto.eu\/wp-content\/uploads\/2024\/06\/Urban-teq-tour-Zilina.png\",\"width\":1080,\"height\":1409},{\"@type\":\"BreadcrumbList\",\"@id\":\"https:\/\/kulturneleto.eu\/event\/v-ziline-premierovo-svetovy-teqball\/#breadcrumb\",\"itemListElement\":[{\"@type\":\"ListItem\",\"position\":1,\"name\":\"Domovsk\u00e1 str\u00e1nka\",\"item\":\"https:\/\/kulturneleto.eu\/\"},{\"@type\":\"ListItem\",\"position\":2,\"name\":\"V \u017diline premi\u00e9rovo svetov\u00fd teqball\"}]},{\"@type\":\"WebSite\",\"@id\":\"https:\/\/kulturneleto.eu\/#website\",\"url\":\"https:\/\/kulturneleto.eu\/\",\"name\":\"\u017dilinsk\u00e9 kult\u00farne leto 2025\",\"description\":\"j\u00fal, august, september\",\"publisher\":{\"@id\":\"https:\/\/kulturneleto.eu\/#organization\"},\"potentialAction\":[{\"@type\":\"SearchAction\",\"target\":{\"@type\":\"EntryPoint\",\"urlTemplate\":\"https:\/\/kulturneleto.eu\/?s={search_term_string}\"},\"query-input\":{\"@type\":\"PropertyValueSpecification\",\"valueRequired\":true,\"valueName\":\"search_term_string\"}}],\"inLanguage\":\"en-US\"},{\"@type\":\"Organization\",\"@id\":\"https:\/\/kulturneleto.eu\/#organization\",\"name\":\"Kult\u00farne leto\",\"url\":\"https:\/\/kulturneleto.eu\/\",\"logo\":{\"@type\":\"ImageObject\",\"inLanguage\":\"en-US\",\"@id\":\"https:\/\/kulturneleto.eu\/#\/schema\/logo\/image\/\",\"url\":\"https:\/\/kulturneleto.eu\/wp-content\/uploads\/2022\/06\/logo_zkl_2022_orange.png\",\"contentUrl\":\"https:\/\/kulturneleto.eu\/wp-content\/uploads\/2022\/06\/logo_zkl_2022_orange.png\",\"width\":330,\"height\":117,\"caption\":\"Kult\u00farne leto\"},\"image\":{\"@id\":\"https:\/\/kulturneleto.eu\/#\/schema\/logo\/image\/\"},\"sameAs\":[\"https:\/\/www.facebook.com\/Mesto-ilina-162541880519007\",\"https:\/\/www.youtube.com\/channel\/UCfY6Cc8yEeMgTWAUW5QaGAw\",\"https:\/\/www.instagram.com\/mestozilina\/?hl=sk\"]}]}<\/script>\n<!-- \/ Yoast SEO plugin. -->","yoast_head_json":{"title":"V \u017diline premi\u00e9rovo svetov\u00fd teqball - \u017dilinsk\u00e9 kult\u00farne leto 2025","robots":{"index":"index","follow":"follow","max-snippet":"max-snippet:-1","max-image-preview":"max-image-preview:large","max-video-preview":"max-video-preview:-1"},"canonical":"https:\/\/kulturneleto.eu\/en\/event\/v-ziline-premierovo-svetovy-teqball\/","og_locale":"en_US","og_type":"article","og_title":"V \u017diline premi\u00e9rovo svetov\u00fd teqball - \u017dilinsk\u00e9 kult\u00farne leto 2025","og_description":"V\u00a0sobotu 20.j\u00fala sa na Hlinkovom n\u00e1mest\u00ed uskuto\u010dn\u00ed v\u00f4bec prv\u00fd medzin\u00e1rodn\u00fd turnaj v\u00a0novom, r\u00fdchlo sa rozv\u00edjaj\u00facom, \u0161porte \u2013 teqballe. Spojenie futbalu a\u00a0stoln\u00e9ho tenisu \u010di nohejbal na zaoblenom stole. Tak by sa v\u00a0kr\u00e1tkosti dal predstavi\u0165 \u0161port, ktor\u00fd si za desa\u0165 rokov od svojho vzniku podmanil futbalov\u00e9 superhviezdy, aj mlad\u00fa gener\u00e1ciu po celom svete. Teqball zaujme svojou dynamickos\u0165ou, [&hellip;]","og_url":"https:\/\/kulturneleto.eu\/en\/event\/v-ziline-premierovo-svetovy-teqball\/","og_site_name":"\u017dilinsk\u00e9 kult\u00farne leto 2025","article_publisher":"https:\/\/www.facebook.com\/Mesto-ilina-162541880519007","article_modified_time":"2024-07-10T11:56:58+00:00","og_image":[{"width":785,"height":1024,"url":"https:\/\/kulturneleto.eu\/wp-content\/uploads\/2024\/06\/Urban-teq-tour-Zilina-785x1024.png","type":"image\/png"}],"twitter_card":"summary_large_image","twitter_misc":{"Est. reading time":"2 minutes"},"schema":{"@context":"https:\/\/schema.org","@graph":[{"@type":"WebPage","@id":"https:\/\/kulturneleto.eu\/event\/v-ziline-premierovo-svetovy-teqball\/","url":"https:\/\/kulturneleto.eu\/event\/v-ziline-premierovo-svetovy-teqball\/","name":"V \u017diline premi\u00e9rovo svetov\u00fd teqball - \u017dilinsk\u00e9 kult\u00farne leto 2025","isPartOf":{"@id":"https:\/\/kulturneleto.eu\/#website"},"primaryImageOfPage":{"@id":"https:\/\/kulturneleto.eu\/event\/v-ziline-premierovo-svetovy-teqball\/#primaryimage"},"image":{"@id":"https:\/\/kulturneleto.eu\/event\/v-ziline-premierovo-svetovy-teqball\/#primaryimage"},"thumbnailUrl":"https:\/\/kulturneleto.eu\/wp-content\/uploads\/2024\/06\/Urban-teq-tour-Zilina.png","datePublished":"2024-06-24T09:07:46+00:00","dateModified":"2024-07-10T11:56:58+00:00","breadcrumb":{"@id":"https:\/\/kulturneleto.eu\/event\/v-ziline-premierovo-svetovy-teqball\/#breadcrumb"},"inLanguage":"en-US","potentialAction":[{"@type":"ReadAction","target":["https:\/\/kulturneleto.eu\/event\/v-ziline-premierovo-svetovy-teqball\/"]}]},{"@type":"ImageObject","inLanguage":"en-US","@id":"https:\/\/kulturneleto.eu\/event\/v-ziline-premierovo-svetovy-teqball\/#primaryimage","url":"https:\/\/kulturneleto.eu\/wp-content\/uploads\/2024\/06\/Urban-teq-tour-Zilina.png","contentUrl":"https:\/\/kulturneleto.eu\/wp-content\/uploads\/2024\/06\/Urban-teq-tour-Zilina.png","width":1080,"height":1409},{"@type":"BreadcrumbList","@id":"https:\/\/kulturneleto.eu\/event\/v-ziline-premierovo-svetovy-teqball\/#breadcrumb","itemListElement":[{"@type":"ListItem","position":1,"name":"Domovsk\u00e1 str\u00e1nka","item":"https:\/\/kulturneleto.eu\/"},{"@type":"ListItem","position":2,"name":"V \u017diline premi\u00e9rovo svetov\u00fd teqball"}]},{"@type":"WebSite","@id":"https:\/\/kulturneleto.eu\/#website","url":"https:\/\/kulturneleto.eu\/","name":"\u017dilinsk\u00e9 kult\u00farne leto 2025","description":"j\u00fal, august, september","publisher":{"@id":"https:\/\/kulturneleto.eu\/#organization"},"potentialAction":[{"@type":"SearchAction","target":{"@type":"EntryPoint","urlTemplate":"https:\/\/kulturneleto.eu\/?s={search_term_string}"},"query-input":{"@type":"PropertyValueSpecification","valueRequired":true,"valueName":"search_term_string"}}],"inLanguage":"en-US"},{"@type":"Organization","@id":"https:\/\/kulturneleto.eu\/#organization","name":"Kult\u00farne leto","url":"https:\/\/kulturneleto.eu\/","logo":{"@type":"ImageObject","inLanguage":"en-US","@id":"https:\/\/kulturneleto.eu\/#\/schema\/logo\/image\/","url":"https:\/\/kulturneleto.eu\/wp-content\/uploads\/2022\/06\/logo_zkl_2022_orange.png","contentUrl":"https:\/\/kulturneleto.eu\/wp-content\/uploads\/2022\/06\/logo_zkl_2022_orange.png","width":330,"height":117,"caption":"Kult\u00farne leto"},"image":{"@id":"https:\/\/kulturneleto.eu\/#\/schema\/logo\/image\/"},"sameAs":["https:\/\/www.facebook.com\/Mesto-ilina-162541880519007","https:\/\/www.youtube.com\/channel\/UCfY6Cc8yEeMgTWAUW5QaGAw","https:\/\/www.instagram.com\/mestozilina\/?hl=sk"]}]}},"_links":{"self":[{"href":"https:\/\/kulturneleto.eu\/en\/wp-json\/wp\/v2\/event_listing\/8363","targetHints":{"allow":["GET"]}}],"collection":[{"href":"https:\/\/kulturneleto.eu\/en\/wp-json\/wp\/v2\/event_listing"}],"about":[{"href":"https:\/\/kulturneleto.eu\/en\/wp-json\/wp\/v2\/types\/event_listing"}],"wp:featuredmedia":[{"embeddable":true,"href":"https:\/\/kulturneleto.eu\/en\/wp-json\/wp\/v2\/media\/8364"}],"wp:attachment":[{"href":"https:\/\/kulturneleto.eu\/en\/wp-json\/wp\/v2\/media?parent=8363"}],"wp:term":[{"taxonomy":"event_listing_category","embeddable":true,"href":"https:\/\/kulturneleto.eu\/en\/wp-json\/wp\/v2\/event_listing_category?post=8363"},{"taxonomy":"event_listing_type","embeddable":true,"href":"https:\/\/kulturneleto.eu\/en\/wp-json\/wp\/v2\/event_listing_type?post=8363"}],"curies":[{"name":"wp","href":"https:\/\/api.w.org\/{rel}","templated":true}]}}