{"id":8411,"date":"2024-06-24T16:22:05","date_gmt":"2024-06-24T14:22:05","guid":{"rendered":"https:\/\/kulturneleto.eu\/?post_type=event_listing&#038;p=8411"},"modified":"2024-07-17T15:07:13","modified_gmt":"2024-07-17T13:07:13","slug":"marianske-leto-a-rock-pop-ervin-olesan-tamara-kramar-amphibios","status":"publish","type":"event_listing","link":"https:\/\/kulturneleto.eu\/en\/event\/marianske-leto-a-rock-pop-ervin-olesan-tamara-kramar-amphibios\/","title":{"rendered":"MARI\u00c1NSKE LETO a rock pop &#8211; Erv\u00edn Ole\u0161an, Tamara Kramar, Amphibios"},"content":{"rendered":"<p>\u010eal\u0161\u00ed z t\u00e9matick\u00fdch ve\u010derov Mari\u00e1nskeho leta \u2013 \u017e\u00e1ner rock pop: Erv\u00edn Ole\u0161an, Tamara Kramar, Amphibios.<\/p>\n<p>&nbsp;<\/p>\n<p>18:00 Erv\u00edn Ole\u0161an<br \/>\nAkustick\u00fd koncert Erv\u00edna Ole\u0161ana od\u0161tartuje ve\u010der.<\/p>\n<p>&nbsp;<\/p>\n<p>19:30 Tamara Kramar<br \/>\nTamara Kramar je hudobn\u00ed\u010dka, skladate\u013eka a producentka z Bratislavy, ktor\u00e1 aktu\u00e1lne \u017eije v anglickom Brightone. Do povedomia sa dostala svoj\u00edm prv\u00fdm singlom So Sweet, ktor\u00fd viedol k oceneniu Radio_Head Awards v kateg\u00f3rii Objav Roka 2021. Jej druh\u00fd singel Hey Pretty Girl odpremi\u00e9rovalo anglick\u00e9 r\u00e1dio BBC Introducing a debutov\u00e9 EP Bachelor of Science Tamaru dostalo rovno na billboard na Times Square v New Yorku v r\u00e1mci Spotify kampane EQUAL, \u010di do prest\u00ed\u017eneho rebr\u00ed\u010dka 30 pod 30 od Forbes Slovensko.<\/p>\n<p>&nbsp;<\/p>\n<p>21:00 Amphibios<br \/>\nZn\u00e1ma \u017eilinsk\u00e1 kapela Amphibios je sp\u00e4\u0165!<\/p>","protected":false},"featured_media":8532,"template":"","meta":[],"event_listing_category":[100],"event_listing_type":[85],"class_list":["post-8411","event_listing","type-event_listing","status-publish","has-post-thumbnail","hentry","event_listing_category-zkl2024","event_listing_type-hudba-tanec"],"yoast_head":"<!-- This site is optimized with the Yoast SEO plugin v27.1.1 - https:\/\/yoast.com\/product\/yoast-seo-wordpress\/ -->\n<title>MARI\u00c1NSKE LETO a rock pop - Erv\u00edn Ole\u0161an, Tamara Kramar, Amphibios - \u017dilinsk\u00e9 kult\u00farne leto 2025<\/title>\n<meta name=\"robots\" content=\"index, follow, max-snippet:-1, max-image-preview:large, max-video-preview:-1\" \/>\n<link rel=\"canonical\" href=\"https:\/\/kulturneleto.eu\/en\/event\/marianske-leto-a-rock-pop-ervin-olesan-tamara-kramar-amphibios\/\" \/>\n<meta property=\"og:locale\" content=\"en_US\" \/>\n<meta property=\"og:type\" content=\"article\" \/>\n<meta property=\"og:title\" content=\"MARI\u00c1NSKE LETO a rock pop - Erv\u00edn Ole\u0161an, Tamara Kramar, Amphibios - \u017dilinsk\u00e9 kult\u00farne leto 2025\" \/>\n<meta property=\"og:description\" content=\"\u010eal\u0161\u00ed z t\u00e9matick\u00fdch ve\u010derov Mari\u00e1nskeho leta \u2013 \u017e\u00e1ner rock pop: Erv\u00edn Ole\u0161an, Tamara Kramar, Amphibios. &nbsp; 18:00 Erv\u00edn Ole\u0161an Akustick\u00fd koncert Erv\u00edna Ole\u0161ana od\u0161tartuje ve\u010der. &nbsp; 19:30 Tamara Kramar Tamara Kramar je hudobn\u00ed\u010dka, skladate\u013eka a producentka z Bratislavy, ktor\u00e1 aktu\u00e1lne \u017eije v anglickom Brightone. Do povedomia sa dostala svoj\u00edm prv\u00fdm singlom So Sweet, ktor\u00fd viedol [&hellip;]\" \/>\n<meta property=\"og:url\" content=\"https:\/\/kulturneleto.eu\/en\/event\/marianske-leto-a-rock-pop-ervin-olesan-tamara-kramar-amphibios\/\" \/>\n<meta property=\"og:site_name\" content=\"\u017dilinsk\u00e9 kult\u00farne leto 2025\" \/>\n<meta property=\"article:publisher\" content=\"https:\/\/www.facebook.com\/Mesto-ilina-162541880519007\" \/>\n<meta property=\"article:modified_time\" content=\"2024-07-17T13:07:13+00:00\" \/>\n<meta property=\"og:image\" content=\"https:\/\/kulturneleto.eu\/wp-content\/uploads\/2024\/06\/kulturne_leto_koncert_11_8_42.jpg\" \/>\n\t<meta property=\"og:image:width\" content=\"1620\" \/>\n\t<meta property=\"og:image:height\" content=\"1080\" \/>\n\t<meta property=\"og:image:type\" content=\"image\/jpeg\" \/>\n<meta name=\"twitter:card\" content=\"summary_large_image\" \/>\n<meta name=\"twitter:label1\" content=\"Est. reading time\" \/>\n\t<meta name=\"twitter:data1\" content=\"1 minute\" \/>\n<script type=\"application\/ld+json\" class=\"yoast-schema-graph\">{\"@context\":\"https:\/\/schema.org\",\"@graph\":[{\"@type\":\"WebPage\",\"@id\":\"https:\/\/kulturneleto.eu\/event\/marianske-leto-a-rock-pop-ervin-olesan-tamara-kramar-amphibios\/\",\"url\":\"https:\/\/kulturneleto.eu\/event\/marianske-leto-a-rock-pop-ervin-olesan-tamara-kramar-amphibios\/\",\"name\":\"MARI\u00c1NSKE LETO a rock pop - Erv\u00edn Ole\u0161an, Tamara Kramar, Amphibios - \u017dilinsk\u00e9 kult\u00farne leto 2025\",\"isPartOf\":{\"@id\":\"https:\/\/kulturneleto.eu\/#website\"},\"primaryImageOfPage\":{\"@id\":\"https:\/\/kulturneleto.eu\/event\/marianske-leto-a-rock-pop-ervin-olesan-tamara-kramar-amphibios\/#primaryimage\"},\"image\":{\"@id\":\"https:\/\/kulturneleto.eu\/event\/marianske-leto-a-rock-pop-ervin-olesan-tamara-kramar-amphibios\/#primaryimage\"},\"thumbnailUrl\":\"https:\/\/kulturneleto.eu\/wp-content\/uploads\/2024\/06\/kulturne_leto_koncert_11_8_42.jpg\",\"datePublished\":\"2024-06-24T14:22:05+00:00\",\"dateModified\":\"2024-07-17T13:07:13+00:00\",\"breadcrumb\":{\"@id\":\"https:\/\/kulturneleto.eu\/event\/marianske-leto-a-rock-pop-ervin-olesan-tamara-kramar-amphibios\/#breadcrumb\"},\"inLanguage\":\"en-US\",\"potentialAction\":[{\"@type\":\"ReadAction\",\"target\":[\"https:\/\/kulturneleto.eu\/event\/marianske-leto-a-rock-pop-ervin-olesan-tamara-kramar-amphibios\/\"]}]},{\"@type\":\"ImageObject\",\"inLanguage\":\"en-US\",\"@id\":\"https:\/\/kulturneleto.eu\/event\/marianske-leto-a-rock-pop-ervin-olesan-tamara-kramar-amphibios\/#primaryimage\",\"url\":\"https:\/\/kulturneleto.eu\/wp-content\/uploads\/2024\/06\/kulturne_leto_koncert_11_8_42.jpg\",\"contentUrl\":\"https:\/\/kulturneleto.eu\/wp-content\/uploads\/2024\/06\/kulturne_leto_koncert_11_8_42.jpg\",\"width\":1620,\"height\":1080},{\"@type\":\"BreadcrumbList\",\"@id\":\"https:\/\/kulturneleto.eu\/event\/marianske-leto-a-rock-pop-ervin-olesan-tamara-kramar-amphibios\/#breadcrumb\",\"itemListElement\":[{\"@type\":\"ListItem\",\"position\":1,\"name\":\"Domovsk\u00e1 str\u00e1nka\",\"item\":\"https:\/\/kulturneleto.eu\/\"},{\"@type\":\"ListItem\",\"position\":2,\"name\":\"MARI\u00c1NSKE LETO a rock pop &#8211; Erv\u00edn Ole\u0161an, Tamara Kramar, Amphibios\"}]},{\"@type\":\"WebSite\",\"@id\":\"https:\/\/kulturneleto.eu\/#website\",\"url\":\"https:\/\/kulturneleto.eu\/\",\"name\":\"\u017dilinsk\u00e9 kult\u00farne leto 2025\",\"description\":\"j\u00fal, august, september\",\"publisher\":{\"@id\":\"https:\/\/kulturneleto.eu\/#organization\"},\"potentialAction\":[{\"@type\":\"SearchAction\",\"target\":{\"@type\":\"EntryPoint\",\"urlTemplate\":\"https:\/\/kulturneleto.eu\/?s={search_term_string}\"},\"query-input\":{\"@type\":\"PropertyValueSpecification\",\"valueRequired\":true,\"valueName\":\"search_term_string\"}}],\"inLanguage\":\"en-US\"},{\"@type\":\"Organization\",\"@id\":\"https:\/\/kulturneleto.eu\/#organization\",\"name\":\"Kult\u00farne leto\",\"url\":\"https:\/\/kulturneleto.eu\/\",\"logo\":{\"@type\":\"ImageObject\",\"inLanguage\":\"en-US\",\"@id\":\"https:\/\/kulturneleto.eu\/#\/schema\/logo\/image\/\",\"url\":\"https:\/\/kulturneleto.eu\/wp-content\/uploads\/2022\/06\/logo_zkl_2022_orange.png\",\"contentUrl\":\"https:\/\/kulturneleto.eu\/wp-content\/uploads\/2022\/06\/logo_zkl_2022_orange.png\",\"width\":330,\"height\":117,\"caption\":\"Kult\u00farne leto\"},\"image\":{\"@id\":\"https:\/\/kulturneleto.eu\/#\/schema\/logo\/image\/\"},\"sameAs\":[\"https:\/\/www.facebook.com\/Mesto-ilina-162541880519007\",\"https:\/\/www.youtube.com\/channel\/UCfY6Cc8yEeMgTWAUW5QaGAw\",\"https:\/\/www.instagram.com\/mestozilina\/?hl=sk\"]}]}<\/script>\n<!-- \/ Yoast SEO plugin. -->","yoast_head_json":{"title":"MARI\u00c1NSKE LETO a rock pop - Erv\u00edn Ole\u0161an, Tamara Kramar, Amphibios - \u017dilinsk\u00e9 kult\u00farne leto 2025","robots":{"index":"index","follow":"follow","max-snippet":"max-snippet:-1","max-image-preview":"max-image-preview:large","max-video-preview":"max-video-preview:-1"},"canonical":"https:\/\/kulturneleto.eu\/en\/event\/marianske-leto-a-rock-pop-ervin-olesan-tamara-kramar-amphibios\/","og_locale":"en_US","og_type":"article","og_title":"MARI\u00c1NSKE LETO a rock pop - Erv\u00edn Ole\u0161an, Tamara Kramar, Amphibios - \u017dilinsk\u00e9 kult\u00farne leto 2025","og_description":"\u010eal\u0161\u00ed z t\u00e9matick\u00fdch ve\u010derov Mari\u00e1nskeho leta \u2013 \u017e\u00e1ner rock pop: Erv\u00edn Ole\u0161an, Tamara Kramar, Amphibios. &nbsp; 18:00 Erv\u00edn Ole\u0161an Akustick\u00fd koncert Erv\u00edna Ole\u0161ana od\u0161tartuje ve\u010der. &nbsp; 19:30 Tamara Kramar Tamara Kramar je hudobn\u00ed\u010dka, skladate\u013eka a producentka z Bratislavy, ktor\u00e1 aktu\u00e1lne \u017eije v anglickom Brightone. Do povedomia sa dostala svoj\u00edm prv\u00fdm singlom So Sweet, ktor\u00fd viedol [&hellip;]","og_url":"https:\/\/kulturneleto.eu\/en\/event\/marianske-leto-a-rock-pop-ervin-olesan-tamara-kramar-amphibios\/","og_site_name":"\u017dilinsk\u00e9 kult\u00farne leto 2025","article_publisher":"https:\/\/www.facebook.com\/Mesto-ilina-162541880519007","article_modified_time":"2024-07-17T13:07:13+00:00","og_image":[{"width":1620,"height":1080,"url":"https:\/\/kulturneleto.eu\/wp-content\/uploads\/2024\/06\/kulturne_leto_koncert_11_8_42.jpg","type":"image\/jpeg"}],"twitter_card":"summary_large_image","twitter_misc":{"Est. reading time":"1 minute"},"schema":{"@context":"https:\/\/schema.org","@graph":[{"@type":"WebPage","@id":"https:\/\/kulturneleto.eu\/event\/marianske-leto-a-rock-pop-ervin-olesan-tamara-kramar-amphibios\/","url":"https:\/\/kulturneleto.eu\/event\/marianske-leto-a-rock-pop-ervin-olesan-tamara-kramar-amphibios\/","name":"MARI\u00c1NSKE LETO a rock pop - Erv\u00edn Ole\u0161an, Tamara Kramar, Amphibios - \u017dilinsk\u00e9 kult\u00farne leto 2025","isPartOf":{"@id":"https:\/\/kulturneleto.eu\/#website"},"primaryImageOfPage":{"@id":"https:\/\/kulturneleto.eu\/event\/marianske-leto-a-rock-pop-ervin-olesan-tamara-kramar-amphibios\/#primaryimage"},"image":{"@id":"https:\/\/kulturneleto.eu\/event\/marianske-leto-a-rock-pop-ervin-olesan-tamara-kramar-amphibios\/#primaryimage"},"thumbnailUrl":"https:\/\/kulturneleto.eu\/wp-content\/uploads\/2024\/06\/kulturne_leto_koncert_11_8_42.jpg","datePublished":"2024-06-24T14:22:05+00:00","dateModified":"2024-07-17T13:07:13+00:00","breadcrumb":{"@id":"https:\/\/kulturneleto.eu\/event\/marianske-leto-a-rock-pop-ervin-olesan-tamara-kramar-amphibios\/#breadcrumb"},"inLanguage":"en-US","potentialAction":[{"@type":"ReadAction","target":["https:\/\/kulturneleto.eu\/event\/marianske-leto-a-rock-pop-ervin-olesan-tamara-kramar-amphibios\/"]}]},{"@type":"ImageObject","inLanguage":"en-US","@id":"https:\/\/kulturneleto.eu\/event\/marianske-leto-a-rock-pop-ervin-olesan-tamara-kramar-amphibios\/#primaryimage","url":"https:\/\/kulturneleto.eu\/wp-content\/uploads\/2024\/06\/kulturne_leto_koncert_11_8_42.jpg","contentUrl":"https:\/\/kulturneleto.eu\/wp-content\/uploads\/2024\/06\/kulturne_leto_koncert_11_8_42.jpg","width":1620,"height":1080},{"@type":"BreadcrumbList","@id":"https:\/\/kulturneleto.eu\/event\/marianske-leto-a-rock-pop-ervin-olesan-tamara-kramar-amphibios\/#breadcrumb","itemListElement":[{"@type":"ListItem","position":1,"name":"Domovsk\u00e1 str\u00e1nka","item":"https:\/\/kulturneleto.eu\/"},{"@type":"ListItem","position":2,"name":"MARI\u00c1NSKE LETO a rock pop &#8211; Erv\u00edn Ole\u0161an, Tamara Kramar, Amphibios"}]},{"@type":"WebSite","@id":"https:\/\/kulturneleto.eu\/#website","url":"https:\/\/kulturneleto.eu\/","name":"\u017dilinsk\u00e9 kult\u00farne leto 2025","description":"j\u00fal, august, september","publisher":{"@id":"https:\/\/kulturneleto.eu\/#organization"},"potentialAction":[{"@type":"SearchAction","target":{"@type":"EntryPoint","urlTemplate":"https:\/\/kulturneleto.eu\/?s={search_term_string}"},"query-input":{"@type":"PropertyValueSpecification","valueRequired":true,"valueName":"search_term_string"}}],"inLanguage":"en-US"},{"@type":"Organization","@id":"https:\/\/kulturneleto.eu\/#organization","name":"Kult\u00farne leto","url":"https:\/\/kulturneleto.eu\/","logo":{"@type":"ImageObject","inLanguage":"en-US","@id":"https:\/\/kulturneleto.eu\/#\/schema\/logo\/image\/","url":"https:\/\/kulturneleto.eu\/wp-content\/uploads\/2022\/06\/logo_zkl_2022_orange.png","contentUrl":"https:\/\/kulturneleto.eu\/wp-content\/uploads\/2022\/06\/logo_zkl_2022_orange.png","width":330,"height":117,"caption":"Kult\u00farne leto"},"image":{"@id":"https:\/\/kulturneleto.eu\/#\/schema\/logo\/image\/"},"sameAs":["https:\/\/www.facebook.com\/Mesto-ilina-162541880519007","https:\/\/www.youtube.com\/channel\/UCfY6Cc8yEeMgTWAUW5QaGAw","https:\/\/www.instagram.com\/mestozilina\/?hl=sk"]}]}},"_links":{"self":[{"href":"https:\/\/kulturneleto.eu\/en\/wp-json\/wp\/v2\/event_listing\/8411","targetHints":{"allow":["GET"]}}],"collection":[{"href":"https:\/\/kulturneleto.eu\/en\/wp-json\/wp\/v2\/event_listing"}],"about":[{"href":"https:\/\/kulturneleto.eu\/en\/wp-json\/wp\/v2\/types\/event_listing"}],"wp:featuredmedia":[{"embeddable":true,"href":"https:\/\/kulturneleto.eu\/en\/wp-json\/wp\/v2\/media\/8532"}],"wp:attachment":[{"href":"https:\/\/kulturneleto.eu\/en\/wp-json\/wp\/v2\/media?parent=8411"}],"wp:term":[{"taxonomy":"event_listing_category","embeddable":true,"href":"https:\/\/kulturneleto.eu\/en\/wp-json\/wp\/v2\/event_listing_category?post=8411"},{"taxonomy":"event_listing_type","embeddable":true,"href":"https:\/\/kulturneleto.eu\/en\/wp-json\/wp\/v2\/event_listing_type?post=8411"}],"curies":[{"name":"wp","href":"https:\/\/api.w.org\/{rel}","templated":true}]}}