{"id":8430,"date":"2024-06-25T15:21:42","date_gmt":"2024-06-25T13:21:42","guid":{"rendered":"https:\/\/kulturneleto.eu\/?post_type=event_listing&#038;p=8430"},"modified":"2024-07-22T10:08:44","modified_gmt":"2024-07-22T08:08:44","slug":"100-vyrocie-tj-tatran-bycica","status":"publish","type":"event_listing","link":"https:\/\/kulturneleto.eu\/en\/event\/100-vyrocie-tj-tatran-bycica\/","title":{"rendered":"100. v\u00fdro\u010die TJ Tatran Byt\u010dica"},"content":{"rendered":"<p>Poz\u00fdvame v\u00e1s osl\u00e1vi\u0165 storo\u010dnicu futbalu v\u00a0Byt\u010dici! V\u00a0sobotu 27.\u00a0j\u00fala ste v\u00edtan\u00ed na futbalovom ihrisku, kde bude pripraven\u00fd program pre najmen\u0161\u00edch, s\u00fa\u0165a\u017e o\u00a0zauj\u00edmav\u00e9 ceny a\u00a0po\u00a0hlavom bode programu \u2013 \u201ez\u00e1pase star\u00fdch p\u00e1nov\u201c TJ Tatran Byt\u010dica vs M\u0160K \u017dilina sa zabav\u00edte pri ob\u010derstven\u00ed a\u00a0\u017eivej hudbe.<\/p>","protected":false},"featured_media":9239,"template":"","meta":[],"event_listing_category":[100],"event_listing_type":[83],"class_list":["post-8430","event_listing","type-event_listing","status-publish","has-post-thumbnail","hentry","event_listing_category-zkl2024","event_listing_type-ine"],"yoast_head":"<!-- This site is optimized with the Yoast SEO plugin v27.1.1 - https:\/\/yoast.com\/product\/yoast-seo-wordpress\/ -->\n<title>100. v\u00fdro\u010die TJ Tatran Byt\u010dica - \u017dilinsk\u00e9 kult\u00farne leto 2025<\/title>\n<meta name=\"robots\" content=\"index, follow, max-snippet:-1, max-image-preview:large, max-video-preview:-1\" \/>\n<link rel=\"canonical\" href=\"https:\/\/kulturneleto.eu\/en\/event\/100-vyrocie-tj-tatran-bycica\/\" \/>\n<meta property=\"og:locale\" content=\"en_US\" \/>\n<meta property=\"og:type\" content=\"article\" \/>\n<meta property=\"og:title\" content=\"100. v\u00fdro\u010die TJ Tatran Byt\u010dica - \u017dilinsk\u00e9 kult\u00farne leto 2025\" \/>\n<meta property=\"og:description\" content=\"Poz\u00fdvame v\u00e1s osl\u00e1vi\u0165 storo\u010dnicu futbalu v\u00a0Byt\u010dici! V\u00a0sobotu 27.\u00a0j\u00fala ste v\u00edtan\u00ed na futbalovom ihrisku, kde bude pripraven\u00fd program pre najmen\u0161\u00edch, s\u00fa\u0165a\u017e o\u00a0zauj\u00edmav\u00e9 ceny a\u00a0po\u00a0hlavom bode programu \u2013 \u201ez\u00e1pase star\u00fdch p\u00e1nov\u201c TJ Tatran Byt\u010dica vs M\u0160K \u017dilina sa zabav\u00edte pri ob\u010derstven\u00ed a\u00a0\u017eivej hudbe.\" \/>\n<meta property=\"og:url\" content=\"https:\/\/kulturneleto.eu\/en\/event\/100-vyrocie-tj-tatran-bycica\/\" \/>\n<meta property=\"og:site_name\" content=\"\u017dilinsk\u00e9 kult\u00farne leto 2025\" \/>\n<meta property=\"article:publisher\" content=\"https:\/\/www.facebook.com\/Mesto-ilina-162541880519007\" \/>\n<meta property=\"article:modified_time\" content=\"2024-07-22T08:08:44+00:00\" \/>\n<meta property=\"og:image\" content=\"https:\/\/kulturneleto.eu\/wp-content\/uploads\/2024\/06\/100-rokov-futbalu-728x1024-1.png\" \/>\n\t<meta property=\"og:image:width\" content=\"728\" \/>\n\t<meta property=\"og:image:height\" content=\"1024\" \/>\n\t<meta property=\"og:image:type\" content=\"image\/png\" \/>\n<meta name=\"twitter:card\" content=\"summary_large_image\" \/>\n<meta name=\"twitter:label1\" content=\"Est. reading time\" \/>\n\t<meta name=\"twitter:data1\" content=\"1 minute\" \/>\n<script type=\"application\/ld+json\" class=\"yoast-schema-graph\">{\"@context\":\"https:\/\/schema.org\",\"@graph\":[{\"@type\":\"WebPage\",\"@id\":\"https:\/\/kulturneleto.eu\/event\/100-vyrocie-tj-tatran-bycica\/\",\"url\":\"https:\/\/kulturneleto.eu\/event\/100-vyrocie-tj-tatran-bycica\/\",\"name\":\"100. v\u00fdro\u010die TJ Tatran Byt\u010dica - \u017dilinsk\u00e9 kult\u00farne leto 2025\",\"isPartOf\":{\"@id\":\"https:\/\/kulturneleto.eu\/#website\"},\"primaryImageOfPage\":{\"@id\":\"https:\/\/kulturneleto.eu\/event\/100-vyrocie-tj-tatran-bycica\/#primaryimage\"},\"image\":{\"@id\":\"https:\/\/kulturneleto.eu\/event\/100-vyrocie-tj-tatran-bycica\/#primaryimage\"},\"thumbnailUrl\":\"https:\/\/kulturneleto.eu\/wp-content\/uploads\/2024\/06\/100-rokov-futbalu-728x1024-1.png\",\"datePublished\":\"2024-06-25T13:21:42+00:00\",\"dateModified\":\"2024-07-22T08:08:44+00:00\",\"breadcrumb\":{\"@id\":\"https:\/\/kulturneleto.eu\/event\/100-vyrocie-tj-tatran-bycica\/#breadcrumb\"},\"inLanguage\":\"en-US\",\"potentialAction\":[{\"@type\":\"ReadAction\",\"target\":[\"https:\/\/kulturneleto.eu\/event\/100-vyrocie-tj-tatran-bycica\/\"]}]},{\"@type\":\"ImageObject\",\"inLanguage\":\"en-US\",\"@id\":\"https:\/\/kulturneleto.eu\/event\/100-vyrocie-tj-tatran-bycica\/#primaryimage\",\"url\":\"https:\/\/kulturneleto.eu\/wp-content\/uploads\/2024\/06\/100-rokov-futbalu-728x1024-1.png\",\"contentUrl\":\"https:\/\/kulturneleto.eu\/wp-content\/uploads\/2024\/06\/100-rokov-futbalu-728x1024-1.png\",\"width\":728,\"height\":1024},{\"@type\":\"BreadcrumbList\",\"@id\":\"https:\/\/kulturneleto.eu\/event\/100-vyrocie-tj-tatran-bycica\/#breadcrumb\",\"itemListElement\":[{\"@type\":\"ListItem\",\"position\":1,\"name\":\"Domovsk\u00e1 str\u00e1nka\",\"item\":\"https:\/\/kulturneleto.eu\/\"},{\"@type\":\"ListItem\",\"position\":2,\"name\":\"100. v\u00fdro\u010die TJ Tatran Byt\u010dica\"}]},{\"@type\":\"WebSite\",\"@id\":\"https:\/\/kulturneleto.eu\/#website\",\"url\":\"https:\/\/kulturneleto.eu\/\",\"name\":\"\u017dilinsk\u00e9 kult\u00farne leto 2025\",\"description\":\"j\u00fal, august, september\",\"publisher\":{\"@id\":\"https:\/\/kulturneleto.eu\/#organization\"},\"potentialAction\":[{\"@type\":\"SearchAction\",\"target\":{\"@type\":\"EntryPoint\",\"urlTemplate\":\"https:\/\/kulturneleto.eu\/?s={search_term_string}\"},\"query-input\":{\"@type\":\"PropertyValueSpecification\",\"valueRequired\":true,\"valueName\":\"search_term_string\"}}],\"inLanguage\":\"en-US\"},{\"@type\":\"Organization\",\"@id\":\"https:\/\/kulturneleto.eu\/#organization\",\"name\":\"Kult\u00farne leto\",\"url\":\"https:\/\/kulturneleto.eu\/\",\"logo\":{\"@type\":\"ImageObject\",\"inLanguage\":\"en-US\",\"@id\":\"https:\/\/kulturneleto.eu\/#\/schema\/logo\/image\/\",\"url\":\"https:\/\/kulturneleto.eu\/wp-content\/uploads\/2022\/06\/logo_zkl_2022_orange.png\",\"contentUrl\":\"https:\/\/kulturneleto.eu\/wp-content\/uploads\/2022\/06\/logo_zkl_2022_orange.png\",\"width\":330,\"height\":117,\"caption\":\"Kult\u00farne leto\"},\"image\":{\"@id\":\"https:\/\/kulturneleto.eu\/#\/schema\/logo\/image\/\"},\"sameAs\":[\"https:\/\/www.facebook.com\/Mesto-ilina-162541880519007\",\"https:\/\/www.youtube.com\/channel\/UCfY6Cc8yEeMgTWAUW5QaGAw\",\"https:\/\/www.instagram.com\/mestozilina\/?hl=sk\"]}]}<\/script>\n<!-- \/ Yoast SEO plugin. -->","yoast_head_json":{"title":"100. v\u00fdro\u010die TJ Tatran Byt\u010dica - \u017dilinsk\u00e9 kult\u00farne leto 2025","robots":{"index":"index","follow":"follow","max-snippet":"max-snippet:-1","max-image-preview":"max-image-preview:large","max-video-preview":"max-video-preview:-1"},"canonical":"https:\/\/kulturneleto.eu\/en\/event\/100-vyrocie-tj-tatran-bycica\/","og_locale":"en_US","og_type":"article","og_title":"100. v\u00fdro\u010die TJ Tatran Byt\u010dica - \u017dilinsk\u00e9 kult\u00farne leto 2025","og_description":"Poz\u00fdvame v\u00e1s osl\u00e1vi\u0165 storo\u010dnicu futbalu v\u00a0Byt\u010dici! V\u00a0sobotu 27.\u00a0j\u00fala ste v\u00edtan\u00ed na futbalovom ihrisku, kde bude pripraven\u00fd program pre najmen\u0161\u00edch, s\u00fa\u0165a\u017e o\u00a0zauj\u00edmav\u00e9 ceny a\u00a0po\u00a0hlavom bode programu \u2013 \u201ez\u00e1pase star\u00fdch p\u00e1nov\u201c TJ Tatran Byt\u010dica vs M\u0160K \u017dilina sa zabav\u00edte pri ob\u010derstven\u00ed a\u00a0\u017eivej hudbe.","og_url":"https:\/\/kulturneleto.eu\/en\/event\/100-vyrocie-tj-tatran-bycica\/","og_site_name":"\u017dilinsk\u00e9 kult\u00farne leto 2025","article_publisher":"https:\/\/www.facebook.com\/Mesto-ilina-162541880519007","article_modified_time":"2024-07-22T08:08:44+00:00","og_image":[{"width":728,"height":1024,"url":"https:\/\/kulturneleto.eu\/wp-content\/uploads\/2024\/06\/100-rokov-futbalu-728x1024-1.png","type":"image\/png"}],"twitter_card":"summary_large_image","twitter_misc":{"Est. reading time":"1 minute"},"schema":{"@context":"https:\/\/schema.org","@graph":[{"@type":"WebPage","@id":"https:\/\/kulturneleto.eu\/event\/100-vyrocie-tj-tatran-bycica\/","url":"https:\/\/kulturneleto.eu\/event\/100-vyrocie-tj-tatran-bycica\/","name":"100. v\u00fdro\u010die TJ Tatran Byt\u010dica - \u017dilinsk\u00e9 kult\u00farne leto 2025","isPartOf":{"@id":"https:\/\/kulturneleto.eu\/#website"},"primaryImageOfPage":{"@id":"https:\/\/kulturneleto.eu\/event\/100-vyrocie-tj-tatran-bycica\/#primaryimage"},"image":{"@id":"https:\/\/kulturneleto.eu\/event\/100-vyrocie-tj-tatran-bycica\/#primaryimage"},"thumbnailUrl":"https:\/\/kulturneleto.eu\/wp-content\/uploads\/2024\/06\/100-rokov-futbalu-728x1024-1.png","datePublished":"2024-06-25T13:21:42+00:00","dateModified":"2024-07-22T08:08:44+00:00","breadcrumb":{"@id":"https:\/\/kulturneleto.eu\/event\/100-vyrocie-tj-tatran-bycica\/#breadcrumb"},"inLanguage":"en-US","potentialAction":[{"@type":"ReadAction","target":["https:\/\/kulturneleto.eu\/event\/100-vyrocie-tj-tatran-bycica\/"]}]},{"@type":"ImageObject","inLanguage":"en-US","@id":"https:\/\/kulturneleto.eu\/event\/100-vyrocie-tj-tatran-bycica\/#primaryimage","url":"https:\/\/kulturneleto.eu\/wp-content\/uploads\/2024\/06\/100-rokov-futbalu-728x1024-1.png","contentUrl":"https:\/\/kulturneleto.eu\/wp-content\/uploads\/2024\/06\/100-rokov-futbalu-728x1024-1.png","width":728,"height":1024},{"@type":"BreadcrumbList","@id":"https:\/\/kulturneleto.eu\/event\/100-vyrocie-tj-tatran-bycica\/#breadcrumb","itemListElement":[{"@type":"ListItem","position":1,"name":"Domovsk\u00e1 str\u00e1nka","item":"https:\/\/kulturneleto.eu\/"},{"@type":"ListItem","position":2,"name":"100. v\u00fdro\u010die TJ Tatran Byt\u010dica"}]},{"@type":"WebSite","@id":"https:\/\/kulturneleto.eu\/#website","url":"https:\/\/kulturneleto.eu\/","name":"\u017dilinsk\u00e9 kult\u00farne leto 2025","description":"j\u00fal, august, september","publisher":{"@id":"https:\/\/kulturneleto.eu\/#organization"},"potentialAction":[{"@type":"SearchAction","target":{"@type":"EntryPoint","urlTemplate":"https:\/\/kulturneleto.eu\/?s={search_term_string}"},"query-input":{"@type":"PropertyValueSpecification","valueRequired":true,"valueName":"search_term_string"}}],"inLanguage":"en-US"},{"@type":"Organization","@id":"https:\/\/kulturneleto.eu\/#organization","name":"Kult\u00farne leto","url":"https:\/\/kulturneleto.eu\/","logo":{"@type":"ImageObject","inLanguage":"en-US","@id":"https:\/\/kulturneleto.eu\/#\/schema\/logo\/image\/","url":"https:\/\/kulturneleto.eu\/wp-content\/uploads\/2022\/06\/logo_zkl_2022_orange.png","contentUrl":"https:\/\/kulturneleto.eu\/wp-content\/uploads\/2022\/06\/logo_zkl_2022_orange.png","width":330,"height":117,"caption":"Kult\u00farne leto"},"image":{"@id":"https:\/\/kulturneleto.eu\/#\/schema\/logo\/image\/"},"sameAs":["https:\/\/www.facebook.com\/Mesto-ilina-162541880519007","https:\/\/www.youtube.com\/channel\/UCfY6Cc8yEeMgTWAUW5QaGAw","https:\/\/www.instagram.com\/mestozilina\/?hl=sk"]}]}},"_links":{"self":[{"href":"https:\/\/kulturneleto.eu\/en\/wp-json\/wp\/v2\/event_listing\/8430","targetHints":{"allow":["GET"]}}],"collection":[{"href":"https:\/\/kulturneleto.eu\/en\/wp-json\/wp\/v2\/event_listing"}],"about":[{"href":"https:\/\/kulturneleto.eu\/en\/wp-json\/wp\/v2\/types\/event_listing"}],"wp:featuredmedia":[{"embeddable":true,"href":"https:\/\/kulturneleto.eu\/en\/wp-json\/wp\/v2\/media\/9239"}],"wp:attachment":[{"href":"https:\/\/kulturneleto.eu\/en\/wp-json\/wp\/v2\/media?parent=8430"}],"wp:term":[{"taxonomy":"event_listing_category","embeddable":true,"href":"https:\/\/kulturneleto.eu\/en\/wp-json\/wp\/v2\/event_listing_category?post=8430"},{"taxonomy":"event_listing_type","embeddable":true,"href":"https:\/\/kulturneleto.eu\/en\/wp-json\/wp\/v2\/event_listing_type?post=8430"}],"curies":[{"name":"wp","href":"https:\/\/api.w.org\/{rel}","templated":true}]}}