{"id":8558,"date":"2024-07-03T13:12:31","date_gmt":"2024-07-03T11:12:31","guid":{"rendered":"https:\/\/kulturneleto.eu\/?post_type=event_listing&#038;p=8558"},"modified":"2024-07-23T11:47:16","modified_gmt":"2024-07-23T09:47:16","slug":"detske-divadlo-na-studnickach-tri-kocky-drozdia","status":"publish","type":"event_listing","link":"https:\/\/kulturneleto.eu\/en\/event\/detske-divadlo-na-studnickach-tri-kocky-drozdia\/","title":{"rendered":"DETSK\u00c9 DIVADLO NA STUDNI\u010cK\u00c1CH: TRI KOCKY DRO\u017dDIA"},"content":{"rendered":"<p>\u013dudia nebrali oh\u013ead na pr\u00edrodu a zvierat\u00e1. Zne\u010distili cel\u00fd svet, vyr\u00fabali lesy a za trest pri\u0161iel zl\u00fd \u010darodejn\u00edk Koro\u0148\u00e1k. Pohybuje sa nebadane pomedzi \u013eud\u00ed, prin\u00e1\u0161a skazu, ekonomick\u00fa depresiu a zasieva choroby. Nikto sa mu neodv\u00e1\u017ei postavi\u0165 zo\u010di-vo\u010di, v\u0161etci zaliezli hlboko do svojich brlohov. Ani \u010dert Kolof\u00f3n by nikam nechodil. Nariadenie zosta\u0165 doma akoby pre neho vymysleli. \u010co je lep\u0161ie, ako cel\u00fd de\u0148 v posteli vylihova\u0165? Av\u0161ak netrv\u00e1 dlho a aj u nich doma sa minie posledn\u00e9 dro\u017edie. Jeho \u017eena Je\u017eibaba ho po\u0161le do sveta, aby priniesol aspo\u0148 tri kocky dro\u017edia, preto\u017ee ich mal\u00fd syn Kolof\u00f3n junior ni\u010d in\u00e9 ako makov\u00e9 kol\u00e1\u010de a buchty jes\u0165 nechce. A tie bez dro\u017edia nebud\u00fa. Kolof\u00f3n sa tak vyd\u00e1va v \u00fastrety \u010fal\u0161iemu nebezpe\u010dn\u00e9mu dobrodru\u017estvu, cez vyprahnut\u00e9 a ubieden\u00e9 krajiny, kde \u013eudia prosia o pomoc a kde v\u0161etci vkladaj\u00fa n\u00e1dej do hrdinu, ktor\u00fd by im doniesol radu od deda V\u0161eveda. Kolof\u00f3n na svojej p\u00fati nebude bojova\u0165 len o tri kocky dro\u017edia, ale aj o osud cel\u00e9ho sveta a bude sa musie\u0165 postavi\u0165 aj samotn\u00e9mu \u010darodejn\u00edkovi Koro\u0148\u00e1kovi!<\/p>\n<p>&nbsp;<\/p>\n<p><strong>Scen\u00e1r, r\u00e9\u017eia, b\u00e1bky:<\/strong>\u00a0Peter G\u00e4rtner<br \/>\n<strong>Dramaturgia<\/strong>: Dana Galov\u00e1<br \/>\n<strong>\u00da\u010dinkuj\u00fa:<\/strong>\u00a0Peter G\u00e4rtner, Luk\u00e1\u0161 Tandara\/ Sid\u00f3nia F\u00e9derov\u00e1<br \/>\n<strong>Hudba a hudobn\u00fd sprievod:<\/strong>\u00a0Radovan Hrbek<br \/>\n<strong>Tituln\u00e1 pesni\u010dka:<\/strong>\u00a0Vlado Jan\u010dek<\/p>\n<p>&nbsp;<\/p>\n<p>Vhodn\u00e9 pre deti od 3 rokov.<\/p>","protected":false},"featured_media":8659,"template":"","meta":[],"event_listing_category":[100],"event_listing_type":[81],"class_list":["post-8558","event_listing","type-event_listing","status-publish","has-post-thumbnail","hentry","event_listing_category-zkl2024","event_listing_type-kino-divadlo"],"yoast_head":"<!-- This site is optimized with the Yoast SEO plugin v27.1.1 - https:\/\/yoast.com\/product\/yoast-seo-wordpress\/ -->\n<title>DETSK\u00c9 DIVADLO NA STUDNI\u010cK\u00c1CH: TRI KOCKY DRO\u017dDIA - \u017dilinsk\u00e9 kult\u00farne leto 2025<\/title>\n<meta name=\"robots\" content=\"index, follow, max-snippet:-1, max-image-preview:large, max-video-preview:-1\" \/>\n<link rel=\"canonical\" href=\"https:\/\/kulturneleto.eu\/en\/event\/detske-divadlo-na-studnickach-tri-kocky-drozdia\/\" \/>\n<meta property=\"og:locale\" content=\"en_US\" \/>\n<meta property=\"og:type\" content=\"article\" \/>\n<meta property=\"og:title\" content=\"DETSK\u00c9 DIVADLO NA STUDNI\u010cK\u00c1CH: TRI KOCKY DRO\u017dDIA - \u017dilinsk\u00e9 kult\u00farne leto 2025\" \/>\n<meta property=\"og:description\" content=\"\u013dudia nebrali oh\u013ead na pr\u00edrodu a zvierat\u00e1. Zne\u010distili cel\u00fd svet, vyr\u00fabali lesy a za trest pri\u0161iel zl\u00fd \u010darodejn\u00edk Koro\u0148\u00e1k. Pohybuje sa nebadane pomedzi \u013eud\u00ed, prin\u00e1\u0161a skazu, ekonomick\u00fa depresiu a zasieva choroby. Nikto sa mu neodv\u00e1\u017ei postavi\u0165 zo\u010di-vo\u010di, v\u0161etci zaliezli hlboko do svojich brlohov. Ani \u010dert Kolof\u00f3n by nikam nechodil. Nariadenie zosta\u0165 doma akoby pre neho [&hellip;]\" \/>\n<meta property=\"og:url\" content=\"https:\/\/kulturneleto.eu\/en\/event\/detske-divadlo-na-studnickach-tri-kocky-drozdia\/\" \/>\n<meta property=\"og:site_name\" content=\"\u017dilinsk\u00e9 kult\u00farne leto 2025\" \/>\n<meta property=\"article:publisher\" content=\"https:\/\/www.facebook.com\/Mesto-ilina-162541880519007\" \/>\n<meta property=\"article:modified_time\" content=\"2024-07-23T09:47:16+00:00\" \/>\n<meta property=\"og:image\" content=\"https:\/\/kulturneleto.eu\/wp-content\/uploads\/2024\/07\/U6A1745-1024x683-1.jpg\" \/>\n\t<meta property=\"og:image:width\" content=\"1024\" \/>\n\t<meta property=\"og:image:height\" content=\"683\" \/>\n\t<meta property=\"og:image:type\" content=\"image\/jpeg\" \/>\n<meta name=\"twitter:card\" content=\"summary_large_image\" \/>\n<meta name=\"twitter:label1\" content=\"Est. reading time\" \/>\n\t<meta name=\"twitter:data1\" content=\"2 minutes\" \/>\n<script type=\"application\/ld+json\" class=\"yoast-schema-graph\">{\"@context\":\"https:\/\/schema.org\",\"@graph\":[{\"@type\":\"WebPage\",\"@id\":\"https:\/\/kulturneleto.eu\/event\/detske-divadlo-na-studnickach-tri-kocky-drozdia\/\",\"url\":\"https:\/\/kulturneleto.eu\/event\/detske-divadlo-na-studnickach-tri-kocky-drozdia\/\",\"name\":\"DETSK\u00c9 DIVADLO NA STUDNI\u010cK\u00c1CH: TRI KOCKY DRO\u017dDIA - \u017dilinsk\u00e9 kult\u00farne leto 2025\",\"isPartOf\":{\"@id\":\"https:\/\/kulturneleto.eu\/#website\"},\"primaryImageOfPage\":{\"@id\":\"https:\/\/kulturneleto.eu\/event\/detske-divadlo-na-studnickach-tri-kocky-drozdia\/#primaryimage\"},\"image\":{\"@id\":\"https:\/\/kulturneleto.eu\/event\/detske-divadlo-na-studnickach-tri-kocky-drozdia\/#primaryimage\"},\"thumbnailUrl\":\"https:\/\/kulturneleto.eu\/wp-content\/uploads\/2024\/07\/U6A1745-1024x683-1.jpg\",\"datePublished\":\"2024-07-03T11:12:31+00:00\",\"dateModified\":\"2024-07-23T09:47:16+00:00\",\"breadcrumb\":{\"@id\":\"https:\/\/kulturneleto.eu\/event\/detske-divadlo-na-studnickach-tri-kocky-drozdia\/#breadcrumb\"},\"inLanguage\":\"en-US\",\"potentialAction\":[{\"@type\":\"ReadAction\",\"target\":[\"https:\/\/kulturneleto.eu\/event\/detske-divadlo-na-studnickach-tri-kocky-drozdia\/\"]}]},{\"@type\":\"ImageObject\",\"inLanguage\":\"en-US\",\"@id\":\"https:\/\/kulturneleto.eu\/event\/detske-divadlo-na-studnickach-tri-kocky-drozdia\/#primaryimage\",\"url\":\"https:\/\/kulturneleto.eu\/wp-content\/uploads\/2024\/07\/U6A1745-1024x683-1.jpg\",\"contentUrl\":\"https:\/\/kulturneleto.eu\/wp-content\/uploads\/2024\/07\/U6A1745-1024x683-1.jpg\",\"width\":1024,\"height\":683},{\"@type\":\"BreadcrumbList\",\"@id\":\"https:\/\/kulturneleto.eu\/event\/detske-divadlo-na-studnickach-tri-kocky-drozdia\/#breadcrumb\",\"itemListElement\":[{\"@type\":\"ListItem\",\"position\":1,\"name\":\"Domovsk\u00e1 str\u00e1nka\",\"item\":\"https:\/\/kulturneleto.eu\/\"},{\"@type\":\"ListItem\",\"position\":2,\"name\":\"DETSK\u00c9 DIVADLO NA STUDNI\u010cK\u00c1CH: TRI KOCKY DRO\u017dDIA\"}]},{\"@type\":\"WebSite\",\"@id\":\"https:\/\/kulturneleto.eu\/#website\",\"url\":\"https:\/\/kulturneleto.eu\/\",\"name\":\"\u017dilinsk\u00e9 kult\u00farne leto 2025\",\"description\":\"j\u00fal, august, september\",\"publisher\":{\"@id\":\"https:\/\/kulturneleto.eu\/#organization\"},\"potentialAction\":[{\"@type\":\"SearchAction\",\"target\":{\"@type\":\"EntryPoint\",\"urlTemplate\":\"https:\/\/kulturneleto.eu\/?s={search_term_string}\"},\"query-input\":{\"@type\":\"PropertyValueSpecification\",\"valueRequired\":true,\"valueName\":\"search_term_string\"}}],\"inLanguage\":\"en-US\"},{\"@type\":\"Organization\",\"@id\":\"https:\/\/kulturneleto.eu\/#organization\",\"name\":\"Kult\u00farne leto\",\"url\":\"https:\/\/kulturneleto.eu\/\",\"logo\":{\"@type\":\"ImageObject\",\"inLanguage\":\"en-US\",\"@id\":\"https:\/\/kulturneleto.eu\/#\/schema\/logo\/image\/\",\"url\":\"https:\/\/kulturneleto.eu\/wp-content\/uploads\/2022\/06\/logo_zkl_2022_orange.png\",\"contentUrl\":\"https:\/\/kulturneleto.eu\/wp-content\/uploads\/2022\/06\/logo_zkl_2022_orange.png\",\"width\":330,\"height\":117,\"caption\":\"Kult\u00farne leto\"},\"image\":{\"@id\":\"https:\/\/kulturneleto.eu\/#\/schema\/logo\/image\/\"},\"sameAs\":[\"https:\/\/www.facebook.com\/Mesto-ilina-162541880519007\",\"https:\/\/www.youtube.com\/channel\/UCfY6Cc8yEeMgTWAUW5QaGAw\",\"https:\/\/www.instagram.com\/mestozilina\/?hl=sk\"]}]}<\/script>\n<!-- \/ Yoast SEO plugin. -->","yoast_head_json":{"title":"DETSK\u00c9 DIVADLO NA STUDNI\u010cK\u00c1CH: TRI KOCKY DRO\u017dDIA - \u017dilinsk\u00e9 kult\u00farne leto 2025","robots":{"index":"index","follow":"follow","max-snippet":"max-snippet:-1","max-image-preview":"max-image-preview:large","max-video-preview":"max-video-preview:-1"},"canonical":"https:\/\/kulturneleto.eu\/en\/event\/detske-divadlo-na-studnickach-tri-kocky-drozdia\/","og_locale":"en_US","og_type":"article","og_title":"DETSK\u00c9 DIVADLO NA STUDNI\u010cK\u00c1CH: TRI KOCKY DRO\u017dDIA - \u017dilinsk\u00e9 kult\u00farne leto 2025","og_description":"\u013dudia nebrali oh\u013ead na pr\u00edrodu a zvierat\u00e1. Zne\u010distili cel\u00fd svet, vyr\u00fabali lesy a za trest pri\u0161iel zl\u00fd \u010darodejn\u00edk Koro\u0148\u00e1k. Pohybuje sa nebadane pomedzi \u013eud\u00ed, prin\u00e1\u0161a skazu, ekonomick\u00fa depresiu a zasieva choroby. Nikto sa mu neodv\u00e1\u017ei postavi\u0165 zo\u010di-vo\u010di, v\u0161etci zaliezli hlboko do svojich brlohov. Ani \u010dert Kolof\u00f3n by nikam nechodil. Nariadenie zosta\u0165 doma akoby pre neho [&hellip;]","og_url":"https:\/\/kulturneleto.eu\/en\/event\/detske-divadlo-na-studnickach-tri-kocky-drozdia\/","og_site_name":"\u017dilinsk\u00e9 kult\u00farne leto 2025","article_publisher":"https:\/\/www.facebook.com\/Mesto-ilina-162541880519007","article_modified_time":"2024-07-23T09:47:16+00:00","og_image":[{"width":1024,"height":683,"url":"https:\/\/kulturneleto.eu\/wp-content\/uploads\/2024\/07\/U6A1745-1024x683-1.jpg","type":"image\/jpeg"}],"twitter_card":"summary_large_image","twitter_misc":{"Est. reading time":"2 minutes"},"schema":{"@context":"https:\/\/schema.org","@graph":[{"@type":"WebPage","@id":"https:\/\/kulturneleto.eu\/event\/detske-divadlo-na-studnickach-tri-kocky-drozdia\/","url":"https:\/\/kulturneleto.eu\/event\/detske-divadlo-na-studnickach-tri-kocky-drozdia\/","name":"DETSK\u00c9 DIVADLO NA STUDNI\u010cK\u00c1CH: TRI KOCKY DRO\u017dDIA - \u017dilinsk\u00e9 kult\u00farne leto 2025","isPartOf":{"@id":"https:\/\/kulturneleto.eu\/#website"},"primaryImageOfPage":{"@id":"https:\/\/kulturneleto.eu\/event\/detske-divadlo-na-studnickach-tri-kocky-drozdia\/#primaryimage"},"image":{"@id":"https:\/\/kulturneleto.eu\/event\/detske-divadlo-na-studnickach-tri-kocky-drozdia\/#primaryimage"},"thumbnailUrl":"https:\/\/kulturneleto.eu\/wp-content\/uploads\/2024\/07\/U6A1745-1024x683-1.jpg","datePublished":"2024-07-03T11:12:31+00:00","dateModified":"2024-07-23T09:47:16+00:00","breadcrumb":{"@id":"https:\/\/kulturneleto.eu\/event\/detske-divadlo-na-studnickach-tri-kocky-drozdia\/#breadcrumb"},"inLanguage":"en-US","potentialAction":[{"@type":"ReadAction","target":["https:\/\/kulturneleto.eu\/event\/detske-divadlo-na-studnickach-tri-kocky-drozdia\/"]}]},{"@type":"ImageObject","inLanguage":"en-US","@id":"https:\/\/kulturneleto.eu\/event\/detske-divadlo-na-studnickach-tri-kocky-drozdia\/#primaryimage","url":"https:\/\/kulturneleto.eu\/wp-content\/uploads\/2024\/07\/U6A1745-1024x683-1.jpg","contentUrl":"https:\/\/kulturneleto.eu\/wp-content\/uploads\/2024\/07\/U6A1745-1024x683-1.jpg","width":1024,"height":683},{"@type":"BreadcrumbList","@id":"https:\/\/kulturneleto.eu\/event\/detske-divadlo-na-studnickach-tri-kocky-drozdia\/#breadcrumb","itemListElement":[{"@type":"ListItem","position":1,"name":"Domovsk\u00e1 str\u00e1nka","item":"https:\/\/kulturneleto.eu\/"},{"@type":"ListItem","position":2,"name":"DETSK\u00c9 DIVADLO NA STUDNI\u010cK\u00c1CH: TRI KOCKY DRO\u017dDIA"}]},{"@type":"WebSite","@id":"https:\/\/kulturneleto.eu\/#website","url":"https:\/\/kulturneleto.eu\/","name":"\u017dilinsk\u00e9 kult\u00farne leto 2025","description":"j\u00fal, august, september","publisher":{"@id":"https:\/\/kulturneleto.eu\/#organization"},"potentialAction":[{"@type":"SearchAction","target":{"@type":"EntryPoint","urlTemplate":"https:\/\/kulturneleto.eu\/?s={search_term_string}"},"query-input":{"@type":"PropertyValueSpecification","valueRequired":true,"valueName":"search_term_string"}}],"inLanguage":"en-US"},{"@type":"Organization","@id":"https:\/\/kulturneleto.eu\/#organization","name":"Kult\u00farne leto","url":"https:\/\/kulturneleto.eu\/","logo":{"@type":"ImageObject","inLanguage":"en-US","@id":"https:\/\/kulturneleto.eu\/#\/schema\/logo\/image\/","url":"https:\/\/kulturneleto.eu\/wp-content\/uploads\/2022\/06\/logo_zkl_2022_orange.png","contentUrl":"https:\/\/kulturneleto.eu\/wp-content\/uploads\/2022\/06\/logo_zkl_2022_orange.png","width":330,"height":117,"caption":"Kult\u00farne leto"},"image":{"@id":"https:\/\/kulturneleto.eu\/#\/schema\/logo\/image\/"},"sameAs":["https:\/\/www.facebook.com\/Mesto-ilina-162541880519007","https:\/\/www.youtube.com\/channel\/UCfY6Cc8yEeMgTWAUW5QaGAw","https:\/\/www.instagram.com\/mestozilina\/?hl=sk"]}]}},"_links":{"self":[{"href":"https:\/\/kulturneleto.eu\/en\/wp-json\/wp\/v2\/event_listing\/8558","targetHints":{"allow":["GET"]}}],"collection":[{"href":"https:\/\/kulturneleto.eu\/en\/wp-json\/wp\/v2\/event_listing"}],"about":[{"href":"https:\/\/kulturneleto.eu\/en\/wp-json\/wp\/v2\/types\/event_listing"}],"wp:featuredmedia":[{"embeddable":true,"href":"https:\/\/kulturneleto.eu\/en\/wp-json\/wp\/v2\/media\/8659"}],"wp:attachment":[{"href":"https:\/\/kulturneleto.eu\/en\/wp-json\/wp\/v2\/media?parent=8558"}],"wp:term":[{"taxonomy":"event_listing_category","embeddable":true,"href":"https:\/\/kulturneleto.eu\/en\/wp-json\/wp\/v2\/event_listing_category?post=8558"},{"taxonomy":"event_listing_type","embeddable":true,"href":"https:\/\/kulturneleto.eu\/en\/wp-json\/wp\/v2\/event_listing_type?post=8558"}],"curies":[{"name":"wp","href":"https:\/\/api.w.org\/{rel}","templated":true}]}}