{"id":8561,"date":"2024-07-03T13:14:59","date_gmt":"2024-07-03T11:14:59","guid":{"rendered":"https:\/\/kulturneleto.eu\/?post_type=event_listing&#038;p=8561"},"modified":"2024-07-15T13:38:41","modified_gmt":"2024-07-15T11:38:41","slug":"vytvarne-sympozium-pre-dospelych","status":"publish","type":"event_listing","link":"https:\/\/kulturneleto.eu\/en\/event\/vytvarne-sympozium-pre-dospelych\/","title":{"rendered":"V\u00ddTVARN\u00c9 SYMP\u00d3ZIUM PRE DOSPEL\u00ddCH"},"content":{"rendered":"<p>St\u00e1lymi \u00fa\u010dastn\u00edkmi a najm\u00e4 \u00fa\u010dastn\u00ed\u010dkami v\u00fdtvarn\u00fdch kurzov v na\u0161ich ateli\u00e9roch s\u00fa nielen deti, ale aj dospel\u00ed. Letn\u00e9 pr\u00e1zdniny pon\u00fakaj\u00fa nekone\u010dn\u00e9 mo\u017enosti t\u00e1borov a workshopov pre deti, ale mysl\u00edme aj na dospel\u00fdch umelcov.\u00a0Aby ste cez pr\u00e1zdniny nevy\u0161li z cviku, popr\u00edpade m\u00e1te chu\u0165 v\u00fdtvarne spracova\u0165 svoje letn\u00e9 z\u00e1\u017eitky, alebo naopak pr\u00edli\u0161 nerozm\u00fd\u0161\u013ea\u0165 a odreagova\u0165 sa s farbami \u010di \u010diarami, poz\u00fdvame str\u00e1vi\u0165 spolo\u010dn\u00fd augustov\u00fd podve\u010der v ateli\u00e9ri na Stanici (pod\u013ea aktu\u00e1lneho po\u010dasia v z\u00e1hrade).<\/p>\n<p>&nbsp;<\/p>\n<p>Trvanie symp\u00f3zia:\u00a0<strong>9. 8. 2024<\/strong>\u00a0od\u00a0<strong>16:30-19:30<\/strong>.<br \/>\nCena:\u00a0<strong>30 \u20ac<br \/>\n<\/strong>Lektorka symp\u00f3zia:\u00a0<strong>Ma\u0165a M\u00e4siarov\u00e1<\/strong><br \/>\nPrihlasovanie:\u00a0<strong>masiarova.martinka@gmail.com<\/strong><\/p>","protected":false},"featured_media":9116,"template":"","meta":[],"event_listing_category":[100],"event_listing_type":[83],"class_list":["post-8561","event_listing","type-event_listing","status-publish","has-post-thumbnail","hentry","event_listing_category-zkl2024","event_listing_type-ine"],"yoast_head":"<!-- This site is optimized with the Yoast SEO plugin v27.1.1 - https:\/\/yoast.com\/product\/yoast-seo-wordpress\/ -->\n<title>V\u00ddTVARN\u00c9 SYMP\u00d3ZIUM PRE DOSPEL\u00ddCH - \u017dilinsk\u00e9 kult\u00farne leto 2025<\/title>\n<meta name=\"robots\" content=\"index, follow, max-snippet:-1, max-image-preview:large, max-video-preview:-1\" \/>\n<link rel=\"canonical\" href=\"https:\/\/kulturneleto.eu\/en\/event\/vytvarne-sympozium-pre-dospelych\/\" \/>\n<meta property=\"og:locale\" content=\"en_US\" \/>\n<meta property=\"og:type\" content=\"article\" \/>\n<meta property=\"og:title\" content=\"V\u00ddTVARN\u00c9 SYMP\u00d3ZIUM PRE DOSPEL\u00ddCH - \u017dilinsk\u00e9 kult\u00farne leto 2025\" \/>\n<meta property=\"og:description\" content=\"St\u00e1lymi \u00fa\u010dastn\u00edkmi a najm\u00e4 \u00fa\u010dastn\u00ed\u010dkami v\u00fdtvarn\u00fdch kurzov v na\u0161ich ateli\u00e9roch s\u00fa nielen deti, ale aj dospel\u00ed. Letn\u00e9 pr\u00e1zdniny pon\u00fakaj\u00fa nekone\u010dn\u00e9 mo\u017enosti t\u00e1borov a workshopov pre deti, ale mysl\u00edme aj na dospel\u00fdch umelcov.\u00a0Aby ste cez pr\u00e1zdniny nevy\u0161li z cviku, popr\u00edpade m\u00e1te chu\u0165 v\u00fdtvarne spracova\u0165 svoje letn\u00e9 z\u00e1\u017eitky, alebo naopak pr\u00edli\u0161 nerozm\u00fd\u0161\u013ea\u0165 a odreagova\u0165 sa s farbami [&hellip;]\" \/>\n<meta property=\"og:url\" content=\"https:\/\/kulturneleto.eu\/en\/event\/vytvarne-sympozium-pre-dospelych\/\" \/>\n<meta property=\"og:site_name\" content=\"\u017dilinsk\u00e9 kult\u00farne leto 2025\" \/>\n<meta property=\"article:publisher\" content=\"https:\/\/www.facebook.com\/Mesto-ilina-162541880519007\" \/>\n<meta property=\"article:modified_time\" content=\"2024-07-15T11:38:41+00:00\" \/>\n<meta property=\"og:image\" content=\"https:\/\/kulturneleto.eu\/wp-content\/uploads\/2024\/07\/a61ae058-0707-4209-90ff-5365ceddac3b.webp\" \/>\n\t<meta property=\"og:image:width\" content=\"768\" \/>\n\t<meta property=\"og:image:height\" content=\"384\" \/>\n\t<meta property=\"og:image:type\" content=\"image\/webp\" \/>\n<meta name=\"twitter:card\" content=\"summary_large_image\" \/>\n<meta name=\"twitter:label1\" content=\"Est. reading time\" \/>\n\t<meta name=\"twitter:data1\" content=\"1 minute\" \/>\n<script type=\"application\/ld+json\" class=\"yoast-schema-graph\">{\"@context\":\"https:\/\/schema.org\",\"@graph\":[{\"@type\":\"WebPage\",\"@id\":\"https:\/\/kulturneleto.eu\/event\/vytvarne-sympozium-pre-dospelych\/\",\"url\":\"https:\/\/kulturneleto.eu\/event\/vytvarne-sympozium-pre-dospelych\/\",\"name\":\"V\u00ddTVARN\u00c9 SYMP\u00d3ZIUM PRE DOSPEL\u00ddCH - \u017dilinsk\u00e9 kult\u00farne leto 2025\",\"isPartOf\":{\"@id\":\"https:\/\/kulturneleto.eu\/#website\"},\"primaryImageOfPage\":{\"@id\":\"https:\/\/kulturneleto.eu\/event\/vytvarne-sympozium-pre-dospelych\/#primaryimage\"},\"image\":{\"@id\":\"https:\/\/kulturneleto.eu\/event\/vytvarne-sympozium-pre-dospelych\/#primaryimage\"},\"thumbnailUrl\":\"https:\/\/kulturneleto.eu\/wp-content\/uploads\/2024\/07\/a61ae058-0707-4209-90ff-5365ceddac3b.webp\",\"datePublished\":\"2024-07-03T11:14:59+00:00\",\"dateModified\":\"2024-07-15T11:38:41+00:00\",\"breadcrumb\":{\"@id\":\"https:\/\/kulturneleto.eu\/event\/vytvarne-sympozium-pre-dospelych\/#breadcrumb\"},\"inLanguage\":\"en-US\",\"potentialAction\":[{\"@type\":\"ReadAction\",\"target\":[\"https:\/\/kulturneleto.eu\/event\/vytvarne-sympozium-pre-dospelych\/\"]}]},{\"@type\":\"ImageObject\",\"inLanguage\":\"en-US\",\"@id\":\"https:\/\/kulturneleto.eu\/event\/vytvarne-sympozium-pre-dospelych\/#primaryimage\",\"url\":\"https:\/\/kulturneleto.eu\/wp-content\/uploads\/2024\/07\/a61ae058-0707-4209-90ff-5365ceddac3b.webp\",\"contentUrl\":\"https:\/\/kulturneleto.eu\/wp-content\/uploads\/2024\/07\/a61ae058-0707-4209-90ff-5365ceddac3b.webp\",\"width\":768,\"height\":384},{\"@type\":\"BreadcrumbList\",\"@id\":\"https:\/\/kulturneleto.eu\/event\/vytvarne-sympozium-pre-dospelych\/#breadcrumb\",\"itemListElement\":[{\"@type\":\"ListItem\",\"position\":1,\"name\":\"Domovsk\u00e1 str\u00e1nka\",\"item\":\"https:\/\/kulturneleto.eu\/\"},{\"@type\":\"ListItem\",\"position\":2,\"name\":\"V\u00ddTVARN\u00c9 SYMP\u00d3ZIUM PRE DOSPEL\u00ddCH\"}]},{\"@type\":\"WebSite\",\"@id\":\"https:\/\/kulturneleto.eu\/#website\",\"url\":\"https:\/\/kulturneleto.eu\/\",\"name\":\"\u017dilinsk\u00e9 kult\u00farne leto 2025\",\"description\":\"j\u00fal, august, september\",\"publisher\":{\"@id\":\"https:\/\/kulturneleto.eu\/#organization\"},\"potentialAction\":[{\"@type\":\"SearchAction\",\"target\":{\"@type\":\"EntryPoint\",\"urlTemplate\":\"https:\/\/kulturneleto.eu\/?s={search_term_string}\"},\"query-input\":{\"@type\":\"PropertyValueSpecification\",\"valueRequired\":true,\"valueName\":\"search_term_string\"}}],\"inLanguage\":\"en-US\"},{\"@type\":\"Organization\",\"@id\":\"https:\/\/kulturneleto.eu\/#organization\",\"name\":\"Kult\u00farne leto\",\"url\":\"https:\/\/kulturneleto.eu\/\",\"logo\":{\"@type\":\"ImageObject\",\"inLanguage\":\"en-US\",\"@id\":\"https:\/\/kulturneleto.eu\/#\/schema\/logo\/image\/\",\"url\":\"https:\/\/kulturneleto.eu\/wp-content\/uploads\/2022\/06\/logo_zkl_2022_orange.png\",\"contentUrl\":\"https:\/\/kulturneleto.eu\/wp-content\/uploads\/2022\/06\/logo_zkl_2022_orange.png\",\"width\":330,\"height\":117,\"caption\":\"Kult\u00farne leto\"},\"image\":{\"@id\":\"https:\/\/kulturneleto.eu\/#\/schema\/logo\/image\/\"},\"sameAs\":[\"https:\/\/www.facebook.com\/Mesto-ilina-162541880519007\",\"https:\/\/www.youtube.com\/channel\/UCfY6Cc8yEeMgTWAUW5QaGAw\",\"https:\/\/www.instagram.com\/mestozilina\/?hl=sk\"]}]}<\/script>\n<!-- \/ Yoast SEO plugin. -->","yoast_head_json":{"title":"V\u00ddTVARN\u00c9 SYMP\u00d3ZIUM PRE DOSPEL\u00ddCH - \u017dilinsk\u00e9 kult\u00farne leto 2025","robots":{"index":"index","follow":"follow","max-snippet":"max-snippet:-1","max-image-preview":"max-image-preview:large","max-video-preview":"max-video-preview:-1"},"canonical":"https:\/\/kulturneleto.eu\/en\/event\/vytvarne-sympozium-pre-dospelych\/","og_locale":"en_US","og_type":"article","og_title":"V\u00ddTVARN\u00c9 SYMP\u00d3ZIUM PRE DOSPEL\u00ddCH - \u017dilinsk\u00e9 kult\u00farne leto 2025","og_description":"St\u00e1lymi \u00fa\u010dastn\u00edkmi a najm\u00e4 \u00fa\u010dastn\u00ed\u010dkami v\u00fdtvarn\u00fdch kurzov v na\u0161ich ateli\u00e9roch s\u00fa nielen deti, ale aj dospel\u00ed. Letn\u00e9 pr\u00e1zdniny pon\u00fakaj\u00fa nekone\u010dn\u00e9 mo\u017enosti t\u00e1borov a workshopov pre deti, ale mysl\u00edme aj na dospel\u00fdch umelcov.\u00a0Aby ste cez pr\u00e1zdniny nevy\u0161li z cviku, popr\u00edpade m\u00e1te chu\u0165 v\u00fdtvarne spracova\u0165 svoje letn\u00e9 z\u00e1\u017eitky, alebo naopak pr\u00edli\u0161 nerozm\u00fd\u0161\u013ea\u0165 a odreagova\u0165 sa s farbami [&hellip;]","og_url":"https:\/\/kulturneleto.eu\/en\/event\/vytvarne-sympozium-pre-dospelych\/","og_site_name":"\u017dilinsk\u00e9 kult\u00farne leto 2025","article_publisher":"https:\/\/www.facebook.com\/Mesto-ilina-162541880519007","article_modified_time":"2024-07-15T11:38:41+00:00","og_image":[{"width":768,"height":384,"url":"https:\/\/kulturneleto.eu\/wp-content\/uploads\/2024\/07\/a61ae058-0707-4209-90ff-5365ceddac3b.webp","type":"image\/webp"}],"twitter_card":"summary_large_image","twitter_misc":{"Est. reading time":"1 minute"},"schema":{"@context":"https:\/\/schema.org","@graph":[{"@type":"WebPage","@id":"https:\/\/kulturneleto.eu\/event\/vytvarne-sympozium-pre-dospelych\/","url":"https:\/\/kulturneleto.eu\/event\/vytvarne-sympozium-pre-dospelych\/","name":"V\u00ddTVARN\u00c9 SYMP\u00d3ZIUM PRE DOSPEL\u00ddCH - \u017dilinsk\u00e9 kult\u00farne leto 2025","isPartOf":{"@id":"https:\/\/kulturneleto.eu\/#website"},"primaryImageOfPage":{"@id":"https:\/\/kulturneleto.eu\/event\/vytvarne-sympozium-pre-dospelych\/#primaryimage"},"image":{"@id":"https:\/\/kulturneleto.eu\/event\/vytvarne-sympozium-pre-dospelych\/#primaryimage"},"thumbnailUrl":"https:\/\/kulturneleto.eu\/wp-content\/uploads\/2024\/07\/a61ae058-0707-4209-90ff-5365ceddac3b.webp","datePublished":"2024-07-03T11:14:59+00:00","dateModified":"2024-07-15T11:38:41+00:00","breadcrumb":{"@id":"https:\/\/kulturneleto.eu\/event\/vytvarne-sympozium-pre-dospelych\/#breadcrumb"},"inLanguage":"en-US","potentialAction":[{"@type":"ReadAction","target":["https:\/\/kulturneleto.eu\/event\/vytvarne-sympozium-pre-dospelych\/"]}]},{"@type":"ImageObject","inLanguage":"en-US","@id":"https:\/\/kulturneleto.eu\/event\/vytvarne-sympozium-pre-dospelych\/#primaryimage","url":"https:\/\/kulturneleto.eu\/wp-content\/uploads\/2024\/07\/a61ae058-0707-4209-90ff-5365ceddac3b.webp","contentUrl":"https:\/\/kulturneleto.eu\/wp-content\/uploads\/2024\/07\/a61ae058-0707-4209-90ff-5365ceddac3b.webp","width":768,"height":384},{"@type":"BreadcrumbList","@id":"https:\/\/kulturneleto.eu\/event\/vytvarne-sympozium-pre-dospelych\/#breadcrumb","itemListElement":[{"@type":"ListItem","position":1,"name":"Domovsk\u00e1 str\u00e1nka","item":"https:\/\/kulturneleto.eu\/"},{"@type":"ListItem","position":2,"name":"V\u00ddTVARN\u00c9 SYMP\u00d3ZIUM PRE DOSPEL\u00ddCH"}]},{"@type":"WebSite","@id":"https:\/\/kulturneleto.eu\/#website","url":"https:\/\/kulturneleto.eu\/","name":"\u017dilinsk\u00e9 kult\u00farne leto 2025","description":"j\u00fal, august, september","publisher":{"@id":"https:\/\/kulturneleto.eu\/#organization"},"potentialAction":[{"@type":"SearchAction","target":{"@type":"EntryPoint","urlTemplate":"https:\/\/kulturneleto.eu\/?s={search_term_string}"},"query-input":{"@type":"PropertyValueSpecification","valueRequired":true,"valueName":"search_term_string"}}],"inLanguage":"en-US"},{"@type":"Organization","@id":"https:\/\/kulturneleto.eu\/#organization","name":"Kult\u00farne leto","url":"https:\/\/kulturneleto.eu\/","logo":{"@type":"ImageObject","inLanguage":"en-US","@id":"https:\/\/kulturneleto.eu\/#\/schema\/logo\/image\/","url":"https:\/\/kulturneleto.eu\/wp-content\/uploads\/2022\/06\/logo_zkl_2022_orange.png","contentUrl":"https:\/\/kulturneleto.eu\/wp-content\/uploads\/2022\/06\/logo_zkl_2022_orange.png","width":330,"height":117,"caption":"Kult\u00farne leto"},"image":{"@id":"https:\/\/kulturneleto.eu\/#\/schema\/logo\/image\/"},"sameAs":["https:\/\/www.facebook.com\/Mesto-ilina-162541880519007","https:\/\/www.youtube.com\/channel\/UCfY6Cc8yEeMgTWAUW5QaGAw","https:\/\/www.instagram.com\/mestozilina\/?hl=sk"]}]}},"_links":{"self":[{"href":"https:\/\/kulturneleto.eu\/en\/wp-json\/wp\/v2\/event_listing\/8561","targetHints":{"allow":["GET"]}}],"collection":[{"href":"https:\/\/kulturneleto.eu\/en\/wp-json\/wp\/v2\/event_listing"}],"about":[{"href":"https:\/\/kulturneleto.eu\/en\/wp-json\/wp\/v2\/types\/event_listing"}],"wp:featuredmedia":[{"embeddable":true,"href":"https:\/\/kulturneleto.eu\/en\/wp-json\/wp\/v2\/media\/9116"}],"wp:attachment":[{"href":"https:\/\/kulturneleto.eu\/en\/wp-json\/wp\/v2\/media?parent=8561"}],"wp:term":[{"taxonomy":"event_listing_category","embeddable":true,"href":"https:\/\/kulturneleto.eu\/en\/wp-json\/wp\/v2\/event_listing_category?post=8561"},{"taxonomy":"event_listing_type","embeddable":true,"href":"https:\/\/kulturneleto.eu\/en\/wp-json\/wp\/v2\/event_listing_type?post=8561"}],"curies":[{"name":"wp","href":"https:\/\/api.w.org\/{rel}","templated":true}]}}