{"id":8601,"date":"2024-07-03T15:29:07","date_gmt":"2024-07-03T13:29:07","guid":{"rendered":"https:\/\/kulturneleto.eu\/?post_type=event_listing&#038;p=8601"},"modified":"2024-07-15T14:25:18","modified_gmt":"2024-07-15T12:25:18","slug":"peter-savel-a-kol-altalicious","status":"publish","type":"event_listing","link":"https:\/\/kulturneleto.eu\/en\/event\/peter-savel-a-kol-altalicious\/","title":{"rendered":"PETER \u0160AVEL A KOL.: ALTALICIOUS"},"content":{"rendered":"<p>Poz\u00fdvame v\u00e1s na tane\u010dn\u00fa udalos\u0165 s\u00a0hviezdnym \u010deskoslovensk\u00fdm obsaden\u00edm a\u00a0hudbou berl\u00ednskeho DJa, ktor\u00e1 otv\u00e1rala nov\u00fa kapitolu n\u00e1\u0161ho partnersk\u00e9ho kult\u00farneho centra v\u00a0Prahe,\u00a0<a href=\"https:\/\/www.altart.cz\/\">Studio Alta<\/a>. V\u00a0septembri sa cel\u00fd ans\u00e1mbel vyber\u00e1 na Slovensko a\u00a0zastavia sa aj u\u00a0n\u00e1s.<\/p>\n<p>&nbsp;<\/p>\n<p>Zastavia sa u\u00a0n\u00e1s v\u00a0nede\u013eu, posledn\u00fd de\u0148 pr\u00e1zdnin, \u0161t\u00e1tny sviatok, prv\u00fd jesenn\u00fd de\u0148, predve\u010der za\u010diatku \u0161kolsk\u00e9ho roka\u2026 Zd\u00e1 sa v\u00e1m, \u017ee to nie je d\u00f4vod na tanec a oslavu? Tak pr\u00e1ve preto pr\u00ed\u010fte! Vychutna\u0165 si tanec a\u00a0skvel\u00fa hudbu,\u00a0mo\u017eno si aj zatancova\u0165, uletie\u0165 z\u00a0reality a\u00a0v\u00a0rozumnom \u010dase, no nabit\u00ed novou energiou, m\u00f4\u017eete za\u010da\u0165 v\u00edta\u0165 jese\u0148 a\u00a0v\u0161etko \u010do prin\u00e1\u0161a.<\/p>\n<p>&nbsp;<\/p>\n<p>Tane\u010dn\u00fd z\u00e1\u017eitok bude oslavou tanca, slobody, rytmu, a tie\u017e priate\u013estva a partnerstva so Studiom Alta.<\/p>\n<p>&nbsp;<\/p>\n<p><i>\u201eZa\u010dneme hudbou, v\u0161udyp\u0159\u00edtomn\u00fdm beatem a formov\u00e1n\u00edm energie. Vibrujeme prostorem. M\u016f\u017eeme proz\u00e1\u0159it cel\u00fdm prostorem. M\u016f\u017eeme b\u00fdt st\u0159\u00edbrn\u00ed, purpurov\u00ed, zlatozelen\u00ed, t\u0159pytit se jako hv\u011bzdn\u00fd prach. Nab\u00edj\u00edme sv\u00e1 srdce rytmem.\u201c<\/i><\/p>\n<p>&nbsp;<\/p>\n<p><strong>Participuj\u00face umelkyne a\u00a0umelci<\/strong>: David Kr\u00e1l\u00edk, Jaro Vi\u0148arsk\u00fd, Helena Arenbergerov\u00e1, Jitka \u010cechov\u00e1, Zdenka Brungot Svitekov\u00e1, Tom\u00e1\u0161 Janypka, Johana Pockov\u00e1, Sabina Bo\u010dkov\u00e1, Eva Prie\u010dkov\u00e1 a\u00a0Jana Marou\u0161kov\u00e1.<\/p>","protected":false},"featured_media":9119,"template":"","meta":[],"event_listing_category":[100],"event_listing_type":[85],"class_list":["post-8601","event_listing","type-event_listing","status-publish","has-post-thumbnail","hentry","event_listing_category-zkl2024","event_listing_type-hudba-tanec"],"yoast_head":"<!-- This site is optimized with the Yoast SEO plugin v27.1.1 - https:\/\/yoast.com\/product\/yoast-seo-wordpress\/ -->\n<title>PETER \u0160AVEL A KOL.: ALTALICIOUS - \u017dilinsk\u00e9 kult\u00farne leto 2025<\/title>\n<meta name=\"robots\" content=\"index, follow, max-snippet:-1, max-image-preview:large, max-video-preview:-1\" \/>\n<link rel=\"canonical\" href=\"https:\/\/kulturneleto.eu\/en\/event\/peter-savel-a-kol-altalicious\/\" \/>\n<meta property=\"og:locale\" content=\"en_US\" \/>\n<meta property=\"og:type\" content=\"article\" \/>\n<meta property=\"og:title\" content=\"PETER \u0160AVEL A KOL.: ALTALICIOUS - \u017dilinsk\u00e9 kult\u00farne leto 2025\" \/>\n<meta property=\"og:description\" content=\"Poz\u00fdvame v\u00e1s na tane\u010dn\u00fa udalos\u0165 s\u00a0hviezdnym \u010deskoslovensk\u00fdm obsaden\u00edm a\u00a0hudbou berl\u00ednskeho DJa, ktor\u00e1 otv\u00e1rala nov\u00fa kapitolu n\u00e1\u0161ho partnersk\u00e9ho kult\u00farneho centra v\u00a0Prahe,\u00a0Studio Alta. V\u00a0septembri sa cel\u00fd ans\u00e1mbel vyber\u00e1 na Slovensko a\u00a0zastavia sa aj u\u00a0n\u00e1s. &nbsp; Zastavia sa u\u00a0n\u00e1s v\u00a0nede\u013eu, posledn\u00fd de\u0148 pr\u00e1zdnin, \u0161t\u00e1tny sviatok, prv\u00fd jesenn\u00fd de\u0148, predve\u010der za\u010diatku \u0161kolsk\u00e9ho roka\u2026 Zd\u00e1 sa v\u00e1m, \u017ee to nie [&hellip;]\" \/>\n<meta property=\"og:url\" content=\"https:\/\/kulturneleto.eu\/en\/event\/peter-savel-a-kol-altalicious\/\" \/>\n<meta property=\"og:site_name\" content=\"\u017dilinsk\u00e9 kult\u00farne leto 2025\" \/>\n<meta property=\"article:publisher\" content=\"https:\/\/www.facebook.com\/Mesto-ilina-162541880519007\" \/>\n<meta property=\"article:modified_time\" content=\"2024-07-15T12:25:18+00:00\" \/>\n<meta property=\"og:image\" content=\"https:\/\/kulturneleto.eu\/wp-content\/uploads\/2024\/07\/35507851-20b0-4ded-bb66-0110e4a7f2bc.webp\" \/>\n\t<meta property=\"og:image:width\" content=\"768\" \/>\n\t<meta property=\"og:image:height\" content=\"384\" \/>\n\t<meta property=\"og:image:type\" content=\"image\/webp\" \/>\n<meta name=\"twitter:card\" content=\"summary_large_image\" \/>\n<meta name=\"twitter:label1\" content=\"Est. reading time\" \/>\n\t<meta name=\"twitter:data1\" content=\"2 minutes\" \/>\n<script type=\"application\/ld+json\" class=\"yoast-schema-graph\">{\"@context\":\"https:\/\/schema.org\",\"@graph\":[{\"@type\":\"WebPage\",\"@id\":\"https:\/\/kulturneleto.eu\/event\/peter-savel-a-kol-altalicious\/\",\"url\":\"https:\/\/kulturneleto.eu\/event\/peter-savel-a-kol-altalicious\/\",\"name\":\"PETER \u0160AVEL A KOL.: ALTALICIOUS - \u017dilinsk\u00e9 kult\u00farne leto 2025\",\"isPartOf\":{\"@id\":\"https:\/\/kulturneleto.eu\/#website\"},\"primaryImageOfPage\":{\"@id\":\"https:\/\/kulturneleto.eu\/event\/peter-savel-a-kol-altalicious\/#primaryimage\"},\"image\":{\"@id\":\"https:\/\/kulturneleto.eu\/event\/peter-savel-a-kol-altalicious\/#primaryimage\"},\"thumbnailUrl\":\"https:\/\/kulturneleto.eu\/wp-content\/uploads\/2024\/07\/35507851-20b0-4ded-bb66-0110e4a7f2bc.webp\",\"datePublished\":\"2024-07-03T13:29:07+00:00\",\"dateModified\":\"2024-07-15T12:25:18+00:00\",\"breadcrumb\":{\"@id\":\"https:\/\/kulturneleto.eu\/event\/peter-savel-a-kol-altalicious\/#breadcrumb\"},\"inLanguage\":\"en-US\",\"potentialAction\":[{\"@type\":\"ReadAction\",\"target\":[\"https:\/\/kulturneleto.eu\/event\/peter-savel-a-kol-altalicious\/\"]}]},{\"@type\":\"ImageObject\",\"inLanguage\":\"en-US\",\"@id\":\"https:\/\/kulturneleto.eu\/event\/peter-savel-a-kol-altalicious\/#primaryimage\",\"url\":\"https:\/\/kulturneleto.eu\/wp-content\/uploads\/2024\/07\/35507851-20b0-4ded-bb66-0110e4a7f2bc.webp\",\"contentUrl\":\"https:\/\/kulturneleto.eu\/wp-content\/uploads\/2024\/07\/35507851-20b0-4ded-bb66-0110e4a7f2bc.webp\",\"width\":768,\"height\":384},{\"@type\":\"BreadcrumbList\",\"@id\":\"https:\/\/kulturneleto.eu\/event\/peter-savel-a-kol-altalicious\/#breadcrumb\",\"itemListElement\":[{\"@type\":\"ListItem\",\"position\":1,\"name\":\"Domovsk\u00e1 str\u00e1nka\",\"item\":\"https:\/\/kulturneleto.eu\/\"},{\"@type\":\"ListItem\",\"position\":2,\"name\":\"PETER \u0160AVEL A KOL.: ALTALICIOUS\"}]},{\"@type\":\"WebSite\",\"@id\":\"https:\/\/kulturneleto.eu\/#website\",\"url\":\"https:\/\/kulturneleto.eu\/\",\"name\":\"\u017dilinsk\u00e9 kult\u00farne leto 2025\",\"description\":\"j\u00fal, august, september\",\"publisher\":{\"@id\":\"https:\/\/kulturneleto.eu\/#organization\"},\"potentialAction\":[{\"@type\":\"SearchAction\",\"target\":{\"@type\":\"EntryPoint\",\"urlTemplate\":\"https:\/\/kulturneleto.eu\/?s={search_term_string}\"},\"query-input\":{\"@type\":\"PropertyValueSpecification\",\"valueRequired\":true,\"valueName\":\"search_term_string\"}}],\"inLanguage\":\"en-US\"},{\"@type\":\"Organization\",\"@id\":\"https:\/\/kulturneleto.eu\/#organization\",\"name\":\"Kult\u00farne leto\",\"url\":\"https:\/\/kulturneleto.eu\/\",\"logo\":{\"@type\":\"ImageObject\",\"inLanguage\":\"en-US\",\"@id\":\"https:\/\/kulturneleto.eu\/#\/schema\/logo\/image\/\",\"url\":\"https:\/\/kulturneleto.eu\/wp-content\/uploads\/2022\/06\/logo_zkl_2022_orange.png\",\"contentUrl\":\"https:\/\/kulturneleto.eu\/wp-content\/uploads\/2022\/06\/logo_zkl_2022_orange.png\",\"width\":330,\"height\":117,\"caption\":\"Kult\u00farne leto\"},\"image\":{\"@id\":\"https:\/\/kulturneleto.eu\/#\/schema\/logo\/image\/\"},\"sameAs\":[\"https:\/\/www.facebook.com\/Mesto-ilina-162541880519007\",\"https:\/\/www.youtube.com\/channel\/UCfY6Cc8yEeMgTWAUW5QaGAw\",\"https:\/\/www.instagram.com\/mestozilina\/?hl=sk\"]}]}<\/script>\n<!-- \/ Yoast SEO plugin. -->","yoast_head_json":{"title":"PETER \u0160AVEL A KOL.: ALTALICIOUS - \u017dilinsk\u00e9 kult\u00farne leto 2025","robots":{"index":"index","follow":"follow","max-snippet":"max-snippet:-1","max-image-preview":"max-image-preview:large","max-video-preview":"max-video-preview:-1"},"canonical":"https:\/\/kulturneleto.eu\/en\/event\/peter-savel-a-kol-altalicious\/","og_locale":"en_US","og_type":"article","og_title":"PETER \u0160AVEL A KOL.: ALTALICIOUS - \u017dilinsk\u00e9 kult\u00farne leto 2025","og_description":"Poz\u00fdvame v\u00e1s na tane\u010dn\u00fa udalos\u0165 s\u00a0hviezdnym \u010deskoslovensk\u00fdm obsaden\u00edm a\u00a0hudbou berl\u00ednskeho DJa, ktor\u00e1 otv\u00e1rala nov\u00fa kapitolu n\u00e1\u0161ho partnersk\u00e9ho kult\u00farneho centra v\u00a0Prahe,\u00a0Studio Alta. V\u00a0septembri sa cel\u00fd ans\u00e1mbel vyber\u00e1 na Slovensko a\u00a0zastavia sa aj u\u00a0n\u00e1s. &nbsp; Zastavia sa u\u00a0n\u00e1s v\u00a0nede\u013eu, posledn\u00fd de\u0148 pr\u00e1zdnin, \u0161t\u00e1tny sviatok, prv\u00fd jesenn\u00fd de\u0148, predve\u010der za\u010diatku \u0161kolsk\u00e9ho roka\u2026 Zd\u00e1 sa v\u00e1m, \u017ee to nie [&hellip;]","og_url":"https:\/\/kulturneleto.eu\/en\/event\/peter-savel-a-kol-altalicious\/","og_site_name":"\u017dilinsk\u00e9 kult\u00farne leto 2025","article_publisher":"https:\/\/www.facebook.com\/Mesto-ilina-162541880519007","article_modified_time":"2024-07-15T12:25:18+00:00","og_image":[{"width":768,"height":384,"url":"https:\/\/kulturneleto.eu\/wp-content\/uploads\/2024\/07\/35507851-20b0-4ded-bb66-0110e4a7f2bc.webp","type":"image\/webp"}],"twitter_card":"summary_large_image","twitter_misc":{"Est. reading time":"2 minutes"},"schema":{"@context":"https:\/\/schema.org","@graph":[{"@type":"WebPage","@id":"https:\/\/kulturneleto.eu\/event\/peter-savel-a-kol-altalicious\/","url":"https:\/\/kulturneleto.eu\/event\/peter-savel-a-kol-altalicious\/","name":"PETER \u0160AVEL A KOL.: ALTALICIOUS - \u017dilinsk\u00e9 kult\u00farne leto 2025","isPartOf":{"@id":"https:\/\/kulturneleto.eu\/#website"},"primaryImageOfPage":{"@id":"https:\/\/kulturneleto.eu\/event\/peter-savel-a-kol-altalicious\/#primaryimage"},"image":{"@id":"https:\/\/kulturneleto.eu\/event\/peter-savel-a-kol-altalicious\/#primaryimage"},"thumbnailUrl":"https:\/\/kulturneleto.eu\/wp-content\/uploads\/2024\/07\/35507851-20b0-4ded-bb66-0110e4a7f2bc.webp","datePublished":"2024-07-03T13:29:07+00:00","dateModified":"2024-07-15T12:25:18+00:00","breadcrumb":{"@id":"https:\/\/kulturneleto.eu\/event\/peter-savel-a-kol-altalicious\/#breadcrumb"},"inLanguage":"en-US","potentialAction":[{"@type":"ReadAction","target":["https:\/\/kulturneleto.eu\/event\/peter-savel-a-kol-altalicious\/"]}]},{"@type":"ImageObject","inLanguage":"en-US","@id":"https:\/\/kulturneleto.eu\/event\/peter-savel-a-kol-altalicious\/#primaryimage","url":"https:\/\/kulturneleto.eu\/wp-content\/uploads\/2024\/07\/35507851-20b0-4ded-bb66-0110e4a7f2bc.webp","contentUrl":"https:\/\/kulturneleto.eu\/wp-content\/uploads\/2024\/07\/35507851-20b0-4ded-bb66-0110e4a7f2bc.webp","width":768,"height":384},{"@type":"BreadcrumbList","@id":"https:\/\/kulturneleto.eu\/event\/peter-savel-a-kol-altalicious\/#breadcrumb","itemListElement":[{"@type":"ListItem","position":1,"name":"Domovsk\u00e1 str\u00e1nka","item":"https:\/\/kulturneleto.eu\/"},{"@type":"ListItem","position":2,"name":"PETER \u0160AVEL A KOL.: ALTALICIOUS"}]},{"@type":"WebSite","@id":"https:\/\/kulturneleto.eu\/#website","url":"https:\/\/kulturneleto.eu\/","name":"\u017dilinsk\u00e9 kult\u00farne leto 2025","description":"j\u00fal, august, september","publisher":{"@id":"https:\/\/kulturneleto.eu\/#organization"},"potentialAction":[{"@type":"SearchAction","target":{"@type":"EntryPoint","urlTemplate":"https:\/\/kulturneleto.eu\/?s={search_term_string}"},"query-input":{"@type":"PropertyValueSpecification","valueRequired":true,"valueName":"search_term_string"}}],"inLanguage":"en-US"},{"@type":"Organization","@id":"https:\/\/kulturneleto.eu\/#organization","name":"Kult\u00farne leto","url":"https:\/\/kulturneleto.eu\/","logo":{"@type":"ImageObject","inLanguage":"en-US","@id":"https:\/\/kulturneleto.eu\/#\/schema\/logo\/image\/","url":"https:\/\/kulturneleto.eu\/wp-content\/uploads\/2022\/06\/logo_zkl_2022_orange.png","contentUrl":"https:\/\/kulturneleto.eu\/wp-content\/uploads\/2022\/06\/logo_zkl_2022_orange.png","width":330,"height":117,"caption":"Kult\u00farne leto"},"image":{"@id":"https:\/\/kulturneleto.eu\/#\/schema\/logo\/image\/"},"sameAs":["https:\/\/www.facebook.com\/Mesto-ilina-162541880519007","https:\/\/www.youtube.com\/channel\/UCfY6Cc8yEeMgTWAUW5QaGAw","https:\/\/www.instagram.com\/mestozilina\/?hl=sk"]}]}},"_links":{"self":[{"href":"https:\/\/kulturneleto.eu\/en\/wp-json\/wp\/v2\/event_listing\/8601","targetHints":{"allow":["GET"]}}],"collection":[{"href":"https:\/\/kulturneleto.eu\/en\/wp-json\/wp\/v2\/event_listing"}],"about":[{"href":"https:\/\/kulturneleto.eu\/en\/wp-json\/wp\/v2\/types\/event_listing"}],"wp:featuredmedia":[{"embeddable":true,"href":"https:\/\/kulturneleto.eu\/en\/wp-json\/wp\/v2\/media\/9119"}],"wp:attachment":[{"href":"https:\/\/kulturneleto.eu\/en\/wp-json\/wp\/v2\/media?parent=8601"}],"wp:term":[{"taxonomy":"event_listing_category","embeddable":true,"href":"https:\/\/kulturneleto.eu\/en\/wp-json\/wp\/v2\/event_listing_category?post=8601"},{"taxonomy":"event_listing_type","embeddable":true,"href":"https:\/\/kulturneleto.eu\/en\/wp-json\/wp\/v2\/event_listing_type?post=8601"}],"curies":[{"name":"wp","href":"https:\/\/api.w.org\/{rel}","templated":true}]}}